{"id":3407,"date":"2022-02-18T09:08:08","date_gmt":"2022-02-18T08:08:08","guid":{"rendered":"https:\/\/agora.xtec.cat\/ceip-fontroure\/?page_id=3407"},"modified":"2025-10-13T15:42:46","modified_gmt":"2025-10-13T13:42:46","slug":"consell-dinfants-i-adolescents","status":"publish","type":"page","link":"https:\/\/agora.xtec.cat\/ceip-fontroure\/metodologia-de-centre\/consell-dinfants-i-adolescents\/","title":{"rendered":"Consell d&#8217;infants i adolescents."},"content":{"rendered":"<div>\n<div>\n<p dir=\"auto\" lang=\"ca\">CONSELL D&#8217;INFANTS I ADOLESCENTS 2025-2026.<\/p>\n<p dir=\"auto\" lang=\"ca\"><iframe loading=\"lazy\" src=\"https:\/\/drive.google.com\/file\/d\/1MNJWLLM1P8ZFzl6O2OuZYsN_8IVCizwY\/preview\" width=\"640\" height=\"480\"><\/iframe><\/p>\n<p dir=\"auto\" lang=\"ca\"><iframe loading=\"lazy\" src=\"https:\/\/drive.google.com\/file\/d\/1DqLdjiO4LKSAnSAmqjv0poP6_cPCduiS\/preview\" width=\"640\" height=\"480\"><\/iframe><\/p>\n<p id=\"id__3lag85ikx0v\" dir=\"auto\" lang=\"ca\" style=\"text-align: justify;\">El passat 19 de novembre es va constituir el Consell d\u2019Infants i Adolescents de Masquefa. Aquest \u00f2rgan de participaci\u00f3 compta amb 34 infants i adolescents que representen a tot l\u2019alumnat de 5\u00e8 i 6\u00e8 prim\u00e0ria i de 1er d\u2019ESO.<\/p>\n<p dir=\"auto\" lang=\"ca\"><a href=\"https:\/\/agora.xtec.cat\/ceip-fontroure\/wp-content\/uploads\/usu620\/2022\/02\/FE4HlNJX0AEu_Q5.jpg\"><img loading=\"lazy\" decoding=\"async\" class=\"alignnone size-large wp-image-3412\" src=\"https:\/\/agora.xtec.cat\/ceip-fontroure\/wp-content\/uploads\/usu620\/2022\/02\/FE4HlNJX0AEu_Q5-1024x768.jpg\" alt=\"\" width=\"1024\" height=\"768\" srcset=\"https:\/\/agora.xtec.cat\/ceip-fontroure\/wp-content\/uploads\/usu620\/2022\/02\/FE4HlNJX0AEu_Q5-1024x768.jpg 1024w, https:\/\/agora.xtec.cat\/ceip-fontroure\/wp-content\/uploads\/usu620\/2022\/02\/FE4HlNJX0AEu_Q5-300x225.jpg 300w, https:\/\/agora.xtec.cat\/ceip-fontroure\/wp-content\/uploads\/usu620\/2022\/02\/FE4HlNJX0AEu_Q5-768x576.jpg 768w, https:\/\/agora.xtec.cat\/ceip-fontroure\/wp-content\/uploads\/usu620\/2022\/02\/FE4HlNJX0AEu_Q5-1536x1152.jpg 1536w, https:\/\/agora.xtec.cat\/ceip-fontroure\/wp-content\/uploads\/usu620\/2022\/02\/FE4HlNJX0AEu_Q5-200x150.jpg 200w, https:\/\/agora.xtec.cat\/ceip-fontroure\/wp-content\/uploads\/usu620\/2022\/02\/FE4HlNJX0AEu_Q5.jpg 2048w\" sizes=\"auto, (max-width: 1024px) 100vw, 1024px\" \/><\/a><\/p>\n<\/div>\n<\/div>\n<div>\n<div id=\"id__embsaoouifb\" aria-labelledby=\"id__jbkxf2634l id__mxx099ut0e\">\n<div>\n<div>\n<div>\n<div>\n<div><\/div>\n<\/div>\n<\/div>\n<\/div>\n<\/div>\n<\/div>\n<\/div>\n<p><a href=\"https:\/\/agora.xtec.cat\/ceip-fontroure\/wp-content\/uploads\/usu620\/2022\/02\/Full-de-Ruta-Consell-dInfants-i-Adolescents.png\"><img loading=\"lazy\" decoding=\"async\" class=\"alignnone size-large wp-image-3408\" src=\"https:\/\/agora.xtec.cat\/ceip-fontroure\/wp-content\/uploads\/usu620\/2022\/02\/Full-de-Ruta-Consell-dInfants-i-Adolescents-1024x576.png\" alt=\"\" width=\"1024\" height=\"576\" srcset=\"https:\/\/agora.xtec.cat\/ceip-fontroure\/wp-content\/uploads\/usu620\/2022\/02\/Full-de-Ruta-Consell-dInfants-i-Adolescents-1024x576.png 1024w, https:\/\/agora.xtec.cat\/ceip-fontroure\/wp-content\/uploads\/usu620\/2022\/02\/Full-de-Ruta-Consell-dInfants-i-Adolescents-300x169.png 300w, https:\/\/agora.xtec.cat\/ceip-fontroure\/wp-content\/uploads\/usu620\/2022\/02\/Full-de-Ruta-Consell-dInfants-i-Adolescents-768x432.png 768w, https:\/\/agora.xtec.cat\/ceip-fontroure\/wp-content\/uploads\/usu620\/2022\/02\/Full-de-Ruta-Consell-dInfants-i-Adolescents-1536x864.png 1536w, https:\/\/agora.xtec.cat\/ceip-fontroure\/wp-content\/uploads\/usu620\/2022\/02\/Full-de-Ruta-Consell-dInfants-i-Adolescents-2048x1152.png 2048w\" sizes=\"auto, (max-width: 1024px) 100vw, 1024px\" \/><\/a><\/p>\n<p><iframe loading=\"lazy\" src=\"https:\/\/drive.google.com\/file\/d\/1Hx5Oo7EPH4KM7N7ZDp93WF8czo3wH9jA\/preview\" width=\"640\" height=\"480\"><\/iframe><br \/>\n<a href=\"https:\/\/agora.xtec.cat\/ceip-fontroure\/wp-content\/uploads\/usu620\/2022\/02\/FEjfwcCXMAIesDX.jpg\"><img loading=\"lazy\" decoding=\"async\" class=\"alignnone size-large wp-image-3410\" src=\"https:\/\/agora.xtec.cat\/ceip-fontroure\/wp-content\/uploads\/usu620\/2022\/02\/FEjfwcCXMAIesDX-1024x768.jpg\" alt=\"\" width=\"1024\" height=\"768\" srcset=\"https:\/\/agora.xtec.cat\/ceip-fontroure\/wp-content\/uploads\/usu620\/2022\/02\/FEjfwcCXMAIesDX-1024x768.jpg 1024w, https:\/\/agora.xtec.cat\/ceip-fontroure\/wp-content\/uploads\/usu620\/2022\/02\/FEjfwcCXMAIesDX-300x225.jpg 300w, https:\/\/agora.xtec.cat\/ceip-fontroure\/wp-content\/uploads\/usu620\/2022\/02\/FEjfwcCXMAIesDX-768x576.jpg 768w, https:\/\/agora.xtec.cat\/ceip-fontroure\/wp-content\/uploads\/usu620\/2022\/02\/FEjfwcCXMAIesDX-1536x1152.jpg 1536w, https:\/\/agora.xtec.cat\/ceip-fontroure\/wp-content\/uploads\/usu620\/2022\/02\/FEjfwcCXMAIesDX-200x150.jpg 200w, https:\/\/agora.xtec.cat\/ceip-fontroure\/wp-content\/uploads\/usu620\/2022\/02\/FEjfwcCXMAIesDX.jpg 2048w\" sizes=\"auto, (max-width: 1024px) 100vw, 1024px\" \/><\/a><\/p>\n<p><iframe loading=\"lazy\" src=\"https:\/\/drive.google.com\/file\/d\/1prtn3W1Y6P6W2fOV_q4CiPdAIaybSlmw\/preview\" width=\"640\" height=\"480\"><\/iframe><\/p>\n<p><iframe loading=\"lazy\" src=\"https:\/\/drive.google.com\/file\/d\/1dFvG8IRHQCLagOpL5UWeRFqkwdflDSt3\/preview\" width=\"640\" height=\"480\"><\/iframe><br \/>\n<iframe loading=\"lazy\" src=\"https:\/\/drive.google.com\/file\/d\/1jts-bMRzZ6KFtiFNEajkNFr01_q8v2rW\/preview\" width=\"640\" height=\"480\"><\/iframe><\/p>\n<p><a href=\"https:\/\/agora.xtec.cat\/ceip-fontroure\/wp-content\/uploads\/usu620\/2022\/02\/FKGcBlpXwAQ5mBp.jpg\"><img loading=\"lazy\" decoding=\"async\" class=\"alignnone size-large wp-image-3413\" src=\"https:\/\/agora.xtec.cat\/ceip-fontroure\/wp-content\/uploads\/usu620\/2022\/02\/FKGcBlpXwAQ5mBp-1024x577.jpg\" alt=\"\" width=\"1024\" height=\"577\" srcset=\"https:\/\/agora.xtec.cat\/ceip-fontroure\/wp-content\/uploads\/usu620\/2022\/02\/FKGcBlpXwAQ5mBp-1024x577.jpg 1024w, https:\/\/agora.xtec.cat\/ceip-fontroure\/wp-content\/uploads\/usu620\/2022\/02\/FKGcBlpXwAQ5mBp-300x169.jpg 300w, https:\/\/agora.xtec.cat\/ceip-fontroure\/wp-content\/uploads\/usu620\/2022\/02\/FKGcBlpXwAQ5mBp-768x432.jpg 768w, https:\/\/agora.xtec.cat\/ceip-fontroure\/wp-content\/uploads\/usu620\/2022\/02\/FKGcBlpXwAQ5mBp-1536x865.jpg 1536w, https:\/\/agora.xtec.cat\/ceip-fontroure\/wp-content\/uploads\/usu620\/2022\/02\/FKGcBlpXwAQ5mBp.jpg 2048w\" sizes=\"auto, (max-width: 1024px) 100vw, 1024px\" \/><\/a><\/p>\n<p><a href=\"https:\/\/agora.xtec.cat\/ceip-fontroure\/wp-content\/uploads\/usu620\/2022\/02\/FKGaPHCWUAYYMaf.jpg\"><img loading=\"lazy\" decoding=\"async\" class=\"alignnone size-large wp-image-3414\" src=\"https:\/\/agora.xtec.cat\/ceip-fontroure\/wp-content\/uploads\/usu620\/2022\/02\/FKGaPHCWUAYYMaf-1024x577.jpg\" alt=\"\" width=\"1024\" height=\"577\" srcset=\"https:\/\/agora.xtec.cat\/ceip-fontroure\/wp-content\/uploads\/usu620\/2022\/02\/FKGaPHCWUAYYMaf-1024x577.jpg 1024w, https:\/\/agora.xtec.cat\/ceip-fontroure\/wp-content\/uploads\/usu620\/2022\/02\/FKGaPHCWUAYYMaf-300x169.jpg 300w, https:\/\/agora.xtec.cat\/ceip-fontroure\/wp-content\/uploads\/usu620\/2022\/02\/FKGaPHCWUAYYMaf-768x432.jpg 768w, https:\/\/agora.xtec.cat\/ceip-fontroure\/wp-content\/uploads\/usu620\/2022\/02\/FKGaPHCWUAYYMaf-1536x865.jpg 1536w, https:\/\/agora.xtec.cat\/ceip-fontroure\/wp-content\/uploads\/usu620\/2022\/02\/FKGaPHCWUAYYMaf.jpg 2048w\" sizes=\"auto, (max-width: 1024px) 100vw, 1024px\" \/><\/a><\/p>\n<p style=\"text-align: justify;\">Aquest any es crea el Consell d&#8217;Infants i Adolescents de Masquefa. El Consell \u00e9s un espai de participaci\u00f3 on les persones representants dels infants i adolescents de Masquefa de cada centre educatiu es reunir\u00e0n\u00a0tres cops a l&#8217;any per tal de compartir les seves opinions i expressar les necessitats dels infants i adolescents de Masquefa.<br \/>\nCada any es tractar\u00e0 un tema diferent al Consell, que ser\u00e0 decidit de manera conjunta. Un exemple d&#8217;alguna tem\u00e0tica a treballar pot ser: Com podem fer que al poble hi hagi actituds m\u00e9s c\u00edviques? Com podem dissenyar les zones de joc perqu\u00e8 el poble sigui m\u00e9s jugable? Quines activitats per infants i adolescents es poden fer a la Festa Major?<\/p>\n<p style=\"text-align: justify;\">\u00a0<iframe loading=\"lazy\" src=\"https:\/\/drive.google.com\/file\/d\/1KlS8raHwuOSGIzFwZgro9LzYIWOF-lrp\/preview\" width=\"640\" height=\"480\"><\/iframe><br \/>\n<iframe loading=\"lazy\" src=\"https:\/\/drive.google.com\/file\/d\/1PyvWhWYD7lvUcEudGoeVa7qtKe9DNkl1\/preview\" width=\"640\" height=\"480\"><\/iframe><\/p>\n<p>Aquest curs escolar 2022-2023 el Consell d&#8217;Infants i Adolescents continua treballant per recollir la veu dels infants i adolescents que viuen a la vila de Masquefa.<\/p>\n<p><iframe loading=\"lazy\" src=\"https:\/\/drive.google.com\/file\/d\/1fxtgNYJePbY3gIeO9c1gLBYaH3NR0iea\/preview\" width=\"640\" height=\"480\"><\/iframe><\/p>\n<p><img loading=\"lazy\" decoding=\"async\" class=\"alignnone size-large\" src=\"https:\/\/pbs.twimg.com\/media\/FhUCsezXoAgRPHu?format=jpg&amp;name=large\" width=\"2048\" height=\"1536\" \/><\/p>\n<p>Avui 11\/11\/22 s\u2019ha celebrat la primera sessi\u00f3 del curs on s\u2019han estrenat els nous consellers i conselleres. 9.30-9.50h @xaviboquete ha fet la benvinguda i la devoluci\u00f3 de les propostes formulades l\u2019any anterior.<\/p>\n<p><iframe loading=\"lazy\" src=\"https:\/\/drive.google.com\/file\/d\/1bSOWJdGR-9FPkOwsCwfN9xtzhO_wrmF-\/preview\" width=\"640\" height=\"480\"><\/iframe><\/p>\n<p><img loading=\"lazy\" decoding=\"async\" class=\"alignnone size-large\" src=\"https:\/\/pbs.twimg.com\/media\/FhUCse2XoAM7PQT.jpg\" width=\"1200\" height=\"900\" \/><\/p>\n<p>El Consell \u00e9s un espai de participaci\u00f3 on les persones representants dels infants i adolescents de Masquefa de cada centre educatiu es reuneixen tres cops a l&#8217;any per tal de compartir les seves opinions i expressar les necessitats dels infants i adolescents de Masquefa.<\/p>\n<p><img loading=\"lazy\" decoding=\"async\" class=\"alignnone size-large\" src=\"https:\/\/pbs.twimg.com\/media\/FhUCtCEXoAoRve5?format=jpg&amp;name=large\" width=\"729\" height=\"1834\" \/><\/p>\n<p>Els nostres consellers aquest curs 2022-2023 seran:<\/p>\n<div>\n<div>5\u00e8A: Sofia Orellana i Izan Mart\u00ednez<\/div>\n<div>5\u00e8B: Thais Ferrer i Ra\u00fal Mu\u00f1oz<\/div>\n<div>6\u00e8A: Irene Fuentes i Unai Curado<\/div>\n<div>6\u00e8B: Dunia Aguilera i Iker Borrego<\/div>\n<div><\/div>\n<\/div>\n<div><\/div>\n<p><img loading=\"lazy\" decoding=\"async\" class=\"alignnone size-large\" src=\"https:\/\/pbs.twimg.com\/media\/FhUCtCjWIAAVfxV?format=jpg&amp;name=large\" width=\"2048\" height=\"1536\" \/><br \/>\nCada any es tractar\u00e0 un tema diferent al Consell, que ser\u00e0 decidit de manera conjunta. S\u2019han presentat els temes treballats a les aules i que proposa l\u2019ajuntament i s\u2019han treball en petits grups.<\/p>\n<p><img loading=\"lazy\" decoding=\"async\" class=\"alignnone size-large\" src=\"https:\/\/pbs.twimg.com\/media\/FhUCtkwXoAcWJz1?format=jpg&amp;name=large\" width=\"2048\" height=\"1536\" \/><\/p>\n<p>Els diferents consellers han debatut els temes i s\u2019han exposat en votaci\u00f3, el tema escollit ha estat \u201cseguretat i civisme\u201dDespr\u00e9s de la selecci\u00f3 del tema a treballar aquest any, s\u2019ha explicat el treball a realitzar amb l\u2019alumnat de les escoles i l\u2019institut fins el proper consell.<\/p>\n<p><img loading=\"lazy\" decoding=\"async\" class=\"alignnone size-large\" src=\"https:\/\/pbs.twimg.com\/media\/FhUCuxVWQAEualJ?format=jpg&amp;name=large\" width=\"1536\" height=\"2048\" \/><\/p>\n","protected":false},"excerpt":{"rendered":"<p>CONSELL D&#8217;INFANTS I ADOLESCENTS 2025-2026.<\/p>\n<p>El passat 19 de novembre es va constituir el Consell d\u2019Infants i Adolescents de Masquefa. Aquest \u00f2rgan de participaci\u00f3 compta amb 34 infants i adolescents que representen a tot l\u2019alumnat de 5\u00e8 i 6\u00e8 prim\u00e0ria i de 1er d\u2019ESO.<br \/>\n<a href=\"https:\/\/agora.xtec.cat\/ceip-fontroure\/wp-content\/uploads\/usu620\/2022\/02\/FE4HlNJX0AEu_Q5.jpg\"><\/a><\/p>\n<p><a href=\"https:\/\/agora.xtec.cat\/ceip-fontroure\/wp-content\/uploads\/usu620\/2022\/02\/Full-de-Ruta-Consell-dInfants-i-Adolescents.png\"><\/a><\/p>\n<p><a&hellip;  <a href=\"https:\/\/agora.xtec.cat\/ceip-fontroure\/metodologia-de-centre\/consell-dinfants-i-adolescents\/\" title=\"Read Consell d&#8217;infants i adolescents.\">Llegeix m\u00e9s\u00bb<\/a><\/p>\n","protected":false},"author":13,"featured_media":0,"parent":3338,"menu_order":0,"comment_status":"closed","ping_status":"closed","template":"","meta":{"_bbp_topic_count":0,"_bbp_reply_count":0,"_bbp_total_topic_count":0,"_bbp_total_reply_count":0,"_bbp_voice_count":0,"_bbp_anonymous_reply_count":0,"_bbp_topic_count_hidden":0,"_bbp_reply_count_hidden":0,"_bbp_forum_subforum_count":0,"footnotes":""},"class_list":["post-3407","page","type-page","status-publish","hentry"],"post_mailing_queue_ids":[],"_links":{"self":[{"href":"https:\/\/agora.xtec.cat\/ceip-fontroure\/wp-json\/wp\/v2\/pages\/3407","targetHints":{"allow":["GET"]}}],"collection":[{"href":"https:\/\/agora.xtec.cat\/ceip-fontroure\/wp-json\/wp\/v2\/pages"}],"about":[{"href":"https:\/\/agora.xtec.cat\/ceip-fontroure\/wp-json\/wp\/v2\/types\/page"}],"author":[{"embeddable":true,"href":"https:\/\/agora.xtec.cat\/ceip-fontroure\/wp-json\/wp\/v2\/users\/13"}],"replies":[{"embeddable":true,"href":"https:\/\/agora.xtec.cat\/ceip-fontroure\/wp-json\/wp\/v2\/comments?post=3407"}],"version-history":[{"count":4,"href":"https:\/\/agora.xtec.cat\/ceip-fontroure\/wp-json\/wp\/v2\/pages\/3407\/revisions"}],"predecessor-version":[{"id":4417,"href":"https:\/\/agora.xtec.cat\/ceip-fontroure\/wp-json\/wp\/v2\/pages\/3407\/revisions\/4417"}],"up":[{"embeddable":true,"href":"https:\/\/agora.xtec.cat\/ceip-fontroure\/wp-json\/wp\/v2\/pages\/3338"}],"wp:attachment":[{"href":"https:\/\/agora.xtec.cat\/ceip-fontroure\/wp-json\/wp\/v2\/media?parent=3407"}],"curies":[{"name":"wp","href":"https:\/\/api.w.org\/{rel}","templated":true}]}}