{"id":6710,"date":"2021-04-12T16:31:59","date_gmt":"2021-04-12T14:31:59","guid":{"rendered":"http:\/\/agora.xtec.cat\/ceip-ferra\/?page_id=6710"},"modified":"2023-07-20T17:18:45","modified_gmt":"2023-07-20T15:18:45","slug":"competencia-professorat","status":"publish","type":"page","link":"https:\/\/agora.xtec.cat\/ceip-ferra\/estrategia-digital-de-centre\/cultura-digital\/competencia-professorat\/","title":{"rendered":"Compet\u00e8ncia Professorat"},"content":{"rendered":"<p>L\u2019objecte d\u2019aquest Marc \u00e9s descriure les compet\u00e8ncies digitals de qualsevol docent dels ensenyaments regulats en la Llei org\u00e0nica d\u2019educaci\u00f3 al llarg de les diferents etapes del seu desenvolupament professional, independentment de la mat\u00e8ria o de l\u2019etapa o tipus d\u2019ensenyament que imparteixi. T\u00e9, per tant, un car\u00e0cter general i est\u00e0 estructurat a partir de les funcions que tots els docents comparteixen i que estan formulades<br \/>\nen l\u2019article 91 de la citada llei, les quals es reprodueixen a continuaci\u00f3:<\/p>\n<p>a) La programaci\u00f3 i l\u2019ensenyament de les \u00e0rees, mat\u00e8ries, m\u00f2duls o \u00e0mbits curriculars que tinguin encomanats.<br \/>\nb) L\u2019avaluaci\u00f3 del proc\u00e9s d\u2019aprenentatge de l\u2019alumnat, aix\u00ed com l\u2019avaluaci\u00f3 dels processos d\u2019ensenyament.<br \/>\nc) La tutoria dels alumnes, la direcci\u00f3 i l\u2019orientaci\u00f3 del seu aprenentatge i el suport en el seu proc\u00e9s educatiu, en col\u00b7laboraci\u00f3 amb les fam\u00edlies.<br \/>\nd) L\u2019orientaci\u00f3 educativa, acad\u00e8mica i professional dels alumnes, en col\u00b7laboraci\u00f3, si escau, amb els serveis o departaments especialitzats.<br \/>\ne) L\u2019atenci\u00f3 al desenvolupament intel\u00b7lectual, afectiu, psicomotriu, social i moral de l\u2019alumnat.<br \/>\nf) La promoci\u00f3, l\u2019organitzaci\u00f3 i la participaci\u00f3 en les activitats complement\u00e0ries, dins o fora del recinte educatiu, programades pels centres.<br \/>\ng) La contribuci\u00f3 al fet que les activitats del centre es desenvolupin en un clima de respecte, toler\u00e0ncia, participaci\u00f3 i llibertat per fomentar en els alumnes els valors de la ciutadania democr\u00e0tica i de la cultura de pau.<br \/>\nh) La informaci\u00f3 peri\u00f2dica a les fam\u00edlies sobre el proc\u00e9s d\u2019aprenentatge dels seus fills i filles, aix\u00ed com l\u2019orientaci\u00f3 per cooperar-hi.<br \/>\ni) La coordinaci\u00f3 de les activitats docents, de gesti\u00f3 i de direcci\u00f3 que els siguin encomanades.<br \/>\nj) La participaci\u00f3 en l\u2019activitat general del centre.<br \/>\nk) La participaci\u00f3 en els plans d\u2019avaluaci\u00f3 que determinin les administracions educatives o els mateixos centres.<br \/>\nl) La recerca, l\u2019experimentaci\u00f3 i la millora cont\u00ednua dels processos d\u2019ensenyament corresponent.<\/p>\n<p>Finalment, cal assenyalar que un dels aspectes m\u00e9s interessants que recull el DigCompEdu \u00e9s el model d\u2019ensenyament que promou: que tot l\u2019alumnat aconsegueixi un aprenentatge significatiu, motivador i pertinent, adaptat a les necessitats i difer\u00e8ncies personals, que li permeti adquirir i desenvolupar les seves compet\u00e8ncies de forma progressivament aut\u00f2noma treballant en equip amb els seus iguals.<br \/>\nAquests models d\u2019ensenyament i d\u2019aprenentatge impliquen tamb\u00e9 un tipus de pr\u00e0ctica docent basat en la col\u00b7laboraci\u00f3, en el context d\u2019una acci\u00f3 coordinada al centre, amb la participaci\u00f3 de la comunitat educativa.<\/p>\n<p><a href=\"https:\/\/agora.xtec.cat\/ceip-ferra\/wp-content\/uploads\/usu925\/2023\/07\/competencia-docent.jpg\"><img loading=\"lazy\" decoding=\"async\" class=\"alignnone size-full wp-image-8710\" src=\"https:\/\/agora.xtec.cat\/ceip-ferra\/wp-content\/uploads\/usu925\/2023\/07\/competencia-docent.jpg\" alt=\"\" width=\"661\" height=\"520\" srcset=\"https:\/\/agora.xtec.cat\/ceip-ferra\/wp-content\/uploads\/usu925\/2023\/07\/competencia-docent.jpg 661w, https:\/\/agora.xtec.cat\/ceip-ferra\/wp-content\/uploads\/usu925\/2023\/07\/competencia-docent-300x236.jpg 300w\" sizes=\"auto, (max-width: 661px) 100vw, 661px\" \/><\/a><\/p>\n","protected":false},"excerpt":{"rendered":"<p>L\u2019objecte d\u2019aquest Marc \u00e9s descriure les compet\u00e8ncies digitals de qualsevol docent dels ensenyaments regulats en la Llei org\u00e0nica d\u2019educaci\u00f3 al llarg de les diferents etapes del seu desenvolupament professional, independentment de la mat\u00e8ria o de l\u2019etapa o tipus d\u2019ensenyament que imparteixi. T\u00e9, per tant, un car\u00e0cter general i est\u00e0 estructurat a partir de les funcions [&hellip;]<\/p>\n","protected":false},"author":3,"featured_media":0,"parent":6697,"menu_order":0,"comment_status":"closed","ping_status":"closed","template":"","meta":{"_bbp_topic_count":0,"_bbp_reply_count":0,"_bbp_total_topic_count":0,"_bbp_total_reply_count":0,"_bbp_voice_count":0,"_bbp_anonymous_reply_count":0,"_bbp_topic_count_hidden":0,"_bbp_reply_count_hidden":0,"_bbp_forum_subforum_count":0,"site-sidebar-layout":"default","site-content-layout":"","ast-site-content-layout":"","site-content-style":"default","site-sidebar-style":"default","ast-global-header-display":"","ast-banner-title-visibility":"","ast-main-header-display":"","ast-hfb-above-header-display":"","ast-hfb-below-header-display":"","ast-hfb-mobile-header-display":"","site-post-title":"","ast-breadcrumbs-content":"","ast-featured-img":"","footer-sml-layout":"","theme-transparent-header-meta":"","adv-header-id-meta":"","stick-header-meta":"","header-above-stick-meta":"","header-main-stick-meta":"","header-below-stick-meta":"","astra-migrate-meta-layouts":"default","ast-page-background-enabled":"default","ast-page-background-meta":{"desktop":{"background-color":"var(--ast-global-color-4)","background-image":"","background-repeat":"repeat","background-position":"center center","background-size":"auto","background-attachment":"scroll","background-type":"","background-media":"","overlay-type":"","overlay-color":"","overlay-opacity":"","overlay-gradient":""},"tablet":{"background-color":"","background-image":"","background-repeat":"repeat","background-position":"center center","background-size":"auto","background-attachment":"scroll","background-type":"","background-media":"","overlay-type":"","overlay-color":"","overlay-opacity":"","overlay-gradient":""},"mobile":{"background-color":"","background-image":"","background-repeat":"repeat","background-position":"center center","background-size":"auto","background-attachment":"scroll","background-type":"","background-media":"","overlay-type":"","overlay-color":"","overlay-opacity":"","overlay-gradient":""}},"ast-content-background-meta":{"desktop":{"background-color":"var(--ast-global-color-5)","background-image":"","background-repeat":"repeat","background-position":"center center","background-size":"auto","background-attachment":"scroll","background-type":"","background-media":"","overlay-type":"","overlay-color":"","overlay-opacity":"","overlay-gradient":""},"tablet":{"background-color":"var(--ast-global-color-5)","background-image":"","background-repeat":"repeat","background-position":"center center","background-size":"auto","background-attachment":"scroll","background-type":"","background-media":"","overlay-type":"","overlay-color":"","overlay-opacity":"","overlay-gradient":""},"mobile":{"background-color":"var(--ast-global-color-5)","background-image":"","background-repeat":"repeat","background-position":"center center","background-size":"auto","background-attachment":"scroll","background-type":"","background-media":"","overlay-type":"","overlay-color":"","overlay-opacity":"","overlay-gradient":""}},"footnotes":""},"class_list":["post-6710","page","type-page","status-publish","hentry"],"post_mailing_queue_ids":[],"_links":{"self":[{"href":"https:\/\/agora.xtec.cat\/ceip-ferra\/wp-json\/wp\/v2\/pages\/6710","targetHints":{"allow":["GET"]}}],"collection":[{"href":"https:\/\/agora.xtec.cat\/ceip-ferra\/wp-json\/wp\/v2\/pages"}],"about":[{"href":"https:\/\/agora.xtec.cat\/ceip-ferra\/wp-json\/wp\/v2\/types\/page"}],"author":[{"embeddable":true,"href":"https:\/\/agora.xtec.cat\/ceip-ferra\/wp-json\/wp\/v2\/users\/3"}],"replies":[{"embeddable":true,"href":"https:\/\/agora.xtec.cat\/ceip-ferra\/wp-json\/wp\/v2\/comments?post=6710"}],"version-history":[{"count":3,"href":"https:\/\/agora.xtec.cat\/ceip-ferra\/wp-json\/wp\/v2\/pages\/6710\/revisions"}],"predecessor-version":[{"id":8711,"href":"https:\/\/agora.xtec.cat\/ceip-ferra\/wp-json\/wp\/v2\/pages\/6710\/revisions\/8711"}],"up":[{"embeddable":true,"href":"https:\/\/agora.xtec.cat\/ceip-ferra\/wp-json\/wp\/v2\/pages\/6697"}],"wp:attachment":[{"href":"https:\/\/agora.xtec.cat\/ceip-ferra\/wp-json\/wp\/v2\/media?parent=6710"}],"curies":[{"name":"wp","href":"https:\/\/api.w.org\/{rel}","templated":true}]}}