{"id":489,"date":"2019-01-29T13:47:49","date_gmt":"2019-01-29T12:47:49","guid":{"rendered":"http:\/\/agora.xtec.cat\/ceip-espriu-montgat\/?page_id=489"},"modified":"2026-04-29T10:16:45","modified_gmt":"2026-04-29T08:16:45","slug":"preinscripcio-i-matricula-2024-2025","status":"publish","type":"page","link":"https:\/\/agora.xtec.cat\/ceip-espriu-montgat\/families\/preinscripcio-i-matricula-2024-2025\/","title":{"rendered":"PORTES OBERTES 2026"},"content":{"rendered":"<h2><strong><span style=\"color: #33cccc;\">PREINSCRIPCI\u00d3 CURS 2026-2027<\/span><\/strong><\/h2>\n<p>Trobareu la informaci\u00f3 que publica el Departament d\u2019Educaci\u00f3 a la seva p\u00e0gina web, a mesura que la vagin actualitzant:<\/p>\n<p><a href=\"https:\/\/preinscripcio.gencat.cat\/ca\/detalls\/noticia\/dates-preinscripcio-2026-2027\"><b>PREINSCRIPCIO.GENCAT.CAT<\/b>\u00a0<\/a><\/p>\n<p>Empleneu la sol\u00b7licitud de preinscripci\u00f3 seguint els passos que us detallen a la web:\u00a0<a href=\"https:\/\/preinscripcio.gencat.cat\/ca\/inici\">PREINSCRIPCIONS.GENCAT<\/a><\/p>\n<p>Codi de centre de l\u2019Escola Salvador Espriu: <strong>08021880<\/strong>\u00a0 \u00a0 \u00a0 \u00a0 \u00a0\u00a0<a href=\"http:\/\/mapaescolar.gencat.cat\/\" target=\"_blank\" rel=\"noopener\">Mapa escolar<\/a><\/p>\n<ul>\n<li>Nom\u00e9s es pot presentar una sol\u00b7licitud de preinscripci\u00f3 per alumne\/a.<\/li>\n<li>Es pot demanar m\u00e9s d\u2019un centre.<\/li>\n<li>Presenteu la sol\u00b7licitud i la documentaci\u00f3 de manera telem\u00e0tica.<\/li>\n<\/ul>\n<header class=\"entry-header\"><\/header>\n<div class=\"entry-content\">\n<h5><strong>CALENDARI<\/strong><\/h5>\n<table style=\"width: 44.4943%; height: 513px;\">\n<tbody>\n<tr style=\"height: 33px;\">\n<td style=\"height: 33px; width: 52.7984%;\">Publicaci\u00f3 de l\u2019oferta inicial<\/td>\n<td style=\"text-align: center; height: 33px; width: 19.7287%;\"><a href=\"https:\/\/drive.google.com\/file\/d\/1KKFf-wQ4S25YP-W0Qr_UFCi_Jwlcq6dq\/view?usp=drivesdk\">3 de mar\u00e7<\/a><\/td>\n<\/tr>\n<tr style=\"height: 119px;\">\n<td style=\"height: 119px; width: 52.7984%;\">Presentaci\u00f3 de sol\u00b7licituds<\/p>\n<ul>\n<li>Sol\u00b7licitud de preinscripci\u00f3 per a Educaci\u00f3 infantil (I3, I4, I5):<\/li>\n<li>Sol\u00b7licitud de preinscripci\u00f3 per als cursos d\u2019ed. Prim\u00e0ria (1r, 2n, 3r, 4t, 5\u00e8, 6\u00e8):<\/li>\n<\/ul>\n<\/td>\n<td style=\"text-align: center; height: 119px; width: 19.7287%;\"><strong>del 4 al 18 de mar\u00e7<\/strong><\/td>\n<\/tr>\n<tr style=\"height: 33px;\">\n<td style=\"height: 33px; width: 52.7984%;\">Publicaci\u00f3 de la llista amb la puntuaci\u00f3 provisional<\/td>\n<td style=\"text-align: center; height: 33px; width: 19.7287%;\"><a href=\"https:\/\/drive.google.com\/file\/d\/1mxcyVhTFNX6huz3YgjIzWnkkou4GssCQ\/view?usp=sharing\">15 d&#8217;abril<\/a><\/td>\n<\/tr>\n<tr style=\"height: 33px;\">\n<td style=\"height: 33px; width: 52.7984%;\">Reclamacions a la puntuaci\u00f3 provisional<\/td>\n<td style=\"text-align: center; height: 33px; width: 19.7287%;\">del 15 al 20 d&#8217;abril<\/td>\n<\/tr>\n<tr style=\"height: 33px;\">\n<td style=\"height: 33px; width: 52.7984%;\">Llista de sol\u00b7licituds amb la puntuaci\u00f3 un cop resoltes les reclamacions<\/td>\n<td style=\"text-align: center; height: 33px; width: 19.7287%;\"><a href=\"https:\/\/drive.google.com\/file\/d\/1wWYjG8T9fIFV-xChcV41mt8WGa1McuK1\/view?usp=drive_link\">23 d&#8217;abril<\/a><\/td>\n<\/tr>\n<tr style=\"height: 33px;\">\n<td style=\"height: 33px; width: 52.7984%;\">Sorteig del n\u00famero de desempat: <strong>42129<\/strong><\/td>\n<td style=\"text-align: center; height: 33px; width: 19.7287%;\">28 d&#8217;abril<\/td>\n<\/tr>\n<tr style=\"height: 33px;\">\n<td style=\"height: 33px; width: 52.7984%;\">Publicaci\u00f3 de la llista ordenada<\/td>\n<td style=\"text-align: center; height: 33px; width: 19.7287%;\"><a href=\"https:\/\/drive.google.com\/file\/d\/101LWcgwHZSxz12xeJKZg9Ubp7qVDBBD5\/view?usp=drive_link\">29 d&#8217;abril<\/a><\/td>\n<\/tr>\n<tr style=\"height: 97px;\">\n<td style=\"height: 97px; width: 52.7984%;\">Ampliaci\u00f3 de peticions de preinscripci\u00f3 per a alumnes sense pla\u00e7a assignada a cap centre<\/td>\n<td style=\"text-align: center; height: 97px; width: 19.7287%;\">del 1 al 3 de juny<\/td>\n<\/tr>\n<tr style=\"height: 33px;\">\n<td style=\"height: 33px; width: 52.7984%;\">Publicaci\u00f3 de l\u2019oferta final<\/td>\n<td style=\"text-align: center; height: 33px; width: 19.7287%;\">10 de juny<\/td>\n<\/tr>\n<tr style=\"height: 33px;\">\n<td style=\"height: 33px; width: 52.7984%;\">Publicaci\u00f3 de la llista d\u2019admesos<\/p>\n<p>Llista d&#8217;espera<\/td>\n<td style=\"text-align: center; height: 33px; width: 19.7287%;\">10 de juny<\/td>\n<\/tr>\n<tr style=\"height: 33px;\">\n<td style=\"height: 33px; width: 52.7984%;\">Per\u00edode de matr\u00edcula<\/td>\n<td style=\"text-align: center; height: 33px; width: 19.7287%;\">del 22 al 30 de juny<\/td>\n<\/tr>\n<\/tbody>\n<\/table>\n<p><sup>Data d\u2019actualitzaci\u00f3: 15.01.26<\/sup><\/p>\n<p>&nbsp;<\/p>\n<\/div>\n<p>&nbsp;<\/p>\n<p>&nbsp;<\/p>\n","protected":false},"excerpt":{"rendered":"<p>PREINSCRIPCI\u00d3 CURS 2026-2027<br \/>\nTrobareu la informaci\u00f3 que publica el Departament d\u2019Educaci\u00f3 a la seva p\u00e0gina web, a mesura que la vagin actualitzant:<br \/>\n<a href=\"https:\/\/preinscripcio.gencat.cat\/ca\/detalls\/noticia\/dates-preinscripcio-2026-2027\">PREINSCRIPCIO.GENCAT.CAT\u00a0<\/a><br \/>\nEmpleneu la sol\u00b7licitud de preinscripci\u00f3 seguint els passos que us detallen a la web:\u00a0<a href=\"https:\/\/preinscripcio.gencat.cat\/ca\/inici\">PREINSCRIPCIONS.GENCAT<\/a><br \/>\nCodi de centre de l\u2019Escola Salvador Espriu: 08021880\u00a0 \u00a0 \u00a0&hellip;  <a href=\"https:\/\/agora.xtec.cat\/ceip-espriu-montgat\/families\/preinscripcio-i-matricula-2024-2025\/\" title=\"Read PORTES OBERTES 2026\">Llegeix m\u00e9s\u00bb<\/a><\/p>\n","protected":false},"author":1,"featured_media":0,"parent":480,"menu_order":0,"comment_status":"closed","ping_status":"closed","template":"","meta":{"_bbp_topic_count":0,"_bbp_reply_count":0,"_bbp_total_topic_count":0,"_bbp_total_reply_count":0,"_bbp_voice_count":0,"_bbp_anonymous_reply_count":0,"_bbp_topic_count_hidden":0,"_bbp_reply_count_hidden":0,"_bbp_forum_subforum_count":0,"footnotes":""},"class_list":["post-489","page","type-page","status-publish","hentry"],"post_mailing_queue_ids":[],"_links":{"self":[{"href":"https:\/\/agora.xtec.cat\/ceip-espriu-montgat\/wp-json\/wp\/v2\/pages\/489","targetHints":{"allow":["GET"]}}],"collection":[{"href":"https:\/\/agora.xtec.cat\/ceip-espriu-montgat\/wp-json\/wp\/v2\/pages"}],"about":[{"href":"https:\/\/agora.xtec.cat\/ceip-espriu-montgat\/wp-json\/wp\/v2\/types\/page"}],"author":[{"embeddable":true,"href":"https:\/\/agora.xtec.cat\/ceip-espriu-montgat\/wp-json\/wp\/v2\/users\/1"}],"replies":[{"embeddable":true,"href":"https:\/\/agora.xtec.cat\/ceip-espriu-montgat\/wp-json\/wp\/v2\/comments?post=489"}],"version-history":[{"count":7,"href":"https:\/\/agora.xtec.cat\/ceip-espriu-montgat\/wp-json\/wp\/v2\/pages\/489\/revisions"}],"predecessor-version":[{"id":3644,"href":"https:\/\/agora.xtec.cat\/ceip-espriu-montgat\/wp-json\/wp\/v2\/pages\/489\/revisions\/3644"}],"up":[{"embeddable":true,"href":"https:\/\/agora.xtec.cat\/ceip-espriu-montgat\/wp-json\/wp\/v2\/pages\/480"}],"wp:attachment":[{"href":"https:\/\/agora.xtec.cat\/ceip-espriu-montgat\/wp-json\/wp\/v2\/media?parent=489"}],"curies":[{"name":"wp","href":"https:\/\/api.w.org\/{rel}","templated":true}]}}