{"id":77,"date":"2014-09-18T14:05:08","date_gmt":"2014-09-18T13:05:08","guid":{"rendered":"http:\/\/agora.xtec.cat\/ceip-escola-montsant-reus\/?page_id=77"},"modified":"2025-10-05T20:08:57","modified_gmt":"2025-10-05T18:08:57","slug":"acollida","status":"publish","type":"page","link":"https:\/\/agora.xtec.cat\/ceip-escola-montsant-reus\/ampa\/serveis-ampa\/acollida\/","title":{"rendered":"Acollida"},"content":{"rendered":"<p>&nbsp;<\/p>\n<p><span style=\"font-weight: 400;\">L\u2019AFA de l\u2019Escola Montsant ofereix un servei d\u2019<\/span><b>acollida de mat\u00ed i de tarda<\/b><span style=\"font-weight: 400;\"> per a l\u2019alumnat de l\u2019escola, pensat per facilitar la conciliaci\u00f3 familiar i garantir un espai d\u2019acollida segur, tranquil i adequat abans i despr\u00e9s de l\u2019horari lectiu.\u00a0<\/span><\/p>\n<p><span style=\"font-weight: 400;\">Aquest servei \u00e9s gestionat directament per l\u2019AFA Montsant i est\u00e0 obert a tots els infants, tant de manera habitual com espor\u00e0dica:<\/span><\/p>\n<h3><span style=\"color: #3366ff;\"><b>ACOLLIDA MATINAL<\/b><\/span><\/h3>\n<ul>\n<li style=\"font-weight: 400;\" aria-level=\"1\"><b>Horari:<\/b><span style=\"font-weight: 400;\"> de 7:30 a 8:30 h<\/span><\/li>\n<li style=\"font-weight: 400;\" aria-level=\"1\"><span style=\"font-weight: 400;\">Els infants poden portar <\/span><b>una mica d\u2019esmorzar<\/b><span style=\"font-weight: 400;\"> fins a les 8:00 hores.<\/span><\/li>\n<li style=\"font-weight: 400;\" aria-level=\"1\"><span style=\"font-weight: 400;\">No cal avisar amb antelaci\u00f3 per fer \u00fas del servei.<\/span><\/li>\n<\/ul>\n<h3><span style=\"color: #3366ff;\"><b>ACOLLIDA DE TARDA<\/b><\/span><\/h3>\n<ul>\n<li style=\"font-weight: 400;\" aria-level=\"1\"><b>Horari:<\/b><span style=\"font-weight: 400;\"> de 16:00 a 17:30 h<\/span><span style=\"font-weight: 400;\"><br \/>\n<\/span><span style=\"font-weight: 400;\">Els infants poden portar <\/span><b>berenar.<\/b><\/li>\n<li style=\"font-weight: 400;\" aria-level=\"1\"><span style=\"font-weight: 400;\">\u00c9s important avisar a l\u2019infant (i al tutor o tutora en cas dels m\u00e9s petits) i tamb\u00e9 a l\u2019AFA: <\/span><i><span style=\"font-weight: 400;\">ampamontsant@gmail.com<\/span><\/i><i><span style=\"font-weight: 400;\">\n<p><\/span><\/i><\/li>\n<\/ul>\n<h3><span style=\"color: #3366ff;\"><b>PREUS DELS SERVEIS D\u2019ACOLLIDA<\/b><\/span><\/h3>\n<p><b>Acollida matinal:<\/b><\/p>\n<ul>\n<li style=\"font-weight: 400;\" aria-level=\"1\"><span style=\"font-weight: 400;\">Socis habituals: 20\u202f\u20ac\/mes<\/span><\/li>\n<li style=\"font-weight: 400;\" aria-level=\"1\"><span style=\"font-weight: 400;\">Socis espor\u00e0dics: 2,50\u202f\u20ac\/dia (amb un m\u00e0xim de 20\u202f\u20ac\/mes)<\/span><\/li>\n<li style=\"font-weight: 400;\" aria-level=\"1\"><span style=\"font-weight: 400;\">No socis: 3,50\u202f\u20ac\/dia<\/span><\/li>\n<\/ul>\n<p><b>Acollida de tarda:<\/b><\/p>\n<ul>\n<li style=\"font-weight: 400;\" aria-level=\"1\"><span style=\"font-weight: 400;\">Socis habituals: 35\u202f\u20ac\/mes<\/span><\/li>\n<li style=\"font-weight: 400;\" aria-level=\"1\"><span style=\"font-weight: 400;\">Socis espor\u00e0dics: 4,00\u202f\u20ac\/dia<\/span><\/li>\n<li style=\"font-weight: 400;\" aria-level=\"1\"><span style=\"font-weight: 400;\">No socis: 5,00\u202f\u20ac\/dia<\/span><span style=\"font-weight: 400;\">\n<p><\/span><\/li>\n<\/ul>\n<p><i><span style=\"font-weight: 400;\">Els preus dels serveis d\u2019acollida es revisen cada curs escolar i s\u2019aproven de manera oficial durant la reuni\u00f3 general de l\u2019AFA, amb la voluntat de garantir-ne la viabilitat i l\u2019equitat per a totes les fam\u00edlies.<\/span><\/i><\/p>\n<h3><b><i>IMPORTANT!!!<\/i><\/b><\/h3>\n<ul>\n<li style=\"font-weight: 400;\" aria-level=\"1\"><span style=\"font-weight: 400;\">Passats <\/span><span style=\"color: #3366ff;\"><b>5 minuts de l\u2019horari de recollida d\u2019escola<\/b><\/span><span style=\"font-weight: 400;\">, els infants passaran autom\u00e0ticament al servei d\u2019acollida.<\/span><\/li>\n<li style=\"font-weight: 400;\" aria-level=\"1\"><span style=\"font-weight: 400;\">En aquests casos, el <\/span><b>personal docent<\/b> <b>avisar\u00e0 a les fam\u00edlies <\/b><span style=\"font-weight: 400;\">per informar de la situaci\u00f3.<\/span><\/li>\n<\/ul>\n<p><a href=\"https:\/\/agora.xtec.cat\/ceip-escola-montsant-reus\/wp-content\/uploads\/usu1887\/2025\/10\/joanturuacollida.jpg\"><img loading=\"lazy\" decoding=\"async\" class=\"aligncenter size-large wp-image-3606\" src=\"https:\/\/agora.xtec.cat\/ceip-escola-montsant-reus\/wp-content\/uploads\/usu1887\/2025\/10\/joanturuacollida-1024x521.jpg\" alt=\"\" width=\"1024\" height=\"521\" srcset=\"https:\/\/agora.xtec.cat\/ceip-escola-montsant-reus\/wp-content\/uploads\/usu1887\/2025\/10\/joanturuacollida-1024x521.jpg 1024w, https:\/\/agora.xtec.cat\/ceip-escola-montsant-reus\/wp-content\/uploads\/usu1887\/2025\/10\/joanturuacollida-300x153.jpg 300w, https:\/\/agora.xtec.cat\/ceip-escola-montsant-reus\/wp-content\/uploads\/usu1887\/2025\/10\/joanturuacollida-768x390.jpg 768w, https:\/\/agora.xtec.cat\/ceip-escola-montsant-reus\/wp-content\/uploads\/usu1887\/2025\/10\/joanturuacollida.jpg 1253w\" sizes=\"auto, (max-width: 1024px) 100vw, 1024px\" \/><\/a><\/p>\n<p><span style=\"font-weight: 400;\">Gr\u00e0cies per la vostra confian\u00e7a i per fer possible, entre totes les fam\u00edlies, un servei d\u2019acollida accessible, cuidat i ben organitzat.<\/span><b style=\"font-family: inherit; font-size: 1em;\">\u00a0<\/b><\/p>\n<p><span style=\"font-weight: 400;\">Seguim treballant per respondre a les necessitats del dia a dia amb responsabilitat i comprom\u00eds!<\/span><a href=\"http:\/\/agora.xtec.cat\/ceip-escola-montsant-reus\/wp-content\/uploads\/usu1887\/2018\/09\/nens-feli\u00e7os.png\"><br \/>\n<\/a><\/p>\n<p><b>AFA Montsant<\/b><\/p>\n<p><b>Curs 2025-2026<\/b><\/p>\n","protected":false},"excerpt":{"rendered":"<p>&nbsp;<br \/>\nL\u2019AFA de l\u2019Escola Montsant ofereix un servei d\u2019acollida de mat\u00ed i de tarda per a l\u2019alumnat de l\u2019escola, pensat per facilitar la conciliaci\u00f3 familiar i garantir un espai d\u2019acollida segur, tranquil i adequat abans i despr\u00e9s de l\u2019horari lectiu.\u00a0<br \/>\nAquest servei \u00e9s gestionat directament per l\u2019AFA&hellip;  <a href=\"https:\/\/agora.xtec.cat\/ceip-escola-montsant-reus\/ampa\/serveis-ampa\/acollida\/\" title=\"Read Acollida\">Llegeix m\u00e9s\u00bb<\/a><\/p>\n","protected":false},"author":1,"featured_media":0,"parent":2185,"menu_order":20,"comment_status":"closed","ping_status":"closed","template":"page-templates\/side-menu.php","meta":{"_bbp_topic_count":0,"_bbp_reply_count":0,"_bbp_total_topic_count":0,"_bbp_total_reply_count":0,"_bbp_voice_count":0,"_bbp_anonymous_reply_count":0,"_bbp_topic_count_hidden":0,"_bbp_reply_count_hidden":0,"_bbp_forum_subforum_count":0,"footnotes":""},"class_list":["post-77","page","type-page","status-publish","hentry"],"post_mailing_queue_ids":[],"_links":{"self":[{"href":"https:\/\/agora.xtec.cat\/ceip-escola-montsant-reus\/wp-json\/wp\/v2\/pages\/77","targetHints":{"allow":["GET"]}}],"collection":[{"href":"https:\/\/agora.xtec.cat\/ceip-escola-montsant-reus\/wp-json\/wp\/v2\/pages"}],"about":[{"href":"https:\/\/agora.xtec.cat\/ceip-escola-montsant-reus\/wp-json\/wp\/v2\/types\/page"}],"author":[{"embeddable":true,"href":"https:\/\/agora.xtec.cat\/ceip-escola-montsant-reus\/wp-json\/wp\/v2\/users\/1"}],"replies":[{"embeddable":true,"href":"https:\/\/agora.xtec.cat\/ceip-escola-montsant-reus\/wp-json\/wp\/v2\/comments?post=77"}],"version-history":[{"count":6,"href":"https:\/\/agora.xtec.cat\/ceip-escola-montsant-reus\/wp-json\/wp\/v2\/pages\/77\/revisions"}],"predecessor-version":[{"id":3607,"href":"https:\/\/agora.xtec.cat\/ceip-escola-montsant-reus\/wp-json\/wp\/v2\/pages\/77\/revisions\/3607"}],"up":[{"embeddable":true,"href":"https:\/\/agora.xtec.cat\/ceip-escola-montsant-reus\/wp-json\/wp\/v2\/pages\/2185"}],"wp:attachment":[{"href":"https:\/\/agora.xtec.cat\/ceip-escola-montsant-reus\/wp-json\/wp\/v2\/media?parent=77"}],"curies":[{"name":"wp","href":"https:\/\/api.w.org\/{rel}","templated":true}]}}