{"id":743,"date":"2019-02-25T14:19:02","date_gmt":"2019-02-25T13:19:02","guid":{"rendered":"http:\/\/agora.xtec.cat\/ceip-escola-montsant-reus\/?page_id=743"},"modified":"2021-04-11T13:08:02","modified_gmt":"2021-04-11T11:08:02","slug":"montsant-sona","status":"publish","type":"page","link":"https:\/\/agora.xtec.cat\/ceip-escola-montsant-reus\/projectes-2\/montsant-sona\/","title":{"rendered":"Art\u00edstic. Montsant Sona"},"content":{"rendered":"<p>&#8220;Montsant Sona&#8221; \u00e9s el nom de la coral de la nostra escola. Una coral en la qual hi participa alumnat de 4t, 5\u00e8 i 6\u00e8. La Coral assaja setmanalment i t\u00e9 actuacions a l&#8217;escola i a les diverses trobades de corals que es fan al territori.<\/p>\n<p>Podeu gaudir amb algunes de les nostres actuacions.<\/p>\n<p>Visca la m\u00fasica!!!<\/p>\n<p>&nbsp;<\/p>\n<p><a href=\"https:\/\/agora.xtec.cat\/ceip-escola-montsant-reus\/wp-content\/uploads\/usu1887\/2019\/02\/Montsant-SC-2017-12.jpg\"><img loading=\"lazy\" decoding=\"async\" class=\"size-large wp-image-745 aligncenter\" src=\"https:\/\/agora.xtec.cat\/ceip-escola-montsant-reus\/wp-content\/uploads\/usu1887\/2019\/02\/Montsant-SC-2017-12-1024x713.jpg\" alt=\"\" width=\"1024\" height=\"713\" srcset=\"https:\/\/agora.xtec.cat\/ceip-escola-montsant-reus\/wp-content\/uploads\/usu1887\/2019\/02\/Montsant-SC-2017-12-1024x713.jpg 1024w, https:\/\/agora.xtec.cat\/ceip-escola-montsant-reus\/wp-content\/uploads\/usu1887\/2019\/02\/Montsant-SC-2017-12-300x209.jpg 300w, https:\/\/agora.xtec.cat\/ceip-escola-montsant-reus\/wp-content\/uploads\/usu1887\/2019\/02\/Montsant-SC-2017-12-768x535.jpg 768w, https:\/\/agora.xtec.cat\/ceip-escola-montsant-reus\/wp-content\/uploads\/usu1887\/2019\/02\/Montsant-SC-2017-12.jpg 1441w\" sizes=\"auto, (max-width: 1024px) 100vw, 1024px\" \/><\/a><\/p>\n<p><iframe loading=\"lazy\" title=\"Montsant Sona 11 05 19\" width=\"500\" height=\"375\" src=\"https:\/\/www.youtube.com\/embed\/9MP3wqjKT7w?feature=oembed\" frameborder=\"0\" allow=\"accelerometer; autoplay; clipboard-write; encrypted-media; gyroscope; picture-in-picture; web-share\" referrerpolicy=\"strict-origin-when-cross-origin\" allowfullscreen><\/iframe><\/p>\n<p><iframe loading=\"lazy\" title=\"Montsant Sona 06 04 19\" width=\"500\" height=\"375\" src=\"https:\/\/www.youtube.com\/embed\/1Va9JpfP8Bk?feature=oembed\" frameborder=\"0\" allow=\"accelerometer; autoplay; clipboard-write; encrypted-media; gyroscope; picture-in-picture; web-share\" referrerpolicy=\"strict-origin-when-cross-origin\" allowfullscreen><\/iframe><\/p>\n<p><iframe loading=\"lazy\" title=\"MONTSANT SONA, XVI Trobada Corals Prim\u00e0ria Tarragona\" width=\"500\" height=\"281\" src=\"https:\/\/www.youtube.com\/embed\/LiAO-bzrxQg?feature=oembed\" frameborder=\"0\" allow=\"accelerometer; autoplay; clipboard-write; encrypted-media; gyroscope; picture-in-picture; web-share\" referrerpolicy=\"strict-origin-when-cross-origin\" allowfullscreen><\/iframe><\/p>\n<p>&nbsp;<\/p>\n<p>&nbsp;<\/p>\n<p>&nbsp;<\/p>\n<p><iframe loading=\"lazy\" title=\"MONTSANT SONA, XVI Trobada Corals Prim\u00e0ria, M\u00fasic de carrer\" width=\"500\" height=\"281\" src=\"https:\/\/www.youtube.com\/embed\/i5A6P03hG9U?feature=oembed\" frameborder=\"0\" allow=\"accelerometer; autoplay; clipboard-write; encrypted-media; gyroscope; picture-in-picture; web-share\" referrerpolicy=\"strict-origin-when-cross-origin\" allowfullscreen><\/iframe><\/p>\n<p>&nbsp;<\/p>\n<p>&nbsp;<\/p>\n<p>&nbsp;<\/p>\n","protected":false},"excerpt":{"rendered":"<p>&#8220;Montsant Sona&#8221; \u00e9s el nom de la coral de la nostra escola. Una coral en la qual hi participa alumnat de 4t, 5\u00e8 i 6\u00e8. La Coral assaja setmanalment i t\u00e9 actuacions a l&#8217;escola i a les diverses trobades de corals que es fan al&hellip;  <a href=\"https:\/\/agora.xtec.cat\/ceip-escola-montsant-reus\/projectes-2\/montsant-sona\/\" title=\"Read Art\u00edstic. Montsant Sona\">Llegeix m\u00e9s\u00bb<\/a><\/p>\n","protected":false},"author":1,"featured_media":0,"parent":64,"menu_order":13,"comment_status":"closed","ping_status":"closed","template":"page-templates\/side-menu.php","meta":{"_bbp_topic_count":0,"_bbp_reply_count":0,"_bbp_total_topic_count":0,"_bbp_total_reply_count":0,"_bbp_voice_count":0,"_bbp_anonymous_reply_count":0,"_bbp_topic_count_hidden":0,"_bbp_reply_count_hidden":0,"_bbp_forum_subforum_count":0,"footnotes":""},"class_list":["post-743","page","type-page","status-publish","hentry"],"post_mailing_queue_ids":[],"_links":{"self":[{"href":"https:\/\/agora.xtec.cat\/ceip-escola-montsant-reus\/wp-json\/wp\/v2\/pages\/743","targetHints":{"allow":["GET"]}}],"collection":[{"href":"https:\/\/agora.xtec.cat\/ceip-escola-montsant-reus\/wp-json\/wp\/v2\/pages"}],"about":[{"href":"https:\/\/agora.xtec.cat\/ceip-escola-montsant-reus\/wp-json\/wp\/v2\/types\/page"}],"author":[{"embeddable":true,"href":"https:\/\/agora.xtec.cat\/ceip-escola-montsant-reus\/wp-json\/wp\/v2\/users\/1"}],"replies":[{"embeddable":true,"href":"https:\/\/agora.xtec.cat\/ceip-escola-montsant-reus\/wp-json\/wp\/v2\/comments?post=743"}],"version-history":[{"count":3,"href":"https:\/\/agora.xtec.cat\/ceip-escola-montsant-reus\/wp-json\/wp\/v2\/pages\/743\/revisions"}],"predecessor-version":[{"id":2687,"href":"https:\/\/agora.xtec.cat\/ceip-escola-montsant-reus\/wp-json\/wp\/v2\/pages\/743\/revisions\/2687"}],"up":[{"embeddable":true,"href":"https:\/\/agora.xtec.cat\/ceip-escola-montsant-reus\/wp-json\/wp\/v2\/pages\/64"}],"wp:attachment":[{"href":"https:\/\/agora.xtec.cat\/ceip-escola-montsant-reus\/wp-json\/wp\/v2\/media?parent=743"}],"curies":[{"name":"wp","href":"https:\/\/api.w.org\/{rel}","templated":true}]}}