{"id":713,"date":"2019-01-19T00:24:49","date_gmt":"2019-01-18T23:24:49","guid":{"rendered":"http:\/\/agora.xtec.cat\/ceip-escola-montsant-reus\/?page_id=713"},"modified":"2023-04-18T21:00:40","modified_gmt":"2023-04-18T19:00:40","slug":"junior-first-lego","status":"publish","type":"page","link":"https:\/\/agora.xtec.cat\/ceip-escola-montsant-reus\/projectes-2\/junior-first-lego\/","title":{"rendered":"Cultura Digital. Aprenem junts amb Lego"},"content":{"rendered":"<p><a href=\"https:\/\/agora.xtec.cat\/ceip-escola-montsant-reus\/wp-content\/uploads\/usu1887\/2021\/03\/lego.jpg\"><img loading=\"lazy\" decoding=\"async\" class=\"size-full wp-image-2575 aligncenter\" src=\"https:\/\/agora.xtec.cat\/ceip-escola-montsant-reus\/wp-content\/uploads\/usu1887\/2021\/03\/lego.jpg\" alt=\"\" width=\"423\" height=\"219\" srcset=\"https:\/\/agora.xtec.cat\/ceip-escola-montsant-reus\/wp-content\/uploads\/usu1887\/2021\/03\/lego.jpg 423w, https:\/\/agora.xtec.cat\/ceip-escola-montsant-reus\/wp-content\/uploads\/usu1887\/2021\/03\/lego-300x155.jpg 300w\" sizes=\"auto, (max-width: 423px) 100vw, 423px\" \/><\/a><\/p>\n<h3><span style=\"color: #000080;\"><strong>EL PROJECTE APRENEM JUNTS LEGO <\/strong><\/span><\/h3>\n<p>El projecte Aprenem junt Lego es basa en el Junior First Lego, en el qual l&#8217;escola ha participat des de fa deu anys. En l&#8217;actualitat, \u00e9s un projecte que portem a terme al nostre centre educatiu, a 4t de prim\u00e0ria i est\u00e0 desvinculat del concurs oficial.<\/p>\n<p>Aquest projecte t\u00e9 una durada d&#8217;un trimestre i el desenvolupem dins de la metodologia de l&#8217;enfocament del treball per projectes:<\/p>\n<p>&#8211; treball cooperatiu.<\/p>\n<p>&#8211; aprenentatge per descoberta.<\/p>\n<p>&#8211; compartici\u00f3 d&#8217;aprenentatges<\/p>\n<p>&#8211; Producte final<\/p>\n<ol>\n<li>\n<h4><span style=\"color: #000080;\"><strong> El repte.<\/strong><\/span><\/h4>\n<\/li>\n<\/ol>\n<p>Per a comen\u00e7ar, es proposa un repte a treballar. Aquest repte ser\u00e0 el motiu de descoberta de l&#8217;alumnat.<\/p>\n<p>Fem 4 o 5 equips dins el grup classe.<\/p>\n<ol start=\"2\">\n<li>\n<h4><span style=\"color: #000080;\"><strong> Fase d&#8217;investigaci\u00f3.<\/strong><\/span><\/h4>\n<\/li>\n<\/ol>\n<p>Cada grup investiga sobre el tema proposat. \u00c9s important posar en com\u00fa els coneixements previs i acordar qu\u00e8 volem aprendre. A partir d&#8217;aqu\u00ed, cada grup es fa les seves preguntes necess\u00e0ries per poder obtenir informaci\u00f3. Cada alumne \u00e9s responsable de cercar informaci\u00f3, imatges, recursos&#8230; que a les seg\u00fcents sessions haur\u00e0 de compartir amb els seus companys de grup i resta de la classe.<\/p>\n<ol start=\"3\">\n<li>\n<h4><span style=\"color: #000080;\"><strong> Fase de creaci\u00f3 i producte final<\/strong><\/span><\/h4>\n<\/li>\n<\/ol>\n<p>Aquesta fase t\u00e9 dos apartats: la <u>maqueta<\/u> i el <u>mural<\/u>.<\/p>\n<p>Amb la <u>maqueta<\/u>, cada grup s&#8217;ha de posar d&#8217;acord per crear un disseny amb peces lego sobre l&#8217;aspecte o tema triat per resoldre el repte. \u00c9s necessari que les idees que han extret a la fase d&#8217;investigaci\u00f3 les puguin traspassar a aquesta maqueta despr\u00e9s de concretar una planificaci\u00f3 i un disseny. En tot moment, el grup interactua amb si mateix, per\u00f2 tamb\u00e9 amb els altres grups i amb els docents, els quals van intervenint, si \u00e9s necessari, formulant o reconduint les preguntes. En aquest apartat tamb\u00e9 iniciem l&#8217;alumnat en la rob\u00f2tica amb els lego Wedo. Entren en el m\u00f3n de la programaci\u00f3 i de la rob\u00f2tica d&#8217;una forma senzilla i on l&#8217;alumnat pot compartir les estrat\u00e8gies que van aprenent.<\/p>\n<p>Pel que fa al <u>mural<\/u>, \u00e9s important perqu\u00e8 en aquest es pot reflectir tot el proc\u00e9s del treball que s&#8217;est\u00e0 fent amb la informaci\u00f3 obtinguda, els acords presos i les imatges del tema investigat i del proc\u00e9s de tot el treball. Per tant, treballem el llenguatge visual, pl\u00e0stic i escrit, aix\u00ed com el digital.<\/p>\n<ol start=\"4\">\n<li><span style=\"color: #000080;\"><strong> Fase d&#8217;exposici\u00f3<\/strong><\/span><\/li>\n<\/ol>\n<p>Un cop cada grup ha preparat els seus treballs d&#8217;investigaci\u00f3 amb la maqueta i el mural pertinent, \u00e9s hora de compartir-ho amb altres grups i altres escoles. Per a fer-ho, cada grup prepara la seva exposici\u00f3 oral fent-se un gui\u00f3 que els ajudi a organitzar-se. \u00c9s important preparar-se per a una exposici\u00f3 en p\u00fablic, sigui en una aula o en un auditori: f\u00f3rmules de cortesia, projecci\u00f3 de la veu, expressi\u00f3 gestual, vocalitzaci\u00f3 correcta, estructuraci\u00f3 del missatge&#8230; tots aquests aspectes s\u00f3n importants a l&#8217;hora de posar en pr\u00e0ctica la comunicaci\u00f3 oral. \u00c9s necessari estructurar i planificar l&#8217;exposici\u00f3, aix\u00ed com practicar-la i preparar-la. En aquesta part tamb\u00e9 s\u00f3n molt important les preguntes i dubtes que surten als receptors de l&#8217;exposici\u00f3, el que fa que calgui pensar b\u00e9 les respostes sense precipitar-se. Compartir les idees i els dubtes ens fa aprendre a tots.<\/p>\n","protected":false},"excerpt":{"rendered":"<p><a href=\"https:\/\/agora.xtec.cat\/ceip-escola-montsant-reus\/wp-content\/uploads\/usu1887\/2021\/03\/lego.jpg\"><\/a><br \/>\nEL PROJECTE APRENEM JUNTS LEGO<br \/>\nEl projecte Aprenem junt Lego es basa en el Junior First Lego, en el qual l&#8217;escola ha participat des de fa deu anys. En l&#8217;actualitat, \u00e9s un projecte que portem a terme al nostre centre educatiu, a 4t de&hellip;  <a href=\"https:\/\/agora.xtec.cat\/ceip-escola-montsant-reus\/projectes-2\/junior-first-lego\/\" title=\"Read Cultura Digital. Aprenem junts amb Lego\">Llegeix m\u00e9s\u00bb<\/a><\/p>\n","protected":false},"author":1,"featured_media":0,"parent":64,"menu_order":22,"comment_status":"closed","ping_status":"closed","template":"page-templates\/side-menu.php","meta":{"_bbp_topic_count":0,"_bbp_reply_count":0,"_bbp_total_topic_count":0,"_bbp_total_reply_count":0,"_bbp_voice_count":0,"_bbp_anonymous_reply_count":0,"_bbp_topic_count_hidden":0,"_bbp_reply_count_hidden":0,"_bbp_forum_subforum_count":0,"footnotes":""},"class_list":["post-713","page","type-page","status-publish","hentry"],"post_mailing_queue_ids":[],"_links":{"self":[{"href":"https:\/\/agora.xtec.cat\/ceip-escola-montsant-reus\/wp-json\/wp\/v2\/pages\/713","targetHints":{"allow":["GET"]}}],"collection":[{"href":"https:\/\/agora.xtec.cat\/ceip-escola-montsant-reus\/wp-json\/wp\/v2\/pages"}],"about":[{"href":"https:\/\/agora.xtec.cat\/ceip-escola-montsant-reus\/wp-json\/wp\/v2\/types\/page"}],"author":[{"embeddable":true,"href":"https:\/\/agora.xtec.cat\/ceip-escola-montsant-reus\/wp-json\/wp\/v2\/users\/1"}],"replies":[{"embeddable":true,"href":"https:\/\/agora.xtec.cat\/ceip-escola-montsant-reus\/wp-json\/wp\/v2\/comments?post=713"}],"version-history":[{"count":3,"href":"https:\/\/agora.xtec.cat\/ceip-escola-montsant-reus\/wp-json\/wp\/v2\/pages\/713\/revisions"}],"predecessor-version":[{"id":3234,"href":"https:\/\/agora.xtec.cat\/ceip-escola-montsant-reus\/wp-json\/wp\/v2\/pages\/713\/revisions\/3234"}],"up":[{"embeddable":true,"href":"https:\/\/agora.xtec.cat\/ceip-escola-montsant-reus\/wp-json\/wp\/v2\/pages\/64"}],"wp:attachment":[{"href":"https:\/\/agora.xtec.cat\/ceip-escola-montsant-reus\/wp-json\/wp\/v2\/media?parent=713"}],"curies":[{"name":"wp","href":"https:\/\/api.w.org\/{rel}","templated":true}]}}