{"id":64,"date":"2014-09-18T12:39:08","date_gmt":"2014-09-18T11:39:08","guid":{"rendered":"http:\/\/agora.xtec.cat\/ceip-escola-montsant-reus\/?page_id=64"},"modified":"2021-04-06T11:26:32","modified_gmt":"2021-04-06T09:26:32","slug":"projectes-2","status":"publish","type":"page","link":"https:\/\/agora.xtec.cat\/ceip-escola-montsant-reus\/projectes-2\/","title":{"rendered":"Projectes"},"content":{"rendered":"<p>A l&#8217;Escola Montsant tenim diversos projectes per fomentar el proc\u00e9s d&#8217;ensenyament-aprenentatge del nostre alumnat. Podeu entrar al men\u00fa per anar-los descobrint.<\/p>\n<p>A m\u00e9s formem part de la Xarxa de Compet\u00e8ncies B\u00e0siques XCB12<\/p>\n<p style=\"text-align: center;\"><a href=\"https:\/\/agora.xtec.cat\/ceip-escola-montsant-reus\/wp-content\/uploads\/usu1887\/2020\/07\/logoxcb2.png\"><img loading=\"lazy\" decoding=\"async\" class=\"alignnone wp-image-2206\" src=\"https:\/\/agora.xtec.cat\/ceip-escola-montsant-reus\/wp-content\/uploads\/usu1887\/2020\/07\/logoxcb2.png\" alt=\"\" width=\"291\" height=\"150\" srcset=\"https:\/\/agora.xtec.cat\/ceip-escola-montsant-reus\/wp-content\/uploads\/usu1887\/2020\/07\/logoxcb2.png 340w, https:\/\/agora.xtec.cat\/ceip-escola-montsant-reus\/wp-content\/uploads\/usu1887\/2020\/07\/logoxcb2-300x154.png 300w\" sizes=\"auto, (max-width: 291px) 100vw, 291px\" \/><\/a><\/p>\n<p>Els tenim estructurats en cinc categories:<\/p>\n<p><strong><span style=\"color: #0000ff;\">Art\u00edstics<\/span><\/strong><\/p>\n<ul>\n<li>Tardes d&#8217;art Visual i Pl\u00e0stic<\/li>\n<li>Tardes de Cant\u00e0nia<\/li>\n<\/ul>\n<p><a href=\"https:\/\/agora.xtec.cat\/ceip-escola-montsant-reus\/wp-content\/uploads\/usu1887\/2020\/07\/virtual-845x200.png\"><img loading=\"lazy\" decoding=\"async\" class=\"wp-image-2213 aligncenter\" src=\"https:\/\/agora.xtec.cat\/ceip-escola-montsant-reus\/wp-content\/uploads\/usu1887\/2020\/07\/virtual-845x200.png\" alt=\"\" width=\"330\" height=\"78\" srcset=\"https:\/\/agora.xtec.cat\/ceip-escola-montsant-reus\/wp-content\/uploads\/usu1887\/2020\/07\/virtual-845x200.png 845w, https:\/\/agora.xtec.cat\/ceip-escola-montsant-reus\/wp-content\/uploads\/usu1887\/2020\/07\/virtual-845x200-300x71.png 300w, https:\/\/agora.xtec.cat\/ceip-escola-montsant-reus\/wp-content\/uploads\/usu1887\/2020\/07\/virtual-845x200-768x182.png 768w\" sizes=\"auto, (max-width: 330px) 100vw, 330px\" \/><\/a><\/p>\n<ul>\n<li>Mostra de Teatre del Baix Camp<\/li>\n<\/ul>\n<p style=\"text-align: center;\"><a href=\"https:\/\/agora.xtec.cat\/ceip-escola-montsant-reus\/wp-content\/uploads\/usu1887\/2020\/07\/mostra-teatre.png\"><img loading=\"lazy\" decoding=\"async\" class=\"alignnone wp-image-2207\" src=\"https:\/\/agora.xtec.cat\/ceip-escola-montsant-reus\/wp-content\/uploads\/usu1887\/2020\/07\/mostra-teatre.png\" alt=\"\" width=\"244\" height=\"148\" srcset=\"https:\/\/agora.xtec.cat\/ceip-escola-montsant-reus\/wp-content\/uploads\/usu1887\/2020\/07\/mostra-teatre.png 933w, https:\/\/agora.xtec.cat\/ceip-escola-montsant-reus\/wp-content\/uploads\/usu1887\/2020\/07\/mostra-teatre-300x181.png 300w, https:\/\/agora.xtec.cat\/ceip-escola-montsant-reus\/wp-content\/uploads\/usu1887\/2020\/07\/mostra-teatre-768x464.png 768w\" sizes=\"auto, (max-width: 244px) 100vw, 244px\" \/><\/a><\/p>\n<ul>\n<li>Coral Montsant Sona<\/li>\n<\/ul>\n<p><a href=\"https:\/\/agora.xtec.cat\/ceip-escola-montsant-reus\/wp-content\/uploads\/usu1887\/2020\/07\/Montsant-Sona.jpg\"><img loading=\"lazy\" decoding=\"async\" class=\"wp-image-2227 aligncenter\" src=\"https:\/\/agora.xtec.cat\/ceip-escola-montsant-reus\/wp-content\/uploads\/usu1887\/2020\/07\/Montsant-Sona.jpg\" alt=\"\" width=\"203\" height=\"181\" srcset=\"https:\/\/agora.xtec.cat\/ceip-escola-montsant-reus\/wp-content\/uploads\/usu1887\/2020\/07\/Montsant-Sona.jpg 547w, https:\/\/agora.xtec.cat\/ceip-escola-montsant-reus\/wp-content\/uploads\/usu1887\/2020\/07\/Montsant-Sona-300x269.jpg 300w\" sizes=\"auto, (max-width: 203px) 100vw, 203px\" \/><\/a><\/p>\n<p><span style=\"color: #0000ff;\"><strong>Cultura digital<\/strong><\/span><\/p>\n<ul>\n<li>Jocs Florals de Catalunya- Edici\u00f3 Una M\u00e0 de Contes<\/li>\n<\/ul>\n<p><a href=\"https:\/\/agora.xtec.cat\/ceip-escola-montsant-reus\/wp-content\/uploads\/usu1887\/2020\/07\/jocs-florals.png\"><img loading=\"lazy\" decoding=\"async\" class=\" wp-image-2198 aligncenter\" src=\"https:\/\/agora.xtec.cat\/ceip-escola-montsant-reus\/wp-content\/uploads\/usu1887\/2020\/07\/jocs-florals.png\" alt=\"\" width=\"250\" height=\"170\" \/><\/a><\/p>\n<ul>\n<li>Projecte Google Classroom<\/li>\n<\/ul>\n<p><a href=\"https:\/\/agora.xtec.cat\/ceip-escola-montsant-reus\/wp-content\/uploads\/usu1887\/2020\/07\/google-classroom-app.jpg\"><img loading=\"lazy\" decoding=\"async\" class=\"wp-image-2211 aligncenter\" src=\"https:\/\/agora.xtec.cat\/ceip-escola-montsant-reus\/wp-content\/uploads\/usu1887\/2020\/07\/google-classroom-app.jpg\" alt=\"\" width=\"281\" height=\"137\" srcset=\"https:\/\/agora.xtec.cat\/ceip-escola-montsant-reus\/wp-content\/uploads\/usu1887\/2020\/07\/google-classroom-app.jpg 634w, https:\/\/agora.xtec.cat\/ceip-escola-montsant-reus\/wp-content\/uploads\/usu1887\/2020\/07\/google-classroom-app-300x146.jpg 300w\" sizes=\"auto, (max-width: 281px) 100vw, 281px\" \/><\/a><\/p>\n<ul>\n<li>Junior First Lego League<\/li>\n<\/ul>\n<p><a href=\"https:\/\/agora.xtec.cat\/ceip-escola-montsant-reus\/wp-content\/uploads\/usu1887\/2020\/07\/lego.jpg\"><img loading=\"lazy\" decoding=\"async\" class=\" wp-image-2201 aligncenter\" src=\"https:\/\/agora.xtec.cat\/ceip-escola-montsant-reus\/wp-content\/uploads\/usu1887\/2020\/07\/lego.jpg\" alt=\"\" width=\"154\" height=\"153\" srcset=\"https:\/\/agora.xtec.cat\/ceip-escola-montsant-reus\/wp-content\/uploads\/usu1887\/2020\/07\/lego.jpg 225w, https:\/\/agora.xtec.cat\/ceip-escola-montsant-reus\/wp-content\/uploads\/usu1887\/2020\/07\/lego-150x150.jpg 150w\" sizes=\"auto, (max-width: 154px) 100vw, 154px\" \/><\/a><\/p>\n<ul>\n<li>TokApp School<\/li>\n<\/ul>\n<p><a href=\"https:\/\/agora.xtec.cat\/ceip-escola-montsant-reus\/wp-content\/uploads\/usu1887\/2020\/07\/Logotipo_TokAppSchool.png\"><img loading=\"lazy\" decoding=\"async\" class=\"wp-image-2210 aligncenter\" src=\"https:\/\/agora.xtec.cat\/ceip-escola-montsant-reus\/wp-content\/uploads\/usu1887\/2020\/07\/Logotipo_TokAppSchool-1024x400.png\" alt=\"\" width=\"228\" height=\"89\" srcset=\"https:\/\/agora.xtec.cat\/ceip-escola-montsant-reus\/wp-content\/uploads\/usu1887\/2020\/07\/Logotipo_TokAppSchool.png 1024w, https:\/\/agora.xtec.cat\/ceip-escola-montsant-reus\/wp-content\/uploads\/usu1887\/2020\/07\/Logotipo_TokAppSchool-300x117.png 300w, https:\/\/agora.xtec.cat\/ceip-escola-montsant-reus\/wp-content\/uploads\/usu1887\/2020\/07\/Logotipo_TokAppSchool-768x300.png 768w\" sizes=\"auto, (max-width: 228px) 100vw, 228px\" \/><\/a><\/p>\n<ul>\n<li>TU + TIC<\/li>\n<\/ul>\n<p><a style=\"font-family: inherit; font-size: 1em;\" href=\"https:\/\/agora.xtec.cat\/ceip-escola-montsant-reus\/wp-content\/uploads\/usu1887\/2020\/07\/tu-tic.png\"><img loading=\"lazy\" decoding=\"async\" class=\"wp-image-2199 aligncenter\" src=\"https:\/\/agora.xtec.cat\/ceip-escola-montsant-reus\/wp-content\/uploads\/usu1887\/2020\/07\/tu-tic.png\" alt=\"\" width=\"227\" height=\"161\" srcset=\"https:\/\/agora.xtec.cat\/ceip-escola-montsant-reus\/wp-content\/uploads\/usu1887\/2020\/07\/tu-tic.png 560w, https:\/\/agora.xtec.cat\/ceip-escola-montsant-reus\/wp-content\/uploads\/usu1887\/2020\/07\/tu-tic-300x213.png 300w\" sizes=\"auto, (max-width: 227px) 100vw, 227px\" \/><\/a><strong><span style=\"color: #0000ff;\">Literaris<\/span><\/strong><\/p>\n<ul>\n<li>ILEC &#8211; Programa d&#8217;Impuls a la Lectura<\/li>\n<\/ul>\n<p><a href=\"https:\/\/agora.xtec.cat\/ceip-escola-montsant-reus\/wp-content\/uploads\/usu1887\/2020\/08\/ilec.jpg\"><img loading=\"lazy\" decoding=\"async\" class=\" wp-image-2325 aligncenter\" src=\"https:\/\/agora.xtec.cat\/ceip-escola-montsant-reus\/wp-content\/uploads\/usu1887\/2020\/08\/ilec.jpg\" alt=\"\" width=\"207\" height=\"140\" \/><\/a><\/p>\n<ul>\n<li>Revista Portaveu<\/li>\n<\/ul>\n<p><a href=\"https:\/\/agora.xtec.cat\/ceip-escola-montsant-reus\/wp-content\/uploads\/usu1887\/2020\/07\/Cap\u00e7alera-Portaveu_page-0001.jpg\"><img loading=\"lazy\" decoding=\"async\" class=\"wp-image-2232 aligncenter\" src=\"https:\/\/agora.xtec.cat\/ceip-escola-montsant-reus\/wp-content\/uploads\/usu1887\/2020\/07\/Cap\u00e7alera-Portaveu_page-0001-1024x475.jpg\" alt=\"\" width=\"313\" height=\"145\" srcset=\"https:\/\/agora.xtec.cat\/ceip-escola-montsant-reus\/wp-content\/uploads\/usu1887\/2020\/07\/Cap\u00e7alera-Portaveu_page-0001-1024x475.jpg 1024w, https:\/\/agora.xtec.cat\/ceip-escola-montsant-reus\/wp-content\/uploads\/usu1887\/2020\/07\/Cap\u00e7alera-Portaveu_page-0001-300x139.jpg 300w, https:\/\/agora.xtec.cat\/ceip-escola-montsant-reus\/wp-content\/uploads\/usu1887\/2020\/07\/Cap\u00e7alera-Portaveu_page-0001-768x356.jpg 768w, https:\/\/agora.xtec.cat\/ceip-escola-montsant-reus\/wp-content\/uploads\/usu1887\/2020\/07\/Cap\u00e7alera-Portaveu_page-0001.jpg 1182w\" sizes=\"auto, (max-width: 313px) 100vw, 313px\" \/><\/a><\/p>\n<ul>\n<li>Biblioteca<\/li>\n<\/ul>\n<p><a style=\"font-family: inherit; font-size: 1em;\" href=\"https:\/\/agora.xtec.cat\/ceip-escola-montsant-reus\/wp-content\/uploads\/usu1887\/2020\/07\/logo-etiq-biblioteca.jpg\"><img loading=\"lazy\" decoding=\"async\" class=\"wp-image-2204 aligncenter\" src=\"https:\/\/agora.xtec.cat\/ceip-escola-montsant-reus\/wp-content\/uploads\/usu1887\/2020\/07\/logo-etiq-biblioteca.jpg\" alt=\"\" width=\"266\" height=\"111\" srcset=\"https:\/\/agora.xtec.cat\/ceip-escola-montsant-reus\/wp-content\/uploads\/usu1887\/2020\/07\/logo-etiq-biblioteca.jpg 576w, https:\/\/agora.xtec.cat\/ceip-escola-montsant-reus\/wp-content\/uploads\/usu1887\/2020\/07\/logo-etiq-biblioteca-300x125.jpg 300w\" sizes=\"auto, (max-width: 266px) 100vw, 266px\" \/><\/a><\/p>\n<ul>\n<li>E-Twinning<\/li>\n<\/ul>\n<p><a href=\"https:\/\/agora.xtec.cat\/ceip-escola-montsant-reus\/wp-content\/uploads\/usu1887\/2020\/07\/Logo_eTwinning.jpg\"><img loading=\"lazy\" decoding=\"async\" class=\"wp-image-2202 aligncenter\" src=\"https:\/\/agora.xtec.cat\/ceip-escola-montsant-reus\/wp-content\/uploads\/usu1887\/2020\/07\/Logo_eTwinning.jpg\" alt=\"\" width=\"230\" height=\"164\" srcset=\"https:\/\/agora.xtec.cat\/ceip-escola-montsant-reus\/wp-content\/uploads\/usu1887\/2020\/07\/Logo_eTwinning.jpg 811w, https:\/\/agora.xtec.cat\/ceip-escola-montsant-reus\/wp-content\/uploads\/usu1887\/2020\/07\/Logo_eTwinning-300x214.jpg 300w, https:\/\/agora.xtec.cat\/ceip-escola-montsant-reus\/wp-content\/uploads\/usu1887\/2020\/07\/Logo_eTwinning-768x548.jpg 768w\" sizes=\"auto, (max-width: 230px) 100vw, 230px\" \/><\/a><\/p>\n<p><span style=\"color: #0000ff;\"><strong>Del medi<\/strong><\/span><\/p>\n<ul>\n<li>Tardes d&#8217;Experiments i Jornada de la Ci\u00e8ncia<\/li>\n<li>Tastet de Ci\u00e8ncia<\/li>\n<\/ul>\n<p><a href=\"https:\/\/agora.xtec.cat\/ceip-escola-montsant-reus\/wp-content\/uploads\/usu1887\/2021\/04\/tastet.jpg\"><img loading=\"lazy\" decoding=\"async\" class=\" wp-image-2666 aligncenter\" src=\"https:\/\/agora.xtec.cat\/ceip-escola-montsant-reus\/wp-content\/uploads\/usu1887\/2021\/04\/tastet-1024x683.jpg\" alt=\"\" width=\"278\" height=\"185\" srcset=\"https:\/\/agora.xtec.cat\/ceip-escola-montsant-reus\/wp-content\/uploads\/usu1887\/2021\/04\/tastet-1024x683.jpg 1024w, https:\/\/agora.xtec.cat\/ceip-escola-montsant-reus\/wp-content\/uploads\/usu1887\/2021\/04\/tastet-300x200.jpg 300w, https:\/\/agora.xtec.cat\/ceip-escola-montsant-reus\/wp-content\/uploads\/usu1887\/2021\/04\/tastet-768x512.jpg 768w\" sizes=\"auto, (max-width: 278px) 100vw, 278px\" \/><\/a><\/p>\n<ul>\n<li>Microespais a Educaci\u00f3 Infantil<\/li>\n<li>Suport Vital B\u00e0sic<\/li>\n<\/ul>\n<p><a href=\"https:\/\/agora.xtec.cat\/ceip-escola-montsant-reus\/wp-content\/uploads\/usu1887\/2020\/07\/svb.png\"><img loading=\"lazy\" decoding=\"async\" class=\" wp-image-2212 aligncenter\" src=\"https:\/\/agora.xtec.cat\/ceip-escola-montsant-reus\/wp-content\/uploads\/usu1887\/2020\/07\/svb.png\" alt=\"\" width=\"204\" height=\"114\" \/><\/a><\/p>\n<ul>\n<li>Escola Verda<a style=\"font-family: inherit; font-size: 1em;\" href=\"https:\/\/agora.xtec.cat\/ceip-escola-montsant-reus\/wp-content\/uploads\/usu1887\/2020\/07\/pagina-escola-verda-1.jpg\">\u00a0\u00a0<\/a><\/li>\n<\/ul>\n<p><a style=\"font-family: inherit; font-size: 1em;\" href=\"https:\/\/agora.xtec.cat\/ceip-escola-montsant-reus\/wp-content\/uploads\/usu1887\/2020\/07\/pagina-escola-verda-1.jpg\"><img loading=\"lazy\" decoding=\"async\" class=\"wp-image-2209 alignleft\" src=\"https:\/\/agora.xtec.cat\/ceip-escola-montsant-reus\/wp-content\/uploads\/usu1887\/2020\/07\/pagina-escola-verda-1.jpg\" alt=\"\" width=\"181\" height=\"181\" srcset=\"https:\/\/agora.xtec.cat\/ceip-escola-montsant-reus\/wp-content\/uploads\/usu1887\/2020\/07\/pagina-escola-verda-1.jpg 500w, https:\/\/agora.xtec.cat\/ceip-escola-montsant-reus\/wp-content\/uploads\/usu1887\/2020\/07\/pagina-escola-verda-1-150x150.jpg 150w, https:\/\/agora.xtec.cat\/ceip-escola-montsant-reus\/wp-content\/uploads\/usu1887\/2020\/07\/pagina-escola-verda-1-300x300.jpg 300w\" sizes=\"auto, (max-width: 181px) 100vw, 181px\" \/> \u00a0 \u00a0 \u00a0 \u00a0 \u00a0 \u00a0 \u00a0 \u00a0 \u00a0 <\/a><a href=\"https:\/\/agora.xtec.cat\/ceip-escola-montsant-reus\/wp-content\/uploads\/usu1887\/2021\/04\/Logo-E.-Verda-color-petit.jpg\"><img loading=\"lazy\" decoding=\"async\" class=\"wp-image-2626 aligncenter\" src=\"https:\/\/agora.xtec.cat\/ceip-escola-montsant-reus\/wp-content\/uploads\/usu1887\/2021\/04\/Logo-E.-Verda-color-petit.jpg\" alt=\"\" width=\"158\" height=\"158\" srcset=\"https:\/\/agora.xtec.cat\/ceip-escola-montsant-reus\/wp-content\/uploads\/usu1887\/2021\/04\/Logo-E.-Verda-color-petit.jpg 270w, https:\/\/agora.xtec.cat\/ceip-escola-montsant-reus\/wp-content\/uploads\/usu1887\/2021\/04\/Logo-E.-Verda-color-petit-150x150.jpg 150w\" sizes=\"auto, (max-width: 158px) 100vw, 158px\" \/><\/a><\/p>\n<ul>\n<li>Montsant Solid\u00e0ria<\/li>\n<\/ul>\n<p>Gran Recapte<\/p>\n<p>Recollida de roba<\/p>\n<p>Recollida d&#8217;aliments i productes d&#8217;higiene<\/p>\n<p>Montsant TrailKids<\/p>\n<p>Recollida de Taps: Fundaci\u00f3 No\u00e8lia<\/p>\n<p>Recollida de material escolar: Fundaci\u00f3 No\u00e8lia<\/p>\n<p>Polseres #Joemcorono<\/p>\n<ul>\n<li>Apadrinem el Nostre Patrimoni<\/li>\n<\/ul>\n<p><a href=\"https:\/\/agora.xtec.cat\/ceip-escola-montsant-reus\/wp-content\/uploads\/usu1887\/2020\/07\/apadrinem.png\"><img loading=\"lazy\" decoding=\"async\" class=\" wp-image-2205 aligncenter\" src=\"https:\/\/agora.xtec.cat\/ceip-escola-montsant-reus\/wp-content\/uploads\/usu1887\/2020\/07\/apadrinem.png\" alt=\"\" width=\"241\" height=\"136\" \/><\/a><\/p>\n<ul>\n<li>UNICEF<\/li>\n<\/ul>\n<p><a href=\"https:\/\/agora.xtec.cat\/ceip-escola-montsant-reus\/wp-content\/uploads\/usu1887\/2019\/11\/unicef-1.jpg\"><img loading=\"lazy\" decoding=\"async\" class=\"wp-image-1404 aligncenter\" src=\"https:\/\/agora.xtec.cat\/ceip-escola-montsant-reus\/wp-content\/uploads\/usu1887\/2019\/11\/unicef-1-1024x455.jpg\" alt=\"\" width=\"257\" height=\"114\" srcset=\"https:\/\/agora.xtec.cat\/ceip-escola-montsant-reus\/wp-content\/uploads\/usu1887\/2019\/11\/unicef-1-1024x455.jpg 1024w, https:\/\/agora.xtec.cat\/ceip-escola-montsant-reus\/wp-content\/uploads\/usu1887\/2019\/11\/unicef-1-300x133.jpg 300w, https:\/\/agora.xtec.cat\/ceip-escola-montsant-reus\/wp-content\/uploads\/usu1887\/2019\/11\/unicef-1-768x341.jpg 768w, https:\/\/agora.xtec.cat\/ceip-escola-montsant-reus\/wp-content\/uploads\/usu1887\/2019\/11\/unicef-1.jpg 2048w\" sizes=\"auto, (max-width: 257px) 100vw, 257px\" \/><\/a><\/p>\n<ul>\n<li>Reutilitzaci\u00f3 de llibres<\/li>\n<\/ul>\n<p><a href=\"https:\/\/agora.xtec.cat\/ceip-escola-montsant-reus\/wp-content\/uploads\/usu1887\/2020\/08\/reutilitzaci\u00f3-llibres.png\"><img loading=\"lazy\" decoding=\"async\" class=\"wp-image-2270 aligncenter\" src=\"https:\/\/agora.xtec.cat\/ceip-escola-montsant-reus\/wp-content\/uploads\/usu1887\/2020\/08\/reutilitzaci\u00f3-llibres-714x1024.png\" alt=\"\" width=\"179\" height=\"255\" \/><\/a><\/p>\n<p><span style=\"color: #0000ff;\"><strong>Matem\u00e0tics<\/strong><\/span><\/p>\n<ul>\n<li>V\u00eddeoMAT<\/li>\n<\/ul>\n<p><a href=\"https:\/\/agora.xtec.cat\/ceip-escola-montsant-reus\/wp-content\/uploads\/usu1887\/2021\/04\/videomat.png\"><img loading=\"lazy\" decoding=\"async\" class=\" wp-image-2667 aligncenter\" src=\"https:\/\/agora.xtec.cat\/ceip-escola-montsant-reus\/wp-content\/uploads\/usu1887\/2021\/04\/videomat.png\" alt=\"\" width=\"260\" height=\"151\" srcset=\"https:\/\/agora.xtec.cat\/ceip-escola-montsant-reus\/wp-content\/uploads\/usu1887\/2021\/04\/videomat.png 512w, https:\/\/agora.xtec.cat\/ceip-escola-montsant-reus\/wp-content\/uploads\/usu1887\/2021\/04\/videomat-300x175.png 300w\" sizes=\"auto, (max-width: 260px) 100vw, 260px\" \/><\/a><\/p>\n<ul>\n<li>Innovamat<\/li>\n<\/ul>\n<p><a href=\"https:\/\/agora.xtec.cat\/ceip-escola-montsant-reus\/wp-content\/uploads\/usu1887\/2020\/07\/innovamat.jpg\"><img loading=\"lazy\" decoding=\"async\" class=\"wp-image-2200 aligncenter\" src=\"https:\/\/agora.xtec.cat\/ceip-escola-montsant-reus\/wp-content\/uploads\/usu1887\/2020\/07\/innovamat-1024x576.jpg\" alt=\"\" width=\"219\" height=\"123\" srcset=\"https:\/\/agora.xtec.cat\/ceip-escola-montsant-reus\/wp-content\/uploads\/usu1887\/2020\/07\/innovamat-1024x576.jpg 1024w, https:\/\/agora.xtec.cat\/ceip-escola-montsant-reus\/wp-content\/uploads\/usu1887\/2020\/07\/innovamat-300x169.jpg 300w, https:\/\/agora.xtec.cat\/ceip-escola-montsant-reus\/wp-content\/uploads\/usu1887\/2020\/07\/innovamat-768x432.jpg 768w, https:\/\/agora.xtec.cat\/ceip-escola-montsant-reus\/wp-content\/uploads\/usu1887\/2020\/07\/innovamat.jpg 1280w\" sizes=\"auto, (max-width: 219px) 100vw, 219px\" \/><\/a><\/p>\n<ul>\n<li>Escacs a l&#8217;escola<span style=\"font-family: inherit; font-size: 1em;\">\u00a0 \u00a0 \u00a0 \u00a0 \u00a0 \u00a0 \u00a0\u00a0<\/span><a style=\"font-family: inherit; font-size: 1em;\" href=\"https:\/\/agora.xtec.cat\/ceip-escola-montsant-reus\/wp-content\/uploads\/usu1887\/2020\/07\/virtual-845x200.png\">\u00a0 \u00a0 \u00a0<\/a><\/li>\n<\/ul>\n<p><a href=\"https:\/\/agora.xtec.cat\/ceip-escola-montsant-reus\/wp-content\/uploads\/usu1887\/2020\/07\/google-classroom-app.jpg\">\u00a0 \u00a0 \u00a0 \u00a0 \u00a0 \u00a0 \u00a0 \u00a0 \u00a0<\/a> \u00a0\u00a0 \u00a0\u00a0 \u00a0\u00a0 <a href=\"https:\/\/agora.xtec.cat\/ceip-escola-montsant-reus\/wp-content\/uploads\/usu1887\/2020\/07\/Logotipo_TokAppSchool.png\">\u00a0 \u00a0 \u00a0<\/a><a style=\"color: #2795b6;\" href=\"https:\/\/agora.xtec.cat\/ceip-escola-montsant-reus\/wp-content\/uploads\/usu1887\/2020\/07\/escacs.jpg\"><img loading=\"lazy\" decoding=\"async\" class=\"wp-image-2203 aligncenter\" src=\"https:\/\/agora.xtec.cat\/ceip-escola-montsant-reus\/wp-content\/uploads\/usu1887\/2020\/07\/escacs.jpg\" alt=\"\" width=\"224\" height=\"224\" srcset=\"https:\/\/agora.xtec.cat\/ceip-escola-montsant-reus\/wp-content\/uploads\/usu1887\/2020\/07\/escacs.jpg 512w, https:\/\/agora.xtec.cat\/ceip-escola-montsant-reus\/wp-content\/uploads\/usu1887\/2020\/07\/escacs-150x150.jpg 150w, https:\/\/agora.xtec.cat\/ceip-escola-montsant-reus\/wp-content\/uploads\/usu1887\/2020\/07\/escacs-300x300.jpg 300w\" sizes=\"auto, (max-width: 224px) 100vw, 224px\" \/><\/a><\/p>\n<p><a style=\"font-family: inherit; font-size: 1em;\" href=\"https:\/\/agora.xtec.cat\/ceip-escola-montsant-reus\/wp-content\/uploads\/usu1887\/2020\/07\/pagina-escola-verda-1.jpg\">\u00a0 \u00a0 \u00a0 \u00a0 \u00a0 \u00a0 \u00a0 \u00a0 \u00a0 \u00a0 \u00a0 \u00a0 \u00a0 \u00a0 \u00a0 \u00a0 \u00a0 \u00a0 \u00a0 \u00a0 \u00a0 \u00a0 \u00a0 \u00a0 \u00a0 <\/a><\/p>\n","protected":false},"excerpt":{"rendered":"<p>A l&#8217;Escola Montsant tenim diversos projectes per fomentar el proc\u00e9s d&#8217;ensenyament-aprenentatge del nostre alumnat. Podeu entrar al men\u00fa per anar-los descobrint.<br \/>\nA m\u00e9s formem part de la Xarxa de Compet\u00e8ncies B\u00e0siques XCB12<br \/>\n<a href=\"https:\/\/agora.xtec.cat\/ceip-escola-montsant-reus\/wp-content\/uploads\/usu1887\/2020\/07\/logoxcb2.png\"><\/a><br \/>\nEls tenim estructurats en cinc categories:<br \/>\nArt\u00edstics<\/p>\n<ul>\n<li>Tardes d&#8217;art Visual i Pl\u00e0stic<\/li>\n<li>Tardes de Cant\u00e0nia<\/li>\n<\/ul>\n<p><a href=\"https:\/\/agora.xtec.cat\/ceip-escola-montsant-reus\/wp-content\/uploads\/usu1887\/2020\/07\/virtual-845x200.png\"><\/a><\/p>\n<ul>\n<li>Mostra de&hellip;  <a href=\"https:\/\/agora.xtec.cat\/ceip-escola-montsant-reus\/projectes-2\/\" title=\"Read Projectes\">Llegeix m\u00e9s\u00bb<\/a><br \/>\n","protected":false},"author":1,"featured_media":0,"parent":0,"menu_order":0,"comment_status":"closed","ping_status":"closed","template":"page-templates\/side-menu.php","meta":{"_bbp_topic_count":0,"_bbp_reply_count":0,"_bbp_total_topic_count":0,"_bbp_total_reply_count":0,"_bbp_voice_count":0,"_bbp_anonymous_reply_count":0,"_bbp_topic_count_hidden":0,"_bbp_reply_count_hidden":0,"_bbp_forum_subforum_count":0,"footnotes":""},"class_list":["post-64","page","type-page","status-publish","hentry"],"post_mailing_queue_ids":[],"_links":{"self":[{"href":"https:\/\/agora.xtec.cat\/ceip-escola-montsant-reus\/wp-json\/wp\/v2\/pages\/64","targetHints":{"allow":["GET"]}}],"collection":[{"href":"https:\/\/agora.xtec.cat\/ceip-escola-montsant-reus\/wp-json\/wp\/v2\/pages"}],"about":[{"href":"https:\/\/agora.xtec.cat\/ceip-escola-montsant-reus\/wp-json\/wp\/v2\/types\/page"}],"author":[{"embeddable":true,"href":"https:\/\/agora.xtec.cat\/ceip-escola-montsant-reus\/wp-json\/wp\/v2\/users\/1"}],"replies":[{"embeddable":true,"href":"https:\/\/agora.xtec.cat\/ceip-escola-montsant-reus\/wp-json\/wp\/v2\/comments?post=64"}],"version-history":[{"count":3,"href":"https:\/\/agora.xtec.cat\/ceip-escola-montsant-reus\/wp-json\/wp\/v2\/pages\/64\/revisions"}],"predecessor-version":[{"id":2669,"href":"https:\/\/agora.xtec.cat\/ceip-escola-montsant-reus\/wp-json\/wp\/v2\/pages\/64\/revisions\/2669"}],"wp:attachment":[{"href":"https:\/\/agora.xtec.cat\/ceip-escola-montsant-reus\/wp-json\/wp\/v2\/media?parent=64"}],"curies":[{"name":"wp","href":"https:\/\/api.w.org\/{rel}","templated":true}]}}