{"id":3538,"date":"2025-05-26T05:30:50","date_gmt":"2025-05-26T03:30:50","guid":{"rendered":"https:\/\/agora.xtec.cat\/ceip-escola-montsant-reus\/?page_id=3538"},"modified":"2025-05-26T05:45:10","modified_gmt":"2025-05-26T03:45:10","slug":"protocols-davant-qualsevol-tipus-de-violencia","status":"publish","type":"page","link":"https:\/\/agora.xtec.cat\/ceip-escola-montsant-reus\/curs-25-26\/protocols-davant-qualsevol-tipus-de-violencia\/","title":{"rendered":"Protocols davant qualsevol tipus de viol\u00e8ncia"},"content":{"rendered":"<p>Protocol d&#8217;actuaci\u00f3 davant qualsevol tipus de viol\u00e8ncia en l&#8217;\u00e0mbit educatiu:<\/p>\n<p><a href=\"https:\/\/educacio.gencat.cat\/web\/.content\/home\/departament\/publicacions\/protocols\/actuacio-davant-violencia-ambit-educatiu\/protocol-actuacio-davant-violencia.pdf\">https:\/\/educacio.gencat.cat\/web\/.content\/home\/departament\/publicacions\/protocols\/actuacio-davant-violencia-ambit-educatiu\/protocol-actuacio-davant-violencia.pdf<\/a><\/p>\n<p><a href=\"https:\/\/educacio.gencat.cat\/web\/.content\/home\/departament\/publicacions\/protocols\/actuacio-davant-violencia-ambit-educatiu\/circuit-actuacio-protocol.pdf\">https:\/\/educacio.gencat.cat\/web\/.content\/home\/departament\/publicacions\/protocols\/actuacio-davant-violencia-ambit-educatiu\/circuit-actuacio-protocol.pdf<\/a><\/p>\n<p style=\"text-align: justify;\" data-start=\"140\" data-end=\"315\">S\u2019inclou situacions d\u2019<strong data-start=\"165\" data-end=\"188\">assetjament escolar<\/strong>, <strong data-start=\"190\" data-end=\"225\">discriminaci\u00f3 i discursos d\u2019odi<\/strong>, <strong data-start=\"227\" data-end=\"252\">viol\u00e8ncies masclistes<\/strong>, aix\u00ed com <strong data-start=\"263\" data-end=\"314\">maltractaments a la inf\u00e0ncia i a l\u2019adolesc\u00e8ncia<\/strong>.<\/p>\n<p style=\"text-align: justify;\" data-start=\"317\" data-end=\"410\">A m\u00e9s, <strong data-start=\"324\" data-end=\"393\">s\u2019activar\u00e0 el protocol davant de qualsevol sospita o manifestaci\u00f3<\/strong> relacionada amb:<\/p>\n<ul style=\"text-align: justify;\" data-start=\"412\" data-end=\"694\">\n<li data-start=\"412\" data-end=\"485\">\n<p data-start=\"414\" data-end=\"485\"><strong data-start=\"414\" data-end=\"435\">Intent de su\u00efcidi<\/strong>, encara que no hi hagi indicadors d\u2019assetjament<\/p>\n<\/li>\n<li data-start=\"486\" data-end=\"503\">\n<p data-start=\"488\" data-end=\"503\"><strong data-start=\"488\" data-end=\"503\">Autolesions<\/strong><\/p>\n<\/li>\n<li data-start=\"504\" data-end=\"542\">\n<p data-start=\"506\" data-end=\"542\"><strong data-start=\"506\" data-end=\"542\">Conflictes greus entre l\u2019alumnat<\/strong><\/p>\n<\/li>\n<li data-start=\"543\" data-end=\"570\">\n<p data-start=\"545\" data-end=\"570\"><strong data-start=\"545\" data-end=\"570\">Trastorns de conducta<\/strong><\/p>\n<\/li>\n<li data-start=\"571\" data-end=\"626\">\n<p data-start=\"573\" data-end=\"626\"><strong data-start=\"573\" data-end=\"626\">Situacions de viol\u00e8ncia envers el personal docent<\/strong><\/p>\n<\/li>\n<li data-start=\"627\" data-end=\"651\">\n<p data-start=\"629\" data-end=\"651\"><strong data-start=\"629\" data-end=\"651\">Absentisme escolar<\/strong><\/p>\n<\/li>\n<li data-start=\"652\" data-end=\"694\">\n<p data-start=\"654\" data-end=\"694\"><strong data-start=\"654\" data-end=\"694\">Situacions de desemparament familiar<\/strong><\/p>\n<\/li>\n<\/ul>\n<p style=\"text-align: justify;\" data-start=\"696\" data-end=\"865\">Finalment, tamb\u00e9 cal considerar de manera espec\u00edfica casos de <strong data-start=\"758\" data-end=\"778\">ciberassetjament<\/strong>, <strong data-start=\"780\" data-end=\"808\">assetjament entre iguals<\/strong> i <strong data-start=\"811\" data-end=\"864\">discriminaci\u00f3 o viol\u00e8ncia envers persones LGTBIQ+<\/strong>.<\/p>\n<p data-start=\"696\" data-end=\"865\"><a href=\"https:\/\/agora.xtec.cat\/ceip-escola-montsant-reus\/wp-content\/uploads\/usu1887\/2025\/05\/Protocol-dactuacio-entre-els-departaments-de-treball-afers-socials-i-families-i-deducacio-maltractament-infantil-i-adolescent-ambit-educatiu.pdf\">Protocol-dactuacio-entre-els-departaments-de-treball-afers-socials-i-families-i-deducacio-maltractament-infantil-i-adolescent-ambit-educatiu<\/a><\/p>\n<p style=\"text-align: justify;\">\n","protected":false},"excerpt":{"rendered":"<p>Protocol d&#8217;actuaci\u00f3 davant qualsevol tipus de viol\u00e8ncia en l&#8217;\u00e0mbit educatiu:<br \/>\n<a href=\"https:\/\/educacio.gencat.cat\/web\/.content\/home\/departament\/publicacions\/protocols\/actuacio-davant-violencia-ambit-educatiu\/protocol-actuacio-davant-violencia.pdf\">https:\/\/educacio.gencat.cat\/web\/.content\/home\/departament\/publicacions\/protocols\/actuacio-davant-violencia-ambit-educatiu\/protocol-actuacio-davant-violencia.pdf<\/a><br \/>\n<a href=\"https:\/\/educacio.gencat.cat\/web\/.content\/home\/departament\/publicacions\/protocols\/actuacio-davant-violencia-ambit-educatiu\/circuit-actuacio-protocol.pdf\">https:\/\/educacio.gencat.cat\/web\/.content\/home\/departament\/publicacions\/protocols\/actuacio-davant-violencia-ambit-educatiu\/circuit-actuacio-protocol.pdf<\/a><br \/>\nS\u2019inclou situacions d\u2019assetjament escolar, discriminaci\u00f3 i discursos d\u2019odi, viol\u00e8ncies masclistes, aix\u00ed com maltractaments a la inf\u00e0ncia i a l\u2019adolesc\u00e8ncia.<br \/>\nA m\u00e9s, s\u2019activar\u00e0 el protocol davant de qualsevol sospita o manifestaci\u00f3 relacionada amb:<\/p>\n<ul style=\"text-align: justify;\" data-start=\"412\"&hellip;  <a href=\"https:\/\/agora.xtec.cat\/ceip-escola-montsant-reus\/curs-25-26\/protocols-davant-qualsevol-tipus-de-violencia\/\" title=\"Read Protocols davant qualsevol tipus de viol\u00e8ncia\">Llegeix m\u00e9s\u00bb<\/a><\/p>\n","protected":false},"author":1,"featured_media":0,"parent":2297,"menu_order":60,"comment_status":"closed","ping_status":"closed","template":"page-templates\/side-menu.php","meta":{"_bbp_topic_count":0,"_bbp_reply_count":0,"_bbp_total_topic_count":0,"_bbp_total_reply_count":0,"_bbp_voice_count":0,"_bbp_anonymous_reply_count":0,"_bbp_topic_count_hidden":0,"_bbp_reply_count_hidden":0,"_bbp_forum_subforum_count":0,"footnotes":""},"class_list":["post-3538","page","type-page","status-publish","hentry"],"post_mailing_queue_ids":[],"_links":{"self":[{"href":"https:\/\/agora.xtec.cat\/ceip-escola-montsant-reus\/wp-json\/wp\/v2\/pages\/3538","targetHints":{"allow":["GET"]}}],"collection":[{"href":"https:\/\/agora.xtec.cat\/ceip-escola-montsant-reus\/wp-json\/wp\/v2\/pages"}],"about":[{"href":"https:\/\/agora.xtec.cat\/ceip-escola-montsant-reus\/wp-json\/wp\/v2\/types\/page"}],"author":[{"embeddable":true,"href":"https:\/\/agora.xtec.cat\/ceip-escola-montsant-reus\/wp-json\/wp\/v2\/users\/1"}],"replies":[{"embeddable":true,"href":"https:\/\/agora.xtec.cat\/ceip-escola-montsant-reus\/wp-json\/wp\/v2\/comments?post=3538"}],"version-history":[{"count":3,"href":"https:\/\/agora.xtec.cat\/ceip-escola-montsant-reus\/wp-json\/wp\/v2\/pages\/3538\/revisions"}],"predecessor-version":[{"id":3545,"href":"https:\/\/agora.xtec.cat\/ceip-escola-montsant-reus\/wp-json\/wp\/v2\/pages\/3538\/revisions\/3545"}],"up":[{"embeddable":true,"href":"https:\/\/agora.xtec.cat\/ceip-escola-montsant-reus\/wp-json\/wp\/v2\/pages\/2297"}],"wp:attachment":[{"href":"https:\/\/agora.xtec.cat\/ceip-escola-montsant-reus\/wp-json\/wp\/v2\/media?parent=3538"}],"curies":[{"name":"wp","href":"https:\/\/api.w.org\/{rel}","templated":true}]}}