{"id":2370,"date":"2020-09-22T12:24:57","date_gmt":"2020-09-22T10:24:57","guid":{"rendered":"http:\/\/agora.xtec.cat\/ceip-escola-montsant-reus\/?page_id=2370"},"modified":"2021-04-11T12:58:09","modified_gmt":"2021-04-11T10:58:09","slug":"tardes-de-cantania","status":"publish","type":"page","link":"https:\/\/agora.xtec.cat\/ceip-escola-montsant-reus\/projectes-2\/tardes-de-cantania\/","title":{"rendered":"Art\u00edstic. Tardes de Cant\u00e0nia"},"content":{"rendered":"<p><a href=\"https:\/\/agora.xtec.cat\/ceip-escola-montsant-reus\/wp-content\/uploads\/usu1887\/2020\/09\/MI-LOGO-CANTANIA-20.png\"><img loading=\"lazy\" decoding=\"async\" class=\"size-full wp-image-2372 aligncenter\" src=\"https:\/\/agora.xtec.cat\/ceip-escola-montsant-reus\/wp-content\/uploads\/usu1887\/2020\/09\/MI-LOGO-CANTANIA-20.png\" alt=\"\" width=\"400\" height=\"210\" srcset=\"https:\/\/agora.xtec.cat\/ceip-escola-montsant-reus\/wp-content\/uploads\/usu1887\/2020\/09\/MI-LOGO-CANTANIA-20.png 400w, https:\/\/agora.xtec.cat\/ceip-escola-montsant-reus\/wp-content\/uploads\/usu1887\/2020\/09\/MI-LOGO-CANTANIA-20-300x158.png 300w\" sizes=\"auto, (max-width: 400px) 100vw, 400px\" \/><\/a><\/p>\n<div>Durant aquest curs, l&#8217;alumnat de 3r, 4t 5\u00e8 i 6\u00e8 participem al projecte Cant\u00e0nia.<\/div>\n<div><\/div>\n<div>\n<p>Cant\u00e0nia \u00e9s una\u00a0<strong>activitat participativa<\/strong>\u00a0en la que s\u2019inscriuen escolars de cicle mitj\u00e0 i superior de prim\u00e0ria de Catalunya. Cada any s\u2019estrena una obra encarregada especialment per a aquesta activitat. Els enc\u00e0rrecs, fins a dia d\u2019avui, s\u2019han fet a\u00a0<strong>compositors i escriptors catalans de reconegut prestigi<\/strong>.<\/p>\n<p>Aquest curs 2020-21 se celebren els 32 anys de Cant\u00e0nia, i es fa la seg\u00fcent cantata:<\/p>\n<\/div>\n<div><\/div>\n<div><\/div>\n<h4 style=\"text-align: center;\"><span style=\"color: #000080;\"><strong>VIRTU@L\u00a0<\/strong><\/span><\/h4>\n<p>La m\u00fasica \u00e9s de l&#8217;\u00d3scar Pe\u00f1arroya i les lletres del C\u00e8sar Apar\u00edcio.<\/p>\n<div><\/div>\n<div>&#8220;Les noves tecnologies s\u00f3n per tot arreu i han vingut per quedar-s\u2019hi. En Marcel s\u2019ha instal\u00b7lat una aplicaci\u00f3 d\u2019intel\u00b7lig\u00e8ncia artificial i est\u00e0 descobrint un univers que el fascina. Fins on arribar\u00e0 el<\/div>\n<div><\/div>\n<div>poder de seducci\u00f3 d\u2019aquest m\u00f3n virtual?&#8221;<\/div>\n<div><\/div>\n<div>Tots estem molt il\u00b7lusionats amb aquesta cantata de les noves tecnologies i la hist\u00f2ria d&#8217;en Marcel, i per poder aprendre les can\u00e7ons us anirem penjant diferents recursos per anar practicant a<\/div>\n<div><\/div>\n<div>casa tot el que fem a classe.<\/div>\n<div><\/div>\n<div>Cantant i ballant aprendrem noves tecnologies!<\/div>\n<p>&nbsp;<\/p>\n<p>Us deixem els v\u00eddeo de la Cantata\u00a0per tal que aneu practicant!!!<\/p>\n<p>El m\u00f3n digital<\/p>\n<p><iframe loading=\"lazy\" title=\"Cant\u00e0nia Virtual  El m\u00f3n digital\" width=\"500\" height=\"281\" src=\"https:\/\/www.youtube.com\/embed\/sVwgELXs_Vs?feature=oembed\" frameborder=\"0\" allow=\"accelerometer; autoplay; clipboard-write; encrypted-media; gyroscope; picture-in-picture; web-share\" referrerpolicy=\"strict-origin-when-cross-origin\" allowfullscreen><\/iframe><\/p>\n<p>El blues del Marcel<\/p>\n<p><iframe loading=\"lazy\" title=\"El blues del Marcel\" width=\"500\" height=\"281\" src=\"https:\/\/www.youtube.com\/embed\/7RXdoOOeO2k?feature=oembed\" frameborder=\"0\" allow=\"accelerometer; autoplay; clipboard-write; encrypted-media; gyroscope; picture-in-picture; web-share\" referrerpolicy=\"strict-origin-when-cross-origin\" allowfullscreen><\/iframe><\/p>\n<p>La creaci\u00f3 de la Sara<\/p>\n<p><iframe loading=\"lazy\" title=\"La creaci\u00f3 de la Sara\" width=\"500\" height=\"281\" src=\"https:\/\/www.youtube.com\/embed\/7EdYpg11vLg?feature=oembed\" frameborder=\"0\" allow=\"accelerometer; autoplay; clipboard-write; encrypted-media; gyroscope; picture-in-picture; web-share\" referrerpolicy=\"strict-origin-when-cross-origin\" allowfullscreen><\/iframe><\/p>\n<p>Tot el que jo puc fer per tu&#8230;<\/p>\n<p><iframe loading=\"lazy\" title=\"Tot el que jo puc fer per tu\" width=\"500\" height=\"281\" src=\"https:\/\/www.youtube.com\/embed\/ZuMg5MJZkLo?feature=oembed\" frameborder=\"0\" allow=\"accelerometer; autoplay; clipboard-write; encrypted-media; gyroscope; picture-in-picture; web-share\" referrerpolicy=\"strict-origin-when-cross-origin\" allowfullscreen><\/iframe><\/p>\n<p>Corre, salta<\/p>\n<p><iframe loading=\"lazy\" title=\"Corre, salta\" width=\"500\" height=\"281\" src=\"https:\/\/www.youtube.com\/embed\/CBM8fM_gvPc?feature=oembed\" frameborder=\"0\" allow=\"accelerometer; autoplay; clipboard-write; encrypted-media; gyroscope; picture-in-picture; web-share\" referrerpolicy=\"strict-origin-when-cross-origin\" allowfullscreen><\/iframe><\/p>\n<p>&nbsp;<\/p>\n<p>La m\u00fasica<\/p>\n<p><iframe loading=\"lazy\" title=\"La m\u00fasica\" width=\"500\" height=\"281\" src=\"https:\/\/www.youtube.com\/embed\/S4BW20wFyW0?feature=oembed\" frameborder=\"0\" allow=\"accelerometer; autoplay; clipboard-write; encrypted-media; gyroscope; picture-in-picture; web-share\" referrerpolicy=\"strict-origin-when-cross-origin\" allowfullscreen><\/iframe><\/p>\n<p>Ad\u00e9u<\/p>\n<p><iframe loading=\"lazy\" title=\"Ad\u00e9u\" width=\"500\" height=\"281\" src=\"https:\/\/www.youtube.com\/embed\/D_1mMfPk-cc?feature=oembed\" frameborder=\"0\" allow=\"accelerometer; autoplay; clipboard-write; encrypted-media; gyroscope; picture-in-picture; web-share\" referrerpolicy=\"strict-origin-when-cross-origin\" allowfullscreen><\/iframe><\/p>\n<p>Final<\/p>\n<p><iframe loading=\"lazy\" title=\"Final\" width=\"500\" height=\"281\" src=\"https:\/\/www.youtube.com\/embed\/iEfK9KVjBOE?feature=oembed\" frameborder=\"0\" allow=\"accelerometer; autoplay; clipboard-write; encrypted-media; gyroscope; picture-in-picture; web-share\" referrerpolicy=\"strict-origin-when-cross-origin\" allowfullscreen><\/iframe><\/p>\n<p>&nbsp;<\/p>\n<p>&nbsp;<\/p>\n<p>&nbsp;<\/p>\n<p>&nbsp;<\/p>\n<p>&nbsp;<\/p>\n","protected":false},"excerpt":{"rendered":"<p><a href=\"https:\/\/agora.xtec.cat\/ceip-escola-montsant-reus\/wp-content\/uploads\/usu1887\/2020\/09\/MI-LOGO-CANTANIA-20.png\"><\/a><br \/>\nDurant aquest curs, l&#8217;alumnat de 3r, 4t 5\u00e8 i 6\u00e8 participem al projecte Cant\u00e0nia.<\/p>\n<p>Cant\u00e0nia \u00e9s una\u00a0activitat participativa\u00a0en la que s\u2019inscriuen escolars de cicle mitj\u00e0 i superior de prim\u00e0ria de Catalunya. Cada any s\u2019estrena una obra encarregada especialment per a aquesta activitat. Els enc\u00e0rrecs, fins&hellip;  <a href=\"https:\/\/agora.xtec.cat\/ceip-escola-montsant-reus\/projectes-2\/tardes-de-cantania\/\" title=\"Read Art\u00edstic. Tardes de Cant\u00e0nia\">Llegeix m\u00e9s\u00bb<\/a><\/p>\n","protected":false},"author":1,"featured_media":0,"parent":64,"menu_order":11,"comment_status":"closed","ping_status":"closed","template":"page-templates\/side-menu.php","meta":{"_bbp_topic_count":0,"_bbp_reply_count":0,"_bbp_total_topic_count":0,"_bbp_total_reply_count":0,"_bbp_voice_count":0,"_bbp_anonymous_reply_count":0,"_bbp_topic_count_hidden":0,"_bbp_reply_count_hidden":0,"_bbp_forum_subforum_count":0,"footnotes":""},"class_list":["post-2370","page","type-page","status-publish","hentry"],"post_mailing_queue_ids":[],"_links":{"self":[{"href":"https:\/\/agora.xtec.cat\/ceip-escola-montsant-reus\/wp-json\/wp\/v2\/pages\/2370","targetHints":{"allow":["GET"]}}],"collection":[{"href":"https:\/\/agora.xtec.cat\/ceip-escola-montsant-reus\/wp-json\/wp\/v2\/pages"}],"about":[{"href":"https:\/\/agora.xtec.cat\/ceip-escola-montsant-reus\/wp-json\/wp\/v2\/types\/page"}],"author":[{"embeddable":true,"href":"https:\/\/agora.xtec.cat\/ceip-escola-montsant-reus\/wp-json\/wp\/v2\/users\/1"}],"replies":[{"embeddable":true,"href":"https:\/\/agora.xtec.cat\/ceip-escola-montsant-reus\/wp-json\/wp\/v2\/comments?post=2370"}],"version-history":[{"count":4,"href":"https:\/\/agora.xtec.cat\/ceip-escola-montsant-reus\/wp-json\/wp\/v2\/pages\/2370\/revisions"}],"predecessor-version":[{"id":2686,"href":"https:\/\/agora.xtec.cat\/ceip-escola-montsant-reus\/wp-json\/wp\/v2\/pages\/2370\/revisions\/2686"}],"up":[{"embeddable":true,"href":"https:\/\/agora.xtec.cat\/ceip-escola-montsant-reus\/wp-json\/wp\/v2\/pages\/64"}],"wp:attachment":[{"href":"https:\/\/agora.xtec.cat\/ceip-escola-montsant-reus\/wp-json\/wp\/v2\/media?parent=2370"}],"curies":[{"name":"wp","href":"https:\/\/api.w.org\/{rel}","templated":true}]}}