{"id":2327,"date":"2020-08-18T08:01:00","date_gmt":"2020-08-18T06:01:00","guid":{"rendered":"http:\/\/agora.xtec.cat\/ceip-escola-montsant-reus\/?page_id=2327"},"modified":"2023-11-02T13:04:43","modified_gmt":"2023-11-02T12:04:43","slug":"documents-families","status":"publish","type":"page","link":"https:\/\/agora.xtec.cat\/ceip-escola-montsant-reus\/curs-25-26\/documents-families\/","title":{"rendered":"Documents fam\u00edlies"},"content":{"rendered":"<p><a href=\"https:\/\/agora.xtec.cat\/ceip-escola-montsant-reus\/wp-content\/uploads\/usu1887\/2020\/08\/circulars.jpg\"><img loading=\"lazy\" decoding=\"async\" class=\"wp-image-2331 aligncenter\" src=\"https:\/\/agora.xtec.cat\/ceip-escola-montsant-reus\/wp-content\/uploads\/usu1887\/2020\/08\/circulars-1024x644.jpg\" alt=\"\" width=\"347\" height=\"218\" srcset=\"https:\/\/agora.xtec.cat\/ceip-escola-montsant-reus\/wp-content\/uploads\/usu1887\/2020\/08\/circulars-1024x644.jpg 1024w, https:\/\/agora.xtec.cat\/ceip-escola-montsant-reus\/wp-content\/uploads\/usu1887\/2020\/08\/circulars-300x189.jpg 300w, https:\/\/agora.xtec.cat\/ceip-escola-montsant-reus\/wp-content\/uploads\/usu1887\/2020\/08\/circulars-768x483.jpg 768w, https:\/\/agora.xtec.cat\/ceip-escola-montsant-reus\/wp-content\/uploads\/usu1887\/2020\/08\/circulars.jpg 1147w\" sizes=\"auto, (max-width: 347px) 100vw, 347px\" \/><\/a><\/p>\n<p>En aquest apartat trobareu les diferents circulars i autoritzacions d&#8217;\u00fas al llarg del curs:<\/p>\n<p>&nbsp;<\/p>\n<ul>\n<li><a href=\"https:\/\/agora.xtec.cat\/ceip-escola-montsant-reus\/wp-content\/uploads\/usu1887\/2022\/07\/4-CARTA-DE-COMPROMIS-EDUCATIU-INFANTIL-EDITABLE.pdf\">Carta de comprom\u00eds Ed.Infantil<\/a><\/li>\n<li><a href=\"https:\/\/agora.xtec.cat\/ceip-escola-montsant-reus\/wp-content\/uploads\/usu1887\/2022\/07\/5-CARTA-DE-COMPROMIS-EDUCATIU-PRIMARIA-EDITABLE.pdf\">Carta de comprom\u00eds Ed.Prim\u00e0ria<\/a><\/li>\n<li><a href=\"https:\/\/agora.xtec.cat\/ceip-escola-montsant-reus\/wp-content\/uploads\/usu1887\/2023\/11\/Autoritzacio-drets-dimatge-EDITABLE.pdf\">Autoritzaci\u00f3 drets d&#8217;imatge<\/a><\/li>\n<li><a href=\"https:\/\/agora.xtec.cat\/ceip-escola-montsant-reus\/wp-content\/uploads\/usu1887\/2022\/07\/medicaments-EDITABLE.pdf\">Autoritzaci\u00f3 medicaments<\/a><\/li>\n<li><a href=\"https:\/\/agora.xtec.cat\/ceip-escola-montsant-reus\/wp-content\/uploads\/usu1887\/2022\/07\/Recollida-alumnat-EDITABLE.pdf\">Autoritzaci\u00f3 recollida alumnat<\/a><\/li>\n<li><a href=\"https:\/\/agora.xtec.cat\/ceip-escola-montsant-reus\/wp-content\/uploads\/usu1887\/2022\/07\/Instancia-generica-EDITABLE.pdf\">Inst\u00e0ncia gen\u00e8rica\u00a0<\/a><\/li>\n<li><a href=\"https:\/\/agora.xtec.cat\/ceip-escola-montsant-reus\/wp-content\/uploads\/usu1887\/2022\/07\/Sortir-sols-EDITABLE.pdf\">Autoritzaci\u00f3 Sortir sols <\/a><\/li>\n<li><a href=\"https:\/\/agora.xtec.cat\/ceip-escola-montsant-reus\/wp-content\/uploads\/usu1887\/2020\/09\/Comprom\u00eds-fam\u00edlies-infantil-1.pdf\">Comprom\u00eds Salut fam\u00edlies infantil <\/a><\/li>\n<li><a href=\"https:\/\/agora.xtec.cat\/ceip-escola-montsant-reus\/wp-content\/uploads\/usu1887\/2020\/09\/Comprom\u00eds-fam\u00edlies-prim\u00e0ria-1.pdf\">Comprom\u00eds Salut\u00a0 fam\u00edlies prim\u00e0ria<\/a><\/li>\n<\/ul>\n<p>&nbsp;<\/p>\n<p>&nbsp;<\/p>\n","protected":false},"excerpt":{"rendered":"<p><a href=\"https:\/\/agora.xtec.cat\/ceip-escola-montsant-reus\/wp-content\/uploads\/usu1887\/2020\/08\/circulars.jpg\"><\/a><br \/>\nEn aquest apartat trobareu les diferents circulars i autoritzacions d&#8217;\u00fas al llarg del curs:<br \/>\n&nbsp;<\/p>\n<ul>\n<li><a href=\"https:\/\/agora.xtec.cat\/ceip-escola-montsant-reus\/wp-content\/uploads\/usu1887\/2022\/07\/4-CARTA-DE-COMPROMIS-EDUCATIU-INFANTIL-EDITABLE.pdf\">Carta de comprom\u00eds Ed.Infantil<\/a><\/li>\n<li><a href=\"https:\/\/agora.xtec.cat\/ceip-escola-montsant-reus\/wp-content\/uploads\/usu1887\/2022\/07\/5-CARTA-DE-COMPROMIS-EDUCATIU-PRIMARIA-EDITABLE.pdf\">Carta de comprom\u00eds Ed.Prim\u00e0ria<\/a><\/li>\n<li><a href=\"https:\/\/agora.xtec.cat\/ceip-escola-montsant-reus\/wp-content\/uploads\/usu1887\/2023\/11\/Autoritzacio-drets-dimatge-EDITABLE.pdf\">Autoritzaci\u00f3 drets d&#8217;imatge<\/a><\/li>\n<li><a href=\"https:\/\/agora.xtec.cat\/ceip-escola-montsant-reus\/wp-content\/uploads\/usu1887\/2022\/07\/medicaments-EDITABLE.pdf\">Autoritzaci\u00f3 medicaments<\/a><\/li>\n<li><a href=\"https:\/\/agora.xtec.cat\/ceip-escola-montsant-reus\/wp-content\/uploads\/usu1887\/2022\/07\/Recollida-alumnat-EDITABLE.pdf\">Autoritzaci\u00f3 recollida alumnat<\/a><\/li>\n<li><a href=\"https:\/\/agora.xtec.cat\/ceip-escola-montsant-reus\/wp-content\/uploads\/usu1887\/2022\/07\/Instancia-generica-EDITABLE.pdf\">Inst\u00e0ncia gen\u00e8rica\u00a0<\/a><\/li>\n<li><a href=\"https:\/\/agora.xtec.cat\/ceip-escola-montsant-reus\/wp-content\/uploads\/usu1887\/2022\/07\/Sortir-sols-EDITABLE.pdf\">Autoritzaci\u00f3 Sortir sols <\/a><\/li>\n<li><a href=\"https:\/\/agora.xtec.cat\/ceip-escola-montsant-reus\/wp-content\/uploads\/usu1887\/2020\/09\/Comprom\u00eds-fam\u00edlies-infantil-1.pdf\">Comprom\u00eds Salut fam\u00edlies infantil <\/a><\/li>\n<li><a href=\"https:\/\/agora.xtec.cat\/ceip-escola-montsant-reus\/wp-content\/uploads\/usu1887\/2020\/09\/Comprom\u00eds-fam\u00edlies-prim\u00e0ria-1.pdf\">Comprom\u00eds Salut\u00a0 fam\u00edlies&hellip;  <a href=\"https:\/\/agora.xtec.cat\/ceip-escola-montsant-reus\/curs-25-26\/documents-families\/\" title=\"Read Documents fam\u00edlies\">Llegeix m\u00e9s\u00bb<\/a><br \/>\n","protected":false},"author":1,"featured_media":0,"parent":2297,"menu_order":50,"comment_status":"closed","ping_status":"closed","template":"page-templates\/side-menu.php","meta":{"_bbp_topic_count":0,"_bbp_reply_count":0,"_bbp_total_topic_count":0,"_bbp_total_reply_count":0,"_bbp_voice_count":0,"_bbp_anonymous_reply_count":0,"_bbp_topic_count_hidden":0,"_bbp_reply_count_hidden":0,"_bbp_forum_subforum_count":0,"footnotes":""},"class_list":["post-2327","page","type-page","status-publish","hentry"],"post_mailing_queue_ids":[],"_links":{"self":[{"href":"https:\/\/agora.xtec.cat\/ceip-escola-montsant-reus\/wp-json\/wp\/v2\/pages\/2327","targetHints":{"allow":["GET"]}}],"collection":[{"href":"https:\/\/agora.xtec.cat\/ceip-escola-montsant-reus\/wp-json\/wp\/v2\/pages"}],"about":[{"href":"https:\/\/agora.xtec.cat\/ceip-escola-montsant-reus\/wp-json\/wp\/v2\/types\/page"}],"author":[{"embeddable":true,"href":"https:\/\/agora.xtec.cat\/ceip-escola-montsant-reus\/wp-json\/wp\/v2\/users\/1"}],"replies":[{"embeddable":true,"href":"https:\/\/agora.xtec.cat\/ceip-escola-montsant-reus\/wp-json\/wp\/v2\/comments?post=2327"}],"version-history":[{"count":4,"href":"https:\/\/agora.xtec.cat\/ceip-escola-montsant-reus\/wp-json\/wp\/v2\/pages\/2327\/revisions"}],"predecessor-version":[{"id":3365,"href":"https:\/\/agora.xtec.cat\/ceip-escola-montsant-reus\/wp-json\/wp\/v2\/pages\/2327\/revisions\/3365"}],"up":[{"embeddable":true,"href":"https:\/\/agora.xtec.cat\/ceip-escola-montsant-reus\/wp-json\/wp\/v2\/pages\/2297"}],"wp:attachment":[{"href":"https:\/\/agora.xtec.cat\/ceip-escola-montsant-reus\/wp-json\/wp\/v2\/media?parent=2327"}],"curies":[{"name":"wp","href":"https:\/\/api.w.org\/{rel}","templated":true}]}}