{"id":509,"date":"2018-09-18T13:17:34","date_gmt":"2018-09-18T11:17:34","guid":{"rendered":"http:\/\/agora.xtec.cat\/ceip-ernest-lluch\/?page_id=509"},"modified":"2025-09-02T13:15:01","modified_gmt":"2025-09-02T11:15:01","slug":"equip-docent-2018-19","status":"publish","type":"page","link":"https:\/\/agora.xtec.cat\/ceip-ernest-lluch\/lescola\/equip-docent-2018-19\/","title":{"rendered":"EQUIP DOCENT 2025\/26"},"content":{"rendered":"<p><strong><u>\u00a0<\/u><\/strong><\/p>\n<p><strong><u>CONSELL DIRECCI\u00d3<\/u><\/strong><\/p>\n<table>\n<tbody>\n<tr>\n<td width=\"262\">Directora<\/td>\n<td width=\"389\">Judith Gonell Molano<\/td>\n<\/tr>\n<tr>\n<td width=\"262\">Cap d\u2019Estudis<\/td>\n<td width=\"389\">L\u00eddia Fosalba Card\u00f3<\/td>\n<\/tr>\n<tr>\n<td width=\"262\">Secretaria<\/td>\n<td width=\"389\">Esther Arias Niembro<\/td>\n<\/tr>\n<tr>\n<td width=\"262\">Coordinadora de petits<\/td>\n<td width=\"389\">Maribel Robles<\/td>\n<\/tr>\n<tr>\n<td width=\"262\">Coordinadora de mitjans<\/td>\n<td width=\"389\">Andrea M\u00e9ndez<\/td>\n<\/tr>\n<tr>\n<td width=\"262\">Coordinadora de grans<\/td>\n<td width=\"389\">Marta Hern\u00e1ndez<\/td>\n<\/tr>\n<\/tbody>\n<\/table>\n<p><strong><u>\u00a0<\/u><\/strong><\/p>\n<p><strong><u>\u00a0<\/u><\/strong><\/p>\n<p><strong><u>COMUNITAT DE PETITS<\/u><\/strong><\/p>\n<p><strong><u>\u00a0<\/u><\/strong><\/p>\n<table>\n<tbody>\n<tr>\n<td width=\"73\"><\/td>\n<td width=\"289\">A<\/td>\n<td width=\"289\">B<\/td>\n<\/tr>\n<tr>\n<td width=\"73\">I3<\/td>\n<td width=\"289\">Susana P\u00e9rez<\/td>\n<td width=\"289\"><\/td>\n<\/tr>\n<tr>\n<td width=\"73\">I4<\/td>\n<td width=\"289\">Teresa Goday<\/td>\n<td width=\"289\"><\/td>\n<\/tr>\n<tr>\n<td width=\"73\">I5<\/td>\n<td width=\"289\">Noelia Sicilia<\/td>\n<td width=\"289\">Esther Miralles<\/td>\n<\/tr>\n<tr>\n<td width=\"73\">TEI<\/td>\n<td width=\"289\">Ana Isern<\/td>\n<td width=\"289\"><\/td>\n<\/tr>\n<tr>\n<td width=\"73\">ref<\/td>\n<td width=\"289\">Maribel Robles<\/p>\n<p>Anna Vill\u00e0<\/p>\n<p>L\u00eddia Fosalba<\/p>\n<p>Miriam Salvador<\/p>\n<p>N\u00faria Escud\u00e9<\/td>\n<td width=\"289\"><\/td>\n<\/tr>\n<\/tbody>\n<\/table>\n<p><strong><u>\u00a0<\/u><\/strong><\/p>\n<p><strong><u>COMUNITAT DE MITJANS<\/u><\/strong><\/p>\n<p><strong><u>\u00a0<\/u><\/strong><\/p>\n<table>\n<tbody>\n<tr>\n<td width=\"73\"><\/td>\n<td width=\"289\">A<\/td>\n<td width=\"289\">B<\/td>\n<\/tr>\n<tr>\n<td width=\"73\">1r<\/td>\n<td width=\"289\">Helena \u00c1lvarez<\/td>\n<td width=\"289\">T\u00e0nia Megias<\/td>\n<\/tr>\n<tr>\n<td width=\"73\">2n<\/td>\n<td width=\"289\">X\u00e8nia Garrido i Rub\u00e9n Gonz\u00e1lez<\/td>\n<td width=\"289\">Montse Antolino<\/td>\n<\/tr>\n<tr>\n<td width=\"73\">3r<\/td>\n<td width=\"289\">Esther \u00c1valos<\/td>\n<td width=\"289\">Laura Carrasco<\/td>\n<\/tr>\n<\/tbody>\n<\/table>\n<p><strong><u>COMUNITAT DE GRANS<\/u><\/strong><\/p>\n<table style=\"width: 89.8804%; height: 141px;\">\n<tbody>\n<tr style=\"height: 30px;\">\n<td style=\"width: 9.01034%; height: 30px;\"><\/td>\n<td style=\"width: 45.0517%; height: 30px;\">A<\/td>\n<td style=\"width: 44.4609%; height: 30px;\">B<\/td>\n<\/tr>\n<tr style=\"height: 31px;\">\n<td style=\"width: 9.01034%; height: 31px;\">4t<\/td>\n<td style=\"width: 45.0517%; height: 31px;\">Aina Martinez (Ana Oll\u00e9)<\/td>\n<td style=\"width: 44.4609%; height: 31px;\">Ana Rodriguez i Sara Garcia<\/td>\n<\/tr>\n<tr style=\"height: 31px;\">\n<td style=\"width: 9.01034%; height: 31px;\">5\u00e8<\/td>\n<td style=\"width: 45.0517%; height: 31px;\">Maria Blanco<\/td>\n<td style=\"width: 44.4609%; height: 31px;\">Mag\u00ed Grau<\/td>\n<\/tr>\n<tr style=\"height: 31px;\">\n<td style=\"width: 9.01034%; height: 31px;\">6\u00e8<\/td>\n<td style=\"width: 45.0517%; height: 31px;\">\u00c0ngels Roca<\/td>\n<td style=\"width: 44.4609%; height: 31px;\">Sandra G\u00f3mez<\/td>\n<\/tr>\n<\/tbody>\n<\/table>\n<p><strong><u>\u00a0<\/u><\/strong><\/p>\n<p><strong><u>ALTRES MEMBRES DE LES COMUNITATS<\/u><\/strong><\/p>\n<p><strong><u>\u00a0<\/u><\/strong><\/p>\n<table style=\"width: 89.0352%; height: 192px;\">\n<tbody>\n<tr style=\"height: 32px;\">\n<td style=\"height: 32px;\" width=\"262\">M\u00fasica<\/td>\n<td style=\"height: 32px;\" width=\"389\">Hilari Navarro<\/td>\n<\/tr>\n<tr style=\"height: 32px;\">\n<td style=\"height: 32px;\" width=\"262\">Ed. F\u00edsica<\/td>\n<td style=\"height: 32px;\" width=\"389\">Marta Hern\u00e1ndez i Nat\u00e0lia Espada<\/td>\n<\/tr>\n<tr style=\"height: 32px;\">\n<td style=\"height: 32px;\" width=\"262\">Angl\u00e8s<\/td>\n<td style=\"height: 32px;\" width=\"389\">Anna Aliaga i Judith Gonell<\/td>\n<\/tr>\n<tr style=\"height: 32px;\">\n<td style=\"height: 32px;\" width=\"262\">Atenci\u00f3 diversitat<\/td>\n<td style=\"height: 32px;\" width=\"389\">Ana Vill\u00e0, Andrea M\u00e9ndez, Sara de Sande i Mari Raga<\/td>\n<\/tr>\n<tr style=\"height: 32px;\">\n<td style=\"height: 32px;\" width=\"262\">Science<\/td>\n<td style=\"height: 32px;\" width=\"389\">Esther Arias<\/td>\n<\/tr>\n<tr style=\"height: 32px;\">\n<td style=\"height: 32px;\" width=\"262\">Religi\u00f3<\/td>\n<td style=\"height: 32px;\" width=\"389\">Miriam Salvador<\/td>\n<\/tr>\n<\/tbody>\n<\/table>\n<p>&nbsp;<\/p>\n<p>&nbsp;<\/p>\n<table>\n<tbody>\n<tr>\n<td width=\"262\">Administrativa<\/td>\n<td width=\"389\">Fina Pelaez<\/td>\n<\/tr>\n<tr>\n<td width=\"262\">Conserge<\/td>\n<td width=\"389\">Roser V. (Montse Cardoso)<\/td>\n<\/tr>\n<tr>\n<td width=\"262\">Vetlladors i Auxiliar Ed.Especial<\/td>\n<td width=\"389\">Queralt Pi\u00f1ero, Sergi Serrat i Am\u00e0lia P\u00e9rez<\/td>\n<\/tr>\n<tr>\n<td width=\"262\">EAP<\/td>\n<td width=\"389\">Ana Vives<\/td>\n<\/tr>\n<\/tbody>\n<\/table>\n<p><strong><u>\u00a0<\/u><\/strong><\/p>\n<table>\n<tbody>\n<tr>\n<td width=\"262\">Coordinador riscos<\/td>\n<td width=\"389\"><\/td>\n<\/tr>\n<tr>\n<td width=\"262\">Coordinador TAC<\/td>\n<td width=\"389\">Mag\u00ed Grau<\/td>\n<\/tr>\n<tr>\n<td width=\"262\">Coordinador LIC<\/td>\n<td width=\"389\">L\u00eddia Fosalba<\/td>\n<\/tr>\n<\/tbody>\n<\/table>\n<p><strong><u>\u00a0<\/u><\/strong><\/p>\n","protected":false},"excerpt":{"rendered":"<p>\u00a0 CONSELL DIRECCI\u00d3 Directora Judith Gonell Molano Cap d\u2019Estudis L\u00eddia Fosalba Card\u00f3 Secretaria Esther Arias Niembro Coordinadora de petits Maribel Robles Coordinadora de mitjans Andrea M\u00e9ndez Coordinadora de grans Marta Hern\u00e1ndez \u00a0 \u00a0 COMUNITAT DE PETITS \u00a0 A B I3 Susana P\u00e9rez I4 Teresa Goday I5 Noelia Sicilia Esther Miralles TEI Ana Isern ref Maribel [&hellip;]<\/p>\n","protected":false},"author":1,"featured_media":0,"parent":22,"menu_order":4,"comment_status":"closed","ping_status":"closed","template":"","meta":{"_bbp_topic_count":0,"_bbp_reply_count":0,"_bbp_total_topic_count":0,"_bbp_total_reply_count":0,"_bbp_voice_count":0,"_bbp_anonymous_reply_count":0,"_bbp_topic_count_hidden":0,"_bbp_reply_count_hidden":0,"_bbp_forum_subforum_count":0,"site-sidebar-layout":"default","site-content-layout":"","ast-site-content-layout":"","site-content-style":"default","site-sidebar-style":"default","ast-global-header-display":"","ast-banner-title-visibility":"","ast-main-header-display":"","ast-hfb-above-header-display":"","ast-hfb-below-header-display":"","ast-hfb-mobile-header-display":"","site-post-title":"","ast-breadcrumbs-content":"","ast-featured-img":"","footer-sml-layout":"","theme-transparent-header-meta":"","adv-header-id-meta":"","stick-header-meta":"","header-above-stick-meta":"","header-main-stick-meta":"","header-below-stick-meta":"","astra-migrate-meta-layouts":"default","ast-page-background-enabled":"default","ast-page-background-meta":{"desktop":{"background-color":"var(--ast-global-color-4)","background-image":"","background-repeat":"repeat","background-position":"center center","background-size":"auto","background-attachment":"scroll","background-type":"","background-media":"","overlay-type":"","overlay-color":"","overlay-opacity":"","overlay-gradient":""},"tablet":{"background-color":"","background-image":"","background-repeat":"repeat","background-position":"center center","background-size":"auto","background-attachment":"scroll","background-type":"","background-media":"","overlay-type":"","overlay-color":"","overlay-opacity":"","overlay-gradient":""},"mobile":{"background-color":"","background-image":"","background-repeat":"repeat","background-position":"center center","background-size":"auto","background-attachment":"scroll","background-type":"","background-media":"","overlay-type":"","overlay-color":"","overlay-opacity":"","overlay-gradient":""}},"ast-content-background-meta":{"desktop":{"background-color":"var(--ast-global-color-5)","background-image":"","background-repeat":"repeat","background-position":"center center","background-size":"auto","background-attachment":"scroll","background-type":"","background-media":"","overlay-type":"","overlay-color":"","overlay-opacity":"","overlay-gradient":""},"tablet":{"background-color":"var(--ast-global-color-5)","background-image":"","background-repeat":"repeat","background-position":"center center","background-size":"auto","background-attachment":"scroll","background-type":"","background-media":"","overlay-type":"","overlay-color":"","overlay-opacity":"","overlay-gradient":""},"mobile":{"background-color":"var(--ast-global-color-5)","background-image":"","background-repeat":"repeat","background-position":"center center","background-size":"auto","background-attachment":"scroll","background-type":"","background-media":"","overlay-type":"","overlay-color":"","overlay-opacity":"","overlay-gradient":""}},"footnotes":""},"class_list":["post-509","page","type-page","status-publish","hentry"],"post_mailing_queue_ids":[],"_links":{"self":[{"href":"https:\/\/agora.xtec.cat\/ceip-ernest-lluch\/wp-json\/wp\/v2\/pages\/509","targetHints":{"allow":["GET"]}}],"collection":[{"href":"https:\/\/agora.xtec.cat\/ceip-ernest-lluch\/wp-json\/wp\/v2\/pages"}],"about":[{"href":"https:\/\/agora.xtec.cat\/ceip-ernest-lluch\/wp-json\/wp\/v2\/types\/page"}],"author":[{"embeddable":true,"href":"https:\/\/agora.xtec.cat\/ceip-ernest-lluch\/wp-json\/wp\/v2\/users\/1"}],"replies":[{"embeddable":true,"href":"https:\/\/agora.xtec.cat\/ceip-ernest-lluch\/wp-json\/wp\/v2\/comments?post=509"}],"version-history":[{"count":7,"href":"https:\/\/agora.xtec.cat\/ceip-ernest-lluch\/wp-json\/wp\/v2\/pages\/509\/revisions"}],"predecessor-version":[{"id":2467,"href":"https:\/\/agora.xtec.cat\/ceip-ernest-lluch\/wp-json\/wp\/v2\/pages\/509\/revisions\/2467"}],"up":[{"embeddable":true,"href":"https:\/\/agora.xtec.cat\/ceip-ernest-lluch\/wp-json\/wp\/v2\/pages\/22"}],"wp:attachment":[{"href":"https:\/\/agora.xtec.cat\/ceip-ernest-lluch\/wp-json\/wp\/v2\/media?parent=509"}],"curies":[{"name":"wp","href":"https:\/\/api.w.org\/{rel}","templated":true}]}}