{"id":28,"date":"2014-09-18T12:29:35","date_gmt":"2014-09-18T11:29:35","guid":{"rendered":"http:\/\/agora.xtec.cat\/ceip-enric-granados\/?page_id=28"},"modified":"2026-04-28T16:51:03","modified_gmt":"2026-04-28T14:51:03","slug":"consell-escolar","status":"publish","type":"page","link":"https:\/\/agora.xtec.cat\/ceip-enric-granados\/lescola\/consell-escolar\/","title":{"rendered":"Equip hum\u00e0"},"content":{"rendered":"<p>&nbsp;<\/p>\n<table style=\"width: 59.1736%; height: 716px;\" border=\"1\" width=\"471\" align=\"center\">\n<tbody>\n<tr style=\"height: 52px;\" bgcolor=\"#ffffcc\">\n<td style=\"width: 807.344px; height: 52px;\" colspan=\"2\">\n<div align=\"center\"><strong>Consell Escolar<\/strong><\/div>\n<\/td>\n<\/tr>\n<tr style=\"height: 52px;\">\n<td style=\"width: 331.797px; height: 52px;\"><strong>Presidenta<\/strong><\/td>\n<td style=\"width: 475.547px; height: 52px;\">Sra. Maria G\u00f3mez Nevot<\/td>\n<\/tr>\n<tr style=\"height: 52px;\">\n<td style=\"width: 331.797px; height: 52px;\"><strong>Cap d&#8217;Estudis <\/strong><\/td>\n<td style=\"width: 475.547px; height: 52px;\">Sra. Elisabet Liberato Salmer\u00f3n<\/td>\n<\/tr>\n<tr>\n<td style=\"width: 331.797px;\"><strong>Coordinador Pedag\u00f2gic<\/strong><\/td>\n<td style=\"width: 475.547px;\">Omar Fern\u00e1ndez L\u00f3pez<\/td>\n<\/tr>\n<tr style=\"height: 52px;\">\n<td style=\"width: 331.797px; height: 52px;\"><strong>Secret\u00e0ria<\/strong><\/td>\n<td style=\"width: 475.547px; height: 52px;\">Sra. Raquel Navarro Leoncio<\/td>\n<\/tr>\n<tr style=\"height: 52px;\">\n<td style=\"width: 331.797px; height: 52px;\"><strong>Representant Ajuntament <\/strong><\/td>\n<td style=\"width: 475.547px; height: 52px;\">Sra. Maribel Marin Roc<\/td>\n<\/tr>\n<tr style=\"height: 52px;\">\n<td style=\"width: 331.797px; height: 52px;\"><strong>Representant AMPA <\/strong><\/td>\n<td style=\"width: 475.547px; height: 52px;\">Sra. Monica Vila<\/td>\n<\/tr>\n<tr style=\"height: 52px;\">\n<td style=\"width: 331.797px; height: 52px;\"><strong>Representant PAS<\/strong><\/td>\n<td style=\"width: 475.547px; height: 52px;\">Sra. Marta Barber\u00e1n<\/td>\n<\/tr>\n<tr style=\"height: 135px;\">\n<td style=\"width: 331.797px; height: 135px;\"><strong>Representants Pares <\/strong><\/td>\n<td style=\"width: 475.547px; height: 135px;\">\n<ul>\n<li>Sra. Omaima El Boualiti Taourati<\/li>\n<li>Sra. Sandra Rosa Caba\u00f1as<\/li>\n<li>Sra. Tezy Sandrine Seremalet Partac<\/li>\n<\/ul>\n<\/td>\n<\/tr>\n<tr style=\"height: 165px;\">\n<td style=\"width: 331.797px; height: 165px;\"><strong>Representants Mestres <\/strong><\/td>\n<td style=\"width: 475.547px; height: 165px;\">\n<ul>\n<li>Sra. Estela Mart\u00edn L\u00f3pez<\/li>\n<li>Sra. Inmaculada Le\u00f3n<\/li>\n<li>Sra. Ana Puerto<\/li>\n<\/ul>\n<\/td>\n<\/tr>\n<tr style=\"height: 52px;\">\n<td style=\"width: 807.344px; height: 52px;\" colspan=\"2\"><strong>Data Constituci\u00f3 Consell Escolar: 29 de novembre de 2025<\/strong><\/td>\n<\/tr>\n<\/tbody>\n<\/table>\n<table style=\"width: 47%; height: 186px;\" border=\"1\" width=\"351\" align=\"center\">\n<tbody>\n<tr style=\"height: 32px;\" bgcolor=\"#ffffcc\">\n<td style=\"height: 32px; width: 639.656px;\" colspan=\"2\">\n<div align=\"center\"><strong>Equip Docent<\/strong><\/div>\n<\/td>\n<\/tr>\n<tr style=\"height: 32px;\">\n<td style=\"height: 32px; width: 220.25px;\">Directora<\/td>\n<td style=\"height: 32px; width: 419.406px;\">Mar\u00eda G\u00f3mez Nevot<\/td>\n<\/tr>\n<tr style=\"height: 48px;\">\n<td style=\"height: 48px; width: 220.25px;\">Cap d&#8217;Estudis<\/td>\n<td style=\"height: 48px; width: 419.406px;\">Elisabet Liberato Salmer\u00f3n<\/td>\n<\/tr>\n<tr style=\"height: 42px;\">\n<td style=\"height: 42px; width: 220.25px;\">Coordinador Pedag\u00f2gic<\/td>\n<td style=\"height: 42px; width: 419.406px;\">Omar Fern\u00e1ndez L\u00f3pez<\/td>\n<\/tr>\n<tr style=\"height: 32px;\">\n<td style=\"height: 32px; width: 220.25px;\">Secret\u00e0ria<\/td>\n<td style=\"height: 32px; width: 419.406px;\">Raquel Navarro Leoncio<\/td>\n<\/tr>\n<\/tbody>\n<\/table>\n<table style=\"height: 467px; width: 67.4833%; border-style: solid;\">\n<tbody>\n<tr style=\"height: 47px;\">\n<td style=\"width: 34.8663%; height: 10px;\"><strong>Curs\/especialitat<\/strong><\/td>\n<td style=\"width: 34.544%; height: 10px;\"><strong>Cognoms i nom<\/strong><\/td>\n<td style=\"width: 29.484%; height: 10px;\"><strong>C\u00e0rrec<\/strong><\/td>\n<\/tr>\n<tr style=\"height: 11px;\">\n<td style=\"width: 34.8663%; height: 10px;\"><strong>I3<\/strong><\/td>\n<td style=\"width: 34.544%; height: 10px;\"><span style=\"background-color: #f9f9f9;\">Cuadrado Cots, Ariadna<\/span><\/td>\n<td style=\"width: 29.484%; height: 10px;\"><\/td>\n<\/tr>\n<tr style=\"height: 16px;\">\n<td style=\"width: 34.8663%; height: 10px;\"><strong>I4<\/strong><\/td>\n<td style=\"width: 34.544%; height: 10px;\"><span style=\"background-color: #f9f9f9;\">Pizarro, Pizarro, Inma<\/span><\/td>\n<td style=\"width: 29.484%; height: 10px;\"><span style=\"background-color: #f9f9f9;\">Coord. Ed. Infantil<\/span><\/td>\n<\/tr>\n<tr style=\"height: 2px;\">\n<td style=\"width: 34.8663%; height: 10px;\"><strong>I5<\/strong><\/td>\n<td style=\"width: 34.544%; height: 10px;\">Castells, Cristina<\/td>\n<td style=\"width: 29.484%; height: 10px;\"><\/td>\n<\/tr>\n<tr style=\"height: 24px;\">\n<td style=\"width: 34.8663%; height: 10px;\"><strong>Refor\u00e7. INFANTIL.<\/strong><\/td>\n<td style=\"width: 34.544%; height: 10px;\"><span style=\"background-color: #f9f9f9;\">Aznar de Diego, Asunci\u00f3n<\/span><\/td>\n<td style=\"width: 29.484%; height: 10px;\"><\/td>\n<\/tr>\n<tr style=\"height: 32px;\">\n<td style=\"width: 34.8663%; height: 32px;\"><strong>T\u00e8cnica d&#8217;educaci\u00f3 Infantil<\/strong><\/td>\n<td style=\"width: 34.544%; height: 32px;\">Garrido Gonz\u00e1lez, Mireia<\/td>\n<td style=\"width: 29.484%; height: 32px;\"><span style=\"background-color: #f9f9f9;\">\u00a0<\/span><\/td>\n<\/tr>\n<tr style=\"height: 4px;\">\n<td style=\"width: 34.8663%; height: 4px;\"><strong>Vetlladora<br \/>\n<\/strong><\/td>\n<td style=\"width: 34.544%; height: 4px;\">Pedrosa Adell, Marta<\/td>\n<td style=\"width: 29.484%; height: 4px;\"><\/td>\n<\/tr>\n<tr style=\"height: 21px;\">\n<td style=\"width: 34.8663%; height: 21px;\"><strong>1r<\/strong><\/td>\n<td style=\"width: 34.544%; height: 21px;\">Clotet Vila<span class=\"ng-scope\" data-ng-if=\"personal.personalCentre.personal.cognom2 || personal.personalCentre.personal.cognom1\">,\u00a0<\/span>Montserrat<\/td>\n<td style=\"width: 29.484%; height: 21px;\"><\/td>\n<\/tr>\n<tr style=\"height: 24px;\">\n<td style=\"width: 34.8663%; height: 24px;\"><strong>2n<\/strong><\/td>\n<td style=\"width: 34.544%; height: 24px;\"><span style=\"background-color: #f9f9f9;\">Valenzuela Soto, Silvia<\/span><\/td>\n<td style=\"width: 29.484%; height: 24px;\"><\/td>\n<\/tr>\n<tr style=\"height: 9px;\">\n<td style=\"width: 34.8663%; height: 9px;\"><strong>3r<\/strong><\/td>\n<td style=\"width: 34.544%; height: 9px;\">Cabrerizo Pelayo, Laura Maria<\/td>\n<td style=\"width: 29.484%; height: 9px;\"><\/td>\n<\/tr>\n<tr style=\"height: 9px;\">\n<td style=\"width: 34.8663%; height: 9px;\"><strong>4t<\/strong><\/td>\n<td style=\"width: 34.544%; height: 9px;\">Rubio Rubio, Pilar<\/td>\n<td style=\"width: 29.484%; height: 9px;\"><\/td>\n<\/tr>\n<tr style=\"height: 17px;\">\n<td style=\"width: 34.8663%; height: 17px;\"><strong>5\u00e8<\/strong><\/td>\n<td style=\"width: 34.544%; height: 17px;\">Vila Serquera<span class=\"ng-scope\" data-ng-if=\"personal.personalCentre.personal.cognom2 || personal.personalCentre.personal.cognom1\">,\u00a0<\/span>Oscar<\/td>\n<td style=\"width: 29.484%; height: 17px;\">Coord. Digital<\/td>\n<\/tr>\n<tr style=\"height: 18px;\">\n<td style=\"width: 34.8663%; height: 18px;\"><strong>6\u00e8<\/strong><\/td>\n<td style=\"width: 34.544%; height: 18px;\">Le\u00f3n Palma, Inma<\/td>\n<td style=\"width: 29.484%; height: 18px;\">Coord. Elic<\/td>\n<\/tr>\n<tr style=\"height: 13px;\">\n<td style=\"width: 34.8663%; height: 10px;\"><strong>Refor\u00e7 Prim\u00e0ria<\/strong><\/td>\n<td style=\"width: 34.544%; height: 10px;\">Gonz\u00e1lez Palmeiro, M\u00aa Josefa<\/td>\n<td style=\"width: 29.484%; height: 10px;\"><\/td>\n<\/tr>\n<tr>\n<td style=\"width: 34.8663%;\"><strong>Refor\u00e7 Prim\u00e0ria<\/strong><\/td>\n<td style=\"width: 34.544%;\">Liberato Salmer\u00f3n, Elisabet<\/td>\n<td style=\"width: 29.484%;\"><span style=\"background-color: #f9f9f9;\">Cap d&#8217;Estudis<\/span><\/td>\n<\/tr>\n<tr>\n<td style=\"width: 34.8663%;\"><strong>Refor\u00e7 Prim\u00e0ria<\/strong><\/td>\n<td style=\"width: 34.544%;\">G\u00f3mez Nevot, Mar\u00eda<\/td>\n<td style=\"width: 29.484%;\"><span style=\"background-color: #f9f9f9;\">Directora<\/span><\/td>\n<\/tr>\n<tr style=\"height: 13px;\">\n<td style=\"width: 34.8663%; height: 13px;\"><strong>Ed. Especial<\/strong><\/td>\n<td style=\"width: 34.544%; height: 13px;\">Mart\u00edn L\u00f3pez, Estela<\/td>\n<td style=\"width: 29.484%; height: 13px;\"><\/td>\n<\/tr>\n<tr style=\"height: 33px;\">\n<td style=\"width: 34.8663%; height: 33px;\"><strong>Angl\u00e8s<\/strong><\/td>\n<td style=\"width: 34.544%; height: 33px;\">Molina Cabrera, Cinta<\/td>\n<td style=\"width: 29.484%; height: 33px;\">Coord. Prim\u00e0ria i COCCOBE<\/td>\n<\/tr>\n<tr style=\"height: 19px;\">\n<td style=\"width: 34.8663%; height: 10px;\"><strong>Ed. F\u00edsica<\/strong><\/td>\n<td style=\"width: 34.544%; height: 10px;\">Arpa Castellanos, Elena<\/td>\n<td style=\"width: 29.484%; height: 10px;\"><span style=\"background-color: #f9f9f9;\">Coord. Riscos Laborals<\/span><\/td>\n<\/tr>\n<tr>\n<td style=\"width: 34.8663%;\"><strong>Ed. Musical\u00a0<\/strong><\/td>\n<td style=\"width: 34.544%;\">Navarro Leoncio, Raquel<\/td>\n<td style=\"width: 29.484%;\">Secret\u00e0ria<\/td>\n<\/tr>\n<tr style=\"height: 56px;\">\n<td style=\"width: 34.8663%; height: 56px;\"><strong>Ed. Musical\u00a0<\/strong><\/td>\n<td style=\"width: 34.544%; height: 56px;\">Rahmouni Villal\u00f3n, Sira<\/td>\n<td style=\"width: 29.484%; height: 56px;\"><\/td>\n<\/tr>\n<tr style=\"height: 23px;\">\n<td style=\"width: 34.8663%; height: 23px;\"><strong>Religi\u00f3 Cat\u00f2lica<\/strong><\/td>\n<td style=\"width: 34.544%; height: 23px;\">Gonz\u00e1lez Moreno, Camino<\/td>\n<td style=\"width: 29.484%; height: 23px;\"><\/td>\n<\/tr>\n<tr style=\"height: 32px;\">\n<td style=\"width: 34.8663%; height: 32px;\"><strong>1r ESO<\/strong><\/td>\n<td style=\"width: 34.544%; height: 32px;\">Laradji Kaddouri, Na\u00efma<\/td>\n<td style=\"width: 29.484%; height: 32px;\"><\/td>\n<\/tr>\n<tr style=\"height: 32px;\">\n<td style=\"width: 34.8663%; height: 32px;\"><strong>Secund\u00e0ria<\/strong><\/td>\n<td style=\"width: 34.544%; height: 32px;\">Fern\u00e1ndez L\u00f3pez, Omar<\/td>\n<td style=\"width: 29.484%; height: 32px;\">Coord. Pedag\u00f2gic<\/td>\n<\/tr>\n<tr style=\"height: 32px;\">\n<td style=\"width: 34.8663%; height: 32px;\"><strong>Secund\u00e0ria<\/strong><\/td>\n<td style=\"width: 34.544%; height: 32px;\">Puerto Aboy, Ana<\/td>\n<td style=\"width: 29.484%; height: 32px;\"><\/td>\n<\/tr>\n<tr style=\"height: 32px;\">\n<td style=\"width: 34.8663%; height: 32px;\"><strong>Secund\u00e0ria<\/strong><\/td>\n<td style=\"width: 34.544%; height: 32px;\">Serrano Torres, Bego\u00f1a<\/td>\n<td style=\"width: 29.484%; height: 32px;\"><\/td>\n<\/tr>\n<\/tbody>\n<\/table>\n<table style=\"height: 97px;\" border=\"1\" width=\"397\" align=\"center\">\n<tbody>\n<tr bgcolor=\"#ffffcc\">\n<td style=\"width: 389px;\" colspan=\"2\">\n<div align=\"center\"><strong>Serveis Educatius <\/strong><\/div>\n<\/td>\n<\/tr>\n<tr>\n<td style=\"width: 189px;\" width=\"175\">Psicopedagoga (EAP)<\/td>\n<td style=\"width: 200px;\" width=\"208\">Mariona Nadal<\/td>\n<\/tr>\n<tr>\n<td style=\"width: 189px;\" width=\"175\">Assessora CRP<\/td>\n<td style=\"width: 200px;\" width=\"208\">M\u00f2nica Ferrer<\/td>\n<\/tr>\n<tr>\n<td style=\"width: 189px;\" width=\"175\">Assessora ELIC<\/td>\n<td style=\"width: 200px;\" width=\"208\">M\u00f3nica Pau Prat<\/td>\n<\/tr>\n<tr>\n<td style=\"width: 189px;\" width=\"175\">Logopeda CREDA<\/td>\n<td style=\"width: 200px;\" width=\"208\">Fina L\u00f3pez<\/td>\n<\/tr>\n<tr>\n<td style=\"width: 189px;\" width=\"175\">Treballadora social<\/td>\n<td style=\"width: 200px;\" width=\"208\">Esther Rodr\u00edguez<\/td>\n<\/tr>\n<tr>\n<td style=\"width: 189px;\" width=\"175\">Promotora escolar<\/td>\n<td style=\"width: 200px;\" width=\"208\">Luisa Montero Ma\u00f1as<\/td>\n<\/tr>\n<tr>\n<td style=\"width: 189px;\" width=\"175\">T\u00e8cnica d&#8217;integraci\u00f3 Social<\/td>\n<td style=\"width: 200px;\" width=\"208\"><\/td>\n<\/tr>\n<\/tbody>\n<\/table>\n<table border=\"1\" width=\"351\" align=\"center\">\n<tbody>\n<tr bgcolor=\"#ffffcc\">\n<td colspan=\"2\">\n<div align=\"center\"><strong>Inspecci\u00f3 Educativa<\/strong><\/div>\n<\/td>\n<\/tr>\n<tr>\n<td width=\"103\">Inspectora<\/td>\n<td width=\"232\">M\u00ba Inmaculada Adell Meseguer<\/td>\n<\/tr>\n<\/tbody>\n<\/table>\n<table style=\"width: 460px;\" border=\"1\" align=\"center\">\n<tbody>\n<tr bgcolor=\"#ffffcc\">\n<td style=\"width: 451px;\" colspan=\"2\">\n<div align=\"center\"><strong>Personal d&#8217;Administraci\u00f3 i Serveis <\/strong><\/div>\n<\/td>\n<\/tr>\n<tr>\n<td style=\"width: 178px;\">Administrativa<\/td>\n<td style=\"width: 273px;\">Luis Garcia Sanz<\/td>\n<\/tr>\n<tr>\n<td style=\"width: 178px;\">Conserge<\/td>\n<td style=\"width: 273px;\">Fany L\u00f3pez Garc\u00eda<\/td>\n<\/tr>\n<\/tbody>\n<\/table>\n<table border=\"1\" width=\"289\" align=\"center\">\n<tbody>\n<tr>\n<td bgcolor=\"#ffffcc\" width=\"279\">\n<div align=\"center\"><strong>Equip de Cuina <\/strong><\/div>\n<\/td>\n<\/tr>\n<tr>\n<td>Quim Mir\u00f3 Fern\u00e1ndez<\/td>\n<\/tr>\n<tr>\n<td>Luc\u00eda Dom\u00ednguez<\/td>\n<\/tr>\n<tr>\n<td bgcolor=\"#ffffcc\">\n<div align=\"center\"><strong>Equip de Monitors <\/strong><\/div>\n<\/td>\n<\/tr>\n<tr>\n<td>\u00c0lex V\u00e1zquez (Coordinador)<\/p>\n<p>Vicente Remacho<\/p>\n<p>Marta Pedrosa<\/p>\n<p>Naiara Bosoms<\/p>\n<p>Queralt Cirera<\/p>\n<p>Judith Blasco<\/p>\n<p>Pablo Gonz\u00e1lez<\/td>\n<\/tr>\n<tr>\n<td><\/td>\n<\/tr>\n<tr>\n<td style=\"vertical-align: top;\"><\/td>\n<\/tr>\n<tr>\n<td style=\"vertical-align: top;\"><\/td>\n<\/tr>\n<tr>\n<td style=\"vertical-align: top;\"><\/td>\n<\/tr>\n<\/tbody>\n<\/table>\n<p>&nbsp;<\/p>\n<p>&nbsp;<\/p>\n<p>&nbsp;<\/p>\n<p>&nbsp;<\/p>\n<p>&nbsp;<\/p>\n<p>&nbsp;<\/p>\n","protected":false},"excerpt":{"rendered":"<p>&nbsp; Consell Escolar Presidenta Sra. Maria G\u00f3mez Nevot Cap d&#8217;Estudis Sra. Elisabet Liberato Salmer\u00f3n Coordinador Pedag\u00f2gic Omar Fern\u00e1ndez L\u00f3pez Secret\u00e0ria Sra. Raquel Navarro Leoncio Representant Ajuntament Sra. Maribel Marin Roc Representant AMPA Sra. Monica Vila Representant PAS Sra. Marta Barber\u00e1n Representants Pares Sra. Omaima El Boualiti Taourati Sra. Sandra Rosa Caba\u00f1as Sra. Tezy Sandrine Seremalet [&hellip;]<\/p>\n","protected":false},"author":1,"featured_media":0,"parent":22,"menu_order":30,"comment_status":"closed","ping_status":"closed","template":"","meta":{"_bbp_topic_count":0,"_bbp_reply_count":0,"_bbp_total_topic_count":0,"_bbp_total_reply_count":0,"_bbp_voice_count":0,"_bbp_anonymous_reply_count":0,"_bbp_topic_count_hidden":0,"_bbp_reply_count_hidden":0,"_bbp_forum_subforum_count":0,"site-sidebar-layout":"default","site-content-layout":"","ast-site-content-layout":"default","site-content-style":"default","site-sidebar-style":"default","ast-global-header-display":"","ast-banner-title-visibility":"","ast-main-header-display":"","ast-hfb-above-header-display":"","ast-hfb-below-header-display":"","ast-hfb-mobile-header-display":"","site-post-title":"","ast-breadcrumbs-content":"","ast-featured-img":"","footer-sml-layout":"","theme-transparent-header-meta":"default","adv-header-id-meta":"","stick-header-meta":"","header-above-stick-meta":"","header-main-stick-meta":"","header-below-stick-meta":"","astra-migrate-meta-layouts":"set","ast-page-background-enabled":"default","ast-page-background-meta":{"desktop":{"background-color":"var(--ast-global-color-4)","background-image":"","background-repeat":"repeat","background-position":"center center","background-size":"auto","background-attachment":"scroll","background-type":"","background-media":"","overlay-type":"","overlay-color":"","overlay-opacity":"","overlay-gradient":""},"tablet":{"background-color":"","background-image":"","background-repeat":"repeat","background-position":"center center","background-size":"auto","background-attachment":"scroll","background-type":"","background-media":"","overlay-type":"","overlay-color":"","overlay-opacity":"","overlay-gradient":""},"mobile":{"background-color":"","background-image":"","background-repeat":"repeat","background-position":"center center","background-size":"auto","background-attachment":"scroll","background-type":"","background-media":"","overlay-type":"","overlay-color":"","overlay-opacity":"","overlay-gradient":""}},"ast-content-background-meta":{"desktop":{"background-color":"var(--ast-global-color-5)","background-image":"","background-repeat":"repeat","background-position":"center center","background-size":"auto","background-attachment":"scroll","background-type":"","background-media":"","overlay-type":"","overlay-color":"","overlay-opacity":"","overlay-gradient":""},"tablet":{"background-color":"var(--ast-global-color-5)","background-image":"","background-repeat":"repeat","background-position":"center center","background-size":"auto","background-attachment":"scroll","background-type":"","background-media":"","overlay-type":"","overlay-color":"","overlay-opacity":"","overlay-gradient":""},"mobile":{"background-color":"var(--ast-global-color-5)","background-image":"","background-repeat":"repeat","background-position":"center center","background-size":"auto","background-attachment":"scroll","background-type":"","background-media":"","overlay-type":"","overlay-color":"","overlay-opacity":"","overlay-gradient":""}},"footnotes":""},"class_list":["post-28","page","type-page","status-publish","hentry"],"post_mailing_queue_ids":[],"_links":{"self":[{"href":"https:\/\/agora.xtec.cat\/ceip-enric-granados\/wp-json\/wp\/v2\/pages\/28","targetHints":{"allow":["GET"]}}],"collection":[{"href":"https:\/\/agora.xtec.cat\/ceip-enric-granados\/wp-json\/wp\/v2\/pages"}],"about":[{"href":"https:\/\/agora.xtec.cat\/ceip-enric-granados\/wp-json\/wp\/v2\/types\/page"}],"author":[{"embeddable":true,"href":"https:\/\/agora.xtec.cat\/ceip-enric-granados\/wp-json\/wp\/v2\/users\/1"}],"replies":[{"embeddable":true,"href":"https:\/\/agora.xtec.cat\/ceip-enric-granados\/wp-json\/wp\/v2\/comments?post=28"}],"version-history":[{"count":7,"href":"https:\/\/agora.xtec.cat\/ceip-enric-granados\/wp-json\/wp\/v2\/pages\/28\/revisions"}],"predecessor-version":[{"id":7390,"href":"https:\/\/agora.xtec.cat\/ceip-enric-granados\/wp-json\/wp\/v2\/pages\/28\/revisions\/7390"}],"up":[{"embeddable":true,"href":"https:\/\/agora.xtec.cat\/ceip-enric-granados\/wp-json\/wp\/v2\/pages\/22"}],"wp:attachment":[{"href":"https:\/\/agora.xtec.cat\/ceip-enric-granados\/wp-json\/wp\/v2\/media?parent=28"}],"curies":[{"name":"wp","href":"https:\/\/api.w.org\/{rel}","templated":true}]}}