{"id":30,"date":"2014-09-18T12:30:23","date_gmt":"2014-09-18T11:30:23","guid":{"rendered":"http:\/\/agora.xtec.cat\/ceip-elroser\/?page_id=30"},"modified":"2019-03-28T23:48:33","modified_gmt":"2019-03-28T22:48:33","slug":"instal%c2%b7lacions","status":"publish","type":"page","link":"https:\/\/agora.xtec.cat\/ceip-elroser\/lescola\/instal%c2%b7lacions\/","title":{"rendered":"Instal\u00b7lacions"},"content":{"rendered":"<p>Actualment, l&#8217;Escola El Roser disposa de 7 espais.<\/p>\n<p><a href=\"https:\/\/agora.xtec.cat\/ceip-elroser\/wp-content\/uploads\/usu1152\/2019\/03\/DSC08327.jpg\"><img loading=\"lazy\" decoding=\"async\" class=\"wp-image-2087 alignleft\" src=\"https:\/\/agora.xtec.cat\/ceip-elroser\/wp-content\/uploads\/usu1152\/2019\/03\/DSC08327-300x225.jpg\" alt=\"\" width=\"375\" height=\"281\" srcset=\"https:\/\/agora.xtec.cat\/ceip-elroser\/wp-content\/uploads\/usu1152\/2019\/03\/DSC08327-300x225.jpg 300w, https:\/\/agora.xtec.cat\/ceip-elroser\/wp-content\/uploads\/usu1152\/2019\/03\/DSC08327-768x576.jpg 768w, https:\/\/agora.xtec.cat\/ceip-elroser\/wp-content\/uploads\/usu1152\/2019\/03\/DSC08327-1024x768.jpg 1024w, https:\/\/agora.xtec.cat\/ceip-elroser\/wp-content\/uploads\/usu1152\/2019\/03\/DSC08327-200x150.jpg 200w\" sizes=\"auto, (max-width: 375px) 100vw, 375px\" \/><\/a><a href=\"https:\/\/agora.xtec.cat\/ceip-elroser\/wp-content\/uploads\/usu1152\/2019\/03\/DSC08340.jpg\"><img loading=\"lazy\" decoding=\"async\" class=\"alignright wp-image-2088\" src=\"https:\/\/agora.xtec.cat\/ceip-elroser\/wp-content\/uploads\/usu1152\/2019\/03\/DSC08340-300x225.jpg\" alt=\"\" width=\"375\" height=\"281\" srcset=\"https:\/\/agora.xtec.cat\/ceip-elroser\/wp-content\/uploads\/usu1152\/2019\/03\/DSC08340-300x225.jpg 300w, https:\/\/agora.xtec.cat\/ceip-elroser\/wp-content\/uploads\/usu1152\/2019\/03\/DSC08340-768x576.jpg 768w, https:\/\/agora.xtec.cat\/ceip-elroser\/wp-content\/uploads\/usu1152\/2019\/03\/DSC08340-1024x768.jpg 1024w, https:\/\/agora.xtec.cat\/ceip-elroser\/wp-content\/uploads\/usu1152\/2019\/03\/DSC08340-200x150.jpg 200w\" sizes=\"auto, (max-width: 375px) 100vw, 375px\" \/><\/a><\/p>\n<p>&nbsp;<\/p>\n<p>En una zona tenim concentrada tota l&#8217;Educaci\u00f3 Infantil, amb una aula pel primer cicle i una altra pel segon cicle.<\/p>\n<p>&nbsp;<\/p>\n<p>&nbsp;<\/p>\n<p>&nbsp;<\/p>\n<p><a href=\"https:\/\/agora.xtec.cat\/ceip-elroser\/wp-content\/uploads\/usu1152\/2019\/03\/DSC08498.jpg\"><img loading=\"lazy\" decoding=\"async\" class=\"alignleft wp-image-2090\" src=\"https:\/\/agora.xtec.cat\/ceip-elroser\/wp-content\/uploads\/usu1152\/2019\/03\/DSC08498-300x225.jpg\" alt=\"\" width=\"375\" height=\"281\" srcset=\"https:\/\/agora.xtec.cat\/ceip-elroser\/wp-content\/uploads\/usu1152\/2019\/03\/DSC08498-300x225.jpg 300w, https:\/\/agora.xtec.cat\/ceip-elroser\/wp-content\/uploads\/usu1152\/2019\/03\/DSC08498-768x576.jpg 768w, https:\/\/agora.xtec.cat\/ceip-elroser\/wp-content\/uploads\/usu1152\/2019\/03\/DSC08498-1024x768.jpg 1024w, https:\/\/agora.xtec.cat\/ceip-elroser\/wp-content\/uploads\/usu1152\/2019\/03\/DSC08498-200x150.jpg 200w\" sizes=\"auto, (max-width: 375px) 100vw, 375px\" \/><\/a>\u00a0<a href=\"https:\/\/agora.xtec.cat\/ceip-elroser\/wp-content\/uploads\/usu1152\/2019\/03\/DSC08337.jpg\"><img loading=\"lazy\" decoding=\"async\" class=\"alignright wp-image-2091\" src=\"https:\/\/agora.xtec.cat\/ceip-elroser\/wp-content\/uploads\/usu1152\/2019\/03\/DSC08337-300x225.jpg\" alt=\"\" width=\"375\" height=\"281\" srcset=\"https:\/\/agora.xtec.cat\/ceip-elroser\/wp-content\/uploads\/usu1152\/2019\/03\/DSC08337-300x225.jpg 300w, https:\/\/agora.xtec.cat\/ceip-elroser\/wp-content\/uploads\/usu1152\/2019\/03\/DSC08337-768x576.jpg 768w, https:\/\/agora.xtec.cat\/ceip-elroser\/wp-content\/uploads\/usu1152\/2019\/03\/DSC08337-1024x768.jpg 1024w, https:\/\/agora.xtec.cat\/ceip-elroser\/wp-content\/uploads\/usu1152\/2019\/03\/DSC08337-200x150.jpg 200w\" sizes=\"auto, (max-width: 375px) 100vw, 375px\" \/><\/a><\/p>\n<p>Una altra ala de l&#8217;escola, est\u00e0 integrada per l&#8217;etapa d&#8217;Educaci\u00f3 Prim\u00e0ria, amb dues aules on hi ha els diversos cicles.<\/p>\n<p>&nbsp;<\/p>\n<p>&nbsp;<\/p>\n<p>&nbsp;<\/p>\n<p>Tenim tres espais m\u00e9s: un s&#8217;utilitza de sala de mestres i d&#8217;aula d&#8217;inform\u00e0tica, en una altra aula s&#8217;hi imparteixen les \u00e0rees d&#8217;angl\u00e8s, m\u00fasica, valors o algun desdoblament i per \u00faltim, tenim el menjador.<\/p>\n\r\n\t<div class=\"slideshow_container slideshow_container_style-light\" style=\"height: 300px; \" data-slideshow-id=\"2092\" data-style-name=\"style-light\" data-style-version=\"2.3.1\" >\r\n\r\n\t\t\t\t\t<div class=\"slideshow_loading_icon\"><\/div>\r\n\t\t\r\n\t\t<div class=\"slideshow_content\" style=\"display: none;\">\r\n\r\n\t\t\t<div class=\"slideshow_view\">\r\n\t\t\t\t<div class=\"slideshow_slide slideshow_slide_image\">\r\n\t\t\t\t\t\t\t\t\t\t\t<img src=\"https:\/\/agora.xtec.cat\/ceip-elroser\/wp-content\/uploads\/usu1152\/2019\/03\/DSC08319.jpg\" alt=\"DSC08319\" width=\"2919\" height=\"2189\" \/>\r\n\t\t\t\t\t\t\t\t\t\t<div class=\"slideshow_description_box slideshow_transparent\">\r\n\t\t\t\t\t\t\t\t\t\t\t\t\t\t\t\t\t<\/div>\r\n\t\t\t\t<\/div>\r\n\r\n\t\t\t\t\t\t<div style=\"clear: both;\"><\/div><\/div><div class=\"slideshow_view\">\r\n\t\t\t\t<div class=\"slideshow_slide slideshow_slide_image\">\r\n\t\t\t\t\t\t\t\t\t\t\t<img src=\"https:\/\/agora.xtec.cat\/ceip-elroser\/wp-content\/uploads\/usu1152\/2019\/03\/DSC08325.jpg\" alt=\"DSC08325\" width=\"2919\" height=\"2189\" \/>\r\n\t\t\t\t\t\t\t\t\t\t<div class=\"slideshow_description_box slideshow_transparent\">\r\n\t\t\t\t\t\t\t\t\t\t\t\t\t\t\t\t\t<\/div>\r\n\t\t\t\t<\/div>\r\n\r\n\t\t\t\t\t\t<div style=\"clear: both;\"><\/div><\/div><div class=\"slideshow_view\">\r\n\t\t\t\t<div class=\"slideshow_slide slideshow_slide_image\">\r\n\t\t\t\t\t\t\t\t\t\t\t<img src=\"https:\/\/agora.xtec.cat\/ceip-elroser\/wp-content\/uploads\/usu1152\/2019\/03\/DSC08334.jpg\" alt=\"DSC08334\" width=\"2919\" height=\"2189\" \/>\r\n\t\t\t\t\t\t\t\t\t\t<div class=\"slideshow_description_box slideshow_transparent\">\r\n\t\t\t\t\t\t\t\t\t\t\t\t\t\t\t\t\t<\/div>\r\n\t\t\t\t<\/div>\r\n\r\n\t\t\t\t\t\t<div style=\"clear: both;\"><\/div><\/div>\r\n\t\t<\/div>\r\n\r\n\t\t<div class=\"slideshow_controlPanel slideshow_transparent\" style=\"display: none;\"><ul><li class=\"slideshow_togglePlay\" data-play-text=\"Visualitza\" data-pause-text=\"Pausa\"><\/li><\/ul><\/div>\r\n\r\n\t\t<div class=\"slideshow_button slideshow_previous slideshow_transparent\" role=\"button\" data-previous-text=\"Anterior\" style=\"display: none;\"><\/div>\r\n\t\t<div class=\"slideshow_button slideshow_next slideshow_transparent\" role=\"button\" data-next-text=\"Seg\u00fcent\" style=\"display: none;\"><\/div>\r\n\r\n\t\t<div class=\"slideshow_pagination\" style=\"display: none;\" data-go-to-text=\"V\u00e9s a la diapositiva\"><div class=\"slideshow_pagination_center\"><\/div><\/div>\r\n\r\n\t\t<!-- WordPress Slideshow Version 2.3.1 -->\r\n\r\n\t\t\t<\/div>\r\n\r\n\n<p>&nbsp;<\/p>\n<p>Tamb\u00e9 comptem amb una zona exterior, concretament dos patis, un per Educaci\u00f3 Infantil i un altre per Prim\u00e0ria.<\/p>\n\r\n\t<div class=\"slideshow_container slideshow_container_style-light\" style=\"height: 300px; \" data-slideshow-id=\"2096\" data-style-name=\"style-light\" data-style-version=\"2.3.1\" >\r\n\r\n\t\t\t\t\t<div class=\"slideshow_loading_icon\"><\/div>\r\n\t\t\r\n\t\t<div class=\"slideshow_content\" style=\"display: none;\">\r\n\r\n\t\t\t<div class=\"slideshow_view\">\r\n\t\t\t\t<div class=\"slideshow_slide slideshow_slide_image\">\r\n\t\t\t\t\t\t\t\t\t\t\t<img src=\"https:\/\/agora.xtec.cat\/ceip-elroser\/wp-content\/uploads\/usu1152\/2019\/03\/DSC08501.jpg\" alt=\"DSC08501\" width=\"2736\" height=\"2052\" \/>\r\n\t\t\t\t\t\t\t\t\t\t<div class=\"slideshow_description_box slideshow_transparent\">\r\n\t\t\t\t\t\t\t\t\t\t\t\t\t\t\t\t\t<\/div>\r\n\t\t\t\t<\/div>\r\n\r\n\t\t\t\t\t\t<div style=\"clear: both;\"><\/div><\/div><div class=\"slideshow_view\">\r\n\t\t\t\t<div class=\"slideshow_slide slideshow_slide_image\">\r\n\t\t\t\t\t\t\t\t\t\t\t<img src=\"https:\/\/agora.xtec.cat\/ceip-elroser\/wp-content\/uploads\/usu1152\/2019\/03\/DSC08333.jpg\" alt=\"DSC08333\" width=\"2189\" height=\"1642\" \/>\r\n\t\t\t\t\t\t\t\t\t\t<div class=\"slideshow_description_box slideshow_transparent\">\r\n\t\t\t\t\t\t\t\t\t\t\t\t\t\t\t\t\t<\/div>\r\n\t\t\t\t<\/div>\r\n\r\n\t\t\t\t\t\t<div style=\"clear: both;\"><\/div><\/div><div class=\"slideshow_view\">\r\n\t\t\t\t<div class=\"slideshow_slide slideshow_slide_image\">\r\n\t\t\t\t\t\t\t\t\t\t\t<img src=\"https:\/\/agora.xtec.cat\/ceip-elroser\/wp-content\/uploads\/usu1152\/2019\/03\/DSC08330.jpg\" alt=\"DSC08330\" width=\"2919\" height=\"2189\" \/>\r\n\t\t\t\t\t\t\t\t\t\t<div class=\"slideshow_description_box slideshow_transparent\">\r\n\t\t\t\t\t\t\t\t\t\t\t\t\t\t\t\t\t<\/div>\r\n\t\t\t\t<\/div>\r\n\r\n\t\t\t\t\t\t<div style=\"clear: both;\"><\/div><\/div>\r\n\t\t<\/div>\r\n\r\n\t\t<div class=\"slideshow_controlPanel slideshow_transparent\" style=\"display: none;\"><ul><li class=\"slideshow_togglePlay\" data-play-text=\"Visualitza\" data-pause-text=\"Pausa\"><\/li><\/ul><\/div>\r\n\r\n\t\t<div class=\"slideshow_button slideshow_previous slideshow_transparent\" role=\"button\" data-previous-text=\"Anterior\" style=\"display: none;\"><\/div>\r\n\t\t<div class=\"slideshow_button slideshow_next slideshow_transparent\" role=\"button\" data-next-text=\"Seg\u00fcent\" style=\"display: none;\"><\/div>\r\n\r\n\t\t<div class=\"slideshow_pagination\" style=\"display: none;\" data-go-to-text=\"V\u00e9s a la diapositiva\"><div class=\"slideshow_pagination_center\"><\/div><\/div>\r\n\r\n\t\t<!-- WordPress Slideshow Version 2.3.1 -->\r\n\r\n\t\t\t<\/div>\r\n\r\n\n","protected":false},"excerpt":{"rendered":"<p>Actualment, l&#8217;Escola El Roser disposa de 7 espais.<br \/>\n<a href=\"https:\/\/agora.xtec.cat\/ceip-elroser\/wp-content\/uploads\/usu1152\/2019\/03\/DSC08327.jpg\"><\/a><a href=\"https:\/\/agora.xtec.cat\/ceip-elroser\/wp-content\/uploads\/usu1152\/2019\/03\/DSC08340.jpg\"><\/a><br \/>\n&nbsp;<br \/>\nEn una zona tenim concentrada tota l&#8217;Educaci\u00f3 Infantil, amb una aula pel primer cicle i una altra pel segon cicle.<br \/>\n&nbsp;<br \/>\n&nbsp;<br \/>\n&nbsp;<br \/>\n<a href=\"https:\/\/agora.xtec.cat\/ceip-elroser\/wp-content\/uploads\/usu1152\/2019\/03\/DSC08498.jpg\"><\/a>\u00a0<a href=\"https:\/\/agora.xtec.cat\/ceip-elroser\/wp-content\/uploads\/usu1152\/2019\/03\/DSC08337.jpg\"><\/a><br \/>\nUna altra ala de l&#8217;escola, est\u00e0 integrada per l&#8217;etapa d&#8217;Educaci\u00f3 Prim\u00e0ria, amb dues aules on&hellip;  <a href=\"https:\/\/agora.xtec.cat\/ceip-elroser\/lescola\/instal%c2%b7lacions\/\" title=\"Read Instal\u00b7lacions\">Llegeix m\u00e9s\u00bb<\/a><\/p>\n","protected":false},"author":1,"featured_media":0,"parent":22,"menu_order":60,"comment_status":"closed","ping_status":"closed","template":"page-templates\/side-menu.php","meta":{"_bbp_topic_count":0,"_bbp_reply_count":0,"_bbp_total_topic_count":0,"_bbp_total_reply_count":0,"_bbp_voice_count":0,"_bbp_anonymous_reply_count":0,"_bbp_topic_count_hidden":0,"_bbp_reply_count_hidden":0,"_bbp_forum_subforum_count":0,"footnotes":""},"class_list":["post-30","page","type-page","status-publish","hentry"],"post_mailing_queue_ids":[],"_links":{"self":[{"href":"https:\/\/agora.xtec.cat\/ceip-elroser\/wp-json\/wp\/v2\/pages\/30","targetHints":{"allow":["GET"]}}],"collection":[{"href":"https:\/\/agora.xtec.cat\/ceip-elroser\/wp-json\/wp\/v2\/pages"}],"about":[{"href":"https:\/\/agora.xtec.cat\/ceip-elroser\/wp-json\/wp\/v2\/types\/page"}],"author":[{"embeddable":true,"href":"https:\/\/agora.xtec.cat\/ceip-elroser\/wp-json\/wp\/v2\/users\/1"}],"replies":[{"embeddable":true,"href":"https:\/\/agora.xtec.cat\/ceip-elroser\/wp-json\/wp\/v2\/comments?post=30"}],"version-history":[{"count":4,"href":"https:\/\/agora.xtec.cat\/ceip-elroser\/wp-json\/wp\/v2\/pages\/30\/revisions"}],"predecessor-version":[{"id":2111,"href":"https:\/\/agora.xtec.cat\/ceip-elroser\/wp-json\/wp\/v2\/pages\/30\/revisions\/2111"}],"up":[{"embeddable":true,"href":"https:\/\/agora.xtec.cat\/ceip-elroser\/wp-json\/wp\/v2\/pages\/22"}],"wp:attachment":[{"href":"https:\/\/agora.xtec.cat\/ceip-elroser\/wp-json\/wp\/v2\/media?parent=30"}],"curies":[{"name":"wp","href":"https:\/\/api.w.org\/{rel}","templated":true}]}}