{"id":1729,"date":"2017-10-18T19:36:16","date_gmt":"2017-10-18T17:36:16","guid":{"rendered":"http:\/\/agora.xtec.cat\/ceip-elroser\/?page_id=1729"},"modified":"2021-03-26T15:55:23","modified_gmt":"2021-03-26T14:55:23","slug":"qui-som","status":"publish","type":"page","link":"https:\/\/agora.xtec.cat\/ceip-elroser\/lescola\/qui-som\/","title":{"rendered":"Qui som"},"content":{"rendered":"<p>L&#8217;<strong>Escola el Roser<\/strong>, el curs 2020\/2021, t\u00e9 una matr\u00edcula de 51 alumnes distribu\u00efts en quatre aules. A m\u00e9s, continuem amb la incorporaci\u00f3 del primer cicle d&#8217;Educaci\u00f3 Infantil.<\/p>\n<p>Compartim amb les escoles que formem part de la ZER\u00a0Plaurc\u00e9n els especialistes de: Ed. Musical, Ed. F\u00edsica, Ed. Especial, Ll. Anglesa i Religi\u00f3.<\/p>\n<h6><span id=\"Dies_festius_de_lliure_disposicio\" style=\"color: #ff0000;\"><strong>Equip directiu:<\/strong><\/span><\/h6>\n<table style=\"width: 389px;\">\n<tbody>\n<tr>\n<td style=\"width: 177px;\">Directora<\/td>\n<td style=\"width: 204px;\">Montse Domenj\u00f3<\/td>\n<\/tr>\n<tr>\n<td style=\"width: 177px;\">Secret\u00e0ria<\/td>\n<td style=\"width: 204px;\">Merc\u00e8 Vilagrasa<\/td>\n<\/tr>\n<\/tbody>\n<\/table>\n<h6><span id=\"Inici_de_curs\" style=\"color: #ff0000;\"><strong>Mestres\u00a0de l&#8217;Escola El Roser:<\/strong><\/span><\/h6>\n<table style=\"width: 385px;\">\n<tbody>\n<tr>\n<td style=\"width: 207px;\">Ed. Infantil &#8211;\u00a0Primer cicle<\/td>\n<td style=\"width: 170px;\">N\u00faria Not<\/td>\n<\/tr>\n<tr>\n<td style=\"width: 207px;\">Ed. Infantil &#8211;\u00a0Segon cicle<\/td>\n<td style=\"width: 170px;\">Montse Domenj\u00f3<\/td>\n<\/tr>\n<tr>\n<td style=\"width: 207px;\">Ed. Prim\u00e0ria &#8211; Cicle Inicial<\/td>\n<td style=\"width: 170px;\">Merc\u00e8 Vilagrasa<\/td>\n<\/tr>\n<tr>\n<td style=\"width: 207px;\">Ed. Prim\u00e0ria &#8211; Cicle Mitj\u00e0<\/td>\n<td style=\"width: 170px;\">N\u00faria Salvia<\/td>\n<\/tr>\n<tr>\n<td style=\"width: 207px;\">Ed. Prim\u00e0ria &#8211; Cicle Superior<\/td>\n<td style=\"width: 170px;\">Judit Bold\u00fa<\/td>\n<\/tr>\n<tr>\n<td style=\"width: 207px;\">Ed. Infantil<\/td>\n<td style=\"width: 170px;\">Mireia Sol\u00e9<\/td>\n<\/tr>\n<tr>\n<td style=\"width: 207px;\">Llengua Anglesa<\/td>\n<td style=\"width: 170px;\">N\u00faria Feliu<\/td>\n<\/tr>\n<\/tbody>\n<\/table>\n<h6><span id=\"Vacances\" style=\"color: #ff0000;\"><strong>Especialistes itinerants<\/strong><\/span><\/h6>\n<table style=\"width: 357px; height: 178px;\">\n<tbody>\n<tr>\n<td style=\"width: 180px;\">Educaci\u00f3 F\u00edsica<\/td>\n<td style=\"width: 169px;\">Eduard March<\/td>\n<\/tr>\n<tr>\n<td style=\"width: 180px;\">Educaci\u00f3 Musical<\/td>\n<td style=\"width: 169px;\">N\u00faria Sol\u00e9<\/td>\n<\/tr>\n<tr>\n<td style=\"width: 180px;\">Educaci\u00f3 Especial<\/td>\n<td style=\"width: 169px;\">Pilar Isern<\/td>\n<\/tr>\n<tr>\n<td style=\"width: 180px;\">Llengua Anglesa<\/td>\n<td style=\"width: 169px;\">Judit Bold\u00fa<\/td>\n<\/tr>\n<tr>\n<td style=\"width: 180px;\">Religi\u00f3<\/td>\n<td style=\"width: 169px;\">Montse Clua<\/td>\n<\/tr>\n<\/tbody>\n<\/table>\n<h6><\/h6>\n<h6><span id=\"Dies_festius_de_lliure_disposicio\" style=\"color: #008000;\"><strong>Equip directiu de ZER:<\/strong><\/span><\/h6>\n<table style=\"width: 350px;\">\n<tbody>\n<tr>\n<td style=\"width: 158px;\">Directora<\/td>\n<td style=\"width: 184px;\">N\u00faria Salvia<\/td>\n<\/tr>\n<tr>\n<td style=\"width: 158px;\">Cap d&#8217;Estudis<\/td>\n<td style=\"width: 184px;\">Montse Domenj\u00f3<\/td>\n<\/tr>\n<tr>\n<td style=\"width: 158px;\">Secret\u00e0ria<\/td>\n<td style=\"width: 184px;\">Assumpci\u00f3 Jov\u00e9<\/td>\n<\/tr>\n<\/tbody>\n<\/table>\n","protected":false},"excerpt":{"rendered":"<p>L&#8217;Escola el Roser, el curs 2020\/2021, t\u00e9 una matr\u00edcula de 51 alumnes distribu\u00efts en quatre aules. A m\u00e9s, continuem amb la incorporaci\u00f3 del primer cicle d&#8217;Educaci\u00f3 Infantil.<br \/>\nCompartim amb les escoles que formem part de la ZER\u00a0Plaurc\u00e9n els especialistes de: Ed. Musical, Ed. F\u00edsica, Ed. Especial,&hellip;  <a href=\"https:\/\/agora.xtec.cat\/ceip-elroser\/lescola\/qui-som\/\" title=\"Read Qui som\">Llegeix m\u00e9s\u00bb<\/a><\/p>\n","protected":false},"author":1,"featured_media":0,"parent":22,"menu_order":20,"comment_status":"closed","ping_status":"closed","template":"page-templates\/side-menu.php","meta":{"_bbp_topic_count":0,"_bbp_reply_count":0,"_bbp_total_topic_count":0,"_bbp_total_reply_count":0,"_bbp_voice_count":0,"_bbp_anonymous_reply_count":0,"_bbp_topic_count_hidden":0,"_bbp_reply_count_hidden":0,"_bbp_forum_subforum_count":0,"footnotes":""},"class_list":["post-1729","page","type-page","status-publish","hentry"],"post_mailing_queue_ids":[],"_links":{"self":[{"href":"https:\/\/agora.xtec.cat\/ceip-elroser\/wp-json\/wp\/v2\/pages\/1729","targetHints":{"allow":["GET"]}}],"collection":[{"href":"https:\/\/agora.xtec.cat\/ceip-elroser\/wp-json\/wp\/v2\/pages"}],"about":[{"href":"https:\/\/agora.xtec.cat\/ceip-elroser\/wp-json\/wp\/v2\/types\/page"}],"author":[{"embeddable":true,"href":"https:\/\/agora.xtec.cat\/ceip-elroser\/wp-json\/wp\/v2\/users\/1"}],"replies":[{"embeddable":true,"href":"https:\/\/agora.xtec.cat\/ceip-elroser\/wp-json\/wp\/v2\/comments?post=1729"}],"version-history":[{"count":3,"href":"https:\/\/agora.xtec.cat\/ceip-elroser\/wp-json\/wp\/v2\/pages\/1729\/revisions"}],"predecessor-version":[{"id":2725,"href":"https:\/\/agora.xtec.cat\/ceip-elroser\/wp-json\/wp\/v2\/pages\/1729\/revisions\/2725"}],"up":[{"embeddable":true,"href":"https:\/\/agora.xtec.cat\/ceip-elroser\/wp-json\/wp\/v2\/pages\/22"}],"wp:attachment":[{"href":"https:\/\/agora.xtec.cat\/ceip-elroser\/wp-json\/wp\/v2\/media?parent=1729"}],"curies":[{"name":"wp","href":"https:\/\/api.w.org\/{rel}","templated":true}]}}