{"id":4654,"date":"2026-03-12T10:31:26","date_gmt":"2026-03-12T09:31:26","guid":{"rendered":"https:\/\/agora.xtec.cat\/ceip-drseres-alpicat\/?page_id=4654"},"modified":"2026-03-29T22:14:07","modified_gmt":"2026-03-29T20:14:07","slug":"collaboracio-amb-lafanoc","status":"publish","type":"page","link":"https:\/\/agora.xtec.cat\/ceip-drseres-alpicat\/collaboracio-amb-lafanoc\/","title":{"rendered":"Col\u00b7laboraci\u00f3 amb l&#8217;AFANOC"},"content":{"rendered":"<p><span style=\"color: #ff0000;\"> \u2665<\/span> Cada curs escolar col\u00b7laborem amb l&#8217;Associaci\u00f3 AFANOC c\u00e0ncer amb nens i joves fent l\u2019activitat que ens proposen. El <strong>curs 2025\/26<\/strong> hem fet \u201cLes mans del m\u00f3n\u201d. Les mans del m\u00f3n s\u2019uneixen per fer xarxa, per cuidar, per acompanyar i tot i que cada m\u00e0 \u00e9s \u00fanica, com cada cultura, com cada hist\u00f2ria, quan es troben, poden fer coses meravelloses. Acompanyar vol dir ser-hi, escoltar, compartir, caminar junts. \u00c9s un acte d\u2019amor, senzill per\u00f2 poder\u00f3s. \u00c9s per aix\u00f2 que durant el mes de gener els nens i nenes de l&#8217;escola han fet volar la imaginaci\u00f3 i han creat el seu propi Xukli amb les seves mans.<a href=\"https:\/\/agora.xtec.cat\/ceip-drseres-alpicat\/wp-content\/uploads\/usu1665\/2026\/03\/Xucli.jpg\"><img loading=\"lazy\" decoding=\"async\" class=\"aligncenter wp-image-4664 size-medium\" src=\"https:\/\/agora.xtec.cat\/ceip-drseres-alpicat\/wp-content\/uploads\/usu1665\/2026\/03\/Xucli-291x300.jpg\" alt=\"\" width=\"291\" height=\"300\" srcset=\"https:\/\/agora.xtec.cat\/ceip-drseres-alpicat\/wp-content\/uploads\/usu1665\/2026\/03\/Xucli-291x300.jpg 291w, https:\/\/agora.xtec.cat\/ceip-drseres-alpicat\/wp-content\/uploads\/usu1665\/2026\/03\/Xucli.jpg 386w\" sizes=\"auto, (max-width: 291px) 100vw, 291px\" \/><\/a><\/p>\n<div>El curs 2020\/21 una alumna de 2n A va ser la guanyadora de l&#8217;activitat &#8220;La Gorra antifa\u00e7 m\u00e0gica&#8221;, activitat emmarcada en la festa del Posa&#8217;t la gorra 2020.<\/div>\n<div><\/div>\n<div>El dimecres 20 de gener vam fer un petit Acte de reconeixement amb el grup classe i la Rosa Maria Cano, membre de l&#8217;\u00e0rea del voluntariat de l&#8217;AFANOC. En aquest ens van entrega de gorres de l&#8217;edici\u00f3 Posa&#8217;t la gorra d&#8217;enguany per l&#8217;escola i per l&#8217;infant.<\/div>\n<div><\/div>\n<div>Moltes felicitats per la Cl\u00e0udia i gr\u00e0cies a l&#8217;AFANOC!<\/div>\n<div><\/div>\n<div><a href=\"https:\/\/agora.xtec.cat\/ceip-drseres-alpicat\/wp-content\/uploads\/usu1665\/2026\/03\/Gorra-Antifac-guanyadora.jpeg\"><img loading=\"lazy\" decoding=\"async\" class=\"aligncenter wp-image-4686 size-medium\" src=\"https:\/\/agora.xtec.cat\/ceip-drseres-alpicat\/wp-content\/uploads\/usu1665\/2026\/03\/Gorra-Antifac-guanyadora-300x225.jpeg\" alt=\"\" width=\"300\" height=\"225\" srcset=\"https:\/\/agora.xtec.cat\/ceip-drseres-alpicat\/wp-content\/uploads\/usu1665\/2026\/03\/Gorra-Antifac-guanyadora-300x225.jpeg 300w, https:\/\/agora.xtec.cat\/ceip-drseres-alpicat\/wp-content\/uploads\/usu1665\/2026\/03\/Gorra-Antifac-guanyadora-1024x768.jpeg 1024w, https:\/\/agora.xtec.cat\/ceip-drseres-alpicat\/wp-content\/uploads\/usu1665\/2026\/03\/Gorra-Antifac-guanyadora-768x576.jpeg 768w, https:\/\/agora.xtec.cat\/ceip-drseres-alpicat\/wp-content\/uploads\/usu1665\/2026\/03\/Gorra-Antifac-guanyadora-1536x1152.jpeg 1536w, https:\/\/agora.xtec.cat\/ceip-drseres-alpicat\/wp-content\/uploads\/usu1665\/2026\/03\/Gorra-Antifac-guanyadora-200x150.jpeg 200w, https:\/\/agora.xtec.cat\/ceip-drseres-alpicat\/wp-content\/uploads\/usu1665\/2026\/03\/Gorra-Antifac-guanyadora.jpeg 1984w\" sizes=\"auto, (max-width: 300px) 100vw, 300px\" \/><\/a><\/div>\n<div><\/div>\n<p>&nbsp;<\/p>\n<p><span style=\"color: #ff0000;\">\u2665<\/span> Cada any tamb\u00e9 fem un berenar solidari per a col\u00b7laborar amb l&#8217;associaci\u00f3, conjuntament amb l&#8217;AFA de l&#8217;escola i Oldimar. El <strong>curs 2025-26<\/strong> ha tornar a ser un \u00e8xit gr\u00e0cies a tots i totes!<a href=\"https:\/\/agora.xtec.cat\/ceip-drseres-alpicat\/wp-content\/uploads\/usu1665\/2026\/03\/Cartell-berenar-AFANOC.jpg\"><img loading=\"lazy\" decoding=\"async\" class=\"aligncenter wp-image-4665 size-medium\" src=\"https:\/\/agora.xtec.cat\/ceip-drseres-alpicat\/wp-content\/uploads\/usu1665\/2026\/03\/Cartell-berenar-AFANOC-300x225.jpg\" alt=\"\" width=\"300\" height=\"225\" srcset=\"https:\/\/agora.xtec.cat\/ceip-drseres-alpicat\/wp-content\/uploads\/usu1665\/2026\/03\/Cartell-berenar-AFANOC-300x225.jpg 300w, https:\/\/agora.xtec.cat\/ceip-drseres-alpicat\/wp-content\/uploads\/usu1665\/2026\/03\/Cartell-berenar-AFANOC-1024x768.jpg 1024w, https:\/\/agora.xtec.cat\/ceip-drseres-alpicat\/wp-content\/uploads\/usu1665\/2026\/03\/Cartell-berenar-AFANOC-768x576.jpg 768w, https:\/\/agora.xtec.cat\/ceip-drseres-alpicat\/wp-content\/uploads\/usu1665\/2026\/03\/Cartell-berenar-AFANOC-1536x1152.jpg 1536w, https:\/\/agora.xtec.cat\/ceip-drseres-alpicat\/wp-content\/uploads\/usu1665\/2026\/03\/Cartell-berenar-AFANOC-2048x1536.jpg 2048w, https:\/\/agora.xtec.cat\/ceip-drseres-alpicat\/wp-content\/uploads\/usu1665\/2026\/03\/Cartell-berenar-AFANOC-200x150.jpg 200w\" sizes=\"auto, (max-width: 300px) 100vw, 300px\" \/><\/a><\/p>\n<p>Donatiu del curs 2025\/26:<\/p>\n<p><a href=\"https:\/\/agora.xtec.cat\/ceip-drseres-alpicat\/wp-content\/uploads\/usu1665\/2026\/03\/IMG_4230-2-scaled.jpg\"><img loading=\"lazy\" decoding=\"async\" class=\"aligncenter wp-image-4689 size-large\" src=\"https:\/\/agora.xtec.cat\/ceip-drseres-alpicat\/wp-content\/uploads\/usu1665\/2026\/03\/IMG_4230-2-1024x768.jpg\" alt=\"\" width=\"1024\" height=\"768\" srcset=\"https:\/\/agora.xtec.cat\/ceip-drseres-alpicat\/wp-content\/uploads\/usu1665\/2026\/03\/IMG_4230-2-1024x768.jpg 1024w, https:\/\/agora.xtec.cat\/ceip-drseres-alpicat\/wp-content\/uploads\/usu1665\/2026\/03\/IMG_4230-2-300x225.jpg 300w, https:\/\/agora.xtec.cat\/ceip-drseres-alpicat\/wp-content\/uploads\/usu1665\/2026\/03\/IMG_4230-2-768x576.jpg 768w, https:\/\/agora.xtec.cat\/ceip-drseres-alpicat\/wp-content\/uploads\/usu1665\/2026\/03\/IMG_4230-2-1536x1152.jpg 1536w, https:\/\/agora.xtec.cat\/ceip-drseres-alpicat\/wp-content\/uploads\/usu1665\/2026\/03\/IMG_4230-2-2048x1536.jpg 2048w, https:\/\/agora.xtec.cat\/ceip-drseres-alpicat\/wp-content\/uploads\/usu1665\/2026\/03\/IMG_4230-2-200x150.jpg 200w\" sizes=\"auto, (max-width: 1024px) 100vw, 1024px\" \/><\/a><\/p>\n<p>Donatiu del curs 2024\/25:<\/p>\n<p><a href=\"https:\/\/agora.xtec.cat\/ceip-drseres-alpicat\/wp-content\/uploads\/usu1665\/2026\/03\/afanoc1-rotated-1.jpg\"><img loading=\"lazy\" decoding=\"async\" class=\"aligncenter wp-image-4687 size-medium\" src=\"https:\/\/agora.xtec.cat\/ceip-drseres-alpicat\/wp-content\/uploads\/usu1665\/2026\/03\/afanoc1-rotated-1-225x300.jpg\" alt=\"\" width=\"225\" height=\"300\" srcset=\"https:\/\/agora.xtec.cat\/ceip-drseres-alpicat\/wp-content\/uploads\/usu1665\/2026\/03\/afanoc1-rotated-1-225x300.jpg 225w, https:\/\/agora.xtec.cat\/ceip-drseres-alpicat\/wp-content\/uploads\/usu1665\/2026\/03\/afanoc1-rotated-1.jpg 759w\" sizes=\"auto, (max-width: 225px) 100vw, 225px\" \/><\/a><\/p>\n<p>Donatiu del curs 2023\/24:<\/p>\n<p><a href=\"https:\/\/agora.xtec.cat\/ceip-drseres-alpicat\/wp-content\/uploads\/usu1665\/2026\/03\/79a7ff19-ea0a-4121-b61b-8e39b5eda667-1.jpg\"><img loading=\"lazy\" decoding=\"async\" class=\"aligncenter wp-image-4688 size-medium\" src=\"https:\/\/agora.xtec.cat\/ceip-drseres-alpicat\/wp-content\/uploads\/usu1665\/2026\/03\/79a7ff19-ea0a-4121-b61b-8e39b5eda667-1-225x300.jpg\" alt=\"\" width=\"225\" height=\"300\" srcset=\"https:\/\/agora.xtec.cat\/ceip-drseres-alpicat\/wp-content\/uploads\/usu1665\/2026\/03\/79a7ff19-ea0a-4121-b61b-8e39b5eda667-1-225x300.jpg 225w, https:\/\/agora.xtec.cat\/ceip-drseres-alpicat\/wp-content\/uploads\/usu1665\/2026\/03\/79a7ff19-ea0a-4121-b61b-8e39b5eda667-1-768x1024.jpg 768w, https:\/\/agora.xtec.cat\/ceip-drseres-alpicat\/wp-content\/uploads\/usu1665\/2026\/03\/79a7ff19-ea0a-4121-b61b-8e39b5eda667-1-1152x1536.jpg 1152w, https:\/\/agora.xtec.cat\/ceip-drseres-alpicat\/wp-content\/uploads\/usu1665\/2026\/03\/79a7ff19-ea0a-4121-b61b-8e39b5eda667-1.jpg 1536w\" sizes=\"auto, (max-width: 225px) 100vw, 225px\" \/><\/a><\/p>\n<p><span style=\"color: #ff0000;\">\u2665<\/span> El <strong>15 de mar\u00e7 de 2026<\/strong> es celebra la festa de Posa&#8217;t la gorra a la Seu Vella. Amb la gorra com a s\u00edmbol, a la festa del Posa\u2019t la Gorra celebrem la vida, l\u2019amistat i la diversitat:<\/p>\n<p><a href=\"https:\/\/agora.xtec.cat\/ceip-drseres-alpicat\/wp-content\/uploads\/usu1665\/2026\/03\/Mailchimp2_Lleida-2026-2048x536-1.jpg\"><img loading=\"lazy\" decoding=\"async\" class=\"aligncenter size-large wp-image-4666\" src=\"https:\/\/agora.xtec.cat\/ceip-drseres-alpicat\/wp-content\/uploads\/usu1665\/2026\/03\/Mailchimp2_Lleida-2026-2048x536-1-1024x268.jpg\" alt=\"\" width=\"1024\" height=\"268\" srcset=\"https:\/\/agora.xtec.cat\/ceip-drseres-alpicat\/wp-content\/uploads\/usu1665\/2026\/03\/Mailchimp2_Lleida-2026-2048x536-1-1024x268.jpg 1024w, https:\/\/agora.xtec.cat\/ceip-drseres-alpicat\/wp-content\/uploads\/usu1665\/2026\/03\/Mailchimp2_Lleida-2026-2048x536-1-300x79.jpg 300w, https:\/\/agora.xtec.cat\/ceip-drseres-alpicat\/wp-content\/uploads\/usu1665\/2026\/03\/Mailchimp2_Lleida-2026-2048x536-1-768x201.jpg 768w, https:\/\/agora.xtec.cat\/ceip-drseres-alpicat\/wp-content\/uploads\/usu1665\/2026\/03\/Mailchimp2_Lleida-2026-2048x536-1-1536x402.jpg 1536w, https:\/\/agora.xtec.cat\/ceip-drseres-alpicat\/wp-content\/uploads\/usu1665\/2026\/03\/Mailchimp2_Lleida-2026-2048x536-1.jpg 2048w\" sizes=\"auto, (max-width: 1024px) 100vw, 1024px\" \/><\/a><\/p>\n<p><span style=\"color: #000000;\">Enguany es vol valorar la riquesa de les cultures i el poder de les mans que s\u2019agafen i no deixen ning\u00fa enrere. Perqu\u00e8 junts i juntes, som m\u00e9s forts. I acompanyar \u00e9s estimar.<\/span><\/p>\n<p><a href=\"https:\/\/agora.xtec.cat\/ceip-drseres-alpicat\/wp-content\/uploads\/usu1665\/2026\/03\/2.-Poster-de-cancer-Infantil-scaled.jpg\"><img loading=\"lazy\" decoding=\"async\" class=\"aligncenter size-large wp-image-4667\" src=\"https:\/\/agora.xtec.cat\/ceip-drseres-alpicat\/wp-content\/uploads\/usu1665\/2026\/03\/2.-Poster-de-cancer-Infantil-727x1024.jpg\" alt=\"\" width=\"727\" height=\"1024\" srcset=\"https:\/\/agora.xtec.cat\/ceip-drseres-alpicat\/wp-content\/uploads\/usu1665\/2026\/03\/2.-Poster-de-cancer-Infantil-727x1024.jpg 727w, https:\/\/agora.xtec.cat\/ceip-drseres-alpicat\/wp-content\/uploads\/usu1665\/2026\/03\/2.-Poster-de-cancer-Infantil-213x300.jpg 213w, https:\/\/agora.xtec.cat\/ceip-drseres-alpicat\/wp-content\/uploads\/usu1665\/2026\/03\/2.-Poster-de-cancer-Infantil-768x1081.jpg 768w, https:\/\/agora.xtec.cat\/ceip-drseres-alpicat\/wp-content\/uploads\/usu1665\/2026\/03\/2.-Poster-de-cancer-Infantil-1091x1536.jpg 1091w, https:\/\/agora.xtec.cat\/ceip-drseres-alpicat\/wp-content\/uploads\/usu1665\/2026\/03\/2.-Poster-de-cancer-Infantil-1455x2048.jpg 1455w, https:\/\/agora.xtec.cat\/ceip-drseres-alpicat\/wp-content\/uploads\/usu1665\/2026\/03\/2.-Poster-de-cancer-Infantil-scaled.jpg 1818w\" sizes=\"auto, (max-width: 727px) 100vw, 727px\" \/><\/a><\/p>\n<p>Podeu trobar m\u00e9s informaci\u00f3 de l&#8217;associaci\u00f3 AFANOC <a href=\"https:\/\/afanoc.org\/blog\/e\/posat-la-gorra-al-turo-de-la-seu-vella-de-lleida\/\">aqu\u00ed<\/a>.<\/p>\n","protected":false},"excerpt":{"rendered":"<p> \u2665 Cada curs escolar col\u00b7laborem amb l&#8217;Associaci\u00f3 AFANOC c\u00e0ncer amb nens i joves fent l\u2019activitat que ens proposen. El curs 2025\/26 hem fet \u201cLes mans del m\u00f3n\u201d. Les mans del m\u00f3n s\u2019uneixen per fer xarxa, per cuidar, per acompanyar i tot i que cada&hellip;  <a href=\"https:\/\/agora.xtec.cat\/ceip-drseres-alpicat\/collaboracio-amb-lafanoc\/\" title=\"Read Col\u00b7laboraci\u00f3 amb l&#8217;AFANOC\">Llegeix m\u00e9s\u00bb<\/a><\/p>\n","protected":false},"author":1,"featured_media":0,"parent":0,"menu_order":0,"comment_status":"closed","ping_status":"closed","template":"","meta":{"_bbp_topic_count":0,"_bbp_reply_count":0,"_bbp_total_topic_count":0,"_bbp_total_reply_count":0,"_bbp_voice_count":0,"_bbp_anonymous_reply_count":0,"_bbp_topic_count_hidden":0,"_bbp_reply_count_hidden":0,"_bbp_forum_subforum_count":0,"footnotes":""},"class_list":["post-4654","page","type-page","status-publish","hentry"],"post_mailing_queue_ids":[],"_links":{"self":[{"href":"https:\/\/agora.xtec.cat\/ceip-drseres-alpicat\/wp-json\/wp\/v2\/pages\/4654","targetHints":{"allow":["GET"]}}],"collection":[{"href":"https:\/\/agora.xtec.cat\/ceip-drseres-alpicat\/wp-json\/wp\/v2\/pages"}],"about":[{"href":"https:\/\/agora.xtec.cat\/ceip-drseres-alpicat\/wp-json\/wp\/v2\/types\/page"}],"author":[{"embeddable":true,"href":"https:\/\/agora.xtec.cat\/ceip-drseres-alpicat\/wp-json\/wp\/v2\/users\/1"}],"replies":[{"embeddable":true,"href":"https:\/\/agora.xtec.cat\/ceip-drseres-alpicat\/wp-json\/wp\/v2\/comments?post=4654"}],"version-history":[{"count":6,"href":"https:\/\/agora.xtec.cat\/ceip-drseres-alpicat\/wp-json\/wp\/v2\/pages\/4654\/revisions"}],"predecessor-version":[{"id":4690,"href":"https:\/\/agora.xtec.cat\/ceip-drseres-alpicat\/wp-json\/wp\/v2\/pages\/4654\/revisions\/4690"}],"wp:attachment":[{"href":"https:\/\/agora.xtec.cat\/ceip-drseres-alpicat\/wp-json\/wp\/v2\/media?parent=4654"}],"curies":[{"name":"wp","href":"https:\/\/api.w.org\/{rel}","templated":true}]}}