{"id":4582,"date":"2026-02-27T12:15:17","date_gmt":"2026-02-27T11:15:17","guid":{"rendered":"https:\/\/agora.xtec.cat\/ceip-drseres-alpicat\/?page_id=4582"},"modified":"2026-03-09T15:52:29","modified_gmt":"2026-03-09T14:52:29","slug":"certamen-de-lectura-en-veu-alta","status":"publish","type":"page","link":"https:\/\/agora.xtec.cat\/ceip-drseres-alpicat\/certamen-de-lectura-en-veu-alta\/","title":{"rendered":"Certamen de Lectura en Veu Alta"},"content":{"rendered":"<p>Cada curs escolar participem al Certamen de Lectura en Veu Alta. Moltes gr\u00e0cies a tots els i les alumnes de Cicle Mitj\u00e0 i Cicle Superior que any rere any posen el seu esfor\u00e7 i les ganes per a participar al certamen i d&#8217;embolcallar-se pel gust per la lectura.<\/p>\n<p>Podeu trobar m\u00e9s informaci\u00f3 al <a href=\"https:\/\/www.lecturaenveualta.cat\/certamen-de-lectura-en-veu-alta-escolar\/\">seg\u00fcent enlla\u00e7.<\/a><a href=\"https:\/\/agora.xtec.cat\/ceip-drseres-alpicat\/wp-content\/uploads\/usu1665\/2026\/02\/logo-CLVA.jpg\"><img loading=\"lazy\" decoding=\"async\" class=\"aligncenter size-full wp-image-4587\" src=\"https:\/\/agora.xtec.cat\/ceip-drseres-alpicat\/wp-content\/uploads\/usu1665\/2026\/02\/logo-CLVA.jpg\" alt=\"\" width=\"930\" height=\"178\" srcset=\"https:\/\/agora.xtec.cat\/ceip-drseres-alpicat\/wp-content\/uploads\/usu1665\/2026\/02\/logo-CLVA.jpg 930w, https:\/\/agora.xtec.cat\/ceip-drseres-alpicat\/wp-content\/uploads\/usu1665\/2026\/02\/logo-CLVA-300x57.jpg 300w, https:\/\/agora.xtec.cat\/ceip-drseres-alpicat\/wp-content\/uploads\/usu1665\/2026\/02\/logo-CLVA-768x147.jpg 768w\" sizes=\"auto, (max-width: 930px) 100vw, 930px\" \/><\/a><\/p>\n<p>El <strong>dimarts 3 de mar\u00e7 de 2026<\/strong> es va celebrar la semifinal del cert\u00e0men de Lectura en Veu Alta. Nosaltres vam participar a les categories dels grumets vermells (Cicle Mitj\u00e0) i grumets verds (Cicle Superior).<\/p>\n<div>Des de l&#8217;escola agra\u00efm la participaci\u00f3, la motivaci\u00f3, l&#8217;esfor\u00e7 i el treball de qualitat fet a les aules i donem l&#8217;enhorabona a l\u2019alumnat, al<span class=\"gmail_default\">s docents<\/span> i als centres per l\u2019alt nivell dels i les participants del centre<\/div>\n<div><\/div>\n<div>\n<div class=\"gmail_default\">Trobareu el reportatge fotogr\u00e0fic al <a href=\"https:\/\/serveiseducatius.xtec.cat\/segria\/portada\/inscripcio-xxii-certamen-de-lectura-en-veu-alta\/\" target=\"_blank\" rel=\"noopener\" data-saferedirecturl=\"https:\/\/www.google.com\/url?q=https:\/\/serveiseducatius.xtec.cat\/segria\/portada\/inscripcio-xxii-certamen-de-lectura-en-veu-alta\/&amp;source=gmail&amp;ust=1773153903941000&amp;usg=AOvVaw3cgVfhbHHCg099IHO-IWuF\">Nodes del Servei Educatiu<\/a>.<\/div>\n<\/div>\n<div><\/div>\n<div><\/div>\n<div><a href=\"https:\/\/agora.xtec.cat\/ceip-drseres-alpicat\/wp-content\/uploads\/usu1665\/2026\/03\/CLVA-page-1_page-0001.jpg\"><img loading=\"lazy\" decoding=\"async\" class=\"aligncenter size-large wp-image-4639\" src=\"https:\/\/agora.xtec.cat\/ceip-drseres-alpicat\/wp-content\/uploads\/usu1665\/2026\/03\/CLVA-page-1_page-0001-1024x727.jpg\" alt=\"\" width=\"1024\" height=\"727\" srcset=\"https:\/\/agora.xtec.cat\/ceip-drseres-alpicat\/wp-content\/uploads\/usu1665\/2026\/03\/CLVA-page-1_page-0001-1024x727.jpg 1024w, https:\/\/agora.xtec.cat\/ceip-drseres-alpicat\/wp-content\/uploads\/usu1665\/2026\/03\/CLVA-page-1_page-0001-300x213.jpg 300w, https:\/\/agora.xtec.cat\/ceip-drseres-alpicat\/wp-content\/uploads\/usu1665\/2026\/03\/CLVA-page-1_page-0001-768x545.jpg 768w, https:\/\/agora.xtec.cat\/ceip-drseres-alpicat\/wp-content\/uploads\/usu1665\/2026\/03\/CLVA-page-1_page-0001-1536x1090.jpg 1536w, https:\/\/agora.xtec.cat\/ceip-drseres-alpicat\/wp-content\/uploads\/usu1665\/2026\/03\/CLVA-page-1_page-0001.jpg 1756w\" sizes=\"auto, (max-width: 1024px) 100vw, 1024px\" \/><\/a><\/div>\n<div><\/div>\n<div><\/div>\n<p style=\"font-weight: 400;\">El <strong>29 d\u2019abril de 2025<\/strong> es va celebrar la Final Territorial del Certamen Infantil i Juvenil de Lectura en Veu Alta al Teatre Municipal de Balaguer.<\/p>\n<p style=\"font-weight: 400;\">Des de l\u2019escola felicitem a l\u2019alumna \u00a0enhorabona per haver sigut guanyadora del certamen!<\/p>\n<p>Posteriorment, el 13 de juny de 2025 es va celebrar la festa de la lectura amb els guanyadors i guanyadores de cada final territorial del XXI Certamen de Lectura en Veu Alta. L\u2019acte va tenir lloc a l\u2019auditori Illa Diagonal de Barcelona, organitzat per\u00a0 la Fundaci\u00f3 Enciclop\u00e8dia Catalana i el Departament d\u2019Educaci\u00f3. L\u2019alumna de 6\u00e8 Lola Barber\u00e0 va participar en la festa de la lectura com a guanyadora de la final territorial de Lleida.<\/p>\n<p>Moltes felicitats!!<\/p>\n<p><a href=\"https:\/\/youtube.com\/live\/FS1ZPIFPtQA\">Cliqueu aqu\u00ed<\/a> si voleu veure la gravaci\u00f3 de l\u2019acte.<\/p>\n<p>&nbsp;<\/p>\n<p><a href=\"https:\/\/agora.xtec.cat\/ceip-drseres-alpicat\/wp-content\/uploads\/usu1665\/2026\/03\/festa-768x576-1.jpg\"><img loading=\"lazy\" decoding=\"async\" class=\"aligncenter size-full wp-image-4640\" src=\"https:\/\/agora.xtec.cat\/ceip-drseres-alpicat\/wp-content\/uploads\/usu1665\/2026\/03\/festa-768x576-1.jpg\" alt=\"\" width=\"768\" height=\"576\" srcset=\"https:\/\/agora.xtec.cat\/ceip-drseres-alpicat\/wp-content\/uploads\/usu1665\/2026\/03\/festa-768x576-1.jpg 768w, https:\/\/agora.xtec.cat\/ceip-drseres-alpicat\/wp-content\/uploads\/usu1665\/2026\/03\/festa-768x576-1-300x225.jpg 300w, https:\/\/agora.xtec.cat\/ceip-drseres-alpicat\/wp-content\/uploads\/usu1665\/2026\/03\/festa-768x576-1-200x150.jpg 200w\" sizes=\"auto, (max-width: 768px) 100vw, 768px\" \/><\/a> <a href=\"https:\/\/agora.xtec.cat\/ceip-drseres-alpicat\/wp-content\/uploads\/usu1665\/2026\/03\/festa-lectura-768x576-1.jpg\"><img loading=\"lazy\" decoding=\"async\" class=\"aligncenter size-large wp-image-4641\" src=\"https:\/\/agora.xtec.cat\/ceip-drseres-alpicat\/wp-content\/uploads\/usu1665\/2026\/03\/festa-lectura-768x576-1.jpg\" alt=\"\" width=\"768\" height=\"576\" srcset=\"https:\/\/agora.xtec.cat\/ceip-drseres-alpicat\/wp-content\/uploads\/usu1665\/2026\/03\/festa-lectura-768x576-1.jpg 768w, https:\/\/agora.xtec.cat\/ceip-drseres-alpicat\/wp-content\/uploads\/usu1665\/2026\/03\/festa-lectura-768x576-1-300x225.jpg 300w, https:\/\/agora.xtec.cat\/ceip-drseres-alpicat\/wp-content\/uploads\/usu1665\/2026\/03\/festa-lectura-768x576-1-200x150.jpg 200w\" sizes=\"auto, (max-width: 768px) 100vw, 768px\" \/><\/a><\/p>\n<p>&nbsp;<\/p>\n<p style=\"font-weight: 400;\">El <strong>15 de mar\u00e7 de 2023<\/strong> una alumna de 5\u00e8 i una alumna de 4t A van ser les representants de l&#8217;escola Doctor Ser\u00e9s al XIX Cert\u00e0men de Lectura en veu alta, a la semifinal que es va celebrar a Lleida. L\u2019alumna de 6\u00e8 va passar a la\u00a0<strong>Final territorial.<\/strong><\/p>\n<p style=\"font-weight: 400;\">\u00a0Us posem l&#8217;enlla\u00e7 a l&#8217;espai de difusi\u00f3 on trobareu el\u00a0<strong>resultat de les\u00a0<a href=\"https:\/\/serveiseducatius.xtec.cat\/segria\/portada\/xix-certamen-lectura-en-veu-alta\/\">Semifinals del Segri\u00e0 del XIX Certamen de\u00a0Lecturaen\u00a0veu\u00a0alta<\/a>\u00a0i el reportatge fotogr\u00e0fic<\/strong>\u00a0publicat per l&#8217;organitzaci\u00f3 del concurs.<\/p>\n<p><a href=\"https:\/\/agora.xtec.cat\/ceip-drseres-alpicat\/wp-content\/uploads\/usu1665\/2026\/03\/3d6c7f78-ae29-45ee-9d26-80ae8ac3c98b.jpg\"><img loading=\"lazy\" decoding=\"async\" class=\"aligncenter size-full wp-image-4636\" src=\"https:\/\/agora.xtec.cat\/ceip-drseres-alpicat\/wp-content\/uploads\/usu1665\/2026\/03\/3d6c7f78-ae29-45ee-9d26-80ae8ac3c98b.jpg\" alt=\"\" width=\"1024\" height=\"768\" srcset=\"https:\/\/agora.xtec.cat\/ceip-drseres-alpicat\/wp-content\/uploads\/usu1665\/2026\/03\/3d6c7f78-ae29-45ee-9d26-80ae8ac3c98b.jpg 1024w, https:\/\/agora.xtec.cat\/ceip-drseres-alpicat\/wp-content\/uploads\/usu1665\/2026\/03\/3d6c7f78-ae29-45ee-9d26-80ae8ac3c98b-300x225.jpg 300w, https:\/\/agora.xtec.cat\/ceip-drseres-alpicat\/wp-content\/uploads\/usu1665\/2026\/03\/3d6c7f78-ae29-45ee-9d26-80ae8ac3c98b-768x576.jpg 768w, https:\/\/agora.xtec.cat\/ceip-drseres-alpicat\/wp-content\/uploads\/usu1665\/2026\/03\/3d6c7f78-ae29-45ee-9d26-80ae8ac3c98b-200x150.jpg 200w\" sizes=\"auto, (max-width: 1024px) 100vw, 1024px\" \/><\/a><\/p>\n<p style=\"font-weight: 400;\">El <strong>19 d\u2019abril de 2021<\/strong> vam participar en el XVII Certamen de lectura en veu alta, organitzat pel Grup Enciclop\u00e8dia i el Departament d&#8217;Educaci\u00f3.<\/p>\n<p style=\"font-weight: 400;\">Un alumne de l\u2019escola va passar a la seg\u00fcent fase, la Final Territorial.<\/p>\n<p><a href=\"https:\/\/agora.xtec.cat\/ceip-drseres-alpicat\/wp-content\/uploads\/usu1665\/2026\/03\/cdc99c6c-18d1-4643-80da-c12aa7f7ad29-1024x768-1.jpg\"><img loading=\"lazy\" decoding=\"async\" class=\"aligncenter size-full wp-image-4637\" src=\"https:\/\/agora.xtec.cat\/ceip-drseres-alpicat\/wp-content\/uploads\/usu1665\/2026\/03\/cdc99c6c-18d1-4643-80da-c12aa7f7ad29-1024x768-1.jpg\" alt=\"\" width=\"1024\" height=\"768\" srcset=\"https:\/\/agora.xtec.cat\/ceip-drseres-alpicat\/wp-content\/uploads\/usu1665\/2026\/03\/cdc99c6c-18d1-4643-80da-c12aa7f7ad29-1024x768-1.jpg 1024w, https:\/\/agora.xtec.cat\/ceip-drseres-alpicat\/wp-content\/uploads\/usu1665\/2026\/03\/cdc99c6c-18d1-4643-80da-c12aa7f7ad29-1024x768-1-300x225.jpg 300w, https:\/\/agora.xtec.cat\/ceip-drseres-alpicat\/wp-content\/uploads\/usu1665\/2026\/03\/cdc99c6c-18d1-4643-80da-c12aa7f7ad29-1024x768-1-768x576.jpg 768w, https:\/\/agora.xtec.cat\/ceip-drseres-alpicat\/wp-content\/uploads\/usu1665\/2026\/03\/cdc99c6c-18d1-4643-80da-c12aa7f7ad29-1024x768-1-200x150.jpg 200w\" sizes=\"auto, (max-width: 1024px) 100vw, 1024px\" \/><\/a> <a href=\"https:\/\/agora.xtec.cat\/ceip-drseres-alpicat\/wp-content\/uploads\/usu1665\/2026\/03\/e47c6c26-9c65-492b-81ee-17ae3fc6ed17.jpg\"><img loading=\"lazy\" decoding=\"async\" class=\"aligncenter size-large wp-image-4638\" src=\"https:\/\/agora.xtec.cat\/ceip-drseres-alpicat\/wp-content\/uploads\/usu1665\/2026\/03\/e47c6c26-9c65-492b-81ee-17ae3fc6ed17-1024x768.jpg\" alt=\"\" width=\"1024\" height=\"768\" srcset=\"https:\/\/agora.xtec.cat\/ceip-drseres-alpicat\/wp-content\/uploads\/usu1665\/2026\/03\/e47c6c26-9c65-492b-81ee-17ae3fc6ed17-1024x768.jpg 1024w, https:\/\/agora.xtec.cat\/ceip-drseres-alpicat\/wp-content\/uploads\/usu1665\/2026\/03\/e47c6c26-9c65-492b-81ee-17ae3fc6ed17-300x225.jpg 300w, https:\/\/agora.xtec.cat\/ceip-drseres-alpicat\/wp-content\/uploads\/usu1665\/2026\/03\/e47c6c26-9c65-492b-81ee-17ae3fc6ed17-768x576.jpg 768w, https:\/\/agora.xtec.cat\/ceip-drseres-alpicat\/wp-content\/uploads\/usu1665\/2026\/03\/e47c6c26-9c65-492b-81ee-17ae3fc6ed17-1536x1152.jpg 1536w, https:\/\/agora.xtec.cat\/ceip-drseres-alpicat\/wp-content\/uploads\/usu1665\/2026\/03\/e47c6c26-9c65-492b-81ee-17ae3fc6ed17-200x150.jpg 200w, https:\/\/agora.xtec.cat\/ceip-drseres-alpicat\/wp-content\/uploads\/usu1665\/2026\/03\/e47c6c26-9c65-492b-81ee-17ae3fc6ed17.jpg 2048w\" sizes=\"auto, (max-width: 1024px) 100vw, 1024px\" \/><\/a><\/p>\n<p>&nbsp;<\/p>\n","protected":false},"excerpt":{"rendered":"<p>Cada curs escolar participem al Certamen de Lectura en Veu Alta. Moltes gr\u00e0cies a tots els i les alumnes de Cicle Mitj\u00e0 i Cicle Superior que any rere any posen el seu esfor\u00e7 i les ganes per a participar al certamen i d&#8217;embolcallar-se pel gust&hellip;  <a href=\"https:\/\/agora.xtec.cat\/ceip-drseres-alpicat\/certamen-de-lectura-en-veu-alta\/\" title=\"Read Certamen de Lectura en Veu Alta\">Llegeix m\u00e9s\u00bb<\/a><\/p>\n","protected":false},"author":1,"featured_media":0,"parent":0,"menu_order":0,"comment_status":"closed","ping_status":"closed","template":"","meta":{"_bbp_topic_count":0,"_bbp_reply_count":0,"_bbp_total_topic_count":0,"_bbp_total_reply_count":0,"_bbp_voice_count":0,"_bbp_anonymous_reply_count":0,"_bbp_topic_count_hidden":0,"_bbp_reply_count_hidden":0,"_bbp_forum_subforum_count":0,"footnotes":""},"class_list":["post-4582","page","type-page","status-publish","hentry"],"post_mailing_queue_ids":[],"_links":{"self":[{"href":"https:\/\/agora.xtec.cat\/ceip-drseres-alpicat\/wp-json\/wp\/v2\/pages\/4582","targetHints":{"allow":["GET"]}}],"collection":[{"href":"https:\/\/agora.xtec.cat\/ceip-drseres-alpicat\/wp-json\/wp\/v2\/pages"}],"about":[{"href":"https:\/\/agora.xtec.cat\/ceip-drseres-alpicat\/wp-json\/wp\/v2\/types\/page"}],"author":[{"embeddable":true,"href":"https:\/\/agora.xtec.cat\/ceip-drseres-alpicat\/wp-json\/wp\/v2\/users\/1"}],"replies":[{"embeddable":true,"href":"https:\/\/agora.xtec.cat\/ceip-drseres-alpicat\/wp-json\/wp\/v2\/comments?post=4582"}],"version-history":[{"count":6,"href":"https:\/\/agora.xtec.cat\/ceip-drseres-alpicat\/wp-json\/wp\/v2\/pages\/4582\/revisions"}],"predecessor-version":[{"id":4643,"href":"https:\/\/agora.xtec.cat\/ceip-drseres-alpicat\/wp-json\/wp\/v2\/pages\/4582\/revisions\/4643"}],"wp:attachment":[{"href":"https:\/\/agora.xtec.cat\/ceip-drseres-alpicat\/wp-json\/wp\/v2\/media?parent=4582"}],"curies":[{"name":"wp","href":"https:\/\/api.w.org\/{rel}","templated":true}]}}