{"id":4571,"date":"2026-02-19T14:04:50","date_gmt":"2026-02-19T13:04:50","guid":{"rendered":"https:\/\/agora.xtec.cat\/ceip-drseres-alpicat\/?page_id=4571"},"modified":"2026-02-27T11:59:26","modified_gmt":"2026-02-27T10:59:26","slug":"premi-al-talent-jove","status":"publish","type":"page","link":"https:\/\/agora.xtec.cat\/ceip-drseres-alpicat\/premi-al-talent-jove\/","title":{"rendered":"Premi al talent jove"},"content":{"rendered":"<header class=\"entry-header\">\n<h1 class=\"entry-title\">PREMIS AL TALENT JOVE ODS<\/h1>\n<\/header>\n<div class=\"entry-content\">\n<p>El <strong>curs 2024\/25<\/strong> un grup d\u2019alumnes de sis\u00e8 de Prim\u00e0ria de l\u2019escola van ser guanyadors\/es dels Premis al Talent Jove ODS amb el projecte \u201cLudoteca d\u2019Alpicat. Tot un m\u00f3n per jugar\u201d. A m\u00e9s un grup d\u2019alumnes de cinqu\u00e8 de Prim\u00e0ria tamb\u00e9 es van presentar i van quedar finalistes amb el seu projecte \u201cMillorem el parc del nostre poble\u201d.<\/p>\n<p>Des de l\u2019escola volem felicitar les iniciatives que s\u2019han presentat i els bons resultats obtinguts.<\/p>\n<p>Moltes felicitats!!<\/p>\n<p><a href=\"https:\/\/agora.xtec.cat\/ceip-drseres-alpicat\/wp-content\/uploads\/usu1665\/2025\/06\/ods2.jpg\"><img loading=\"lazy\" decoding=\"async\" class=\"alignnone wp-image-3966\" src=\"https:\/\/agora.xtec.cat\/ceip-drseres-alpicat\/wp-content\/uploads\/usu1665\/2025\/06\/ods2-1024x768.jpg\" sizes=\"auto, (max-width: 310px) 100vw, 310px\" srcset=\"https:\/\/agora.xtec.cat\/ceip-drseres-alpicat\/wp-content\/uploads\/usu1665\/2025\/06\/ods2-1024x768.jpg 1024w, https:\/\/agora.xtec.cat\/ceip-drseres-alpicat\/wp-content\/uploads\/usu1665\/2025\/06\/ods2-300x225.jpg 300w, https:\/\/agora.xtec.cat\/ceip-drseres-alpicat\/wp-content\/uploads\/usu1665\/2025\/06\/ods2-768x576.jpg 768w, https:\/\/agora.xtec.cat\/ceip-drseres-alpicat\/wp-content\/uploads\/usu1665\/2025\/06\/ods2-200x150.jpg 200w, https:\/\/agora.xtec.cat\/ceip-drseres-alpicat\/wp-content\/uploads\/usu1665\/2025\/06\/ods2.jpg 1032w\" alt=\"\" width=\"310\" height=\"232\" \/><\/a> <a href=\"https:\/\/agora.xtec.cat\/ceip-drseres-alpicat\/wp-content\/uploads\/usu1665\/2025\/06\/ODS.png\"><img loading=\"lazy\" decoding=\"async\" class=\"alignnone wp-image-3965\" src=\"https:\/\/agora.xtec.cat\/ceip-drseres-alpicat\/wp-content\/uploads\/usu1665\/2025\/06\/ODS-1024x576.png\" sizes=\"auto, (max-width: 395px) 100vw, 395px\" srcset=\"https:\/\/agora.xtec.cat\/ceip-drseres-alpicat\/wp-content\/uploads\/usu1665\/2025\/06\/ODS-1024x576.png 1024w, https:\/\/agora.xtec.cat\/ceip-drseres-alpicat\/wp-content\/uploads\/usu1665\/2025\/06\/ODS-300x169.png 300w, https:\/\/agora.xtec.cat\/ceip-drseres-alpicat\/wp-content\/uploads\/usu1665\/2025\/06\/ODS-768x432.png 768w, https:\/\/agora.xtec.cat\/ceip-drseres-alpicat\/wp-content\/uploads\/usu1665\/2025\/06\/ODS-1536x864.png 1536w, https:\/\/agora.xtec.cat\/ceip-drseres-alpicat\/wp-content\/uploads\/usu1665\/2025\/06\/ODS-2048x1152.png 2048w\" alt=\"\" width=\"395\" height=\"222\" \/><\/a><\/p>\n<p><a href=\"https:\/\/agora.xtec.cat\/ceip-drseres-alpicat\/wp-content\/uploads\/usu1665\/2025\/06\/Projecte-Ludoteca-dAlpicat.-Tot-un-mon-per-a-jugar.pdf\">Projecte Ludoteca d\u2019Alpicat. Tot un m\u00f3n per a jugar<\/a><\/p>\n<p><a href=\"https:\/\/agora.xtec.cat\/ceip-drseres-alpicat\/wp-content\/uploads\/usu1665\/2025\/06\/Projecte-Millorem-el-parc-del-nostre-poble.pdf\">Projecte Millorem el parc del nostre poble!<\/a><\/p>\n<p>El <strong>curs 2022\/23<\/strong> alumna de 6\u00e8 B ha estat la guanyadora del premi al talent transformador, a la s<span style=\"font-family: inherit; font-size: 1em;\">ubcategoria A1: Educacio\u0301 Prima\u0300ria Cicle Superior. Aquest cert\u00e0men tracta de recon\u00e8ixer les iniciatives que fomentin la millora social del territori de la prov\u00edncia de Lleida, en el marc dels Objectius del Desenvolupament Sostenible (ODS) de les Nacions Unides.<\/span><\/p>\n<p>Estem molt i molt contentes. Felicitem a l&#8217;alumna, a la seva fam\u00edlia i a la tutora D\u00e8lia Truco per la tasca excel\u00b7lent.<\/p>\n<p>Podeu trobar m\u00e9s informaci\u00f3 <a href=\"https:\/\/serveiseducatius.xtec.cat\/segarra\/general\/premi-al-talent-transformador\/\">aqu\u00ed<\/a>.<\/p>\n<p>Moltes felicitats!!!<\/p>\n<p><a href=\"https:\/\/agora.xtec.cat\/ceip-drseres-alpicat\/wp-content\/uploads\/usu1665\/2023\/06\/Premi-talent-transformador-2.png\"><img loading=\"lazy\" decoding=\"async\" class=\"aligncenter wp-image-2768 size-full\" src=\"https:\/\/agora.xtec.cat\/ceip-drseres-alpicat\/wp-content\/uploads\/usu1665\/2023\/06\/Premi-talent-transformador-2.png\" alt=\"\" width=\"220\" height=\"250\" \/><\/a><\/p>\n<\/div>\n<p>&nbsp;<\/p>\n","protected":false},"excerpt":{"rendered":"<p>PREMIS AL TALENT JOVE ODS<\/p>\n<p>El curs 2024\/25 un grup d\u2019alumnes de sis\u00e8 de Prim\u00e0ria de l\u2019escola van ser guanyadors\/es dels Premis al Talent Jove ODS amb el projecte \u201cLudoteca d\u2019Alpicat. Tot un m\u00f3n per jugar\u201d. A m\u00e9s un grup d\u2019alumnes de cinqu\u00e8 de Prim\u00e0ria tamb\u00e9&hellip;  <a href=\"https:\/\/agora.xtec.cat\/ceip-drseres-alpicat\/premi-al-talent-jove\/\" title=\"Read Premi al talent jove\">Llegeix m\u00e9s\u00bb<\/a><\/p>\n","protected":false},"author":1,"featured_media":0,"parent":0,"menu_order":0,"comment_status":"closed","ping_status":"closed","template":"","meta":{"_bbp_topic_count":0,"_bbp_reply_count":0,"_bbp_total_topic_count":0,"_bbp_total_reply_count":0,"_bbp_voice_count":0,"_bbp_anonymous_reply_count":0,"_bbp_topic_count_hidden":0,"_bbp_reply_count_hidden":0,"_bbp_forum_subforum_count":0,"footnotes":""},"class_list":["post-4571","page","type-page","status-publish","hentry"],"post_mailing_queue_ids":[],"_links":{"self":[{"href":"https:\/\/agora.xtec.cat\/ceip-drseres-alpicat\/wp-json\/wp\/v2\/pages\/4571","targetHints":{"allow":["GET"]}}],"collection":[{"href":"https:\/\/agora.xtec.cat\/ceip-drseres-alpicat\/wp-json\/wp\/v2\/pages"}],"about":[{"href":"https:\/\/agora.xtec.cat\/ceip-drseres-alpicat\/wp-json\/wp\/v2\/types\/page"}],"author":[{"embeddable":true,"href":"https:\/\/agora.xtec.cat\/ceip-drseres-alpicat\/wp-json\/wp\/v2\/users\/1"}],"replies":[{"embeddable":true,"href":"https:\/\/agora.xtec.cat\/ceip-drseres-alpicat\/wp-json\/wp\/v2\/comments?post=4571"}],"version-history":[{"count":5,"href":"https:\/\/agora.xtec.cat\/ceip-drseres-alpicat\/wp-json\/wp\/v2\/pages\/4571\/revisions"}],"predecessor-version":[{"id":4581,"href":"https:\/\/agora.xtec.cat\/ceip-drseres-alpicat\/wp-json\/wp\/v2\/pages\/4571\/revisions\/4581"}],"wp:attachment":[{"href":"https:\/\/agora.xtec.cat\/ceip-drseres-alpicat\/wp-json\/wp\/v2\/media?parent=4571"}],"curies":[{"name":"wp","href":"https:\/\/api.w.org\/{rel}","templated":true}]}}