{"id":2928,"date":"2023-10-02T13:31:02","date_gmt":"2023-10-02T11:31:02","guid":{"rendered":"https:\/\/agora.xtec.cat\/ceip-drseres-alpicat\/?page_id=2928"},"modified":"2026-03-11T09:20:03","modified_gmt":"2026-03-11T08:20:03","slug":"sortides-curs-2023-24","status":"publish","type":"page","link":"https:\/\/agora.xtec.cat\/ceip-drseres-alpicat\/sortides-curs-2023-24\/","title":{"rendered":"Sortides i activitats del curs 2025-26"},"content":{"rendered":"<p>Per al curs 2025\/26 tenim la seg\u00fcent previsi\u00f3 de sortides:<\/p>\n<p>.<a href=\"https:\/\/drive.google.com\/file\/d\/1r4fqLh-fdvR1eRyzuw0rGghdX1MTh1r5\/view?usp=sharing\"> Sortides de Educaci\u00f3 infantil<\/a><\/p>\n<p><a href=\"https:\/\/drive.google.com\/file\/d\/1HCTl3rG3hgshB7yFkIMKkdLaY4_HTMKW\/view?usp=sharing\">. Sortides de Cicle Inicial<\/a><\/p>\n<p>.<a href=\"https:\/\/drive.google.com\/file\/d\/1TRIgpH2bffjI0-xN2xXMJGUqT2LRDQSf\/view?usp=sharing\"> Sortides de Cicle Mitj\u00e0<\/a><\/p>\n<p><a href=\"https:\/\/drive.google.com\/file\/d\/123nKU35zCZN1MAVcRpeinkuvl5a-tsPm\/view?usp=sharing\">. Sortides de Cicle Superior<\/a><\/p>\n<ul>\n<li>Informarem a les fam\u00edlies dels detalls de les sortides a trav\u00e9s de l&#8217;aplicaci\u00f3 del Tokapp.<\/li>\n<li>Si un\/a alumne\/a fa tard en una sortida, la resta no l\u2019esperar\u00e0 per respectar la puntualitat de la resta de nens i nenes, i cal que es quedi a l\u2019escola.<\/li>\n<li>En totes les sortides es sortir\u00e0 i es tornar\u00e0 al carrer de davant de la porta del pati de gespa, m\u00e9s amunt de la porta d&#8217;entrada de l&#8217;escola.<\/li>\n<li>Si es marxa o s&#8217;arriba en horari lectiu, es sortir\u00e0 o s&#8217;arribar\u00e0 des de dins l&#8217;escola i si \u00e9s fora de l&#8217;horari lectiu (abans de les 9h i despr\u00e9s de les 16.30h), es podr\u00e0 anar o recollir als nens i nenes directament a l&#8217;autocar.<\/li>\n<li>En cas que hi hagi un alumne\/a que vagi amb crosses, cal tenir un informe del metge on s\u2019especifiqui si pot anar a la sortida o no.<\/li>\n<li>Cal que l&#8217;alumnat porti el xandall de l\u2019escola a totes les sortides.<\/li>\n<\/ul>\n<p>Si us voleu afegir el google calendar als vostres dispositius, veureu tots els esdeveniments del centre. <a href=\"https:\/\/calendar.google.com\/calendar\/u\/1?cid=eHRlYy5jYXRfb3Q2djI0YmthbG8xaWViMTN1YnAyNWNnNXNAZ3JvdXAuY2FsZW5kYXIuZ29vZ2xlLmNvbQ\">Cliqueu aqu\u00ed<\/a>. Moltes gr\u00e0cies!<\/p>\n","protected":false},"excerpt":{"rendered":"<p>Per al curs 2025\/26 tenim la seg\u00fcent previsi\u00f3 de sortides:<br \/>\n.<a href=\"https:\/\/drive.google.com\/file\/d\/1r4fqLh-fdvR1eRyzuw0rGghdX1MTh1r5\/view?usp=sharing\"> Sortides de Educaci\u00f3 infantil<\/a><br \/>\n<a href=\"https:\/\/drive.google.com\/file\/d\/1HCTl3rG3hgshB7yFkIMKkdLaY4_HTMKW\/view?usp=sharing\">. Sortides de Cicle Inicial<\/a><br \/>\n.<a href=\"https:\/\/drive.google.com\/file\/d\/1TRIgpH2bffjI0-xN2xXMJGUqT2LRDQSf\/view?usp=sharing\"> Sortides de Cicle Mitj\u00e0<\/a><br \/>\n<a href=\"https:\/\/drive.google.com\/file\/d\/123nKU35zCZN1MAVcRpeinkuvl5a-tsPm\/view?usp=sharing\">. Sortides de Cicle Superior<\/a><\/p>\n<ul>\n<li>Informarem a les fam\u00edlies dels detalls de les sortides a trav\u00e9s de l&#8217;aplicaci\u00f3 del Tokapp.<\/li>\n<li>Si un\/a&hellip;  <a href=\"https:\/\/agora.xtec.cat\/ceip-drseres-alpicat\/sortides-curs-2023-24\/\" title=\"Read Sortides i activitats del curs 2025-26\">Llegeix m\u00e9s\u00bb<\/a><br \/>\n","protected":false},"author":1,"featured_media":0,"parent":0,"menu_order":0,"comment_status":"closed","ping_status":"closed","template":"","meta":{"_bbp_topic_count":0,"_bbp_reply_count":0,"_bbp_total_topic_count":0,"_bbp_total_reply_count":0,"_bbp_voice_count":0,"_bbp_anonymous_reply_count":0,"_bbp_topic_count_hidden":0,"_bbp_reply_count_hidden":0,"_bbp_forum_subforum_count":0,"footnotes":""},"class_list":["post-2928","page","type-page","status-publish","hentry"],"post_mailing_queue_ids":[],"_links":{"self":[{"href":"https:\/\/agora.xtec.cat\/ceip-drseres-alpicat\/wp-json\/wp\/v2\/pages\/2928","targetHints":{"allow":["GET"]}}],"collection":[{"href":"https:\/\/agora.xtec.cat\/ceip-drseres-alpicat\/wp-json\/wp\/v2\/pages"}],"about":[{"href":"https:\/\/agora.xtec.cat\/ceip-drseres-alpicat\/wp-json\/wp\/v2\/types\/page"}],"author":[{"embeddable":true,"href":"https:\/\/agora.xtec.cat\/ceip-drseres-alpicat\/wp-json\/wp\/v2\/users\/1"}],"replies":[{"embeddable":true,"href":"https:\/\/agora.xtec.cat\/ceip-drseres-alpicat\/wp-json\/wp\/v2\/comments?post=2928"}],"version-history":[{"count":7,"href":"https:\/\/agora.xtec.cat\/ceip-drseres-alpicat\/wp-json\/wp\/v2\/pages\/2928\/revisions"}],"predecessor-version":[{"id":4649,"href":"https:\/\/agora.xtec.cat\/ceip-drseres-alpicat\/wp-json\/wp\/v2\/pages\/2928\/revisions\/4649"}],"wp:attachment":[{"href":"https:\/\/agora.xtec.cat\/ceip-drseres-alpicat\/wp-json\/wp\/v2\/media?parent=2928"}],"curies":[{"name":"wp","href":"https:\/\/api.w.org\/{rel}","templated":true}]}}