{"id":2709,"date":"2023-05-16T13:41:38","date_gmt":"2023-05-16T11:41:38","guid":{"rendered":"https:\/\/agora.xtec.cat\/ceip-drseres-alpicat\/?page_id=2709"},"modified":"2025-03-17T18:43:09","modified_gmt":"2025-03-17T17:43:09","slug":"projecte-escoltam","status":"publish","type":"page","link":"https:\/\/agora.xtec.cat\/ceip-drseres-alpicat\/projecte-escoltam\/","title":{"rendered":"Projecte Escolta&#8217;m"},"content":{"rendered":"<p><strong>\u201cSigues tu el canvi que vols veure en el m\u00f3n\u201d,\u00a0<cite class=\"author\">Gandhi<\/cite><\/strong><\/p>\n<p>El curs 2017\/18 vam iniciar el projecte Escolta\u2019m al centre. Aquest projecte est\u00e0 emmarcat dins el Projecte de conviv\u00e8ncia, ja que \u00e9s d\u2019educaci\u00f3 emocional.<\/p>\n<p>El projecte Escolta\u2019m \u00e9s un recurs d\u2019intervenci\u00f3 educativa que cada grup classe realitza una durada aproximada de mitja hora setmanal. Els infants que realitzen el projecte s\u00f3n els i les alumnes d&#8217;I4 a 6\u00e8. Es tracta d\u2019una tutoria petita (tutor + 3 alumnes). Tots els i les alumnes de l\u2019aula hi van de manera rotativa i equitativa.<\/p>\n<p>L\u2019objectiu \u00e9s establir una vinculaci\u00f3 afectiva per tal de millorar les relacions de comunicaci\u00f3 i estima m\u00fatua i observar com aquest format did\u00e0ctic repercuteix positivament en el clima emocional de l\u2019aula i en els aprenentatges.<\/p>\n<p>En aquest espai de temps potenciem una actitud positiva dels infants, afavorim la iniciativa de cadascun d\u2019ells\/elles, estimulem una actitud d\u2019independ\u00e8ncia, fomentem la introspecci\u00f3, potenciem l\u2019humor i la creativitat i recolzem la moralitat. La interacci\u00f3 que es dona en aquest espai \u00e9s per legitimar, entendre, acceptar i mai jutjar ni interpretar.<\/p>\n<p>L\u2019Escolta\u2019m \u00e9s per a nosaltres\u2026 Un espai per a generar una nova mirada a la conviv\u00e8ncia.<\/p>\n<p>Hem demanat opini\u00f3 als nens i nenes i han dit\u2026\u00a0\u201cL\u2019escolta\u2019m \u00e9s un lloc de pau i tranquil\u00b7litat per a poder parlar\u201d, \u201cM\u2019ha agradat molt perqu\u00e8 he conegut m\u00e9s als meus companys\u201d, \u201cM\u2019he sentit molt a gust aquesta estona\u201d, \u201cPots expressar els teus sentiments\u201d, \u201cM\u2019agrada fer escolta\u2019m perqu\u00e8 pots aprendre molt dels companys\u201d.<\/p>\n<p>En definitiva, \u00e9s un projecte humil i sezill per\u00f2 de gran valor!<\/p>\n<p>A l&#8217;escola podem trobar 4 espais propis per al projecte Escolta&#8217;m:<\/p>\n<p><strong>Espai 1<\/strong>, al hall:<\/p>\n<p><a href=\"https:\/\/agora.xtec.cat\/ceip-drseres-alpicat\/wp-content\/uploads\/usu1665\/2023\/10\/IMG_5529-scaled.jpg\"><img loading=\"lazy\" decoding=\"async\" class=\"size-large wp-image-3032 aligncenter\" src=\"https:\/\/agora.xtec.cat\/ceip-drseres-alpicat\/wp-content\/uploads\/usu1665\/2023\/10\/IMG_5529-1024x768.jpg\" alt=\"\" width=\"1024\" height=\"768\" srcset=\"https:\/\/agora.xtec.cat\/ceip-drseres-alpicat\/wp-content\/uploads\/usu1665\/2023\/10\/IMG_5529-1024x768.jpg 1024w, https:\/\/agora.xtec.cat\/ceip-drseres-alpicat\/wp-content\/uploads\/usu1665\/2023\/10\/IMG_5529-300x225.jpg 300w, https:\/\/agora.xtec.cat\/ceip-drseres-alpicat\/wp-content\/uploads\/usu1665\/2023\/10\/IMG_5529-768x576.jpg 768w, https:\/\/agora.xtec.cat\/ceip-drseres-alpicat\/wp-content\/uploads\/usu1665\/2023\/10\/IMG_5529-1536x1152.jpg 1536w, https:\/\/agora.xtec.cat\/ceip-drseres-alpicat\/wp-content\/uploads\/usu1665\/2023\/10\/IMG_5529-2048x1536.jpg 2048w, https:\/\/agora.xtec.cat\/ceip-drseres-alpicat\/wp-content\/uploads\/usu1665\/2023\/10\/IMG_5529-200x150.jpg 200w\" sizes=\"auto, (max-width: 1024px) 100vw, 1024px\" \/><\/a><\/p>\n<p><strong>Espai 2<\/strong> al passad\u00eds d&#8217;Infantil:<\/p>\n<p><a href=\"https:\/\/agora.xtec.cat\/ceip-drseres-alpicat\/wp-content\/uploads\/usu1665\/2023\/10\/IMG_5525-scaled.jpg\"><img loading=\"lazy\" decoding=\"async\" class=\"size-large wp-image-3028 aligncenter\" src=\"https:\/\/agora.xtec.cat\/ceip-drseres-alpicat\/wp-content\/uploads\/usu1665\/2023\/10\/IMG_5525-1024x768.jpg\" alt=\"\" width=\"1024\" height=\"768\" srcset=\"https:\/\/agora.xtec.cat\/ceip-drseres-alpicat\/wp-content\/uploads\/usu1665\/2023\/10\/IMG_5525-1024x768.jpg 1024w, https:\/\/agora.xtec.cat\/ceip-drseres-alpicat\/wp-content\/uploads\/usu1665\/2023\/10\/IMG_5525-300x225.jpg 300w, https:\/\/agora.xtec.cat\/ceip-drseres-alpicat\/wp-content\/uploads\/usu1665\/2023\/10\/IMG_5525-768x576.jpg 768w, https:\/\/agora.xtec.cat\/ceip-drseres-alpicat\/wp-content\/uploads\/usu1665\/2023\/10\/IMG_5525-1536x1152.jpg 1536w, https:\/\/agora.xtec.cat\/ceip-drseres-alpicat\/wp-content\/uploads\/usu1665\/2023\/10\/IMG_5525-2048x1536.jpg 2048w, https:\/\/agora.xtec.cat\/ceip-drseres-alpicat\/wp-content\/uploads\/usu1665\/2023\/10\/IMG_5525-200x150.jpg 200w\" sizes=\"auto, (max-width: 1024px) 100vw, 1024px\" \/><\/a><\/p>\n<p><a href=\"https:\/\/agora.xtec.cat\/ceip-drseres-alpicat\/wp-content\/uploads\/usu1665\/2023\/10\/IMG_5526-scaled.jpg\"><img loading=\"lazy\" decoding=\"async\" class=\"size-large wp-image-3029 aligncenter\" src=\"https:\/\/agora.xtec.cat\/ceip-drseres-alpicat\/wp-content\/uploads\/usu1665\/2023\/10\/IMG_5526-1024x768.jpg\" alt=\"\" width=\"1024\" height=\"768\" srcset=\"https:\/\/agora.xtec.cat\/ceip-drseres-alpicat\/wp-content\/uploads\/usu1665\/2023\/10\/IMG_5526-1024x768.jpg 1024w, https:\/\/agora.xtec.cat\/ceip-drseres-alpicat\/wp-content\/uploads\/usu1665\/2023\/10\/IMG_5526-300x225.jpg 300w, https:\/\/agora.xtec.cat\/ceip-drseres-alpicat\/wp-content\/uploads\/usu1665\/2023\/10\/IMG_5526-768x576.jpg 768w, https:\/\/agora.xtec.cat\/ceip-drseres-alpicat\/wp-content\/uploads\/usu1665\/2023\/10\/IMG_5526-1536x1152.jpg 1536w, https:\/\/agora.xtec.cat\/ceip-drseres-alpicat\/wp-content\/uploads\/usu1665\/2023\/10\/IMG_5526-2048x1536.jpg 2048w, https:\/\/agora.xtec.cat\/ceip-drseres-alpicat\/wp-content\/uploads\/usu1665\/2023\/10\/IMG_5526-200x150.jpg 200w\" sizes=\"auto, (max-width: 1024px) 100vw, 1024px\" \/><\/a><\/p>\n<p><strong>Espai 3<\/strong> a la primera planta, davant l&#8217;ascensor:<\/p>\n<p><a href=\"https:\/\/agora.xtec.cat\/ceip-drseres-alpicat\/wp-content\/uploads\/usu1665\/2023\/10\/IMG_5530-scaled.jpg\"><img loading=\"lazy\" decoding=\"async\" class=\"size-large wp-image-3033 aligncenter\" src=\"https:\/\/agora.xtec.cat\/ceip-drseres-alpicat\/wp-content\/uploads\/usu1665\/2023\/10\/IMG_5530-1024x768.jpg\" alt=\"\" width=\"1024\" height=\"768\" srcset=\"https:\/\/agora.xtec.cat\/ceip-drseres-alpicat\/wp-content\/uploads\/usu1665\/2023\/10\/IMG_5530-1024x768.jpg 1024w, https:\/\/agora.xtec.cat\/ceip-drseres-alpicat\/wp-content\/uploads\/usu1665\/2023\/10\/IMG_5530-300x225.jpg 300w, https:\/\/agora.xtec.cat\/ceip-drseres-alpicat\/wp-content\/uploads\/usu1665\/2023\/10\/IMG_5530-768x576.jpg 768w, https:\/\/agora.xtec.cat\/ceip-drseres-alpicat\/wp-content\/uploads\/usu1665\/2023\/10\/IMG_5530-1536x1152.jpg 1536w, https:\/\/agora.xtec.cat\/ceip-drseres-alpicat\/wp-content\/uploads\/usu1665\/2023\/10\/IMG_5530-2048x1536.jpg 2048w, https:\/\/agora.xtec.cat\/ceip-drseres-alpicat\/wp-content\/uploads\/usu1665\/2023\/10\/IMG_5530-200x150.jpg 200w\" sizes=\"auto, (max-width: 1024px) 100vw, 1024px\" \/><\/a><\/p>\n<p><strong>Espai 4<\/strong> a dins la saleta de reunions:<\/p>\n<p><a href=\"https:\/\/agora.xtec.cat\/ceip-drseres-alpicat\/wp-content\/uploads\/usu1665\/2023\/10\/IMG_5531-scaled.jpg\"><img loading=\"lazy\" decoding=\"async\" class=\"size-large wp-image-3034 aligncenter\" src=\"https:\/\/agora.xtec.cat\/ceip-drseres-alpicat\/wp-content\/uploads\/usu1665\/2023\/10\/IMG_5531-1024x768.jpg\" alt=\"\" width=\"1024\" height=\"768\" srcset=\"https:\/\/agora.xtec.cat\/ceip-drseres-alpicat\/wp-content\/uploads\/usu1665\/2023\/10\/IMG_5531-1024x768.jpg 1024w, https:\/\/agora.xtec.cat\/ceip-drseres-alpicat\/wp-content\/uploads\/usu1665\/2023\/10\/IMG_5531-300x225.jpg 300w, https:\/\/agora.xtec.cat\/ceip-drseres-alpicat\/wp-content\/uploads\/usu1665\/2023\/10\/IMG_5531-768x576.jpg 768w, https:\/\/agora.xtec.cat\/ceip-drseres-alpicat\/wp-content\/uploads\/usu1665\/2023\/10\/IMG_5531-1536x1152.jpg 1536w, https:\/\/agora.xtec.cat\/ceip-drseres-alpicat\/wp-content\/uploads\/usu1665\/2023\/10\/IMG_5531-2048x1536.jpg 2048w, https:\/\/agora.xtec.cat\/ceip-drseres-alpicat\/wp-content\/uploads\/usu1665\/2023\/10\/IMG_5531-200x150.jpg 200w\" sizes=\"auto, (max-width: 1024px) 100vw, 1024px\" \/><\/a><\/p>\n<p>Si en voleu saber m\u00e9s&#8230;<\/p>\n<p><a href=\"https:\/\/www.gencat.cat\/benestarsocialifamilia\/publica\/butlletiDGAIA\/num51\/projecte_escoltam.htm\">\u00a0 \u00a0 \u00a0 \u00a0 \u00a0 \u00a0 \u00a0 \u00a0 \u00a0 \u00a0 . Article d&#8217;Inf\u00e0ncia<\/a><\/p>\n<p><a href=\"https:\/\/sites.google.com\/a\/xtec.cat\/escoltamsegria\/\">\u00a0 \u00a0 \u00a0 \u00a0 \u00a0 \u00a0 \u00a0 \u00a0 \u00a0 \u00a0 . CRP del Segri\u00e0<\/a><\/p>\n<p>P\u00f2ster realitzat per nens i nenes de 5\u00e8 de Prim\u00e0ria:<a href=\"https:\/\/agora.xtec.cat\/ceip-drseres-alpicat\/wp-content\/uploads\/usu1665\/2025\/03\/Escolta_m_page-0001-scaled.jpg\"><img loading=\"lazy\" decoding=\"async\" class=\"aligncenter wp-image-3790 size-large\" src=\"https:\/\/agora.xtec.cat\/ceip-drseres-alpicat\/wp-content\/uploads\/usu1665\/2025\/03\/Escolta_m_page-0001-1024x576.jpg\" alt=\"\" width=\"1024\" height=\"576\" srcset=\"https:\/\/agora.xtec.cat\/ceip-drseres-alpicat\/wp-content\/uploads\/usu1665\/2025\/03\/Escolta_m_page-0001-1024x576.jpg 1024w, https:\/\/agora.xtec.cat\/ceip-drseres-alpicat\/wp-content\/uploads\/usu1665\/2025\/03\/Escolta_m_page-0001-300x169.jpg 300w, https:\/\/agora.xtec.cat\/ceip-drseres-alpicat\/wp-content\/uploads\/usu1665\/2025\/03\/Escolta_m_page-0001-768x432.jpg 768w, https:\/\/agora.xtec.cat\/ceip-drseres-alpicat\/wp-content\/uploads\/usu1665\/2025\/03\/Escolta_m_page-0001-1536x864.jpg 1536w, https:\/\/agora.xtec.cat\/ceip-drseres-alpicat\/wp-content\/uploads\/usu1665\/2025\/03\/Escolta_m_page-0001-2048x1152.jpg 2048w\" sizes=\"auto, (max-width: 1024px) 100vw, 1024px\" \/><\/a><\/p>\n<p>&nbsp;<\/p>\n","protected":false},"excerpt":{"rendered":"<p>\u201cSigues tu el canvi que vols veure en el m\u00f3n\u201d,\u00a0Gandhi<br \/>\nEl curs 2017\/18 vam iniciar el projecte Escolta\u2019m al centre. Aquest projecte est\u00e0 emmarcat dins el Projecte de conviv\u00e8ncia, ja que \u00e9s d\u2019educaci\u00f3 emocional.<br \/>\nEl projecte Escolta\u2019m \u00e9s un recurs d\u2019intervenci\u00f3 educativa que cada grup classe realitza&hellip;  <a href=\"https:\/\/agora.xtec.cat\/ceip-drseres-alpicat\/projecte-escoltam\/\" title=\"Read Projecte Escolta&#8217;m\">Llegeix m\u00e9s\u00bb<\/a><\/p>\n","protected":false},"author":1,"featured_media":0,"parent":0,"menu_order":0,"comment_status":"closed","ping_status":"closed","template":"","meta":{"_bbp_topic_count":0,"_bbp_reply_count":0,"_bbp_total_topic_count":0,"_bbp_total_reply_count":0,"_bbp_voice_count":0,"_bbp_anonymous_reply_count":0,"_bbp_topic_count_hidden":0,"_bbp_reply_count_hidden":0,"_bbp_forum_subforum_count":0,"footnotes":""},"class_list":["post-2709","page","type-page","status-publish","hentry"],"post_mailing_queue_ids":[],"_links":{"self":[{"href":"https:\/\/agora.xtec.cat\/ceip-drseres-alpicat\/wp-json\/wp\/v2\/pages\/2709","targetHints":{"allow":["GET"]}}],"collection":[{"href":"https:\/\/agora.xtec.cat\/ceip-drseres-alpicat\/wp-json\/wp\/v2\/pages"}],"about":[{"href":"https:\/\/agora.xtec.cat\/ceip-drseres-alpicat\/wp-json\/wp\/v2\/types\/page"}],"author":[{"embeddable":true,"href":"https:\/\/agora.xtec.cat\/ceip-drseres-alpicat\/wp-json\/wp\/v2\/users\/1"}],"replies":[{"embeddable":true,"href":"https:\/\/agora.xtec.cat\/ceip-drseres-alpicat\/wp-json\/wp\/v2\/comments?post=2709"}],"version-history":[{"count":5,"href":"https:\/\/agora.xtec.cat\/ceip-drseres-alpicat\/wp-json\/wp\/v2\/pages\/2709\/revisions"}],"predecessor-version":[{"id":3791,"href":"https:\/\/agora.xtec.cat\/ceip-drseres-alpicat\/wp-json\/wp\/v2\/pages\/2709\/revisions\/3791"}],"wp:attachment":[{"href":"https:\/\/agora.xtec.cat\/ceip-drseres-alpicat\/wp-json\/wp\/v2\/media?parent=2709"}],"curies":[{"name":"wp","href":"https:\/\/api.w.org\/{rel}","templated":true}]}}