{"id":2155,"date":"2022-01-20T17:18:27","date_gmt":"2022-01-20T16:18:27","guid":{"rendered":"https:\/\/agora.xtec.cat\/ceip-drseres-alpicat\/?page_id=2155"},"modified":"2026-04-12T21:33:36","modified_gmt":"2026-04-12T19:33:36","slug":"consell-escolar","status":"publish","type":"page","link":"https:\/\/agora.xtec.cat\/ceip-drseres-alpicat\/consell-escolar\/","title":{"rendered":"Consell Escolar"},"content":{"rendered":"<p style=\"text-align: center;\"><a href=\"https:\/\/drive.google.com\/file\/d\/1fZ5HC9ji5TKiwZgTmxHkm7n2DeCSRXob\/view?usp=share_link\"><strong>. Acords de les reunions del Consell Escolar, curs 2025-26<\/strong><\/a><\/p>\n<p style=\"text-align: center;\"><span style=\"text-decoration: underline;\"><strong><a href=\"https:\/\/agora.xtec.cat\/ceip-drseres-alpicat\/wp-content\/uploads\/usu1665\/2023\/12\/Glossari-de-sigles-dels-documents-de-centre.pdf\">. Glossari de sigles dels documents de centre<\/a><\/strong><\/span><\/p>\n<p>&nbsp;<\/p>\n<p><span style=\"font-weight: 400;\">El Consell Escolar e\u0301s l\u2019\u00f2rgan de participaci\u00f3 de la comunitat escolar en el govern del centre. El regula la seg\u00fcent normativa:<\/span><\/p>\n<p><span style=\"font-weight: 400;\">. Llei Org\u00e0nica 2\/2006, de 3 de maig, d\u2019Educaci\u00f3 \u2013LOE, modificada per la LOMLOE.<\/span><\/p>\n<p><span style=\"font-weight: 400;\">. Llei 12\/2009, del 10 de juliol, d\u2019educaci\u00f3 \u2013 LEC<\/span><\/p>\n<p><span style=\"font-weight: 400;\">. Decret 102\/2010, de 3 d\u2019agost, d\u2019autonomia dels centres educatius.<\/span><\/p>\n<p><span style=\"font-weight: 400;\">. Decret155\/2010, de 2 de novembre, de la direcci\u00f3 dels centres educatius p\u00fablics i del personal directiu professional docent, modificat pel Decret 29\/2015, de 3 de mar\u00e7.<\/span><\/p>\n<p><span style=\"font-weight: 400;\">. Llei 40\/2015, d\u20191 d\u2019octubre, del r\u00e8gim jur\u00eddic del sector p\u00fablic.<\/span><\/p>\n<p><span style=\"font-weight: 400;\">. Llei 26\/2010, de 3 d\u2019agost, de r\u00e8gim jur\u00eddic i de procediment de les administracions p\u00fabliques de Catalunya.<\/span><\/p>\n<p><span style=\"font-weight: 400;\">. Decret 282\/2006, de 4 de juliol, dels requisits dels centres del 1r cicle de l\u2019ed.infantil.<\/span><\/p>\n<p>&nbsp;<\/p>\n<p><span style=\"font-weight: 400;\">\ud83d\udc49 La <\/span><b>COMPOSICI\u00d3<\/b><span style=\"font-weight: 400;\"> del Consell Escolar de l&#8217;escola Doctor Ser\u00e9s actual est\u00e0 integrat per les seg\u00fcents persones membres:<\/span><\/p>\n<table style=\"border-collapse: collapse; width: 82.532751%; height: 556px;\">\n<tbody>\n<tr style=\"height: 32px;\">\n<td style=\"width: 50%; height: 32px;\"><strong>MEMBRES<\/strong><\/td>\n<td style=\"width: 41.375545851528386%; height: 32px;\"><strong>SECTOR REPRESENTANT\u00a0<\/strong><\/td>\n<\/tr>\n<tr style=\"height: 31px;\">\n<td style=\"width: 50%; height: 31px;\">OLGA NIUB\u00d3 SALA<\/td>\n<td style=\"width: 41.375545851528386%; height: 31px;\">DIRECTORA<\/td>\n<\/tr>\n<tr style=\"height: 31px;\">\n<td style=\"width: 50%; height: 31px;\">\u00c0LEX G\u00d3MEZ MORENO<\/td>\n<td style=\"width: 41.375545851528386%; height: 31px;\">CAP D&#8217;ESTUDIS<\/td>\n<\/tr>\n<tr style=\"height: 31px;\">\n<td style=\"width: 50%; height: 31px;\">JUDIT VILALTA ALEGRE<\/td>\n<td style=\"width: 41.375545851528386%; height: 31px;\">SECRET\u00c0RIA<\/td>\n<\/tr>\n<tr style=\"height: 31px;\">\n<td style=\"width: 50%; height: 31px;\">S\u00cdLVIA LUMBIERRES COTS<\/td>\n<td style=\"width: 41.375546%; height: 186px;\" rowspan=\"6\">MESTRES<\/td>\n<\/tr>\n<tr style=\"height: 31px;\">\n<td style=\"width: 50%; height: 31px;\">RA\u00dcL \u00cd\u00d1IGUEZ RAMON<\/td>\n<\/tr>\n<tr style=\"height: 31px;\">\n<td style=\"width: 50%; height: 31px;\">VANESA TORRES MART\u00cdNEZ<\/td>\n<\/tr>\n<tr style=\"height: 31px;\">\n<td style=\"width: 50%; height: 31px;\">CAROLINA LARROYA RIBA<\/td>\n<\/tr>\n<tr style=\"height: 31px;\">\n<td style=\"width: 50%; height: 31px;\">ANNA M. MEL\u00c9 RUFACH<\/td>\n<\/tr>\n<tr style=\"height: 31px;\">\n<td style=\"width: 50%; height: 31px;\">ESTER RIU C\u00d3NSUL<\/td>\n<\/tr>\n<tr style=\"height: 31px;\">\n<td style=\"width: 50%; height: 31px;\">HELENA DE DIOS SABARICH<\/td>\n<td style=\"width: 41.375546%; height: 152px;\" rowspan=\"5\">FAM\u00cdLIES<\/td>\n<\/tr>\n<tr style=\"height: 28px;\">\n<td style=\"width: 50%; height: 28px;\">CARLOS PERA MARTORELL<\/td>\n<\/tr>\n<tr style=\"height: 31px;\">\n<td style=\"width: 50%; height: 31px;\">N\u00daRIA VICENS ESTEVE<\/td>\n<\/tr>\n<tr style=\"height: 31px;\">\n<td style=\"width: 50%; height: 31px;\">M\u00d2NICA LLOMBART ROM\u00c0<\/td>\n<\/tr>\n<tr style=\"height: 31px;\">\n<td style=\"width: 50%; height: 31px;\">PATR\u00cdCIA LLORENTE VILLAFRANCA<\/td>\n<\/tr>\n<tr style=\"height: 31px;\">\n<td style=\"width: 50%; height: 31px;\">ALEJANDRO OLMO PEDRERO<\/td>\n<td style=\"width: 41.375546%; height: 31px;\">AFA<\/td>\n<\/tr>\n<tr style=\"height: 31px;\">\n<td style=\"width: 50%; height: 31px;\">ROSER CORT\u00c9S BESOL\u00cd<\/td>\n<td style=\"width: 41.375546%; height: 31px;\">PAS\/PAE<\/td>\n<\/tr>\n<tr style=\"height: 31px;\">\n<td style=\"width: 50%; height: 31px;\">ISIDRE FERN\u00c1NDEZ COLOM<\/td>\n<td style=\"width: 41.375546%; height: 31px;\">AJUNTAMENT<\/td>\n<\/tr>\n<\/tbody>\n<\/table>\n<p><a href=\"https:\/\/agora.xtec.cat\/ceip-drseres-alpicat\/wp-content\/uploads\/usu1665\/2026\/04\/Orla-actualitzada-a-la-pagina-web.jpg\"><img loading=\"lazy\" decoding=\"async\" class=\"aligncenter size-large wp-image-4728\" src=\"https:\/\/agora.xtec.cat\/ceip-drseres-alpicat\/wp-content\/uploads\/usu1665\/2026\/04\/Orla-actualitzada-a-la-pagina-web-1024x576.jpg\" alt=\"\" width=\"1024\" height=\"576\" srcset=\"https:\/\/agora.xtec.cat\/ceip-drseres-alpicat\/wp-content\/uploads\/usu1665\/2026\/04\/Orla-actualitzada-a-la-pagina-web-1024x576.jpg 1024w, https:\/\/agora.xtec.cat\/ceip-drseres-alpicat\/wp-content\/uploads\/usu1665\/2026\/04\/Orla-actualitzada-a-la-pagina-web-300x169.jpg 300w, https:\/\/agora.xtec.cat\/ceip-drseres-alpicat\/wp-content\/uploads\/usu1665\/2026\/04\/Orla-actualitzada-a-la-pagina-web-768x432.jpg 768w, https:\/\/agora.xtec.cat\/ceip-drseres-alpicat\/wp-content\/uploads\/usu1665\/2026\/04\/Orla-actualitzada-a-la-pagina-web-1536x864.jpg 1536w, https:\/\/agora.xtec.cat\/ceip-drseres-alpicat\/wp-content\/uploads\/usu1665\/2026\/04\/Orla-actualitzada-a-la-pagina-web.jpg 1920w\" sizes=\"auto, (max-width: 1024px) 100vw, 1024px\" \/><\/a><\/p>\n<p>&nbsp;<\/p>\n<p><b>Comissions del consell escolar:<\/b><\/p>\n<p><span style=\"font-weight: 400;\">. Composici\u00f3 de la comissi\u00f3 econ\u00f2mica:<\/span><\/p>\n<p><span style=\"font-weight: 400;\">\u00a0 \u00a0 \u00a0&#8211; Directora: Olga Niub\u00f3<\/span><\/p>\n<p><span style=\"font-weight: 400;\">\u00a0 \u00a0 \u00a0&#8211; Secret\u00e0ria: Judit Vilalta<\/span><\/p>\n<p><span style=\"font-weight: 400;\">\u00a0 \u00a0 \u00a0&#8211; Mestres: Ra\u00fcl \u00cd\u00f1iguez<\/span><\/p>\n<p><span style=\"font-weight: 400;\">\u00a0 \u00a0 \u00a0&#8211; Fam\u00edlies: Carlos Pera<\/span><\/p>\n<p>&nbsp;<\/p>\n<p><span style=\"font-weight: 400;\">. Composici\u00f3 de la comissi\u00f3 permanent:<\/span><\/p>\n<p><span style=\"font-weight: 400;\">\u00a0 \u00a0 \u00a0&#8211; Directora: Olga Niub\u00f3<\/span><\/p>\n<p><span style=\"font-weight: 400;\">\u00a0 \u00a0 \u00a0&#8211; Secret\u00e0ria: Judit Vilalta<\/span><\/p>\n<p><span style=\"font-weight: 400;\">\u00a0 \u00a0 \u00a0&#8211; Mestres: Vanesa Torres<\/span><\/p>\n<p><span style=\"font-weight: 400;\">\u00a0 \u00a0 \u00a0&#8211; Fam\u00edlies: N\u00faria Vicens<\/span><\/p>\n<p>&nbsp;<\/p>\n<p><span style=\"font-weight: 400;\">. Composici\u00f3 de la comissi\u00f3 de menjador:<\/span><\/p>\n<p><span style=\"font-weight: 400;\">\u00a0 \u00a0 \u00a0&#8211; Directora: Olga Niub\u00f3<\/span><\/p>\n<p><span style=\"font-weight: 400;\">\u00a0 \u00a0 \u00a0&#8211; Ajuntament: Isidre Fern\u00e1ndez<\/span><\/p>\n<p><span style=\"font-weight: 400;\">\u00a0 \u00a0 \u00a0&#8211; Empresa adjudicat\u00e0ria: Oldimar SC<\/span><\/p>\n<p><span style=\"font-weight: 400;\">\u00a0 \u00a0 \u00a0&#8211; Mestres: S\u00edlvia Lumbierres i Carolina Larroya<\/span><\/p>\n<p><span style=\"font-weight: 400;\">\u00a0 \u00a0 \u00a0&#8211; Fam\u00edlies: Helena de Dios i M\u00f2nica Llombart<\/span><\/p>\n<p>&nbsp;<\/p>\n<p><span style=\"font-weight: 400;\">. Composici\u00f3 de la comissi\u00f3 de conviv\u00e8ncia:<\/span><\/p>\n<p><span style=\"font-weight: 400;\">\u00a0 \u00a0 \u00a0&#8211; Directora: Olga Niub\u00f3<\/span><\/p>\n<p><span style=\"font-weight: 400;\">\u00a0 \u00a0 \u00a0&#8211; Referent COCOBE: N\u00faria Rib\u00f3<\/span><\/p>\n<p><span style=\"font-weight: 400;\">\u00a0 \u00a0 \u00a0&#8211; Mestres: Anna M. Mel\u00e9 i Ester Riu<\/span><\/p>\n<p><span style=\"font-weight: 400;\">\u00a0 \u00a0 \u00a0&#8211; Fam\u00edlies: Helena de Dios i Patricia Llorente<\/span><\/p>\n<p>&nbsp;<\/p>\n<p><a href=\"https:\/\/educacio.gencat.cat\/ca\/arees-actuacio\/centres-serveis-educatius\/centres\/consells-escolars-centres\/\">Si en voleu saber m\u00e9s, cliqueu aqu\u00ed damunt.<\/a><\/p>\n","protected":false},"excerpt":{"rendered":"<p><a href=\"https:\/\/drive.google.com\/file\/d\/1fZ5HC9ji5TKiwZgTmxHkm7n2DeCSRXob\/view?usp=share_link\">. Acords de les reunions del Consell Escolar, curs 2025-26<\/a><br \/>\n<a href=\"https:\/\/agora.xtec.cat\/ceip-drseres-alpicat\/wp-content\/uploads\/usu1665\/2023\/12\/Glossari-de-sigles-dels-documents-de-centre.pdf\">. Glossari de sigles dels documents de centre<\/a><br \/>\n&nbsp;<br \/>\nEl Consell Escolar e\u0301s l\u2019\u00f2rgan de participaci\u00f3 de la comunitat escolar en el govern del centre. El regula la seg\u00fcent normativa:<br \/>\n. Llei Org\u00e0nica 2\/2006, de 3 de&hellip;  <a href=\"https:\/\/agora.xtec.cat\/ceip-drseres-alpicat\/consell-escolar\/\" title=\"Read Consell Escolar\">Llegeix m\u00e9s\u00bb<\/a><\/p>\n","protected":false},"author":4,"featured_media":0,"parent":0,"menu_order":0,"comment_status":"closed","ping_status":"closed","template":"","meta":{"_bbp_topic_count":0,"_bbp_reply_count":0,"_bbp_total_topic_count":0,"_bbp_total_reply_count":0,"_bbp_voice_count":0,"_bbp_anonymous_reply_count":0,"_bbp_topic_count_hidden":0,"_bbp_reply_count_hidden":0,"_bbp_forum_subforum_count":0,"footnotes":""},"class_list":["post-2155","page","type-page","status-publish","hentry"],"post_mailing_queue_ids":[],"_links":{"self":[{"href":"https:\/\/agora.xtec.cat\/ceip-drseres-alpicat\/wp-json\/wp\/v2\/pages\/2155","targetHints":{"allow":["GET"]}}],"collection":[{"href":"https:\/\/agora.xtec.cat\/ceip-drseres-alpicat\/wp-json\/wp\/v2\/pages"}],"about":[{"href":"https:\/\/agora.xtec.cat\/ceip-drseres-alpicat\/wp-json\/wp\/v2\/types\/page"}],"author":[{"embeddable":true,"href":"https:\/\/agora.xtec.cat\/ceip-drseres-alpicat\/wp-json\/wp\/v2\/users\/4"}],"replies":[{"embeddable":true,"href":"https:\/\/agora.xtec.cat\/ceip-drseres-alpicat\/wp-json\/wp\/v2\/comments?post=2155"}],"version-history":[{"count":6,"href":"https:\/\/agora.xtec.cat\/ceip-drseres-alpicat\/wp-json\/wp\/v2\/pages\/2155\/revisions"}],"predecessor-version":[{"id":4729,"href":"https:\/\/agora.xtec.cat\/ceip-drseres-alpicat\/wp-json\/wp\/v2\/pages\/2155\/revisions\/4729"}],"wp:attachment":[{"href":"https:\/\/agora.xtec.cat\/ceip-drseres-alpicat\/wp-json\/wp\/v2\/media?parent=2155"}],"curies":[{"name":"wp","href":"https:\/\/api.w.org\/{rel}","templated":true}]}}