{"id":574,"date":"2017-11-02T16:22:48","date_gmt":"2017-11-02T15:22:48","guid":{"rendered":"http:\/\/agora.xtec.cat\/ceip-dolorsalmeda-cornella\/?page_id=574"},"modified":"2025-09-30T13:12:30","modified_gmt":"2025-09-30T11:12:30","slug":"participacio-familiar","status":"publish","type":"page","link":"https:\/\/agora.xtec.cat\/ceip-dolorsalmeda-cornella\/projecte-educatiu\/participacio-familiar\/","title":{"rendered":"Participaci\u00f3 familiar"},"content":{"rendered":"<p>El centre aposta per la participaci\u00f3 familiar. Creiem que la implicaci\u00f3 de les fam\u00edlies a l\u2019escola millora el coneixement personal entre aquestes i els i les docents i, per tant, la confian\u00e7a entre uns i altres: delegats i delegades de classe, voluntaris\/es, AFA, entre altres. En aquest sentit, procurem articular diferents estrat\u00e8gies que ens permetin anar creant una escola de tots i totes.<\/p>\n<p>Recollim aqu\u00ed el que la Generalitat publica a la seva web <a href=\"http:\/\/familiaiescola.gencat.cat\/ca\/escolaritat\/participacio-compromis\/\">fam\u00edlia i escola.<\/a><\/p>\n<p>Els pares i les mares us dediqueu a l\u2019educaci\u00f3 dels vostres fills\/es al llarg de tota la seva infantesa i fins que s\u00f3n persones adultes. Durant l\u2019escolaritzaci\u00f3 dels nois i noies, la fam\u00edlia i el centre compartiu el dret i el deure de l\u2019educaci\u00f3; aix\u00f2 fa que el comprom\u00eds entre les dues parts sigui fonamental per a l\u2019\u00e8xit escolar.<\/p>\n<p><em>Destaquem tres \u00e0mbits principals de participaci\u00f3 i comprom\u00eds educatiu:<\/em><\/p>\n<ul>\n<li><em>Participaci\u00f3 de les fam\u00edlies en el seguiment i proc\u00e9s escolar i educatiu dels fills i filles.<\/em><\/li>\n<li><em>Participaci\u00f3 en el funcionament del centre com a membres de la comunitat educativa.<\/em><\/li>\n<li><em>Carta de <a href=\"http:\/\/agora.xtec.cat\/ceip-dolorsalmeda-cornella\/wp-content\/uploads\/usu30\/bp-attachments\/579\/Carta-comprom\u00eds-educatiu.pdf\">comprom\u00eds educatiu<\/a>.<\/em><\/li>\n<\/ul>\n<p><a href=\"http:\/\/familiaiescola.gencat.cat\/ca\/escolaritat\/participacio-compromis\/\"><img loading=\"lazy\" decoding=\"async\" class=\"alignnone wp-image-583 size-large\" src=\"http:\/\/agora.xtec.cat\/ceip-dolorsalmeda-cornella\/wp-content\/uploads\/usu30\/2017\/11\/baner-familia-1024x85.png\" alt=\"\" width=\"1024\" height=\"85\" srcset=\"https:\/\/agora.xtec.cat\/ceip-dolorsalmeda-cornella\/wp-content\/uploads\/usu30\/2017\/11\/baner-familia-1024x85.png 1024w, https:\/\/agora.xtec.cat\/ceip-dolorsalmeda-cornella\/wp-content\/uploads\/usu30\/2017\/11\/baner-familia-300x25.png 300w, https:\/\/agora.xtec.cat\/ceip-dolorsalmeda-cornella\/wp-content\/uploads\/usu30\/2017\/11\/baner-familia-768x64.png 768w, https:\/\/agora.xtec.cat\/ceip-dolorsalmeda-cornella\/wp-content\/uploads\/usu30\/2017\/11\/baner-familia.png 1435w\" sizes=\"auto, (max-width: 1024px) 100vw, 1024px\" \/><\/a><\/p>\n<p>L\u2019educaci\u00f3 dels nens i nenes que tenim a l\u2019escola ha de ser fruit del treball conjunt. Est\u00e0 comprovat que com m\u00e9s col\u00b7laboren les fam\u00edlies en el centre, m\u00e9s augmenta el grau de confian\u00e7a i de satisfacci\u00f3 dels usuaris, i per tant m\u00e9s es redueix el frac\u00e0s escolar. \u00c9s per aquest motiu que l\u2019escola t\u00e9 creada una comissi\u00f3 de delegats\/es de classe que t\u00e9 com a objectius:<\/p>\n<ul>\n<li style=\"list-style-type: none;\">\n<ul>\n<li>Afavorir la comunicaci\u00f3 dels pares i mares de la classe amb\u00a0l\u2019Escola i amb el tutor\/a per trobar vies de col\u00b7laboraci\u00f3 conjunta\u00a0en l\u2019educaci\u00f3 dels infants.<\/li>\n<li>Aconseguir una major representativitat i participaci\u00f3 del\u00a0col\u00b7lectiu de pares i mares de l\u2019escola.<\/li>\n<li>Potenciar la transmissi\u00f3 de la informaci\u00f3 que es genera en\u00a0qualsevol \u00e0mbit de la comunitat educativa.<\/li>\n<li>Integrar a totes les fam\u00edlies dins de l\u2019escola.<\/li>\n<\/ul>\n<\/li>\n<\/ul>\n<p><strong>VOLUNTARIS<\/strong><\/p>\n<p>El centre obre les portes a les fam\u00edlies per tal pugueu participar en activitats del dia a dia del centre. A les reunions d&#8217;inici de curs s&#8217;informa de quines s\u00f3n aquestes activitats i com podeu fer per participar-hi. \u00c9s important que els voluntaris coneguin el dec\u00e0leg del voluntariat i signin l&#8217;acceptaci\u00f3 de la normativa.<\/p>\n<p><a href=\"https:\/\/agora.xtec.cat\/ceip-dolorsalmeda-cornella\/docs\/decaleg-voluntariat\/\">DEC\u00c0LEG DEL VOLUNTARIAT<\/a><\/p>\n","protected":false},"excerpt":{"rendered":"<p>El centre aposta per la participaci\u00f3 familiar. Creiem que la implicaci\u00f3 de les fam\u00edlies a l\u2019escola millora el coneixement personal entre aquestes i els i les docents i, per tant, la confian\u00e7a entre uns i altres: delegats i delegades de classe, voluntaris\/es, AFA, entre altres.&hellip;  <a href=\"https:\/\/agora.xtec.cat\/ceip-dolorsalmeda-cornella\/projecte-educatiu\/participacio-familiar\/\" title=\"Read Participaci\u00f3 familiar\">Llegeix m\u00e9s\u00bb<\/a><\/p>\n","protected":false},"author":1,"featured_media":0,"parent":64,"menu_order":70,"comment_status":"closed","ping_status":"closed","template":"page-templates\/side-menu.php","meta":{"_bbp_topic_count":0,"_bbp_reply_count":0,"_bbp_total_topic_count":0,"_bbp_total_reply_count":0,"_bbp_voice_count":0,"_bbp_anonymous_reply_count":0,"_bbp_topic_count_hidden":0,"_bbp_reply_count_hidden":0,"_bbp_forum_subforum_count":0,"footnotes":""},"class_list":["post-574","page","type-page","status-publish","hentry"],"post_mailing_queue_ids":[],"_links":{"self":[{"href":"https:\/\/agora.xtec.cat\/ceip-dolorsalmeda-cornella\/wp-json\/wp\/v2\/pages\/574","targetHints":{"allow":["GET"]}}],"collection":[{"href":"https:\/\/agora.xtec.cat\/ceip-dolorsalmeda-cornella\/wp-json\/wp\/v2\/pages"}],"about":[{"href":"https:\/\/agora.xtec.cat\/ceip-dolorsalmeda-cornella\/wp-json\/wp\/v2\/types\/page"}],"author":[{"embeddable":true,"href":"https:\/\/agora.xtec.cat\/ceip-dolorsalmeda-cornella\/wp-json\/wp\/v2\/users\/1"}],"replies":[{"embeddable":true,"href":"https:\/\/agora.xtec.cat\/ceip-dolorsalmeda-cornella\/wp-json\/wp\/v2\/comments?post=574"}],"version-history":[{"count":7,"href":"https:\/\/agora.xtec.cat\/ceip-dolorsalmeda-cornella\/wp-json\/wp\/v2\/pages\/574\/revisions"}],"predecessor-version":[{"id":8172,"href":"https:\/\/agora.xtec.cat\/ceip-dolorsalmeda-cornella\/wp-json\/wp\/v2\/pages\/574\/revisions\/8172"}],"up":[{"embeddable":true,"href":"https:\/\/agora.xtec.cat\/ceip-dolorsalmeda-cornella\/wp-json\/wp\/v2\/pages\/64"}],"wp:attachment":[{"href":"https:\/\/agora.xtec.cat\/ceip-dolorsalmeda-cornella\/wp-json\/wp\/v2\/media?parent=574"}],"curies":[{"name":"wp","href":"https:\/\/api.w.org\/{rel}","templated":true}]}}