{"id":2998,"date":"2020-05-08T17:04:42","date_gmt":"2020-05-08T15:04:42","guid":{"rendered":"https:\/\/agora.xtec.cat\/ceip-cristofor-mestre\/?page_id=2998"},"modified":"2026-02-14T22:47:19","modified_gmt":"2026-02-14T21:47:19","slug":"consell-escolar","status":"publish","type":"page","link":"https:\/\/agora.xtec.cat\/ceip-cristofor-mestre\/lescola\/consell-escolar\/","title":{"rendered":"Consell Escolar"},"content":{"rendered":"<p data-start=\"178\" data-end=\"412\"><a href=\"https:\/\/agora.xtec.cat\/ceip-cristofor-mestre\/wp-content\/uploads\/usu89\/2026\/02\/lapices-de-colores.webp\"><img loading=\"lazy\" decoding=\"async\" class=\"alignleft size-medium wp-image-8502\" src=\"https:\/\/agora.xtec.cat\/ceip-cristofor-mestre\/wp-content\/uploads\/usu89\/2026\/02\/lapices-de-colores-300x188.webp\" alt=\"\" width=\"300\" height=\"188\" srcset=\"https:\/\/agora.xtec.cat\/ceip-cristofor-mestre\/wp-content\/uploads\/usu89\/2026\/02\/lapices-de-colores-300x188.webp 300w, https:\/\/agora.xtec.cat\/ceip-cristofor-mestre\/wp-content\/uploads\/usu89\/2026\/02\/lapices-de-colores-768x480.webp 768w, https:\/\/agora.xtec.cat\/ceip-cristofor-mestre\/wp-content\/uploads\/usu89\/2026\/02\/lapices-de-colores.webp 1024w\" sizes=\"auto, (max-width: 300px) 100vw, 300px\" \/><\/a><\/p>\n<p data-start=\"178\" data-end=\"412\">El <strong data-start=\"181\" data-end=\"200\">Consell Escolar<\/strong> \u00e9s l\u2019\u00f2rgan de participaci\u00f3 de tota la comunitat educativa de l\u2019escola. T\u00e9 com a objectiu <strong data-start=\"290\" data-end=\"409\">garantir la implicaci\u00f3 de fam\u00edlies, alumnat, professorat i personal d\u2019administraci\u00f3 i serveis en la vida del centre<\/strong>.<\/p>\n<hr data-start=\"414\" data-end=\"417\" \/>\n<h4 data-start=\"419\" data-end=\"447\"><strong data-start=\"422\" data-end=\"445\">Funcions principals<\/strong><\/h4>\n<ul data-start=\"448\" data-end=\"827\">\n<li data-start=\"448\" data-end=\"506\">\n<p data-start=\"450\" data-end=\"506\">Participar en la <strong data-start=\"467\" data-end=\"503\">gesti\u00f3 i funcionament del centre<\/strong>.<\/p>\n<\/li>\n<li data-start=\"507\" data-end=\"610\">\n<p data-start=\"509\" data-end=\"610\">Col\u00b7laborar en la <strong data-start=\"527\" data-end=\"607\">planificaci\u00f3 i aprovaci\u00f3 del projecte educatiu i altres documents importants<\/strong>.<\/p>\n<\/li>\n<li data-start=\"611\" data-end=\"679\">\n<p data-start=\"613\" data-end=\"679\">Vetllar per la <strong data-start=\"628\" data-end=\"676\">qualitat educativa i el clima de conviv\u00e8ncia<\/strong>.<\/p>\n<\/li>\n<li data-start=\"680\" data-end=\"827\">\n<p data-start=\"682\" data-end=\"827\">Proposar i informar sobre <strong data-start=\"708\" data-end=\"742\">pol\u00edtiques i mesures de centre<\/strong>, com innovacions pedag\u00f2giques, normes de conviv\u00e8ncia o activitats complement\u00e0ries.<\/p>\n<\/li>\n<\/ul>\n<hr data-start=\"829\" data-end=\"832\" \/>\n<h4 data-start=\"834\" data-end=\"858\"><strong data-start=\"837\" data-end=\"856\">El Consell Escolar est\u00e0 integrat per:<\/strong><\/h4>\n<ul data-start=\"899\" data-end=\"1126\">\n<li data-start=\"937\" data-end=\"974\">La <strong data-start=\"1101\" data-end=\"1124\">direcci\u00f3 del centre<\/strong>:\u00a0Susana Jord\u00e1n,\u00a0Sergi Mu\u00f1oz i\u00a0Roser Mateu<\/li>\n<li data-start=\"937\" data-end=\"974\">Representants del\u00a0<strong data-start=\"919\" data-end=\"934\">professorat<\/strong>:Ariadna Sala, Roser Mata, Olga Mart\u00ednez,\u00a0\u00a0Vanessa Lozano i Patr\u00edcia S\u00e1nchez<\/li>\n<li data-start=\"937\" data-end=\"974\">\n<div><strong>Representant de l\u2019AFA<\/strong>: Anna Gea<\/div>\n<\/li>\n<li data-start=\"937\" data-end=\"974\">Representants de\u00a0<strong data-start=\"956\" data-end=\"972\">les fam\u00edlies<\/strong>: Cristina Cardenete, Eva Vias Fransi, Meritxell Mart\u00ed, M\u00edriam Paretas i Sandra Rent\u00e9<\/li>\n<li data-start=\"937\" data-end=\"974\">Representant del<strong> PAS <\/strong>(personal d\u2019administraci\u00f3 i serveis): Maribel S\u00e1nchez<\/li>\n<li data-start=\"937\" data-end=\"974\">\n<div>Representant del<strong> PAE <\/strong>(professionals d&#8217;atenci\u00f3 educativa): Rosario Ruiz<\/div>\n<\/li>\n<li data-start=\"937\" data-end=\"974\">Representant de l\u2019<strong>Ajuntament<\/strong>: Olga Serra<\/li>\n<\/ul>\n<hr data-start=\"1128\" data-end=\"1131\" \/>\n<h4 data-start=\"1133\" data-end=\"1163\"><strong data-start=\"1136\" data-end=\"1161\">Per qu\u00e8 participar del Consell Escolar?<\/strong><\/h4>\n<p data-start=\"1164\" data-end=\"1364\">Per poder con\u00e8ixer la vida escolar des d\u2019un punt de vista m\u00e9s ampli, representar la resta de fam\u00edlies i donar la vostra opini\u00f3 en diferents temes i decisions que s\u2019hagin de prendre!<\/p>\n<div class=\"genially-social-container-genially genially-horizontal\" data-width=\"1200\" data-height=\"675\">\n<div class=\"container-wrapper-genially\">\n<div id=\"63be997b709342001160cddd\" class=\"genially-embed\" data-location=\"social\" data-rendered=\"true\">\n<div class=\"provider-container\" data-view-id=\"SseibQKdwl6SXjFr-m5r5\">\n<div class=\"router-container\" data-genially-name=\"genially\">\n<div class=\"pre-container\">\n<div class=\"genially-view-route genially-view-route-hidden-vscroll genially-view-route-hidden-hscroll\">\n<section id=\"zoom-wrapper-66f505a4-6940-4da2-8241-3eed96ec10e8\" class=\"pt-slide-current pt-page-moveFromBottomFade\">\n<div class=\"genially-view-sketch-field-slide-container\">\n<div class=\"genially-view-slide-container\" data-genially-unsafe-slide=\"false\">\n<div id=\"66f505a4-6940-4da2-8241-3eed96ec10e8\" class=\"genially-view-slide\">\n<div class=\"genially-view-slide-wrapper-transform\">\n<div id=\"genially-animated-4303208c-050c-4576-b9a5-e354f525267b\" class=\"genially-animated-wrapper\" data-initial-left=\"400.5866266700043px\" data-initial-top=\"177.87857927594868px\" data-item-id=\"4303208c-050c-4576-b9a5-e354f525267b\">\n<p class=\"p4\"><b>ENTRE TOTS I TOTES FEM ESCOLA!<\/b><\/p>\n<div class=\"genially-view-item genially-view-text interparagraph_small genially-view-text-indent-list-v4 genially-view-text-indent-paragraph-v5\" data-cy=\"textItemView\" data-genially-id=\"63be997b709342001160cddd\"><\/div>\n<\/div>\n<div id=\"genially-animated-a89b256b-1c0f-499c-bf7c-6767a4cb5487\" class=\"genially-animated-wrapper\" data-initial-left=\"756.502514055459px\" data-initial-top=\"341.1403336595945px\" data-item-id=\"a89b256b-1c0f-499c-bf7c-6767a4cb5487\">\n<div class=\"genially-view-absolute\">\n<div id=\"a89b256b-1c0f-499c-bf7c-6767a4cb5487\" class=\"genially-view-item genially-view-group\" data-title=\"\" data-title-is-item-name=\"true\" data-genially-id=\"63be997b709342001160cddd\">\n<div class=\"sc-eWfVMQ\" data-item-id=\"4b1ec099-de37-4782-bc89-502333111a7e\">\n<p>&nbsp;<\/p>\n<\/div>\n<\/div>\n<\/div>\n<\/div>\n<\/div>\n<\/div>\n<\/div>\n<\/div>\n<\/section>\n<\/div>\n<\/div>\n<\/div>\n<\/div>\n<\/div>\n<\/div>\n<\/div>\n","protected":false},"excerpt":{"rendered":"<p>El Consell Escolar \u00e9s l\u2019\u00f2rgan de participaci\u00f3 de tota la comunitat educativa de l\u2019escola. T\u00e9 com a objectiu garantir la implicaci\u00f3 de fam\u00edlies, alumnat, professorat i personal d\u2019administraci\u00f3 i serveis en la vida del centre. Funcions principals Participar en la gesti\u00f3 i funcionament del centre. Col\u00b7laborar en la planificaci\u00f3 i aprovaci\u00f3 del projecte educatiu i [&hellip;]<\/p>\n","protected":false},"author":1,"featured_media":0,"parent":22,"menu_order":80,"comment_status":"closed","ping_status":"closed","template":"","meta":{"_bbp_topic_count":0,"_bbp_reply_count":0,"_bbp_total_topic_count":0,"_bbp_total_reply_count":0,"_bbp_voice_count":0,"_bbp_anonymous_reply_count":0,"_bbp_topic_count_hidden":0,"_bbp_reply_count_hidden":0,"_bbp_forum_subforum_count":0,"site-sidebar-layout":"default","site-content-layout":"","ast-site-content-layout":"default","site-content-style":"default","site-sidebar-style":"default","ast-global-header-display":"","ast-banner-title-visibility":"","ast-main-header-display":"","ast-hfb-above-header-display":"","ast-hfb-below-header-display":"","ast-hfb-mobile-header-display":"","site-post-title":"","ast-breadcrumbs-content":"","ast-featured-img":"","footer-sml-layout":"","theme-transparent-header-meta":"default","adv-header-id-meta":"","stick-header-meta":"","header-above-stick-meta":"","header-main-stick-meta":"","header-below-stick-meta":"","astra-migrate-meta-layouts":"set","ast-page-background-enabled":"default","ast-page-background-meta":{"desktop":{"background-color":"var(--ast-global-color-4)","background-image":"","background-repeat":"repeat","background-position":"center center","background-size":"auto","background-attachment":"scroll","background-type":"","background-media":"","overlay-type":"","overlay-color":"","overlay-opacity":"","overlay-gradient":""},"tablet":{"background-color":"","background-image":"","background-repeat":"repeat","background-position":"center center","background-size":"auto","background-attachment":"scroll","background-type":"","background-media":"","overlay-type":"","overlay-color":"","overlay-opacity":"","overlay-gradient":""},"mobile":{"background-color":"","background-image":"","background-repeat":"repeat","background-position":"center center","background-size":"auto","background-attachment":"scroll","background-type":"","background-media":"","overlay-type":"","overlay-color":"","overlay-opacity":"","overlay-gradient":""}},"ast-content-background-meta":{"desktop":{"background-color":"var(--ast-global-color-5)","background-image":"","background-repeat":"repeat","background-position":"center center","background-size":"auto","background-attachment":"scroll","background-type":"","background-media":"","overlay-type":"","overlay-color":"","overlay-opacity":"","overlay-gradient":""},"tablet":{"background-color":"var(--ast-global-color-5)","background-image":"","background-repeat":"repeat","background-position":"center center","background-size":"auto","background-attachment":"scroll","background-type":"","background-media":"","overlay-type":"","overlay-color":"","overlay-opacity":"","overlay-gradient":""},"mobile":{"background-color":"var(--ast-global-color-5)","background-image":"","background-repeat":"repeat","background-position":"center center","background-size":"auto","background-attachment":"scroll","background-type":"","background-media":"","overlay-type":"","overlay-color":"","overlay-opacity":"","overlay-gradient":""}},"footnotes":""},"class_list":["post-2998","page","type-page","status-publish","hentry"],"post_mailing_queue_ids":[],"_links":{"self":[{"href":"https:\/\/agora.xtec.cat\/ceip-cristofor-mestre\/wp-json\/wp\/v2\/pages\/2998","targetHints":{"allow":["GET"]}}],"collection":[{"href":"https:\/\/agora.xtec.cat\/ceip-cristofor-mestre\/wp-json\/wp\/v2\/pages"}],"about":[{"href":"https:\/\/agora.xtec.cat\/ceip-cristofor-mestre\/wp-json\/wp\/v2\/types\/page"}],"author":[{"embeddable":true,"href":"https:\/\/agora.xtec.cat\/ceip-cristofor-mestre\/wp-json\/wp\/v2\/users\/1"}],"replies":[{"embeddable":true,"href":"https:\/\/agora.xtec.cat\/ceip-cristofor-mestre\/wp-json\/wp\/v2\/comments?post=2998"}],"version-history":[{"count":6,"href":"https:\/\/agora.xtec.cat\/ceip-cristofor-mestre\/wp-json\/wp\/v2\/pages\/2998\/revisions"}],"predecessor-version":[{"id":6226,"href":"https:\/\/agora.xtec.cat\/ceip-cristofor-mestre\/wp-json\/wp\/v2\/pages\/2998\/revisions\/6226"}],"up":[{"embeddable":true,"href":"https:\/\/agora.xtec.cat\/ceip-cristofor-mestre\/wp-json\/wp\/v2\/pages\/22"}],"wp:attachment":[{"href":"https:\/\/agora.xtec.cat\/ceip-cristofor-mestre\/wp-json\/wp\/v2\/media?parent=2998"}],"curies":[{"name":"wp","href":"https:\/\/api.w.org\/{rel}","templated":true}]}}