{"id":30,"date":"2014-09-18T12:30:23","date_gmt":"2014-09-18T11:30:23","guid":{"rendered":"http:\/\/agora.xtec.cat\/ceip-catalunya-sabadell\/?page_id=30"},"modified":"2021-02-08T15:07:38","modified_gmt":"2021-02-08T14:07:38","slug":"instal%c2%b7lacions","status":"publish","type":"page","link":"https:\/\/agora.xtec.cat\/ceip-catalunya-sabadell\/lescola\/instal%c2%b7lacions\/","title":{"rendered":"Instal\u00b7lacions"},"content":{"rendered":"<p><iframe loading=\"lazy\" src=\"\/\/www.youtube.com\/embed\/U_QZ9oQmcGs\" width=\"560\" height=\"314\"><\/iframe><\/p>\n<table style=\"height: 596px;\" width=\"979\">\n<tbody>\n<tr>\n<td>EDIFICI INFANTIL (P3 I P4)<a href=\"http:\/\/agora.xtec.cat\/ceip-catalunya-sabadell\/wp-content\/uploads\/usu823\/2014\/09\/Edifici-Infantil-web.jpg\"><img loading=\"lazy\" decoding=\"async\" class=\"alignnone size-full wp-image-215\" src=\"http:\/\/agora.xtec.cat\/ceip-catalunya-sabadell\/wp-content\/uploads\/usu823\/2014\/09\/Edifici-Infantil-web.jpg\" alt=\"Edifici Infantil web\" width=\"450\" height=\"300\" srcset=\"https:\/\/agora.xtec.cat\/ceip-catalunya-sabadell\/wp-content\/uploads\/usu823\/2014\/09\/Edifici-Infantil-web.jpg 450w, https:\/\/agora.xtec.cat\/ceip-catalunya-sabadell\/wp-content\/uploads\/usu823\/2014\/09\/Edifici-Infantil-web-300x200.jpg 300w\" sizes=\"auto, (max-width: 450px) 100vw, 450px\" \/><\/a><\/td>\n<td>EDIFICI PRIM\u00c0RIA<a href=\"http:\/\/agora.xtec.cat\/ceip-catalunya-sabadell\/wp-content\/uploads\/usu823\/2014\/09\/Edifici-prim\u00e0ria-web.jpg\"><img loading=\"lazy\" decoding=\"async\" class=\"alignnone size-full wp-image-216\" src=\"http:\/\/agora.xtec.cat\/ceip-catalunya-sabadell\/wp-content\/uploads\/usu823\/2014\/09\/Edifici-prim\u00e0ria-web.jpg\" alt=\"Edifici prim\u00e0ria web\" width=\"450\" height=\"300\" srcset=\"https:\/\/agora.xtec.cat\/ceip-catalunya-sabadell\/wp-content\/uploads\/usu823\/2014\/09\/Edifici-prim\u00e0ria-web.jpg 450w, https:\/\/agora.xtec.cat\/ceip-catalunya-sabadell\/wp-content\/uploads\/usu823\/2014\/09\/Edifici-prim\u00e0ria-web-300x200.jpg 300w\" sizes=\"auto, (max-width: 450px) 100vw, 450px\" \/><\/a><\/td>\n<\/tr>\n<tr>\n<td><span style=\"font-size: medium;\">PATI INFANTIL<\/span>\u00a0(amb p\u00e8rgola, gronxadors, sorral i hort)<a href=\"http:\/\/agora.xtec.cat\/ceip-catalunya-sabadell\/wp-content\/uploads\/usu823\/2014\/09\/Pati-Infantil-2.jpg\"><img loading=\"lazy\" decoding=\"async\" class=\"alignnone size-full wp-image-224\" src=\"http:\/\/agora.xtec.cat\/ceip-catalunya-sabadell\/wp-content\/uploads\/usu823\/2014\/09\/Pati-Infantil-2.jpg\" alt=\"Pati Infantil 2\" width=\"460\" height=\"306\" srcset=\"https:\/\/agora.xtec.cat\/ceip-catalunya-sabadell\/wp-content\/uploads\/usu823\/2014\/09\/Pati-Infantil-2.jpg 460w, https:\/\/agora.xtec.cat\/ceip-catalunya-sabadell\/wp-content\/uploads\/usu823\/2014\/09\/Pati-Infantil-2-300x200.jpg 300w\" sizes=\"auto, (max-width: 460px) 100vw, 460px\" \/><\/a><\/td>\n<td><a href=\"http:\/\/agora.xtec.cat\/ceip-catalunya-sabadell\/wp-content\/uploads\/usu823\/2014\/09\/Pati-Infantil-1-web.jpg\"><img loading=\"lazy\" decoding=\"async\" class=\"alignnone wp-image-223\" src=\"http:\/\/agora.xtec.cat\/ceip-catalunya-sabadell\/wp-content\/uploads\/usu823\/2014\/09\/Pati-Infantil-1-web.jpg\" alt=\"Pati Infantil 1 web\" width=\"411\" height=\"308\" srcset=\"https:\/\/agora.xtec.cat\/ceip-catalunya-sabadell\/wp-content\/uploads\/usu823\/2014\/09\/Pati-Infantil-1-web.jpg 450w, https:\/\/agora.xtec.cat\/ceip-catalunya-sabadell\/wp-content\/uploads\/usu823\/2014\/09\/Pati-Infantil-1-web-300x225.jpg 300w, https:\/\/agora.xtec.cat\/ceip-catalunya-sabadell\/wp-content\/uploads\/usu823\/2014\/09\/Pati-Infantil-1-web-200x150.jpg 200w\" sizes=\"auto, (max-width: 411px) 100vw, 411px\" \/><\/a><\/td>\n<\/tr>\n<tr>\n<td><span style=\"font-size: medium;\">PATI PRIM\u00c0RIA\u00a0 (amb pistes poliesportives i grades )<\/span><a href=\"http:\/\/agora.xtec.cat\/ceip-catalunya-sabadell\/wp-content\/uploads\/usu823\/2014\/09\/Pati-gran-1-web.jpg\"><img loading=\"lazy\" decoding=\"async\" class=\"alignnone size-full wp-image-221\" src=\"http:\/\/agora.xtec.cat\/ceip-catalunya-sabadell\/wp-content\/uploads\/usu823\/2014\/09\/Pati-gran-1-web.jpg\" alt=\"Pati gran 1 web\" width=\"450\" height=\"337\" srcset=\"https:\/\/agora.xtec.cat\/ceip-catalunya-sabadell\/wp-content\/uploads\/usu823\/2014\/09\/Pati-gran-1-web.jpg 450w, https:\/\/agora.xtec.cat\/ceip-catalunya-sabadell\/wp-content\/uploads\/usu823\/2014\/09\/Pati-gran-1-web-300x225.jpg 300w, https:\/\/agora.xtec.cat\/ceip-catalunya-sabadell\/wp-content\/uploads\/usu823\/2014\/09\/Pati-gran-1-web-200x150.jpg 200w\" sizes=\"auto, (max-width: 450px) 100vw, 450px\" \/><\/a><\/td>\n<td><a href=\"http:\/\/agora.xtec.cat\/ceip-catalunya-sabadell\/wp-content\/uploads\/usu823\/2014\/09\/Pati-gran-2-web.jpg\"><img loading=\"lazy\" decoding=\"async\" class=\"alignnone size-full wp-image-222\" src=\"http:\/\/agora.xtec.cat\/ceip-catalunya-sabadell\/wp-content\/uploads\/usu823\/2014\/09\/Pati-gran-2-web.jpg\" alt=\"Pati gran 2 web\" width=\"450\" height=\"337\" srcset=\"https:\/\/agora.xtec.cat\/ceip-catalunya-sabadell\/wp-content\/uploads\/usu823\/2014\/09\/Pati-gran-2-web.jpg 450w, https:\/\/agora.xtec.cat\/ceip-catalunya-sabadell\/wp-content\/uploads\/usu823\/2014\/09\/Pati-gran-2-web-300x225.jpg 300w, https:\/\/agora.xtec.cat\/ceip-catalunya-sabadell\/wp-content\/uploads\/usu823\/2014\/09\/Pati-gran-2-web-200x150.jpg 200w\" sizes=\"auto, (max-width: 450px) 100vw, 450px\" \/><\/a><\/td>\n<\/tr>\n<tr>\n<td>VEST\u00cdBUL DE PRIM\u00c0RIA<a href=\"http:\/\/agora.xtec.cat\/ceip-catalunya-sabadell\/wp-content\/uploads\/usu823\/2014\/09\/Vest\u00edbul.jpg\"><img loading=\"lazy\" decoding=\"async\" class=\"alignnone size-full wp-image-227\" src=\"http:\/\/agora.xtec.cat\/ceip-catalunya-sabadell\/wp-content\/uploads\/usu823\/2014\/09\/Vest\u00edbul.jpg\" alt=\"Vest\u00edbul\" width=\"450\" height=\"300\" srcset=\"https:\/\/agora.xtec.cat\/ceip-catalunya-sabadell\/wp-content\/uploads\/usu823\/2014\/09\/Vest\u00edbul.jpg 450w, https:\/\/agora.xtec.cat\/ceip-catalunya-sabadell\/wp-content\/uploads\/usu823\/2014\/09\/Vest\u00edbul-300x200.jpg 300w\" sizes=\"auto, (max-width: 450px) 100vw, 450px\" \/><\/a><\/td>\n<td>ASCENSOR<a href=\"http:\/\/agora.xtec.cat\/ceip-catalunya-sabadell\/wp-content\/uploads\/usu823\/2014\/09\/Ascensor.jpg\"><img loading=\"lazy\" decoding=\"async\" class=\"alignnone size-full wp-image-205\" src=\"http:\/\/agora.xtec.cat\/ceip-catalunya-sabadell\/wp-content\/uploads\/usu823\/2014\/09\/Ascensor.jpg\" alt=\"Ascensor\" width=\"450\" height=\"300\" srcset=\"https:\/\/agora.xtec.cat\/ceip-catalunya-sabadell\/wp-content\/uploads\/usu823\/2014\/09\/Ascensor.jpg 450w, https:\/\/agora.xtec.cat\/ceip-catalunya-sabadell\/wp-content\/uploads\/usu823\/2014\/09\/Ascensor-300x200.jpg 300w\" sizes=\"auto, (max-width: 450px) 100vw, 450px\" \/><\/a><\/td>\n<\/tr>\n<tr>\n<td>6 AULES D&#8217;EDUCACI\u00d3 INFANTIL<br \/>\n(totes dotades amb pissarra digital i can\u00f3 de projecci\u00f3)<a href=\"http:\/\/agora.xtec.cat\/ceip-catalunya-sabadell\/wp-content\/uploads\/usu823\/2014\/09\/Aula-Infantil-can\u00f3-projecci\u00f3.jpg\"><img loading=\"lazy\" decoding=\"async\" class=\"alignnone wp-image-208\" src=\"http:\/\/agora.xtec.cat\/ceip-catalunya-sabadell\/wp-content\/uploads\/usu823\/2014\/09\/Aula-Infantil-can\u00f3-projecci\u00f3.jpg\" alt=\"Aula Infantil can\u00f3 projecci\u00f3\" width=\"409\" height=\"306\" srcset=\"https:\/\/agora.xtec.cat\/ceip-catalunya-sabadell\/wp-content\/uploads\/usu823\/2014\/09\/Aula-Infantil-can\u00f3-projecci\u00f3.jpg 450w, https:\/\/agora.xtec.cat\/ceip-catalunya-sabadell\/wp-content\/uploads\/usu823\/2014\/09\/Aula-Infantil-can\u00f3-projecci\u00f3-300x225.jpg 300w, https:\/\/agora.xtec.cat\/ceip-catalunya-sabadell\/wp-content\/uploads\/usu823\/2014\/09\/Aula-Infantil-can\u00f3-projecci\u00f3-200x150.jpg 200w\" sizes=\"auto, (max-width: 409px) 100vw, 409px\" \/><\/a><\/td>\n<td>Les aules s\u00f3n espaioses, amb molta llum i adaptades a les necessitats de cada edat.<a href=\"http:\/\/agora.xtec.cat\/ceip-catalunya-sabadell\/wp-content\/uploads\/usu823\/2014\/09\/Aula-Infantil.jpg\"><img loading=\"lazy\" decoding=\"async\" class=\"alignnone size-full wp-image-209\" src=\"http:\/\/agora.xtec.cat\/ceip-catalunya-sabadell\/wp-content\/uploads\/usu823\/2014\/09\/Aula-Infantil.jpg\" alt=\"Aula Infantil\" width=\"450\" height=\"300\" srcset=\"https:\/\/agora.xtec.cat\/ceip-catalunya-sabadell\/wp-content\/uploads\/usu823\/2014\/09\/Aula-Infantil.jpg 450w, https:\/\/agora.xtec.cat\/ceip-catalunya-sabadell\/wp-content\/uploads\/usu823\/2014\/09\/Aula-Infantil-300x200.jpg 300w\" sizes=\"auto, (max-width: 450px) 100vw, 450px\" \/><\/a><\/td>\n<\/tr>\n<tr>\n<td>\n<div><\/div>\n<div>12\u00a0AULES D&#8217;EDUCACI\u00d3 PRIM\u00c0RIA<\/div>\n<p>(dotades amb pissarres digitals interactives i ordinadors )<\/p>\n<p><a href=\"http:\/\/agora.xtec.cat\/ceip-catalunya-sabadell\/wp-content\/uploads\/usu823\/2014\/09\/aula-2n.jpg\"><img loading=\"lazy\" decoding=\"async\" class=\"alignnone size-full wp-image-206\" src=\"http:\/\/agora.xtec.cat\/ceip-catalunya-sabadell\/wp-content\/uploads\/usu823\/2014\/09\/aula-2n.jpg\" alt=\"aula 2n\" width=\"450\" height=\"337\" srcset=\"https:\/\/agora.xtec.cat\/ceip-catalunya-sabadell\/wp-content\/uploads\/usu823\/2014\/09\/aula-2n.jpg 450w, https:\/\/agora.xtec.cat\/ceip-catalunya-sabadell\/wp-content\/uploads\/usu823\/2014\/09\/aula-2n-300x225.jpg 300w, https:\/\/agora.xtec.cat\/ceip-catalunya-sabadell\/wp-content\/uploads\/usu823\/2014\/09\/aula-2n-200x150.jpg 200w\" sizes=\"auto, (max-width: 450px) 100vw, 450px\" \/><\/a><\/td>\n<td>\n<p style=\"text-align: center;\">El mobiliari permet diferents distribucions i agrupaments en funci\u00f3 de les activitats a realitzar.<\/p>\n<p><a href=\"http:\/\/agora.xtec.cat\/ceip-catalunya-sabadell\/wp-content\/uploads\/usu823\/2014\/09\/Aules-1.jpg\"><img loading=\"lazy\" decoding=\"async\" class=\"alignnone size-full wp-image-211\" src=\"http:\/\/agora.xtec.cat\/ceip-catalunya-sabadell\/wp-content\/uploads\/usu823\/2014\/09\/Aules-1.jpg\" alt=\"Aules 1\" width=\"450\" height=\"337\" srcset=\"https:\/\/agora.xtec.cat\/ceip-catalunya-sabadell\/wp-content\/uploads\/usu823\/2014\/09\/Aules-1.jpg 450w, https:\/\/agora.xtec.cat\/ceip-catalunya-sabadell\/wp-content\/uploads\/usu823\/2014\/09\/Aules-1-300x225.jpg 300w, https:\/\/agora.xtec.cat\/ceip-catalunya-sabadell\/wp-content\/uploads\/usu823\/2014\/09\/Aules-1-200x150.jpg 200w\" sizes=\"auto, (max-width: 450px) 100vw, 450px\" \/><\/a><\/td>\n<\/tr>\n<tr>\n<td>6 AULES PETITES PER ATENDRE LA DIVERSITAT<a href=\"http:\/\/agora.xtec.cat\/ceip-catalunya-sabadell\/wp-content\/uploads\/usu823\/2014\/09\/Aula-EE.jpg\"><img loading=\"lazy\" decoding=\"async\" class=\"alignnone size-full wp-image-207\" src=\"http:\/\/agora.xtec.cat\/ceip-catalunya-sabadell\/wp-content\/uploads\/usu823\/2014\/09\/Aula-EE.jpg\" alt=\"Aula EE\" width=\"450\" height=\"300\" srcset=\"https:\/\/agora.xtec.cat\/ceip-catalunya-sabadell\/wp-content\/uploads\/usu823\/2014\/09\/Aula-EE.jpg 450w, https:\/\/agora.xtec.cat\/ceip-catalunya-sabadell\/wp-content\/uploads\/usu823\/2014\/09\/Aula-EE-300x200.jpg 300w\" sizes=\"auto, (max-width: 450px) 100vw, 450px\" \/><\/a><\/td>\n<td>Atenci\u00f3 en petit grup, Educaci\u00f3 Especial, Refor\u00e7 i Reeducaci\u00f3 logop\u00e8dia<a href=\"http:\/\/agora.xtec.cat\/ceip-catalunya-sabadell\/wp-content\/uploads\/usu823\/2014\/09\/Logopedia.jpg\"><img loading=\"lazy\" decoding=\"async\" class=\"alignnone size-full wp-image-219\" src=\"http:\/\/agora.xtec.cat\/ceip-catalunya-sabadell\/wp-content\/uploads\/usu823\/2014\/09\/Logopedia.jpg\" alt=\"Logopedia\" width=\"450\" height=\"300\" srcset=\"https:\/\/agora.xtec.cat\/ceip-catalunya-sabadell\/wp-content\/uploads\/usu823\/2014\/09\/Logopedia.jpg 450w, https:\/\/agora.xtec.cat\/ceip-catalunya-sabadell\/wp-content\/uploads\/usu823\/2014\/09\/Logopedia-300x200.jpg 300w\" sizes=\"auto, (max-width: 450px) 100vw, 450px\" \/><\/a><\/td>\n<\/tr>\n<tr>\n<td>2\u00a0AULES D&#8217;IDIOMES\u00a0(ANGL\u00c8S)<br \/>\nUna petita per desdoblaments i refor\u00e7 de conversa.<a href=\"http:\/\/agora.xtec.cat\/ceip-catalunya-sabadell\/wp-content\/uploads\/usu823\/2014\/09\/Angl\u00e8s-petita.jpg\"><img loading=\"lazy\" decoding=\"async\" class=\"alignnone size-full wp-image-204\" src=\"http:\/\/agora.xtec.cat\/ceip-catalunya-sabadell\/wp-content\/uploads\/usu823\/2014\/09\/Angl\u00e8s-petita.jpg\" alt=\"Angl\u00e8s petita\" width=\"450\" height=\"300\" srcset=\"https:\/\/agora.xtec.cat\/ceip-catalunya-sabadell\/wp-content\/uploads\/usu823\/2014\/09\/Angl\u00e8s-petita.jpg 450w, https:\/\/agora.xtec.cat\/ceip-catalunya-sabadell\/wp-content\/uploads\/usu823\/2014\/09\/Angl\u00e8s-petita-300x200.jpg 300w\" sizes=\"auto, (max-width: 450px) 100vw, 450px\" \/><\/a><\/td>\n<td>Una aula gran on els alumnes de Prim\u00e0ria fan ARTS &amp; CRAFTS (pl\u00e0stica en angl\u00e8s)<\/p>\n<p><img loading=\"lazy\" decoding=\"async\" class=\"alignnone wp-image-1523\" src=\"http:\/\/agora.xtec.cat\/ceip-catalunya-sabadell\/wp-content\/uploads\/usu823\/2014\/09\/PB260003.jpg\" alt=\"\" width=\"406\" height=\"304\" srcset=\"https:\/\/agora.xtec.cat\/ceip-catalunya-sabadell\/wp-content\/uploads\/usu823\/2014\/09\/PB260003.jpg 640w, https:\/\/agora.xtec.cat\/ceip-catalunya-sabadell\/wp-content\/uploads\/usu823\/2014\/09\/PB260003-300x225.jpg 300w, https:\/\/agora.xtec.cat\/ceip-catalunya-sabadell\/wp-content\/uploads\/usu823\/2014\/09\/PB260003-200x150.jpg 200w\" sizes=\"auto, (max-width: 406px) 100vw, 406px\" \/><\/td>\n<\/tr>\n<tr>\n<td>AULA DE M\u00daSICA<a href=\"http:\/\/agora.xtec.cat\/ceip-catalunya-sabadell\/wp-content\/uploads\/usu823\/2014\/09\/Aula-musica.jpg\"><img loading=\"lazy\" decoding=\"async\" class=\"alignnone size-full wp-image-210\" src=\"http:\/\/agora.xtec.cat\/ceip-catalunya-sabadell\/wp-content\/uploads\/usu823\/2014\/09\/Aula-musica.jpg\" alt=\"Aula musica\" width=\"450\" height=\"337\" srcset=\"https:\/\/agora.xtec.cat\/ceip-catalunya-sabadell\/wp-content\/uploads\/usu823\/2014\/09\/Aula-musica.jpg 450w, https:\/\/agora.xtec.cat\/ceip-catalunya-sabadell\/wp-content\/uploads\/usu823\/2014\/09\/Aula-musica-300x225.jpg 300w, https:\/\/agora.xtec.cat\/ceip-catalunya-sabadell\/wp-content\/uploads\/usu823\/2014\/09\/Aula-musica-200x150.jpg 200w\" sizes=\"auto, (max-width: 450px) 100vw, 450px\" \/><\/a><\/td>\n<td>AULA D&#8217;INFORM\u00c0TICA<a href=\"http:\/\/agora.xtec.cat\/ceip-catalunya-sabadell\/wp-content\/uploads\/usu823\/2014\/09\/2.jpg\"><img loading=\"lazy\" decoding=\"async\" class=\"alignnone wp-image-203\" src=\"http:\/\/agora.xtec.cat\/ceip-catalunya-sabadell\/wp-content\/uploads\/usu823\/2014\/09\/2.jpg\" alt=\"2\" width=\"424\" height=\"318\" srcset=\"https:\/\/agora.xtec.cat\/ceip-catalunya-sabadell\/wp-content\/uploads\/usu823\/2014\/09\/2.jpg 400w, https:\/\/agora.xtec.cat\/ceip-catalunya-sabadell\/wp-content\/uploads\/usu823\/2014\/09\/2-300x225.jpg 300w, https:\/\/agora.xtec.cat\/ceip-catalunya-sabadell\/wp-content\/uploads\/usu823\/2014\/09\/2-200x150.jpg 200w\" sizes=\"auto, (max-width: 424px) 100vw, 424px\" \/><\/a><\/td>\n<\/tr>\n<tr>\n<td><span style=\"font-size: medium;\">BIBLIOTECA<\/span><\/p>\n<div>\u00c9s un dels espais principals de l&#8217;escola des d&#8217;on impulsem i fomentem la lectura i la consulta.<\/div>\n<div><\/div>\n<div><a href=\"http:\/\/agora.xtec.cat\/ceip-catalunya-sabadell\/wp-content\/uploads\/usu823\/2014\/09\/bIBLIOTECA-2.jpg\"><img loading=\"lazy\" decoding=\"async\" class=\"alignnone size-full wp-image-213\" src=\"http:\/\/agora.xtec.cat\/ceip-catalunya-sabadell\/wp-content\/uploads\/usu823\/2014\/09\/bIBLIOTECA-2.jpg\" alt=\"bIBLIOTECA 2\" width=\"450\" height=\"300\" srcset=\"https:\/\/agora.xtec.cat\/ceip-catalunya-sabadell\/wp-content\/uploads\/usu823\/2014\/09\/bIBLIOTECA-2.jpg 450w, https:\/\/agora.xtec.cat\/ceip-catalunya-sabadell\/wp-content\/uploads\/usu823\/2014\/09\/bIBLIOTECA-2-300x200.jpg 300w\" sizes=\"auto, (max-width: 450px) 100vw, 450px\" \/><\/a><\/div>\n<\/td>\n<td>A m\u00e9s\u00a0dels llibres de lectura i consulta, la biblioteca compra amb\u00a0 tres<br \/>\nordinadors de treball pels alumnes.<a href=\"http:\/\/agora.xtec.cat\/ceip-catalunya-sabadell\/wp-content\/uploads\/usu823\/2014\/09\/bIBLIOTECA-1.jpg\"><img loading=\"lazy\" decoding=\"async\" class=\"alignnone wp-image-212\" src=\"http:\/\/agora.xtec.cat\/ceip-catalunya-sabadell\/wp-content\/uploads\/usu823\/2014\/09\/bIBLIOTECA-1.jpg\" alt=\"bIBLIOTECA 1\" width=\"461\" height=\"307\" srcset=\"https:\/\/agora.xtec.cat\/ceip-catalunya-sabadell\/wp-content\/uploads\/usu823\/2014\/09\/bIBLIOTECA-1.jpg 450w, https:\/\/agora.xtec.cat\/ceip-catalunya-sabadell\/wp-content\/uploads\/usu823\/2014\/09\/bIBLIOTECA-1-300x200.jpg 300w\" sizes=\"auto, (max-width: 461px) 100vw, 461px\" \/><\/a><\/td>\n<\/tr>\n<tr>\n<td>AULA DE PSICOMOTRICITAT<a href=\"http:\/\/agora.xtec.cat\/ceip-catalunya-sabadell\/wp-content\/uploads\/usu823\/2014\/09\/psicomotricitat.jpg\"><img loading=\"lazy\" decoding=\"async\" class=\"alignnone wp-image-225\" src=\"http:\/\/agora.xtec.cat\/ceip-catalunya-sabadell\/wp-content\/uploads\/usu823\/2014\/09\/psicomotricitat.jpg\" alt=\"psicomotricitat\" width=\"383\" height=\"287\" srcset=\"https:\/\/agora.xtec.cat\/ceip-catalunya-sabadell\/wp-content\/uploads\/usu823\/2014\/09\/psicomotricitat.jpg 450w, https:\/\/agora.xtec.cat\/ceip-catalunya-sabadell\/wp-content\/uploads\/usu823\/2014\/09\/psicomotricitat-300x225.jpg 300w, https:\/\/agora.xtec.cat\/ceip-catalunya-sabadell\/wp-content\/uploads\/usu823\/2014\/09\/psicomotricitat-200x150.jpg 200w\" sizes=\"auto, (max-width: 383px) 100vw, 383px\" \/><\/a><\/td>\n<td>VILARACONS (Espai de joc simb\u00f2lic a Educaci\u00f3 Infantil)<a href=\"http:\/\/agora.xtec.cat\/ceip-catalunya-sabadell\/wp-content\/uploads\/usu823\/2014\/09\/Vilaracons.jpg\"><img loading=\"lazy\" decoding=\"async\" class=\"alignnone size-full wp-image-232\" src=\"http:\/\/agora.xtec.cat\/ceip-catalunya-sabadell\/wp-content\/uploads\/usu823\/2014\/09\/Vilaracons.jpg\" alt=\"Vilaracons\" width=\"450\" height=\"300\" srcset=\"https:\/\/agora.xtec.cat\/ceip-catalunya-sabadell\/wp-content\/uploads\/usu823\/2014\/09\/Vilaracons.jpg 450w, https:\/\/agora.xtec.cat\/ceip-catalunya-sabadell\/wp-content\/uploads\/usu823\/2014\/09\/Vilaracons-300x200.jpg 300w\" sizes=\"auto, (max-width: 450px) 100vw, 450px\" \/><\/a><\/td>\n<\/tr>\n<tr>\n<td>MENJADOR<a href=\"http:\/\/agora.xtec.cat\/ceip-catalunya-sabadell\/wp-content\/uploads\/usu823\/2014\/09\/menjador.jpg\"><img loading=\"lazy\" decoding=\"async\" class=\"alignnone size-full wp-image-220\" src=\"http:\/\/agora.xtec.cat\/ceip-catalunya-sabadell\/wp-content\/uploads\/usu823\/2014\/09\/menjador.jpg\" alt=\"menjador\" width=\"450\" height=\"337\" srcset=\"https:\/\/agora.xtec.cat\/ceip-catalunya-sabadell\/wp-content\/uploads\/usu823\/2014\/09\/menjador.jpg 450w, https:\/\/agora.xtec.cat\/ceip-catalunya-sabadell\/wp-content\/uploads\/usu823\/2014\/09\/menjador-300x225.jpg 300w, https:\/\/agora.xtec.cat\/ceip-catalunya-sabadell\/wp-content\/uploads\/usu823\/2014\/09\/menjador-200x150.jpg 200w\" sizes=\"auto, (max-width: 450px) 100vw, 450px\" \/><\/a><\/td>\n<td>CUINA PR\u00d2PIA<a href=\"http:\/\/agora.xtec.cat\/ceip-catalunya-sabadell\/wp-content\/uploads\/usu823\/2014\/09\/Cuina.jpg\"><img loading=\"lazy\" decoding=\"async\" class=\"alignnone size-full wp-image-214\" src=\"http:\/\/agora.xtec.cat\/ceip-catalunya-sabadell\/wp-content\/uploads\/usu823\/2014\/09\/Cuina.jpg\" alt=\"Cuina\" width=\"450\" height=\"337\" srcset=\"https:\/\/agora.xtec.cat\/ceip-catalunya-sabadell\/wp-content\/uploads\/usu823\/2014\/09\/Cuina.jpg 450w, https:\/\/agora.xtec.cat\/ceip-catalunya-sabadell\/wp-content\/uploads\/usu823\/2014\/09\/Cuina-300x225.jpg 300w, https:\/\/agora.xtec.cat\/ceip-catalunya-sabadell\/wp-content\/uploads\/usu823\/2014\/09\/Cuina-200x150.jpg 200w\" sizes=\"auto, (max-width: 450px) 100vw, 450px\" \/><\/a><\/td>\n<\/tr>\n<tr>\n<td>HORT ESCOLAR<a href=\"http:\/\/agora.xtec.cat\/ceip-catalunya-sabadell\/wp-content\/uploads\/usu823\/2014\/09\/Hort.jpg\"><img loading=\"lazy\" decoding=\"async\" class=\"alignnone size-full wp-image-218\" src=\"http:\/\/agora.xtec.cat\/ceip-catalunya-sabadell\/wp-content\/uploads\/usu823\/2014\/09\/Hort.jpg\" alt=\"Hort\" width=\"450\" height=\"337\" srcset=\"https:\/\/agora.xtec.cat\/ceip-catalunya-sabadell\/wp-content\/uploads\/usu823\/2014\/09\/Hort.jpg 450w, https:\/\/agora.xtec.cat\/ceip-catalunya-sabadell\/wp-content\/uploads\/usu823\/2014\/09\/Hort-300x225.jpg 300w, https:\/\/agora.xtec.cat\/ceip-catalunya-sabadell\/wp-content\/uploads\/usu823\/2014\/09\/Hort-200x150.jpg 200w\" sizes=\"auto, (max-width: 450px) 100vw, 450px\" \/><\/a><\/td>\n<td><a href=\"http:\/\/agora.xtec.cat\/ceip-catalunya-sabadell\/wp-content\/uploads\/usu823\/2014\/09\/hor-nevat.jpg\"><img loading=\"lazy\" decoding=\"async\" class=\"alignnone size-full wp-image-217\" src=\"http:\/\/agora.xtec.cat\/ceip-catalunya-sabadell\/wp-content\/uploads\/usu823\/2014\/09\/hor-nevat.jpg\" alt=\"hor nevat\" width=\"450\" height=\"337\" srcset=\"https:\/\/agora.xtec.cat\/ceip-catalunya-sabadell\/wp-content\/uploads\/usu823\/2014\/09\/hor-nevat.jpg 450w, https:\/\/agora.xtec.cat\/ceip-catalunya-sabadell\/wp-content\/uploads\/usu823\/2014\/09\/hor-nevat-300x225.jpg 300w, https:\/\/agora.xtec.cat\/ceip-catalunya-sabadell\/wp-content\/uploads\/usu823\/2014\/09\/hor-nevat-200x150.jpg 200w\" sizes=\"auto, (max-width: 450px) 100vw, 450px\" \/><\/a><\/td>\n<\/tr>\n<\/tbody>\n<\/table>\n<p><span style=\"color: #000000; font-family: arial, sans-serif; line-height: normal; text-align: center; background-color: #f3f3f3; font-size: medium;\"><span style=\"font-family: georgia, serif;\">\u00a0<\/span><\/span><\/p>\n","protected":false},"excerpt":{"rendered":"<p>EDIFICI INFANTIL (P3 I P4)<a href=\"http:\/\/agora.xtec.cat\/ceip-catalunya-sabadell\/wp-content\/uploads\/usu823\/2014\/09\/Edifici-Infantil-web.jpg\"><\/a><br \/>\nEDIFICI PRIM\u00c0RIA<a href=\"http:\/\/agora.xtec.cat\/ceip-catalunya-sabadell\/wp-content\/uploads\/usu823\/2014\/09\/Edifici-prim\u00e0ria-web.jpg\"><\/a><\/p>\n<p>PATI INFANTIL\u00a0(amb p\u00e8rgola, gronxadors, sorral i hort)<a href=\"http:\/\/agora.xtec.cat\/ceip-catalunya-sabadell\/wp-content\/uploads\/usu823\/2014\/09\/Pati-Infantil-2.jpg\"><\/a><br \/>\n<a href=\"http:\/\/agora.xtec.cat\/ceip-catalunya-sabadell\/wp-content\/uploads\/usu823\/2014\/09\/Pati-Infantil-1-web.jpg\"><\/a><\/p>\n<p>PATI PRIM\u00c0RIA\u00a0 (amb pistes poliesportives i grades )<a href=\"http:\/\/agora.xtec.cat\/ceip-catalunya-sabadell\/wp-content\/uploads\/usu823\/2014\/09\/Pati-gran-1-web.jpg\"><\/a><br \/>\n<a href=\"http:\/\/agora.xtec.cat\/ceip-catalunya-sabadell\/wp-content\/uploads\/usu823\/2014\/09\/Pati-gran-2-web.jpg\"><\/a><\/p>\n<p>VEST\u00cdBUL DE PRIM\u00c0RIA<a href=\"http:\/\/agora.xtec.cat\/ceip-catalunya-sabadell\/wp-content\/uploads\/usu823\/2014\/09\/Vest\u00edbul.jpg\"><\/a><br \/>\nASCENSOR<a href=\"http:\/\/agora.xtec.cat\/ceip-catalunya-sabadell\/wp-content\/uploads\/usu823\/2014\/09\/Ascensor.jpg\"><\/a><\/p>\n<p>6 AULES D&#8217;EDUCACI\u00d3 INFANTIL<br \/>\n(totes dotades amb pissarra digital i can\u00f3 de projecci\u00f3)<a href=\"http:\/\/agora.xtec.cat\/ceip-catalunya-sabadell\/wp-content\/uploads\/usu823\/2014\/09\/Aula-Infantil-can\u00f3-projecci\u00f3.jpg\"><\/a><br \/>\nLes aules s\u00f3n espaioses, amb&hellip;  <a href=\"https:\/\/agora.xtec.cat\/ceip-catalunya-sabadell\/lescola\/instal%c2%b7lacions\/\" title=\"Read Instal\u00b7lacions\">Llegeix m\u00e9s\u00bb<\/a><\/p>\n","protected":false},"author":1,"featured_media":0,"parent":22,"menu_order":3,"comment_status":"closed","ping_status":"closed","template":"page-templates\/side-menu.php","meta":{"_bbp_topic_count":0,"_bbp_reply_count":0,"_bbp_total_topic_count":0,"_bbp_total_reply_count":0,"_bbp_voice_count":0,"_bbp_anonymous_reply_count":0,"_bbp_topic_count_hidden":0,"_bbp_reply_count_hidden":0,"_bbp_forum_subforum_count":0,"footnotes":""},"class_list":["post-30","page","type-page","status-publish","hentry"],"post_mailing_queue_ids":[],"_links":{"self":[{"href":"https:\/\/agora.xtec.cat\/ceip-catalunya-sabadell\/wp-json\/wp\/v2\/pages\/30","targetHints":{"allow":["GET"]}}],"collection":[{"href":"https:\/\/agora.xtec.cat\/ceip-catalunya-sabadell\/wp-json\/wp\/v2\/pages"}],"about":[{"href":"https:\/\/agora.xtec.cat\/ceip-catalunya-sabadell\/wp-json\/wp\/v2\/types\/page"}],"author":[{"embeddable":true,"href":"https:\/\/agora.xtec.cat\/ceip-catalunya-sabadell\/wp-json\/wp\/v2\/users\/1"}],"replies":[{"embeddable":true,"href":"https:\/\/agora.xtec.cat\/ceip-catalunya-sabadell\/wp-json\/wp\/v2\/comments?post=30"}],"version-history":[{"count":5,"href":"https:\/\/agora.xtec.cat\/ceip-catalunya-sabadell\/wp-json\/wp\/v2\/pages\/30\/revisions"}],"predecessor-version":[{"id":3939,"href":"https:\/\/agora.xtec.cat\/ceip-catalunya-sabadell\/wp-json\/wp\/v2\/pages\/30\/revisions\/3939"}],"up":[{"embeddable":true,"href":"https:\/\/agora.xtec.cat\/ceip-catalunya-sabadell\/wp-json\/wp\/v2\/pages\/22"}],"wp:attachment":[{"href":"https:\/\/agora.xtec.cat\/ceip-catalunya-sabadell\/wp-json\/wp\/v2\/media?parent=30"}],"curies":[{"name":"wp","href":"https:\/\/api.w.org\/{rel}","templated":true}]}}