{"id":28,"date":"2014-09-18T12:29:35","date_gmt":"2014-09-18T11:29:35","guid":{"rendered":"http:\/\/agora.xtec.cat\/ceip-catalunya-sabadell\/?page_id=28"},"modified":"2024-09-18T12:52:03","modified_gmt":"2024-09-18T10:52:03","slug":"consell-escolar","status":"publish","type":"page","link":"https:\/\/agora.xtec.cat\/ceip-catalunya-sabadell\/lescola\/consell-escolar\/","title":{"rendered":"Consell escolar"},"content":{"rendered":"<p>El consell escolar del centre \u00e9s l&#8217;<b>\u00f2rgan col\u00b7legiat de participaci\u00f3<\/b>\u00a0de la comunitat escolar en el govern del centre. En el consell escolar hi ha representats tots els col\u00b7lectius que intervenen en la comunitat educativa: director o directora, professors, alumnes, personal d&#8217;administraci\u00f3 i serveis, etc.<br \/>\nEn els\u00a0<b>centres p\u00fablics<\/b>, la funci\u00f3 principal del consell escolar \u00e9s debatre i aprovar tots aquells temes importants per al funcionament i l&#8217;organitzaci\u00f3 del centre: el projecte educatiu, el pla i la mem\u00f2ria anual de centre, el pressupost, etc.<\/p>\n<p><img loading=\"lazy\" decoding=\"async\" src=\"https:\/\/sites.google.com\/a\/xtec.cat\/escola-catalunya-sabadell\/_\/rsrc\/1423936994834\/noticies\/consell-escolar\/Consell%20Escolar.jpg?height=70&amp;width=200\" alt=\"\" width=\"200\" height=\"70\" border=\"0\" \/><img loading=\"lazy\" decoding=\"async\" src=\"https:\/\/sites.google.com\/a\/xtec.cat\/escola-catalunya-sabadell\/_\/rsrc\/1423936994834\/noticies\/consell-escolar\/Consell%202.jpg?height=80&amp;width=200\" alt=\"\" width=\"200\" height=\"80\" border=\"0\" \/><\/p>\n<p>Els membres de l&#8217;actual Consell Escolar de la nostra escola s\u00f3n:<\/p>\n<table style=\"width: 68.8486%;\">\n<tbody>\n<tr>\n<td style=\"width: 74.2586%;\">Directora<\/td>\n<td style=\"width: 55.2805%;\">Cristina Llistar Planas<\/td>\n<\/tr>\n<tr>\n<td style=\"width: 74.2586%;\">Cap d&#8217;Estudis<\/td>\n<td style=\"width: 55.2805%;\">M. Carme Lillo Rodr\u00edguez<\/td>\n<\/tr>\n<tr>\n<td style=\"width: 74.2586%;\">Representant de l&#8217;Ajuntament<\/td>\n<td style=\"width: 55.2805%;\">Anna Reina Pi\u00f1eiro<\/td>\n<\/tr>\n<tr>\n<td style=\"width: 74.2586%;\">Representants del professorat<\/td>\n<td style=\"width: 55.2805%;\">Andrea Sans Gonz\u00e0lez<\/p>\n<p>Esther Asensio Castillo<\/p>\n<p>Esther Luque Rivera<\/p>\n<p><span style=\"font-weight: 400;\">Vict\u00f2ria Bizarro L\u00f3pez<\/span><\/p>\n<p><span style=\"font-weight: 400;\">Marta Gonz\u00e0lez Lesmes<\/span><\/p>\n<p><span style=\"font-weight: 400;\">Laura Carrasco Platero<\/span><\/td>\n<\/tr>\n<tr>\n<td style=\"width: 74.2586%;\">Representants sector<\/p>\n<p>pares i mares<\/td>\n<td style=\"width: 55.2805%;\">Cristina Aliagas Marin<\/p>\n<p>Sara Caballero L\u00f3pez<\/p>\n<p>Paloma Sep\u00falveda Parrini<\/p>\n<p><span style=\"font-weight: 400;\">Jes\u00fas Plano Vigil<\/span><\/p>\n<p><span style=\"font-weight: 400;\"> Maria Sorribes Latorre<\/span><\/td>\n<\/tr>\n<tr>\n<td style=\"width: 74.2586%;\">Representant AFA<\/td>\n<td style=\"width: 55.2805%;\">Roser Maci\u00e0<\/td>\n<\/tr>\n<tr>\n<td style=\"width: 74.2586%;\">Representant de personal PAS<\/td>\n<td style=\"width: 55.2805%;\">L\u00eddia Sampietro<\/td>\n<\/tr>\n<tr>\n<td style=\"width: 74.2586%;\"><b>Secret\u00e0ria<br \/>\n<\/b>No \u00e9s membre del Consell per\u00f2 hi assisteix amb veu i sense vot Exerceix la secretaria del Consell<\/td>\n<td style=\"width: 55.2805%;\">N\u00faria Garcia Yag\u00fce<\/td>\n<\/tr>\n<\/tbody>\n<\/table>\n<p>Si voleu m\u00e9s informaci\u00f3 sobre el Consell Escolar podeu consultar l&#8217;enlla\u00e7:<br \/>\n<a href=\"http:\/\/www20.gencat.cat\/portal\/site\/ensenyament\/menuitem.a735c8413184c341c65d3082b0c0e1a0\/?vgnextoid=fd48f9cd4d7e9310VgnVCM1000008d0c1e0aRCRD&amp;vgnextchannel=fd48f9cd4d7e9310VgnVCM1000008d0c1e0aRCRD&amp;vgnextfmt=default\" target=\"_blank\" rel=\"nofollow noopener noreferrer\">Informaci\u00f3 Consell Escolar<\/a><\/p>\n","protected":false},"excerpt":{"rendered":"<p>El consell escolar del centre \u00e9s l&#8217;\u00f2rgan col\u00b7legiat de participaci\u00f3\u00a0de la comunitat escolar en el govern del centre. En el consell escolar hi ha representats tots els col\u00b7lectius que intervenen en la comunitat educativa: director o directora, professors, alumnes, personal d&#8217;administraci\u00f3 i serveis, etc.<br \/>\nEn els\u00a0centres&hellip;  <a href=\"https:\/\/agora.xtec.cat\/ceip-catalunya-sabadell\/lescola\/consell-escolar\/\" title=\"Read Consell escolar\">Llegeix m\u00e9s\u00bb<\/a><\/p>\n","protected":false},"author":1,"featured_media":0,"parent":22,"menu_order":5,"comment_status":"closed","ping_status":"closed","template":"page-templates\/side-menu.php","meta":{"_bbp_topic_count":0,"_bbp_reply_count":0,"_bbp_total_topic_count":0,"_bbp_total_reply_count":0,"_bbp_voice_count":0,"_bbp_anonymous_reply_count":0,"_bbp_topic_count_hidden":0,"_bbp_reply_count_hidden":0,"_bbp_forum_subforum_count":0,"footnotes":""},"class_list":["post-28","page","type-page","status-publish","hentry"],"post_mailing_queue_ids":[],"_links":{"self":[{"href":"https:\/\/agora.xtec.cat\/ceip-catalunya-sabadell\/wp-json\/wp\/v2\/pages\/28","targetHints":{"allow":["GET"]}}],"collection":[{"href":"https:\/\/agora.xtec.cat\/ceip-catalunya-sabadell\/wp-json\/wp\/v2\/pages"}],"about":[{"href":"https:\/\/agora.xtec.cat\/ceip-catalunya-sabadell\/wp-json\/wp\/v2\/types\/page"}],"author":[{"embeddable":true,"href":"https:\/\/agora.xtec.cat\/ceip-catalunya-sabadell\/wp-json\/wp\/v2\/users\/1"}],"replies":[{"embeddable":true,"href":"https:\/\/agora.xtec.cat\/ceip-catalunya-sabadell\/wp-json\/wp\/v2\/comments?post=28"}],"version-history":[{"count":6,"href":"https:\/\/agora.xtec.cat\/ceip-catalunya-sabadell\/wp-json\/wp\/v2\/pages\/28\/revisions"}],"predecessor-version":[{"id":5176,"href":"https:\/\/agora.xtec.cat\/ceip-catalunya-sabadell\/wp-json\/wp\/v2\/pages\/28\/revisions\/5176"}],"up":[{"embeddable":true,"href":"https:\/\/agora.xtec.cat\/ceip-catalunya-sabadell\/wp-json\/wp\/v2\/pages\/22"}],"wp:attachment":[{"href":"https:\/\/agora.xtec.cat\/ceip-catalunya-sabadell\/wp-json\/wp\/v2\/media?parent=28"}],"curies":[{"name":"wp","href":"https:\/\/api.w.org\/{rel}","templated":true}]}}