{"id":22,"date":"2014-09-18T12:19:57","date_gmt":"2014-09-18T11:19:57","guid":{"rendered":"http:\/\/agora.xtec.cat\/ceip-carlesiii\/?page_id=22"},"modified":"2022-02-11T16:06:44","modified_gmt":"2022-02-11T15:06:44","slug":"lescola","status":"publish","type":"page","link":"https:\/\/agora.xtec.cat\/ceip-carlesiii\/lescola\/","title":{"rendered":"L&#8217;escola"},"content":{"rendered":"<p>&nbsp;<\/p>\n<p>L&#8217;Escola Carles III \u00e9s una escola p\u00fablica de tres l\u00ednies situada a la localitat de la R\u00e0pita, prop dels Parcs Naturals del Delta de l&#8217;Ebre i Els Ports.<\/p>\n<p>Una de les caracter\u00edstiques estructurals del centre \u00e9s que est\u00e0 dividint en cinc\u00a0edificis, separats per amplis patis. L&#8217;Edifici Vell o Hist\u00f2ric, que actualment ocupen els nivells de P4 a 2n, l&#8217;Edifici de P3, l&#8217;Edifici Groc, que cont\u00e9 el Gimn\u00e0s, Aula d&#8217;idiomes i de M\u00fasica i els nivells de 3r i 4t; l&#8217;Edifici Roig, on s&#8217;ubica Secret\u00e0ria, Direcci\u00f3 i Cicle Superior, a m\u00e9s de la segon Aula de M\u00fasica, tamb\u00e9 una segon aula d&#8217;angl\u00e8s, l&#8217;Aula d&#8217;Inform\u00e0tica i la Biblioteca. I per \u00faltim el nou Menjador, edifici contruit recentment que satisf\u00e0 una antiga demanda del centre.<\/p>\n<p><a href=\"http:\/\/agora.xtec.cat\/ceip-carlesiii\/wp-content\/uploads\/usu1600\/2014\/09\/cole3.jpg\"><br \/>\n<img loading=\"lazy\" decoding=\"async\" class=\" wp-image-600 alignleft\" src=\"http:\/\/agora.xtec.cat\/ceip-carlesiii\/wp-content\/uploads\/usu1600\/2014\/09\/cole3.jpg\" alt=\"cole3\" width=\"229\" height=\"172\" \/><\/a> <a href=\"http:\/\/agora.xtec.cat\/ceip-carlesiii\/wp-content\/uploads\/usu1600\/2014\/09\/descarga-1.jpg\"><img loading=\"lazy\" decoding=\"async\" class=\" wp-image-602 alignleft\" src=\"http:\/\/agora.xtec.cat\/ceip-carlesiii\/wp-content\/uploads\/usu1600\/2014\/09\/descarga-1.jpg\" alt=\"descarga-1\" width=\"314\" height=\"176\" \/><\/a> <a href=\"http:\/\/agora.xtec.cat\/ceip-carlesiii\/wp-content\/uploads\/usu1600\/2014\/09\/descarga.jpg\"><img loading=\"lazy\" decoding=\"async\" class=\" wp-image-603 alignleft\" src=\"http:\/\/agora.xtec.cat\/ceip-carlesiii\/wp-content\/uploads\/usu1600\/2014\/09\/descarga.jpg\" alt=\"descarga\" width=\"261\" height=\"175\" \/><\/a><\/p>\n<p>&nbsp;<\/p>\n","protected":false},"excerpt":{"rendered":"<p>&nbsp;<br \/>\nL&#8217;Escola Carles III \u00e9s una escola p\u00fablica de tres l\u00ednies situada a la localitat de la R\u00e0pita, prop dels Parcs Naturals del Delta de l&#8217;Ebre i Els Ports.<br \/>\nUna de les caracter\u00edstiques estructurals del centre \u00e9s que est\u00e0 dividint en cinc\u00a0edificis, separats per amplis patis. L&#8217;Edifici&hellip;  <a href=\"https:\/\/agora.xtec.cat\/ceip-carlesiii\/lescola\/\" title=\"Read L&#8217;escola\">Llegeix m\u00e9s\u00bb<\/a><\/p>\n","protected":false},"author":1,"featured_media":0,"parent":0,"menu_order":0,"comment_status":"closed","ping_status":"closed","template":"page-templates\/side-menu.php","meta":{"_bbp_topic_count":0,"_bbp_reply_count":0,"_bbp_total_topic_count":0,"_bbp_total_reply_count":0,"_bbp_voice_count":0,"_bbp_anonymous_reply_count":0,"_bbp_topic_count_hidden":0,"_bbp_reply_count_hidden":0,"_bbp_forum_subforum_count":0,"footnotes":""},"class_list":["post-22","page","type-page","status-publish","hentry"],"post_mailing_queue_ids":[],"_links":{"self":[{"href":"https:\/\/agora.xtec.cat\/ceip-carlesiii\/wp-json\/wp\/v2\/pages\/22","targetHints":{"allow":["GET"]}}],"collection":[{"href":"https:\/\/agora.xtec.cat\/ceip-carlesiii\/wp-json\/wp\/v2\/pages"}],"about":[{"href":"https:\/\/agora.xtec.cat\/ceip-carlesiii\/wp-json\/wp\/v2\/types\/page"}],"author":[{"embeddable":true,"href":"https:\/\/agora.xtec.cat\/ceip-carlesiii\/wp-json\/wp\/v2\/users\/1"}],"replies":[{"embeddable":true,"href":"https:\/\/agora.xtec.cat\/ceip-carlesiii\/wp-json\/wp\/v2\/comments?post=22"}],"version-history":[{"count":4,"href":"https:\/\/agora.xtec.cat\/ceip-carlesiii\/wp-json\/wp\/v2\/pages\/22\/revisions"}],"predecessor-version":[{"id":5813,"href":"https:\/\/agora.xtec.cat\/ceip-carlesiii\/wp-json\/wp\/v2\/pages\/22\/revisions\/5813"}],"wp:attachment":[{"href":"https:\/\/agora.xtec.cat\/ceip-carlesiii\/wp-json\/wp\/v2\/media?parent=22"}],"curies":[{"name":"wp","href":"https:\/\/api.w.org\/{rel}","templated":true}]}}