{"id":30,"date":"2014-09-18T12:30:23","date_gmt":"2014-09-18T10:30:23","guid":{"rendered":"http:\/\/agora.xtec.cat\/ceip-canpuig\/?page_id=30"},"modified":"2026-01-30T13:01:29","modified_gmt":"2026-01-30T12:01:29","slug":"instal%c2%b7lacions","status":"publish","type":"page","link":"https:\/\/agora.xtec.cat\/ceip-canpuig\/lescola\/instal%c2%b7lacions\/","title":{"rendered":"Consell Escolar"},"content":{"rendered":"<p style=\"text-align: justify;\">El Consell Escolar \u00e9s l&#8217;\u00f2rgan de participaci\u00f3 dels diferents sectors de la comunitat educativa en el govern del centre.<\/p>\n<p style=\"text-align: justify;\">El formen els representants de tota la comunitat educativa, \u00e9s a dir, equip directiu, mestres, fam\u00edlies, personal d&#8217;administraci\u00f3 i serveis i un representant de l&#8217;Ajuntament.<\/p>\n<p style=\"text-align: justify;\">La funci\u00f3 principal del consell escolar \u00e9s participar en la presa de decisions en relaci\u00f3 amb aquells temes importants per al funcionament i l&#8217;organitzaci\u00f3 del centre.<\/p>\n<p style=\"text-align: justify;\">El nostre consell escolar est\u00e0 format per 15 membres.<\/p>\n<p style=\"text-align: justify;\">Actualment la composici\u00f3 i els representants s\u00f3n els seg\u00fcents:<\/p>\n<p><strong>Presidenta:<\/strong> Gl\u00f2ria Franquesa<\/p>\n<p><strong>Cap d&#8217;estudis:<\/strong> Laia Oset<\/p>\n<p><strong>Secret\u00e0ria:<\/strong> Sonia Parra<\/p>\n<p><strong>Representants sector mestres<\/strong>:<\/p>\n<ul>\n<li>Ester Piera<\/li>\n<li>C\u00e8lia Par\u00e9s<\/li>\n<li>Natxa Miserachs<\/li>\n<li>Maria Guillamet<\/li>\n<li>David Pons<\/li>\n<\/ul>\n<p><strong>Representants sector fam\u00edlies:<\/strong><\/p>\n<ul>\n<li>M\u00f2nica Ripoll<\/li>\n<li>Sergi Ligero<\/li>\n<li>Eul\u00e0lia Amell<\/li>\n<li>Angie Ga\u00f1an<\/li>\n<\/ul>\n<p><strong>Representant AFA:<\/strong> Jordi Bosch<\/p>\n<p><strong>Representant PAS:<\/strong> Montse Soler<\/p>\n<p><strong>Representant Ajuntament:<\/strong> Nani Comalat<\/p>\n","protected":false},"excerpt":{"rendered":"<p>El Consell Escolar \u00e9s l&#8217;\u00f2rgan de participaci\u00f3 dels diferents sectors de la comunitat educativa en el govern del centre.<br \/>\nEl formen els representants de tota la comunitat educativa, \u00e9s a dir, equip directiu, mestres, fam\u00edlies, personal d&#8217;administraci\u00f3 i serveis i un representant de l&#8217;Ajuntament.<br \/>\nLa funci\u00f3 principal&hellip;  <a href=\"https:\/\/agora.xtec.cat\/ceip-canpuig\/lescola\/instal%c2%b7lacions\/\" title=\"Read Consell Escolar\">Llegeix m\u00e9s\u00bb<\/a><\/p>\n","protected":false},"author":1,"featured_media":0,"parent":22,"menu_order":4,"comment_status":"closed","ping_status":"closed","template":"page-templates\/side-menu.php","meta":{"_bbp_topic_count":0,"_bbp_reply_count":0,"_bbp_total_topic_count":0,"_bbp_total_reply_count":0,"_bbp_voice_count":0,"_bbp_anonymous_reply_count":0,"_bbp_topic_count_hidden":0,"_bbp_reply_count_hidden":0,"_bbp_forum_subforum_count":0,"footnotes":""},"class_list":["post-30","page","type-page","status-publish","hentry"],"post_mailing_queue_ids":[],"_links":{"self":[{"href":"https:\/\/agora.xtec.cat\/ceip-canpuig\/wp-json\/wp\/v2\/pages\/30","targetHints":{"allow":["GET"]}}],"collection":[{"href":"https:\/\/agora.xtec.cat\/ceip-canpuig\/wp-json\/wp\/v2\/pages"}],"about":[{"href":"https:\/\/agora.xtec.cat\/ceip-canpuig\/wp-json\/wp\/v2\/types\/page"}],"author":[{"embeddable":true,"href":"https:\/\/agora.xtec.cat\/ceip-canpuig\/wp-json\/wp\/v2\/users\/1"}],"replies":[{"embeddable":true,"href":"https:\/\/agora.xtec.cat\/ceip-canpuig\/wp-json\/wp\/v2\/comments?post=30"}],"version-history":[{"count":6,"href":"https:\/\/agora.xtec.cat\/ceip-canpuig\/wp-json\/wp\/v2\/pages\/30\/revisions"}],"predecessor-version":[{"id":14622,"href":"https:\/\/agora.xtec.cat\/ceip-canpuig\/wp-json\/wp\/v2\/pages\/30\/revisions\/14622"}],"up":[{"embeddable":true,"href":"https:\/\/agora.xtec.cat\/ceip-canpuig\/wp-json\/wp\/v2\/pages\/22"}],"wp:attachment":[{"href":"https:\/\/agora.xtec.cat\/ceip-canpuig\/wp-json\/wp\/v2\/media?parent=30"}],"curies":[{"name":"wp","href":"https:\/\/api.w.org\/{rel}","templated":true}]}}