{"id":2607,"date":"2017-02-08T13:41:38","date_gmt":"2017-02-08T12:41:38","guid":{"rendered":"http:\/\/agora.xtec.cat\/ceip-canpuig\/?page_id=2607"},"modified":"2021-05-12T12:21:13","modified_gmt":"2021-05-12T10:21:13","slug":"som-filoescola","status":"publish","type":"page","link":"https:\/\/agora.xtec.cat\/ceip-canpuig\/nivells\/som-filoescola\/","title":{"rendered":"Fem Filosofia"},"content":{"rendered":"<p style=\"text-align: right;\">\u201cSi volem adults que pensin per si mateixos,<\/p>\n<p style=\"text-align: right;\">hem d\u2019educar als nens perqu\u00e8 pensin per si mateixos\u201d<\/p>\n<p style=\"text-align: right;\">Mathew Lipman<\/p>\n<p>&nbsp;<\/p>\n<p>La filosofia t\u00e9 un paper cabdal en els trets d\u2019identitat de la nostra escola des de ja fa uns quants anys, no pas perqu\u00e8 pretenem convertir als nens i nenes en petits fil\u00f2sofs, sin\u00f3 formar ciutadans que pensin, parlin i actu\u00efn de manera cr\u00edtica, creativa i, sobretot, curosa i respectuosa amb els altres. I com ho fem? Doncs, creant a dins l\u2019aula una comunitat d\u2019aprenentatge on el di\u00e0leg i la cooperaci\u00f3 s\u00f3n la base i el punt de partida.<\/p>\n<p><strong>Com neix?<\/strong><\/p>\n<p>Aquesta proposta educativa neix als anys 70 quan en <strong>Mathew Lipman<\/strong>, professor universitari i catedr\u00e0tic de filosofia a la Universitat de Columbia (Nova York) va comprovar, durant molts anys, que els seus alumnes gaudien de molts coneixements te\u00f2rics relacionats amb la filosofia (autors, obres&#8230;), per\u00f2 en canvi mostraven dificultats en certes habilitats de pensament, com raonar, pensar, compartir&#8230; Aix\u00f2 el va portar a dissenyar un projecte que ajud\u00e9s als alumnes, des de ben petits, a potenciar aquestes capacitats intel\u00b7lectuals. \u00c9s aix\u00ed com va n\u00e9ixer \u201c<strong>Philosophy for Children<\/strong>\u201d.<\/p>\n<p>El 1989, un grup de professors de filosofia (entre ells, en Josep M\u00aa Terricabras, l\u2019Eul\u00e0lia Bosch i la Irene de Puig) va assistir a un curs relacionat amb amb l\u2019esmentat programa, a New Jersey. Els va impactar tant, que van decidir crear el <strong>Grup IREF<\/strong>. D\u2019aquesta manera neix el projecte Filosofia 3\/18.<\/p>\n<p>A la nostra escola, la filosofia va comen\u00e7ar a tenir cabuda en les nostres propostes pedag\u00f2giques quan un grup de mestres va participar en una Escola d\u2019Estiu de Girona, on s\u2019impartia un curs de Filosofia 3\/18.<\/p>\n<p>Implementant sessions de filosofia dins l\u2019horari lectiu pretenem dissenyar activitats i din\u00e0miques que permetin refor\u00e7ar les habilitats de pensament dels nostres alumnes, \u00e9s a dir, que pensin per ells mateixos, que explorin alternatives als seus punts de vista, que descobreixin els propis prejudicis i que trobin fonaments en les seves opinions, i tot plegat dialogant.<\/p>\n<p><strong>Com ens organitzem?<\/strong><\/p>\n<p>Els alumnes s\u2019asseuen en rotllana per tal de facilitar que tothom es pugui veure. El\/la mestre\/a \u00e9s qui dinamitza les sessions amb l\u2019objectiu que els alumnes treguin el m\u00e0xim partit dels seus raonaments, facilitant alhora un ambient afectiu, acollidor, per\u00f2 tamb\u00e9 rigor\u00f3s.<\/p>\n<p>A l\u2019etapa de l\u2019educaci\u00f3 infantil s\u2019imparteix en sessions de 30-35 minuts, amb mig grup, i a l\u2019educaci\u00f3 prim\u00e0ria, en sessions de 45-50 minuts amb tot el grup.<\/p>\n<p>L\u2019<strong>inici de les sessions<\/strong> acostumen a partir d\u2019alguna petita din\u00e0mica que convidi a facilitar la relaxaci\u00f3 i la concentraci\u00f3.<\/p>\n<p>Posteriorment, <strong>el treball a l\u2019aula parteix d\u2019un text (conte, poesia&#8230;), una obra d\u2019art (pintura, escultura, pe\u00e7a musical&#8230;), un joc, un curtmetratge\/film&#8230; <\/strong>A partir d\u2019aqu\u00ed, el\/la mestra guia l\u2019activitat a partir d\u2019un di\u00e0leg compartit entre tots els alumnes amb preguntes que incitin al raonament, elaborant hip\u00f2tesis, comparant punts de vista, fent infer\u00e8ncies, imaginant, triant possibilitats, creant, establint relacions de causa-efecte&#8230;<\/p>\n<p>En finalitzar la sessi\u00f3, cal recollir les idees m\u00e9s destacades per tal de tenir un fil conductor per possibles posteriors debats (paraules\/frases claus).<\/p>\n<p>L\u2019avaluaci\u00f3 t\u00e9 un paper molt important en les sessions de filosofia per tal de poder valorar com s\u2019han viscut aquestes. Aquesta avaluaci\u00f3 es fa partint d\u2019un aspecte en concret, pactat a l\u2019inici de la sessi\u00f3, com per exemple: com hem participat, si ens hem centrat en el tema&#8230; I utilitzem imatges per poder-ho fer <strong>(avaluaci\u00f3 anal\u00f2gica)<\/strong>, com quadres o fotografies que representin escenes, paisatges, colors, textures&#8230;<\/p>\n<p><iframe loading=\"lazy\" title=\"\u00bfPor qu\u00e9 los ni\u00f1os deber\u00edan aprender Filosof\u00eda? Jordi Nomen\" width=\"500\" height=\"281\" src=\"https:\/\/www.youtube.com\/embed\/QIWn3RJydPo?feature=oembed\" frameborder=\"0\" allow=\"accelerometer; autoplay; clipboard-write; encrypted-media; gyroscope; picture-in-picture; web-share\" referrerpolicy=\"strict-origin-when-cross-origin\" allowfullscreen><\/iframe><\/p>\n","protected":false},"excerpt":{"rendered":"<p>\u201cSi volem adults que pensin per si mateixos,<br \/>\nhem d\u2019educar als nens perqu\u00e8 pensin per si mateixos\u201d<br \/>\nMathew Lipman<br \/>\n&nbsp;<br \/>\nLa filosofia t\u00e9 un paper cabdal en els trets d\u2019identitat de la nostra escola des de ja fa uns quants anys, no pas perqu\u00e8 pretenem convertir als nens i&hellip;  <a href=\"https:\/\/agora.xtec.cat\/ceip-canpuig\/nivells\/som-filoescola\/\" title=\"Read Fem Filosofia\">Llegeix m\u00e9s\u00bb<\/a><\/p>\n","protected":false},"author":1,"featured_media":0,"parent":87,"menu_order":2,"comment_status":"closed","ping_status":"closed","template":"page-templates\/side-menu.php","meta":{"_bbp_topic_count":0,"_bbp_reply_count":0,"_bbp_total_topic_count":0,"_bbp_total_reply_count":0,"_bbp_voice_count":0,"_bbp_anonymous_reply_count":0,"_bbp_topic_count_hidden":0,"_bbp_reply_count_hidden":0,"_bbp_forum_subforum_count":0,"footnotes":""},"class_list":["post-2607","page","type-page","status-publish","hentry"],"post_mailing_queue_ids":[],"_links":{"self":[{"href":"https:\/\/agora.xtec.cat\/ceip-canpuig\/wp-json\/wp\/v2\/pages\/2607","targetHints":{"allow":["GET"]}}],"collection":[{"href":"https:\/\/agora.xtec.cat\/ceip-canpuig\/wp-json\/wp\/v2\/pages"}],"about":[{"href":"https:\/\/agora.xtec.cat\/ceip-canpuig\/wp-json\/wp\/v2\/types\/page"}],"author":[{"embeddable":true,"href":"https:\/\/agora.xtec.cat\/ceip-canpuig\/wp-json\/wp\/v2\/users\/1"}],"replies":[{"embeddable":true,"href":"https:\/\/agora.xtec.cat\/ceip-canpuig\/wp-json\/wp\/v2\/comments?post=2607"}],"version-history":[{"count":5,"href":"https:\/\/agora.xtec.cat\/ceip-canpuig\/wp-json\/wp\/v2\/pages\/2607\/revisions"}],"predecessor-version":[{"id":11867,"href":"https:\/\/agora.xtec.cat\/ceip-canpuig\/wp-json\/wp\/v2\/pages\/2607\/revisions\/11867"}],"up":[{"embeddable":true,"href":"https:\/\/agora.xtec.cat\/ceip-canpuig\/wp-json\/wp\/v2\/pages\/87"}],"wp:attachment":[{"href":"https:\/\/agora.xtec.cat\/ceip-canpuig\/wp-json\/wp\/v2\/media?parent=2607"}],"curies":[{"name":"wp","href":"https:\/\/api.w.org\/{rel}","templated":true}]}}