{"id":1978,"date":"2017-01-18T12:36:14","date_gmt":"2017-01-18T11:36:14","guid":{"rendered":"http:\/\/agora.xtec.cat\/ceip-canpuig\/?page_id=1978"},"modified":"2025-09-22T15:59:53","modified_gmt":"2025-09-22T13:59:53","slug":"equiphuma","status":"publish","type":"page","link":"https:\/\/agora.xtec.cat\/ceip-canpuig\/lescola\/equiphuma\/","title":{"rendered":"Equip Hum\u00e0"},"content":{"rendered":"<p><span style=\"color: #000000;\">Aquest curs 2025-2026, comptem amb els seg\u00fcents professionals per tirar endavant els nostres projectes:<\/span><\/p>\n<ul>\n<li><span style=\"color: #3978b8;\"><strong>Equip Directiu<\/strong><\/span><\/li>\n<\/ul>\n<table style=\"border-style: none;\">\n<tbody>\n<tr>\n<td style=\"border-style: none;\" width=\"198\"><span style=\"color: #000000;\">G<\/span>l\u00f2ria Franquesa<\/td>\n<td style=\"border-style: none;\" width=\"368\">Directora<\/td>\n<\/tr>\n<tr>\n<td style=\"border-style: none; width: 198px; background-color: #ffffff;\" width=\"198\">Laia Oset<\/td>\n<td style=\"border-style: none; background-color: #ffffff; width: 368px;\" width=\"368\">Cap d\u2019estudis<\/td>\n<\/tr>\n<tr>\n<td style=\"border-style: none;\" width=\"198\">S\u00f2nia Parra<\/td>\n<td style=\"border-style: none;\" width=\"368\">Secret\u00e0ria<\/td>\n<\/tr>\n<\/tbody>\n<\/table>\n<ul>\n<li><span style=\"color: #3978b8;\"><strong>Mestres d\u2019Educaci\u00f3 Infantil<\/strong><\/span><\/li>\n<\/ul>\n<table style=\"border-style: none;\">\n<tbody>\n<tr>\n<td style=\"border-style: none; background-color: #ffffff;\" width=\"198\">Carme Teixidor<\/td>\n<td style=\"border-style: none; background-color: #ffffff;\" width=\"368\">Tutora d&#8217;I3A<\/td>\n<\/tr>\n<tr>\n<td style=\"border-style: none; background-color: #ffffff;\" width=\"198\">Ester Piera<\/td>\n<td style=\"border-style: none; background-color: #ffffff;\" width=\"368\">Tutora d&#8217;I3B<\/td>\n<\/tr>\n<tr>\n<td style=\"border-style: none; background-color: #ffffff;\" width=\"198\">Esther Ayuso<\/td>\n<td style=\"border-style: none; background-color: #ffffff;\" width=\"368\">Tutora d&#8217;I4A<\/td>\n<\/tr>\n<tr>\n<td style=\"border-style: none; background-color: #ffffff;\" width=\"198\">S\u00edlvia Freixas<\/td>\n<td style=\"border-style: none; background-color: #ffffff;\" width=\"368\">Tutora d&#8217;I4B<\/td>\n<\/tr>\n<tr>\n<td style=\"border-style: none; background-color: #ffffff;\" width=\"198\">Merc\u00e8 Planella<\/td>\n<td style=\"border-style: none; background-color: #ffffff;\" width=\"368\">Tutora d&#8217;I5A<\/td>\n<\/tr>\n<tr>\n<td style=\"border-style: none; background-color: #ffffff;\" width=\"198\">Maria Guillamet<\/td>\n<td style=\"border-style: none; background-color: #ffffff;\" width=\"368\">Tutora d&#8217;I5B<\/td>\n<\/tr>\n<tr>\n<td style=\"border-style: none; background-color: #ffffff;\" width=\"198\">Nuri Caliz \/ Carla Campoy<\/td>\n<td style=\"border-style: none; background-color: #ffffff;\" width=\"368\">Mestres suport d&#8217;I3<\/td>\n<\/tr>\n<tr>\n<td style=\"border-style: none; background-color: #ffffff;\" width=\"198\">Anna M\u00aa Bou<\/td>\n<td style=\"border-style: none; background-color: #ffffff;\" width=\"368\">Mestra suport d&#8217;I4 i I5<\/td>\n<\/tr>\n<\/tbody>\n<\/table>\n<ul>\n<li><strong>\u00a0<\/strong><span style=\"color: #3978b8;\"><strong>Mestres d\u2019Educaci\u00f3 Prim\u00e0ria_Cicle Inicial<\/strong><\/span><\/li>\n<\/ul>\n<table style=\"border-style: none;\">\n<tbody>\n<tr>\n<td style=\"border-style: none;\" width=\"198\">Laura Dilm\u00e9<\/td>\n<td style=\"border-style: none;\" width=\"368\">Tutora de 1rA<\/td>\n<\/tr>\n<tr>\n<td style=\"border-style: none; background-color: #ffffff;\" width=\"198\">C\u00e8lia Par\u00e9s<\/td>\n<td style=\"border-style: none; background-color: #ffffff;\" width=\"368\">Tutora de 1rB<\/td>\n<\/tr>\n<tr>\n<td style=\"border-style: none;\" width=\"198\">Gemma Vilar<\/td>\n<td style=\"border-style: none;\" width=\"368\">Tutora de 2nA<\/td>\n<\/tr>\n<tr>\n<td style=\"border-style: none; background-color: #ffffff;\" width=\"198\">Xavi Mart\u00ed<\/td>\n<td style=\"border-style: none; background-color: #ffffff;\" width=\"368\">Tutor de 2nB<\/td>\n<\/tr>\n<\/tbody>\n<\/table>\n<ul>\n<li><span style=\"color: #3978b8;\"><strong>Mestres d\u2019Educaci\u00f3 Prim\u00e0ria_Cicle Mitj\u00e0<\/strong><\/span><\/li>\n<\/ul>\n<table style=\"border-style: none;\">\n<tbody>\n<tr>\n<td style=\"border-style: none; background-color: #ffffff;\" width=\"198\">Cristina Colmenero<\/td>\n<td style=\"border-style: none; background-color: #ffffff;\" width=\"368\">Tutora de 3rA<\/td>\n<\/tr>\n<tr>\n<td style=\"border-style: none; background-color: #ffffff;\" width=\"198\">Nacha Miserachs<\/td>\n<td style=\"border-style: none; background-color: #ffffff;\" width=\"368\">Tutora de 3rB<\/td>\n<\/tr>\n<tr>\n<td style=\"border-style: none; background-color: #ffffff;\" width=\"198\"><span style=\"font-weight: 400;\">Bet Altisent<\/span><\/td>\n<td style=\"border-style: none; background-color: #ffffff;\" width=\"368\">Tutora de 4tA<\/td>\n<\/tr>\n<tr>\n<td style=\"border-style: none; background-color: #ffffff;\" width=\"198\">Anna Ferrer<\/td>\n<td style=\"border-style: none; background-color: #ffffff;\" width=\"368\">Tutora de 4tB<\/td>\n<\/tr>\n<\/tbody>\n<\/table>\n<ul>\n<li><span style=\"color: #3978b8;\"><strong style=\"font-family: inherit; font-size: 1em;\">Mestres d\u2019Educaci\u00f3 Prim\u00e0ria_Cicle Superior<\/strong><\/span><\/li>\n<\/ul>\n<table style=\"border-style: none;\">\n<tbody>\n<tr>\n<td style=\"border-style: none; background-color: #ffffff;\" width=\"198\">David Pons<\/td>\n<td style=\"border-style: none; background-color: #ffffff;\" width=\"368\">Tutor de 5\u00e8A<\/td>\n<\/tr>\n<tr>\n<td style=\"border-style: none; background-color: #ffffff;\" width=\"198\">Irene Padr\u00e9s<\/td>\n<td style=\"border-style: none; background-color: #ffffff;\" width=\"368\">Tutora de 5\u00e8B<\/td>\n<\/tr>\n<tr>\n<td style=\"border-style: none; background-color: #ffffff;\" width=\"198\">N\u00faria Serra<\/td>\n<td style=\"border-style: none; background-color: #ffffff;\" width=\"368\">Tutora de 6\u00e8A<\/td>\n<\/tr>\n<tr>\n<td style=\"border-style: none; background-color: #ffffff;\" width=\"198\">Anna Vigas<\/td>\n<td style=\"border-style: none; background-color: #ffffff;\" width=\"368\">Tutora de 6\u00e8B<\/td>\n<\/tr>\n<\/tbody>\n<\/table>\n<ul>\n<li><span style=\"color: #3978b8;\"><strong>Mestres Especialistes<\/strong><\/span><\/li>\n<\/ul>\n<table style=\"border-style: none; width: 56.6467%; height: 372px;\">\n<tbody>\n<tr style=\"height: 31px;\">\n<td style=\"border-style: none; background-color: #ffffff; height: 31px;\" width=\"198\">Maria Clara<\/td>\n<td style=\"border-style: none; background-color: #ffffff; height: 31px;\" width=\"368\">Mestres d&#8217;educaci\u00f3 f\u00edsica<\/td>\n<\/tr>\n<tr style=\"height: 31px;\">\n<td style=\"border-style: none; background-color: #ffffff; height: 31px;\" width=\"198\">Albert Grabulosa<\/td>\n<td style=\"border-style: none; background-color: #ffffff; height: 31px;\" width=\"368\"><\/td>\n<\/tr>\n<tr style=\"height: 31px;\">\n<td style=\"border-style: none; background-color: #ffffff; height: 31px;\" width=\"198\">Albert Massip<\/td>\n<td style=\"border-style: none; background-color: #ffffff; height: 31px;\" width=\"368\">Mestre de m\u00fasica<\/td>\n<\/tr>\n<tr style=\"height: 31px;\">\n<td style=\"border-style: none; background-color: #ffffff; height: 31px;\" width=\"198\">Sergi Cuf\u00ed<\/td>\n<td style=\"border-style: none; background-color: #ffffff; height: 31px;\" width=\"368\">Mestres de llengua anglesa<\/td>\n<\/tr>\n<tr style=\"height: 31px;\">\n<td style=\"border-style: none; background-color: #ffffff; height: 31px;\" width=\"198\">Janina Parnau<\/td>\n<td style=\"border-style: none; background-color: #ffffff; height: 31px;\" width=\"368\"><\/td>\n<\/tr>\n<tr style=\"height: 31px;\">\n<td style=\"border-style: none; background-color: #ffffff; height: 31px;\">Joan Llorens<\/td>\n<td style=\"border-style: none; background-color: #ffffff; height: 31px;\"><\/td>\n<\/tr>\n<tr style=\"height: 31px;\">\n<td style=\"border-style: none; background-color: #ffffff; height: 31px;\">Raquel Tarr\u00e9s<\/td>\n<td style=\"border-style: none; background-color: #ffffff; height: 31px;\"><\/td>\n<\/tr>\n<tr style=\"height: 31px;\">\n<td style=\"border-style: none; background-color: #ffffff; height: 31px;\">S\u00edlvia Picart<\/td>\n<td style=\"border-style: none; background-color: #ffffff; height: 31px;\">Mestra d&#8217;educaci\u00f3 especial<\/td>\n<\/tr>\n<tr style=\"height: 31px;\">\n<td style=\"border-style: none; background-color: #ffffff; height: 31px;\">N\u00faria Ponsat\u00ed<\/td>\n<td style=\"border-style: none; background-color: #ffffff; height: 31px;\">Mestra de religi\u00f3<\/td>\n<\/tr>\n<tr style=\"height: 31px;\">\n<td style=\"border-style: none; background-color: #ffffff; height: 31px;\">David Vila<\/td>\n<td style=\"border-style: none; background-color: #ffffff; height: 31px;\">Mestres de suport de prim\u00e0ria<\/td>\n<\/tr>\n<tr style=\"height: 31px;\">\n<td style=\"border-style: none; background-color: #ffffff; height: 31px;\">Alba Massanella<\/p>\n<p>Gl\u00f2ria Franquesa<\/p>\n<p>S\u00f2nia Parra<\/p>\n<p>Laia Oset<\/td>\n<td style=\"border-style: none; background-color: #ffffff; height: 31px;\"><\/td>\n<\/tr>\n<\/tbody>\n<\/table>\n<ul>\n<li><span style=\"color: #3978b8;\"><strong>Serveis Educatius<\/strong><\/span><\/li>\n<\/ul>\n<table style=\"border-style: none;\">\n<tbody>\n<tr>\n<td style=\"border-style: none; background-color: #ffffff;\" width=\"198\">Cl\u00e0udia Bueno<\/td>\n<td style=\"border-style: none; background-color: #ffffff;\" width=\"368\">Psicopedagoga EAP<\/td>\n<\/tr>\n<tr>\n<td style=\"border-style: none; background-color: #ffffff;\" width=\"198\">Marta Compte<\/td>\n<td style=\"border-style: none; background-color: #ffffff;\" width=\"368\">Treballadora social EAP<\/td>\n<\/tr>\n<tr>\n<td style=\"border-style: none; background-color: #ffffff;\" width=\"198\">Mimi Busquets<\/td>\n<td style=\"border-style: none; background-color: #ffffff;\" width=\"368\">Fisioterapeuta EAP<\/td>\n<\/tr>\n<tr>\n<td style=\"border-style: none; background-color: #ffffff;\">M\u00aa \u00c0ngels Massafont<\/td>\n<td style=\"border-style: none; background-color: #ffffff;\">Logopeda CREDA<\/td>\n<\/tr>\n<tr>\n<td style=\"border-style: none; background-color: #ffffff;\" width=\"198\">Gemma Soler<\/td>\n<td style=\"border-style: none; background-color: #ffffff;\" width=\"368\">Assessora LIC<\/td>\n<\/tr>\n<\/tbody>\n<\/table>\n<ul>\n<li><span style=\"color: #3978b8;\"><strong>Inspecci\u00f3 Educativa<\/strong><\/span><\/li>\n<\/ul>\n<table style=\"border-style: none;\">\n<tbody>\n<tr>\n<td style=\"border-style: none; background-color: #ffffff;\" width=\"198\">Josep Polanco<\/td>\n<td style=\"border-style: none; background-color: #ffffff;\" width=\"368\">Inspector<\/td>\n<\/tr>\n<\/tbody>\n<\/table>\n<ul>\n<li><span style=\"color: #3978b8;\"><strong>\u00a0<\/strong><strong>Personal de Serveis<\/strong><\/span><\/li>\n<\/ul>\n<table style=\"border-style: none;\">\n<tbody>\n<tr>\n<td style=\"border-style: none; background-color: #ffffff;\" width=\"198\">Montse Soler<\/td>\n<td style=\"border-style: none; background-color: #ffffff;\" width=\"368\">T\u00e8cniques d&#8217;educaci\u00f3 infantil<\/td>\n<\/tr>\n<tr>\n<td style=\"border-style: none; background-color: #ffffff;\" width=\"198\"><span style=\"color: #ff0000;\"><span style=\"color: #000000;\">Noem\u00ed Trull \/ Francesca<\/span><\/span><\/td>\n<td style=\"border-style: none; background-color: #ffffff;\" width=\"368\">Vetlladores<\/td>\n<\/tr>\n<\/tbody>\n<\/table>\n<ul>\n<li><span style=\"color: #3978b8;\"><strong>\u00a0<\/strong><strong>Personal d\u2019Administraci\u00f3 i Serveis<\/strong><\/span><\/li>\n<\/ul>\n<table style=\"border-style: none;\">\n<tbody>\n<tr>\n<td style=\"border-style: none; background-color: #ffffff;\" width=\"198\">M\u00aa Carme Casab\u00f3<\/td>\n<td style=\"border-style: none; background-color: #ffffff;\" width=\"368\">Administrativa<\/td>\n<\/tr>\n<tr>\n<td style=\"border-style: none; background-color: #ffffff;\" width=\"198\">Albert Cabarroques<\/td>\n<td style=\"border-style: none; background-color: #ffffff;\" width=\"368\">Conserge<\/td>\n<\/tr>\n<\/tbody>\n<\/table>\n<ul>\n<li><strong>\u00a0<\/strong><span style=\"color: #3978b8;\"><strong>Espai Migdia, Acollida Matinal i Transport<\/strong><\/span><\/li>\n<\/ul>\n<table style=\"border-style: none; width: 40.5251%; height: 297px;\">\n<tbody>\n<tr style=\"height: 31px;\">\n<td style=\"border-style: none; background-color: #ffffff; width: 198px; height: 31px;\">Conxi M.<\/td>\n<td style=\"border-style: none; background-color: #ffffff; width: 368px; height: 31px;\">Cuineres<\/td>\n<\/tr>\n<tr style=\"height: 31px;\">\n<td style=\"border-style: none; background-color: #ffffff; width: 198px; height: 31px;\">Susanna H.<\/p>\n<p>Mainouma D.<\/td>\n<td style=\"border-style: none; background-color: #ffffff; width: 368px; height: 31px;\"><\/td>\n<\/tr>\n<tr style=\"height: 31px;\">\n<td style=\"border-style: none; background-color: #ffffff; width: 198px; height: 31px;\">Gemma Mart\u00ed<\/td>\n<td style=\"border-style: none; background-color: #ffffff; width: 368px; height: 31px;\">Coordinadora menjador<\/td>\n<\/tr>\n<tr style=\"height: 111px;\">\n<td style=\"border-style: none; background-color: #ffffff; width: 198px; height: 111px;\">Fina S., Gerard G., Albert C, Paula O, Roger P, Joel M, Judit B, Idoia G, S\u00f2nia R, Anna N, Lourdes LL i Ruth P.<\/td>\n<td style=\"border-style: none; background-color: #ffffff; width: 368px; height: 111px;\">Monitors\/es<\/td>\n<\/tr>\n<tr style=\"height: 31px;\">\n<td style=\"border-style: none; background-color: #ffffff; width: 198px; height: 31px;\">Fina Serra<\/td>\n<td style=\"border-style: none; background-color: #ffffff; width: 368px; height: 31px;\">Acollida matinal<\/td>\n<\/tr>\n<tr style=\"height: 31px;\">\n<td style=\"border-style: none; background-color: #ffffff; width: 198px; height: 31px;\">Isabel Gimeno<\/td>\n<td style=\"border-style: none; background-color: #ffffff; width: 368px; height: 31px;\"><\/td>\n<\/tr>\n<tr style=\"height: 31px;\">\n<td style=\"border-style: none; background-color: #ffffff; width: 198px; height: 31px;\">Hatou S. Mariama K.<\/td>\n<td style=\"border-style: none; background-color: #ffffff; width: 368px; height: 31px;\">Acompanyant transport<\/td>\n<\/tr>\n<\/tbody>\n<\/table>\n<ul>\n<li><span style=\"color: #3978b8;\"><strong>Personal de Neteja<\/strong><\/span><\/li>\n<\/ul>\n<table style=\"border-style: none; width: 40.5251%; height: 171px;\">\n<tbody>\n<tr style=\"height: 31px;\">\n<td style=\"border-style: none; background-color: #ffffff; width: 35.0481%; height: 31px;\" width=\"198\">Roser G\u00fcell<\/td>\n<td style=\"border-style: none; background-color: #ffffff; width: 63.89%; height: 31px;\" width=\"368\">Treballadores de la neteja<\/td>\n<\/tr>\n<tr style=\"height: 47px;\">\n<td style=\"border-style: none; background-color: #ffffff; width: 35.0481%; height: 47px;\" width=\"198\">Liliana Pi\u00f1eros<\/td>\n<td style=\"border-style: none; background-color: #ffffff; width: 63.89%; height: 47px;\" width=\"368\"><\/td>\n<\/tr>\n<tr style=\"height: 31px;\">\n<td style=\"border-style: none; background-color: #ffffff; width: 35.0481%; height: 31px;\" width=\"198\">Diana Angulo<\/td>\n<td style=\"border-style: none; background-color: #ffffff; width: 63.89%; height: 31px;\" width=\"368\"><\/td>\n<\/tr>\n<tr style=\"height: 31px;\">\n<td style=\"border-style: none; background-color: #ffffff; width: 35.0481%; height: 31px;\" width=\"198\">Gloria Aguilar<\/td>\n<td style=\"border-style: none; background-color: #ffffff; width: 63.89%; height: 31px;\" width=\"368\"><\/td>\n<\/tr>\n<tr style=\"height: 31px;\">\n<td style=\"border-style: none; background-color: #ffffff; width: 35.0481%; height: 31px;\">Bintou<\/td>\n<td style=\"border-style: none; background-color: #ffffff; width: 63.89%; height: 31px;\"><\/td>\n<\/tr>\n<\/tbody>\n<\/table>\n<p><img loading=\"lazy\" decoding=\"async\" class=\"aligncenter wp-image-14456 size-large\" src=\"https:\/\/agora.xtec.cat\/ceip-canpuig\/wp-content\/uploads\/usu1039\/2025\/09\/IMG_2296-1-1-1024x598.jpg\" alt=\"\" width=\"1024\" height=\"598\" srcset=\"https:\/\/agora.xtec.cat\/ceip-canpuig\/wp-content\/uploads\/usu1039\/2025\/09\/IMG_2296-1-1-1024x598.jpg 1024w, https:\/\/agora.xtec.cat\/ceip-canpuig\/wp-content\/uploads\/usu1039\/2025\/09\/IMG_2296-1-1-300x175.jpg 300w, https:\/\/agora.xtec.cat\/ceip-canpuig\/wp-content\/uploads\/usu1039\/2025\/09\/IMG_2296-1-1-768x448.jpg 768w, https:\/\/agora.xtec.cat\/ceip-canpuig\/wp-content\/uploads\/usu1039\/2025\/09\/IMG_2296-1-1-1536x897.jpg 1536w, https:\/\/agora.xtec.cat\/ceip-canpuig\/wp-content\/uploads\/usu1039\/2025\/09\/IMG_2296-1-1-2048x1196.jpg 2048w\" sizes=\"auto, (max-width: 1024px) 100vw, 1024px\" \/><\/p>\n","protected":false},"excerpt":{"rendered":"<p>Aquest curs 2025-2026, comptem amb els seg\u00fcents professionals per tirar endavant els nostres projectes:<\/p>\n<ul>\n<li>Equip Directiu<\/li>\n<\/ul>\n<p>Gl\u00f2ria Franquesa<br \/>\nDirectora<\/p>\n<p>Laia Oset<br \/>\nCap d\u2019estudis<\/p>\n<p>S\u00f2nia Parra<br \/>\nSecret\u00e0ria<\/p>\n<ul>\n<li>Mestres d\u2019Educaci\u00f3 Infantil<\/li>\n<\/ul>\n<p>Carme Teixidor<br \/>\nTutora d&#8217;I3A<\/p>\n<p>Ester Piera<br \/>\nTutora d&#8217;I3B<\/p>\n<p>Esther Ayuso<br \/>\nTutora d&#8217;I4A<\/p>\n<p>S\u00edlvia Freixas<br \/>\nTutora d&#8217;I4B<\/p>\n<p>Merc\u00e8 Planella<br \/>\nTutora d&#8217;I5A<\/p>\n<p>Maria Guillamet<br \/>\nTutora d&#8217;I5B<\/p>\n<p>Nuri Caliz \/ Carla Campoy<br \/>\nMestres suport d&#8217;I3<\/p>\n<p>Anna M\u00aa Bou<br \/>\nMestra suport d&#8217;I4 i I5<\/p>\n<ul>\n<li>\u00a0Mestres&hellip;  <a href=\"https:\/\/agora.xtec.cat\/ceip-canpuig\/lescola\/equiphuma\/\" title=\"Read Equip Hum\u00e0\">Llegeix m\u00e9s\u00bb<\/a><br \/>\n","protected":false},"author":1,"featured_media":0,"parent":22,"menu_order":3,"comment_status":"closed","ping_status":"closed","template":"page-templates\/side-menu.php","meta":{"_bbp_topic_count":0,"_bbp_reply_count":0,"_bbp_total_topic_count":0,"_bbp_total_reply_count":0,"_bbp_voice_count":0,"_bbp_anonymous_reply_count":0,"_bbp_topic_count_hidden":0,"_bbp_reply_count_hidden":0,"_bbp_forum_subforum_count":0,"footnotes":""},"class_list":["post-1978","page","type-page","status-publish","hentry"],"post_mailing_queue_ids":[],"_links":{"self":[{"href":"https:\/\/agora.xtec.cat\/ceip-canpuig\/wp-json\/wp\/v2\/pages\/1978","targetHints":{"allow":["GET"]}}],"collection":[{"href":"https:\/\/agora.xtec.cat\/ceip-canpuig\/wp-json\/wp\/v2\/pages"}],"about":[{"href":"https:\/\/agora.xtec.cat\/ceip-canpuig\/wp-json\/wp\/v2\/types\/page"}],"author":[{"embeddable":true,"href":"https:\/\/agora.xtec.cat\/ceip-canpuig\/wp-json\/wp\/v2\/users\/1"}],"replies":[{"embeddable":true,"href":"https:\/\/agora.xtec.cat\/ceip-canpuig\/wp-json\/wp\/v2\/comments?post=1978"}],"version-history":[{"count":6,"href":"https:\/\/agora.xtec.cat\/ceip-canpuig\/wp-json\/wp\/v2\/pages\/1978\/revisions"}],"predecessor-version":[{"id":14457,"href":"https:\/\/agora.xtec.cat\/ceip-canpuig\/wp-json\/wp\/v2\/pages\/1978\/revisions\/14457"}],"up":[{"embeddable":true,"href":"https:\/\/agora.xtec.cat\/ceip-canpuig\/wp-json\/wp\/v2\/pages\/22"}],"wp:attachment":[{"href":"https:\/\/agora.xtec.cat\/ceip-canpuig\/wp-json\/wp\/v2\/media?parent=1978"}],"curies":[{"name":"wp","href":"https:\/\/api.w.org\/{rel}","templated":true}]}}