{"id":1955,"date":"2017-01-17T18:02:45","date_gmt":"2017-01-17T17:02:45","guid":{"rendered":"http:\/\/agora.xtec.cat\/ceip-canpuig\/?page_id=1955"},"modified":"2026-02-26T15:33:04","modified_gmt":"2026-02-26T14:33:04","slug":"ambit-linguistic","status":"publish","type":"page","link":"https:\/\/agora.xtec.cat\/ceip-canpuig\/nivells\/projectes-descola\/ambit-linguistic\/","title":{"rendered":"Projectes d&#8217;\u00c0mbit Ling\u00fc\u00edstic"},"content":{"rendered":"<p><span style=\"font-weight: 400;\">Aconseguir que els nostres alumnes esdevinguin lectors capa\u00e7os de gaudir del plaer de la lectura \u00e9s un dels reptes m\u00e9s importants que tenim com a escola.\u00a0\u00a0<\/span><\/p>\n<p><span style=\"font-weight: 400;\">Per aquest motiu, els projectes ling\u00fc\u00edstics que impulsem formen part essencial del nostre projecte educatiu i vertebren moltes de les activitats que es duen a terme al centre.\u00a0<\/span><\/p>\n<p><span style=\"color: #3978b8;\"><strong>SOF\u00c0 DE LECTURA<\/strong><\/span><\/p>\n<p><span style=\"font-weight: 400;\">El projecte \u201cEl sof\u00e0 de lectura\u201d es va iniciar amb l\u2019objectiu principal de fomentar el gust per la lectura, oferint als nostres alumnes de 1r un espai on es comparteixin estones tranquil\u00b7les de lectura amb el suport i l\u2019<\/span><span style=\"color: #3978b8;\">acompanyament de les fam\u00edlies<\/span> <span style=\"font-weight: 400;\">(pares, mares, avis, \u00e0vies\u2026).\u00a0<\/span><\/p>\n<p><img loading=\"lazy\" decoding=\"async\" class=\"size-medium wp-image-14760 aligncenter\" src=\"https:\/\/agora.xtec.cat\/ceip-canpuig\/wp-content\/uploads\/usu1039\/2026\/02\/Sofa-de-lectura-300x225.jpg\" alt=\"\" width=\"300\" height=\"225\" srcset=\"https:\/\/agora.xtec.cat\/ceip-canpuig\/wp-content\/uploads\/usu1039\/2026\/02\/Sofa-de-lectura-300x225.jpg 300w, https:\/\/agora.xtec.cat\/ceip-canpuig\/wp-content\/uploads\/usu1039\/2026\/02\/Sofa-de-lectura-1024x768.jpg 1024w, https:\/\/agora.xtec.cat\/ceip-canpuig\/wp-content\/uploads\/usu1039\/2026\/02\/Sofa-de-lectura-768x576.jpg 768w, https:\/\/agora.xtec.cat\/ceip-canpuig\/wp-content\/uploads\/usu1039\/2026\/02\/Sofa-de-lectura-1536x1152.jpg 1536w, https:\/\/agora.xtec.cat\/ceip-canpuig\/wp-content\/uploads\/usu1039\/2026\/02\/Sofa-de-lectura-200x150.jpg 200w, https:\/\/agora.xtec.cat\/ceip-canpuig\/wp-content\/uploads\/usu1039\/2026\/02\/Sofa-de-lectura.jpg 2016w\" sizes=\"auto, (max-width: 300px) 100vw, 300px\" \/><\/p>\n<p><strong><span style=\"color: #3978b8;\">PESSICS DE LECTURA<\/span><\/strong><\/p>\n<p><span style=\"font-weight: 400;\">\u201cProjecte Pessics de Lectura\u201d \u00e9s un espai de lectura compartida entre alumnes i fam\u00edlies. Amb la <span style=\"color: #3978b8;\">dinamitzaci\u00f3 de les fam\u00edlies<\/span>, es pret\u00e9n encomanar el gust per la lectura a trav\u00e9s de la lectura en veu alta i el di\u00e0leg. <\/span><span style=\"font-weight: 400;\">Fomenta l\u2019aprenentatge entre iguals, l\u2019ensenyament rec\u00edproc i el desenvolupament de la comprensi\u00f3 lectora.<\/span><\/p>\n<p><img loading=\"lazy\" decoding=\"async\" class=\"size-medium wp-image-14761 aligncenter\" src=\"https:\/\/agora.xtec.cat\/ceip-canpuig\/wp-content\/uploads\/usu1039\/2026\/02\/Projectes-linguistics-300x225.jpg\" alt=\"\" width=\"300\" height=\"225\" srcset=\"https:\/\/agora.xtec.cat\/ceip-canpuig\/wp-content\/uploads\/usu1039\/2026\/02\/Projectes-linguistics-300x225.jpg 300w, https:\/\/agora.xtec.cat\/ceip-canpuig\/wp-content\/uploads\/usu1039\/2026\/02\/Projectes-linguistics-768x575.jpg 768w, https:\/\/agora.xtec.cat\/ceip-canpuig\/wp-content\/uploads\/usu1039\/2026\/02\/Projectes-linguistics-200x150.jpg 200w, https:\/\/agora.xtec.cat\/ceip-canpuig\/wp-content\/uploads\/usu1039\/2026\/02\/Projectes-linguistics.jpg 828w\" sizes=\"auto, (max-width: 300px) 100vw, 300px\" \/><\/p>\n<p><strong><span style=\"color: #3978b8;\">CLUB DE LECTURA<\/span><\/strong><\/p>\n<p><span style=\"font-weight: 400;\">El &#8220;Club de Lectura&#8221; \u00e9s una proposta que fomenta el gust per llegir i el di\u00e0leg al voltant de textos breus o d\u2019un llibre. L\u2019alumnat de 4t de prim\u00e0ria comparteix aquesta experi\u00e8ncia amb les seves fam\u00edlies, creant un espai de trobada i complicitat lectora. A 6\u00e8 de prim\u00e0ria, el club compta amb la <\/span><span style=\"color: #3978b8;\">participaci\u00f3 d\u2019experts<\/span><span style=\"font-weight: 400;\"> que dinamitzen les sessions i enriqueixen les converses amb noves mirades. A trav\u00e9s d\u2019aquesta activitat, potenciem la comprensi\u00f3 lectora, l\u2019esperit cr\u00edtic i l\u2019expressi\u00f3 oral. Una experi\u00e8ncia compartida que ens fa cr\u00e9ixer com a lectors i com a comunitat.<\/span><\/p>\n<p><span style=\"font-weight: 400;\"><img loading=\"lazy\" decoding=\"async\" class=\"aligncenter wp-image-14763 size-medium\" src=\"https:\/\/agora.xtec.cat\/ceip-canpuig\/wp-content\/uploads\/usu1039\/2026\/02\/Wonder3_ClubLec01-300x225.jpg\" alt=\"\" width=\"300\" height=\"225\" srcset=\"https:\/\/agora.xtec.cat\/ceip-canpuig\/wp-content\/uploads\/usu1039\/2026\/02\/Wonder3_ClubLec01-300x225.jpg 300w, https:\/\/agora.xtec.cat\/ceip-canpuig\/wp-content\/uploads\/usu1039\/2026\/02\/Wonder3_ClubLec01-1024x768.jpg 1024w, https:\/\/agora.xtec.cat\/ceip-canpuig\/wp-content\/uploads\/usu1039\/2026\/02\/Wonder3_ClubLec01-768x576.jpg 768w, https:\/\/agora.xtec.cat\/ceip-canpuig\/wp-content\/uploads\/usu1039\/2026\/02\/Wonder3_ClubLec01-1536x1152.jpg 1536w, https:\/\/agora.xtec.cat\/ceip-canpuig\/wp-content\/uploads\/usu1039\/2026\/02\/Wonder3_ClubLec01-2048x1536.jpg 2048w, https:\/\/agora.xtec.cat\/ceip-canpuig\/wp-content\/uploads\/usu1039\/2026\/02\/Wonder3_ClubLec01-200x150.jpg 200w\" sizes=\"auto, (max-width: 300px) 100vw, 300px\" \/><\/span><\/p>\n<p><strong><span style=\"color: #3978b8;\">APADRINAMENT LECTOR<\/span><\/strong><\/p>\n<p><span style=\"font-weight: 400;\">L\u2019apadrinament lector \u00e9s una activitat cooperativa que fomenta l\u2019aprenentatge, la responsabilitat i els vincles entre l\u2019alumnat de l\u2019escola.<\/span><\/p>\n<p><span style=\"font-weight: 400;\">Aquesta iniciativa es duu a terme en parelles formades per alumnes de 5\u00e8 de prim\u00e0ria, que fan de padrins i padrines de lectura, i alumnes de 2n de prim\u00e0ria, que en s\u00f3n els fillols i filloles.<\/span><\/p>\n<p><span style=\"font-weight: 400;\">Ser padr\u00ed o padrina de lectura implica assumir el comprom\u00eds d\u2019<\/span><span style=\"color: #3978b8;\">acompanyar el fillol o fillola<\/span><span style=\"font-weight: 400;\"> en el seu proc\u00e9s d\u2019aprenentatge lector. A trav\u00e9s de sessions compartides, els alumnes m\u00e9s grans ofereixen suport, <\/span><span style=\"font-weight: 400;\"><span style=\"color: #3978b8;\">orientaci\u00f3 i modelatge lector<\/span>,<\/span><span style=\"font-weight: 400;\"> ajudant els m\u00e9s petits a guanyar confian\u00e7a i flu\u00efdesa.<\/span><\/p>\n<p><img loading=\"lazy\" decoding=\"async\" class=\"size-medium wp-image-14754 aligncenter\" src=\"https:\/\/agora.xtec.cat\/ceip-canpuig\/wp-content\/uploads\/usu1039\/2026\/02\/PHOTO-2026-02-25-19-17-47-300x225.jpg\" alt=\"\" width=\"300\" height=\"225\" srcset=\"https:\/\/agora.xtec.cat\/ceip-canpuig\/wp-content\/uploads\/usu1039\/2026\/02\/PHOTO-2026-02-25-19-17-47-300x225.jpg 300w, https:\/\/agora.xtec.cat\/ceip-canpuig\/wp-content\/uploads\/usu1039\/2026\/02\/PHOTO-2026-02-25-19-17-47-1024x768.jpg 1024w, https:\/\/agora.xtec.cat\/ceip-canpuig\/wp-content\/uploads\/usu1039\/2026\/02\/PHOTO-2026-02-25-19-17-47-768x576.jpg 768w, https:\/\/agora.xtec.cat\/ceip-canpuig\/wp-content\/uploads\/usu1039\/2026\/02\/PHOTO-2026-02-25-19-17-47-1536x1152.jpg 1536w, https:\/\/agora.xtec.cat\/ceip-canpuig\/wp-content\/uploads\/usu1039\/2026\/02\/PHOTO-2026-02-25-19-17-47-200x150.jpg 200w, https:\/\/agora.xtec.cat\/ceip-canpuig\/wp-content\/uploads\/usu1039\/2026\/02\/PHOTO-2026-02-25-19-17-47.jpg 2048w\" sizes=\"auto, (max-width: 300px) 100vw, 300px\" \/><\/p>\n","protected":false},"excerpt":{"rendered":"<p>Aconseguir que els nostres alumnes esdevinguin lectors capa\u00e7os de gaudir del plaer de la lectura \u00e9s un dels reptes m\u00e9s importants que tenim com a escola.\u00a0\u00a0<br \/>\nPer aquest motiu, els projectes ling\u00fc\u00edstics que impulsem formen part essencial del nostre projecte educatiu i vertebren moltes de les&hellip;  <a href=\"https:\/\/agora.xtec.cat\/ceip-canpuig\/nivells\/projectes-descola\/ambit-linguistic\/\" title=\"Read Projectes d&#8217;\u00c0mbit Ling\u00fc\u00edstic\">Llegeix m\u00e9s\u00bb<\/a><\/p>\n","protected":false},"author":1,"featured_media":0,"parent":490,"menu_order":1,"comment_status":"closed","ping_status":"closed","template":"page-templates\/side-menu.php","meta":{"_bbp_topic_count":0,"_bbp_reply_count":0,"_bbp_total_topic_count":0,"_bbp_total_reply_count":0,"_bbp_voice_count":0,"_bbp_anonymous_reply_count":0,"_bbp_topic_count_hidden":0,"_bbp_reply_count_hidden":0,"_bbp_forum_subforum_count":0,"footnotes":""},"class_list":["post-1955","page","type-page","status-publish","hentry"],"post_mailing_queue_ids":[],"_links":{"self":[{"href":"https:\/\/agora.xtec.cat\/ceip-canpuig\/wp-json\/wp\/v2\/pages\/1955","targetHints":{"allow":["GET"]}}],"collection":[{"href":"https:\/\/agora.xtec.cat\/ceip-canpuig\/wp-json\/wp\/v2\/pages"}],"about":[{"href":"https:\/\/agora.xtec.cat\/ceip-canpuig\/wp-json\/wp\/v2\/types\/page"}],"author":[{"embeddable":true,"href":"https:\/\/agora.xtec.cat\/ceip-canpuig\/wp-json\/wp\/v2\/users\/1"}],"replies":[{"embeddable":true,"href":"https:\/\/agora.xtec.cat\/ceip-canpuig\/wp-json\/wp\/v2\/comments?post=1955"}],"version-history":[{"count":6,"href":"https:\/\/agora.xtec.cat\/ceip-canpuig\/wp-json\/wp\/v2\/pages\/1955\/revisions"}],"predecessor-version":[{"id":1958,"href":"https:\/\/agora.xtec.cat\/ceip-canpuig\/wp-json\/wp\/v2\/pages\/1955\/revisions\/1958"}],"up":[{"embeddable":true,"href":"https:\/\/agora.xtec.cat\/ceip-canpuig\/wp-json\/wp\/v2\/pages\/490"}],"wp:attachment":[{"href":"https:\/\/agora.xtec.cat\/ceip-canpuig\/wp-json\/wp\/v2\/media?parent=1955"}],"curies":[{"name":"wp","href":"https:\/\/api.w.org\/{rel}","templated":true}]}}