{"id":14744,"date":"2026-02-25T18:29:12","date_gmt":"2026-02-25T17:29:12","guid":{"rendered":"https:\/\/agora.xtec.cat\/ceip-canpuig\/?page_id=14744"},"modified":"2026-02-26T16:42:46","modified_gmt":"2026-02-26T15:42:46","slug":"racons-i-ambients-daprenentatge","status":"publish","type":"page","link":"https:\/\/agora.xtec.cat\/ceip-canpuig\/racons-i-ambients-daprenentatge\/","title":{"rendered":"Racons i ambients d&#8217;aprenentatge"},"content":{"rendered":"<p><span style=\"font-weight: 400;\">A l\u2019escola, una de les estrat\u00e8gies metodol\u00f2giques que es duen a terme \u00e9s el <span style=\"color: #3978b8;\">treball per racons<\/span>. L\u2019objectiu \u00e9s que els infants aprenguin de manera <span style=\"color: #3978b8;\">activa, aut\u00f2noma i significativa<\/span>. Tant a l\u2019Educaci\u00f3 Infantil com a Prim\u00e0ria, els racons permeten organitzar l\u2019aula en petits espais de treball on l\u2019alumnat pot actuar de manera individual, en parelles o en grup cooperatiu, utilitzant materials diversos i respectant els diferents ritmes d\u2019aprenentatge .<\/span><\/p>\n<p><span style=\"font-weight: 400;\">El treball per racons potencia l\u2019<span style=\"color: #3978b8;\">autonomia, la responsabilitat i la capacitat de prendre decisions<\/span>. A m\u00e9s, fomenta la socialitzaci\u00f3, la col\u00b7laboraci\u00f3, el respecte i l\u2019ajuda m\u00fatua dins del grup, alhora que promou l\u2019<span style=\"color: #3978b8;\">autoavaluaci\u00f3<\/span> perqu\u00e8 els infants aprenguin dels seus propis errors.<\/span><\/p>\n<p><span style=\"font-weight: 400;\">Pel que fa al treball per <span style=\"color: #3978b8;\">ambients<\/span>, que es duu a terme des d\u2019I3 fins a I5, es basa en la creaci\u00f3 de diferents espais d\u2019aprenentatge, relaci\u00f3 i comunicaci\u00f3 on els infants poden <span style=\"color: #3978b8;\">observar, experimentar, construir, imaginar i interactuar<\/span> amb els altres . Aquesta manera flexible d\u2019organitzar l\u2019aprenentatge respecta els seus ritmes i ofereix l\u2019oportunitat d\u2019interrelacionar-se amb companys i companyes d\u2019altres edats.<\/span><\/p>\n<p><span style=\"font-weight: 400;\">Els ambients potencien la comunicaci\u00f3 i el llenguatge oral espontani, afavoreixen les relacions socials i desenvolupen d\u2019h\u00e0bits de conviv\u00e8ncia promovent <span style=\"color: #3978b8;\">l&#8217;aprenentatge entre iguals<\/span>.<\/span><\/p>\n<p><img loading=\"lazy\" decoding=\"async\" class=\"alignnone size-medium wp-image-14778\" src=\"https:\/\/agora.xtec.cat\/ceip-canpuig\/wp-content\/uploads\/usu1039\/2026\/02\/IMG_4825-2-1-300x225.jpg\" alt=\"\" width=\"300\" height=\"225\" srcset=\"https:\/\/agora.xtec.cat\/ceip-canpuig\/wp-content\/uploads\/usu1039\/2026\/02\/IMG_4825-2-1-300x225.jpg 300w, https:\/\/agora.xtec.cat\/ceip-canpuig\/wp-content\/uploads\/usu1039\/2026\/02\/IMG_4825-2-1-1024x768.jpg 1024w, https:\/\/agora.xtec.cat\/ceip-canpuig\/wp-content\/uploads\/usu1039\/2026\/02\/IMG_4825-2-1-768x576.jpg 768w, https:\/\/agora.xtec.cat\/ceip-canpuig\/wp-content\/uploads\/usu1039\/2026\/02\/IMG_4825-2-1-1536x1152.jpg 1536w, https:\/\/agora.xtec.cat\/ceip-canpuig\/wp-content\/uploads\/usu1039\/2026\/02\/IMG_4825-2-1-2048x1536.jpg 2048w, https:\/\/agora.xtec.cat\/ceip-canpuig\/wp-content\/uploads\/usu1039\/2026\/02\/IMG_4825-2-1-200x150.jpg 200w\" sizes=\"auto, (max-width: 300px) 100vw, 300px\" \/>\u00a0 \u00a0 <span style=\"font-weight: 400;\"><img loading=\"lazy\" decoding=\"async\" class=\"alignnone size-medium wp-image-14775\" src=\"https:\/\/agora.xtec.cat\/ceip-canpuig\/wp-content\/uploads\/usu1039\/2026\/02\/PHOTO-2026-02-26-16-09-46-300x225.jpg\" alt=\"\" width=\"300\" height=\"225\" srcset=\"https:\/\/agora.xtec.cat\/ceip-canpuig\/wp-content\/uploads\/usu1039\/2026\/02\/PHOTO-2026-02-26-16-09-46-300x225.jpg 300w, https:\/\/agora.xtec.cat\/ceip-canpuig\/wp-content\/uploads\/usu1039\/2026\/02\/PHOTO-2026-02-26-16-09-46-1024x768.jpg 1024w, https:\/\/agora.xtec.cat\/ceip-canpuig\/wp-content\/uploads\/usu1039\/2026\/02\/PHOTO-2026-02-26-16-09-46-768x576.jpg 768w, https:\/\/agora.xtec.cat\/ceip-canpuig\/wp-content\/uploads\/usu1039\/2026\/02\/PHOTO-2026-02-26-16-09-46-1536x1152.jpg 1536w, https:\/\/agora.xtec.cat\/ceip-canpuig\/wp-content\/uploads\/usu1039\/2026\/02\/PHOTO-2026-02-26-16-09-46-200x150.jpg 200w, https:\/\/agora.xtec.cat\/ceip-canpuig\/wp-content\/uploads\/usu1039\/2026\/02\/PHOTO-2026-02-26-16-09-46.jpg 1600w\" sizes=\"auto, (max-width: 300px) 100vw, 300px\" \/>\u00a0 \u00a0 <img loading=\"lazy\" decoding=\"async\" class=\"alignnone size-medium wp-image-14776\" src=\"https:\/\/agora.xtec.cat\/ceip-canpuig\/wp-content\/uploads\/usu1039\/2026\/02\/PHOTO-2026-02-26-16-10-45-300x225.jpg\" alt=\"\" width=\"300\" height=\"225\" srcset=\"https:\/\/agora.xtec.cat\/ceip-canpuig\/wp-content\/uploads\/usu1039\/2026\/02\/PHOTO-2026-02-26-16-10-45-300x225.jpg 300w, https:\/\/agora.xtec.cat\/ceip-canpuig\/wp-content\/uploads\/usu1039\/2026\/02\/PHOTO-2026-02-26-16-10-45-1024x768.jpg 1024w, https:\/\/agora.xtec.cat\/ceip-canpuig\/wp-content\/uploads\/usu1039\/2026\/02\/PHOTO-2026-02-26-16-10-45-768x576.jpg 768w, https:\/\/agora.xtec.cat\/ceip-canpuig\/wp-content\/uploads\/usu1039\/2026\/02\/PHOTO-2026-02-26-16-10-45-1536x1152.jpg 1536w, https:\/\/agora.xtec.cat\/ceip-canpuig\/wp-content\/uploads\/usu1039\/2026\/02\/PHOTO-2026-02-26-16-10-45-200x150.jpg 200w, https:\/\/agora.xtec.cat\/ceip-canpuig\/wp-content\/uploads\/usu1039\/2026\/02\/PHOTO-2026-02-26-16-10-45.jpg 1600w\" sizes=\"auto, (max-width: 300px) 100vw, 300px\" \/><\/span><\/p>\n","protected":false},"excerpt":{"rendered":"<p>A l\u2019escola, una de les estrat\u00e8gies metodol\u00f2giques que es duen a terme \u00e9s el treball per racons. L\u2019objectiu \u00e9s que els infants aprenguin de manera activa, aut\u00f2noma i significativa. Tant a l\u2019Educaci\u00f3 Infantil com a Prim\u00e0ria, els racons permeten organitzar l\u2019aula en petits espais de&hellip;  <a href=\"https:\/\/agora.xtec.cat\/ceip-canpuig\/racons-i-ambients-daprenentatge\/\" title=\"Read Racons i ambients d&#8217;aprenentatge\">Llegeix m\u00e9s\u00bb<\/a><\/p>\n","protected":false},"author":1,"featured_media":0,"parent":0,"menu_order":0,"comment_status":"closed","ping_status":"closed","template":"page-templates\/side-menu.php","meta":{"_bbp_topic_count":0,"_bbp_reply_count":0,"_bbp_total_topic_count":0,"_bbp_total_reply_count":0,"_bbp_voice_count":0,"_bbp_anonymous_reply_count":0,"_bbp_topic_count_hidden":0,"_bbp_reply_count_hidden":0,"_bbp_forum_subforum_count":0,"footnotes":""},"class_list":["post-14744","page","type-page","status-publish","hentry"],"post_mailing_queue_ids":[],"_links":{"self":[{"href":"https:\/\/agora.xtec.cat\/ceip-canpuig\/wp-json\/wp\/v2\/pages\/14744","targetHints":{"allow":["GET"]}}],"collection":[{"href":"https:\/\/agora.xtec.cat\/ceip-canpuig\/wp-json\/wp\/v2\/pages"}],"about":[{"href":"https:\/\/agora.xtec.cat\/ceip-canpuig\/wp-json\/wp\/v2\/types\/page"}],"author":[{"embeddable":true,"href":"https:\/\/agora.xtec.cat\/ceip-canpuig\/wp-json\/wp\/v2\/users\/1"}],"replies":[{"embeddable":true,"href":"https:\/\/agora.xtec.cat\/ceip-canpuig\/wp-json\/wp\/v2\/comments?post=14744"}],"version-history":[{"count":5,"href":"https:\/\/agora.xtec.cat\/ceip-canpuig\/wp-json\/wp\/v2\/pages\/14744\/revisions"}],"predecessor-version":[{"id":14779,"href":"https:\/\/agora.xtec.cat\/ceip-canpuig\/wp-json\/wp\/v2\/pages\/14744\/revisions\/14779"}],"wp:attachment":[{"href":"https:\/\/agora.xtec.cat\/ceip-canpuig\/wp-json\/wp\/v2\/media?parent=14744"}],"curies":[{"name":"wp","href":"https:\/\/api.w.org\/{rel}","templated":true}]}}