{"id":14713,"date":"2026-02-25T09:07:43","date_gmt":"2026-02-25T08:07:43","guid":{"rendered":"https:\/\/agora.xtec.cat\/ceip-canpuig\/?page_id=14713"},"modified":"2026-02-26T16:49:36","modified_gmt":"2026-02-26T15:49:36","slug":"tallers-deducacio-artistica-i-teatre","status":"publish","type":"page","link":"https:\/\/agora.xtec.cat\/ceip-canpuig\/tallers-deducacio-artistica-i-teatre\/","title":{"rendered":"Tallers d&#8217;Educaci\u00f3 Art\u00edstica i teatre"},"content":{"rendered":"<p><span style=\"font-weight: 400;\">\u00a0<\/span><span style=\"font-weight: 400;\">L\u2019educaci\u00f3 art\u00edstica a l\u2019escola afavoreix el desenvolupament integral de l\u2019alumnat, perqu\u00e8 integra pensament, emoci\u00f3 i acci\u00f3 a trav\u00e9s de la interpretaci\u00f3, l&#8217;expressi\u00f3 i la imaginaci\u00f3.<\/span><\/p>\n<p><span style=\"font-weight: 400;\">A l&#8217;educaci\u00f3 infantil a trav\u00e9s de propostes a l\u2019aula i a prim\u00e0ria, a trav\u00e9s dels <\/span><span style=\"font-weight: 400; color: #3978b8;\">tallers d\u2019educaci\u00f3 art\u00edstica intercicle<\/span><span style=\"font-weight: 400;\">, s\u2019ofereixen espais de creaci\u00f3 compartida on infants de diferents cursos treballen els<\/span><span style=\"font-weight: 400;\"> llenguatges <span style=\"color: #3978b8;\">visual, musical i audiovisual<\/span>,<\/span><span style=\"font-weight: 400;\"> potenciant la <span style=\"color: #3978b8;\">curiositat i el gaudi per l\u2019art<\/span>.\u00a0<\/span><\/p>\n<p><img loading=\"lazy\" decoding=\"async\" class=\"alignnone size-medium wp-image-14757\" src=\"https:\/\/agora.xtec.cat\/ceip-canpuig\/wp-content\/uploads\/usu1039\/2026\/02\/Tallers-artistic-infantil-300x225.jpg\" alt=\"\" width=\"300\" height=\"225\" srcset=\"https:\/\/agora.xtec.cat\/ceip-canpuig\/wp-content\/uploads\/usu1039\/2026\/02\/Tallers-artistic-infantil-300x225.jpg 300w, https:\/\/agora.xtec.cat\/ceip-canpuig\/wp-content\/uploads\/usu1039\/2026\/02\/Tallers-artistic-infantil-768x576.jpg 768w, https:\/\/agora.xtec.cat\/ceip-canpuig\/wp-content\/uploads\/usu1039\/2026\/02\/Tallers-artistic-infantil-200x150.jpg 200w, https:\/\/agora.xtec.cat\/ceip-canpuig\/wp-content\/uploads\/usu1039\/2026\/02\/Tallers-artistic-infantil.jpg 1024w\" sizes=\"auto, (max-width: 300px) 100vw, 300px\" \/>\u00a0 \u00a0 <img loading=\"lazy\" decoding=\"async\" class=\"alignnone size-medium wp-image-14758\" src=\"https:\/\/agora.xtec.cat\/ceip-canpuig\/wp-content\/uploads\/usu1039\/2026\/02\/IMG_8632-300x225.jpg\" alt=\"\" width=\"300\" height=\"225\" srcset=\"https:\/\/agora.xtec.cat\/ceip-canpuig\/wp-content\/uploads\/usu1039\/2026\/02\/IMG_8632-300x225.jpg 300w, https:\/\/agora.xtec.cat\/ceip-canpuig\/wp-content\/uploads\/usu1039\/2026\/02\/IMG_8632-1024x768.jpg 1024w, https:\/\/agora.xtec.cat\/ceip-canpuig\/wp-content\/uploads\/usu1039\/2026\/02\/IMG_8632-768x576.jpg 768w, https:\/\/agora.xtec.cat\/ceip-canpuig\/wp-content\/uploads\/usu1039\/2026\/02\/IMG_8632-1536x1152.jpg 1536w, https:\/\/agora.xtec.cat\/ceip-canpuig\/wp-content\/uploads\/usu1039\/2026\/02\/IMG_8632-200x150.jpg 200w, https:\/\/agora.xtec.cat\/ceip-canpuig\/wp-content\/uploads\/usu1039\/2026\/02\/IMG_8632.jpg 2016w\" sizes=\"auto, (max-width: 300px) 100vw, 300px\" \/>\u00a0 \u00a0 <span style=\"font-weight: 400;\"><img loading=\"lazy\" decoding=\"async\" class=\"alignnone size-medium wp-image-14781\" src=\"https:\/\/agora.xtec.cat\/ceip-canpuig\/wp-content\/uploads\/usu1039\/2026\/02\/IMG_7656-1-300x225.jpg\" alt=\"\" width=\"300\" height=\"225\" srcset=\"https:\/\/agora.xtec.cat\/ceip-canpuig\/wp-content\/uploads\/usu1039\/2026\/02\/IMG_7656-1-300x225.jpg 300w, https:\/\/agora.xtec.cat\/ceip-canpuig\/wp-content\/uploads\/usu1039\/2026\/02\/IMG_7656-1-1024x768.jpg 1024w, https:\/\/agora.xtec.cat\/ceip-canpuig\/wp-content\/uploads\/usu1039\/2026\/02\/IMG_7656-1-768x576.jpg 768w, https:\/\/agora.xtec.cat\/ceip-canpuig\/wp-content\/uploads\/usu1039\/2026\/02\/IMG_7656-1-1536x1152.jpg 1536w, https:\/\/agora.xtec.cat\/ceip-canpuig\/wp-content\/uploads\/usu1039\/2026\/02\/IMG_7656-1-2048x1536.jpg 2048w, https:\/\/agora.xtec.cat\/ceip-canpuig\/wp-content\/uploads\/usu1039\/2026\/02\/IMG_7656-1-200x150.jpg 200w\" sizes=\"auto, (max-width: 300px) 100vw, 300px\" \/><\/span><\/p>\n<p style=\"text-align: center;\"><iframe loading=\"lazy\" src=\"\/\/www.youtube.com\/embed\/RzeELTqTIzI\" width=\"560\" height=\"314\" allowfullscreen=\"allowfullscreen\"><\/iframe><\/p>\n<p><span style=\"font-weight: 400;\">El llenguatge esc\u00e8nic es treballa a trav\u00e9s del <\/span><span style=\"font-weight: 400; color: #3978b8;\">teatre<\/span><span style=\"font-weight: 400;\">. Combina <\/span><span style=\"font-weight: 400;\"><span style=\"color: #3978b8;\">cos, veu i emoci\u00f3<\/span><\/span><span style=\"font-weight: 400;\">, i esdev\u00e9 una eina privilegiada per expressar i comunicar all\u00f2 que l\u2019alumnat sent i pensa. Ajuda a desenvolupar l\u2019autoestima, la gesti\u00f3 de les emocions, l\u2019empatia i el treball en equip, alhora que fomenta la creativitat i la consci\u00e8ncia cr\u00edtica davant la realitat.<\/span><\/p>\n<p><img loading=\"lazy\" decoding=\"async\" class=\"alignnone wp-image-14739 size-medium\" src=\"https:\/\/agora.xtec.cat\/ceip-canpuig\/wp-content\/uploads\/usu1039\/2026\/02\/PHOTO-2026-02-25-16-59-38-300x225.jpg\" alt=\"\" width=\"300\" height=\"225\" srcset=\"https:\/\/agora.xtec.cat\/ceip-canpuig\/wp-content\/uploads\/usu1039\/2026\/02\/PHOTO-2026-02-25-16-59-38-300x225.jpg 300w, https:\/\/agora.xtec.cat\/ceip-canpuig\/wp-content\/uploads\/usu1039\/2026\/02\/PHOTO-2026-02-25-16-59-38-1024x768.jpg 1024w, https:\/\/agora.xtec.cat\/ceip-canpuig\/wp-content\/uploads\/usu1039\/2026\/02\/PHOTO-2026-02-25-16-59-38-768x576.jpg 768w, https:\/\/agora.xtec.cat\/ceip-canpuig\/wp-content\/uploads\/usu1039\/2026\/02\/PHOTO-2026-02-25-16-59-38-1536x1152.jpg 1536w, https:\/\/agora.xtec.cat\/ceip-canpuig\/wp-content\/uploads\/usu1039\/2026\/02\/PHOTO-2026-02-25-16-59-38-2048x1536.jpg 2048w, https:\/\/agora.xtec.cat\/ceip-canpuig\/wp-content\/uploads\/usu1039\/2026\/02\/PHOTO-2026-02-25-16-59-38-200x150.jpg 200w\" sizes=\"auto, (max-width: 300px) 100vw, 300px\" \/>\u00a0 \u00a0 <img loading=\"lazy\" decoding=\"async\" class=\"alignnone size-medium wp-image-14769\" src=\"https:\/\/agora.xtec.cat\/ceip-canpuig\/wp-content\/uploads\/usu1039\/2026\/02\/Teatre-6e-300x225.jpg\" alt=\"\" width=\"300\" height=\"225\" srcset=\"https:\/\/agora.xtec.cat\/ceip-canpuig\/wp-content\/uploads\/usu1039\/2026\/02\/Teatre-6e-300x225.jpg 300w, https:\/\/agora.xtec.cat\/ceip-canpuig\/wp-content\/uploads\/usu1039\/2026\/02\/Teatre-6e-768x576.jpg 768w, https:\/\/agora.xtec.cat\/ceip-canpuig\/wp-content\/uploads\/usu1039\/2026\/02\/Teatre-6e-200x150.jpg 200w, https:\/\/agora.xtec.cat\/ceip-canpuig\/wp-content\/uploads\/usu1039\/2026\/02\/Teatre-6e.jpg 1024w\" sizes=\"auto, (max-width: 300px) 100vw, 300px\" \/><\/p>\n","protected":false},"excerpt":{"rendered":"<p>\u00a0L\u2019educaci\u00f3 art\u00edstica a l\u2019escola afavoreix el desenvolupament integral de l\u2019alumnat, perqu\u00e8 integra pensament, emoci\u00f3 i acci\u00f3 a trav\u00e9s de la interpretaci\u00f3, l&#8217;expressi\u00f3 i la imaginaci\u00f3.<br \/>\nA l&#8217;educaci\u00f3 infantil a trav\u00e9s de propostes a l\u2019aula i a prim\u00e0ria, a trav\u00e9s dels tallers d\u2019educaci\u00f3 art\u00edstica intercicle, s\u2019ofereixen espais&hellip;  <a href=\"https:\/\/agora.xtec.cat\/ceip-canpuig\/tallers-deducacio-artistica-i-teatre\/\" title=\"Read Tallers d&#8217;Educaci\u00f3 Art\u00edstica i teatre\">Llegeix m\u00e9s\u00bb<\/a><\/p>\n","protected":false},"author":1,"featured_media":0,"parent":0,"menu_order":0,"comment_status":"closed","ping_status":"closed","template":"page-templates\/side-menu.php","meta":{"_bbp_topic_count":0,"_bbp_reply_count":0,"_bbp_total_topic_count":0,"_bbp_total_reply_count":0,"_bbp_voice_count":0,"_bbp_anonymous_reply_count":0,"_bbp_topic_count_hidden":0,"_bbp_reply_count_hidden":0,"_bbp_forum_subforum_count":0,"footnotes":""},"class_list":["post-14713","page","type-page","status-publish","hentry"],"post_mailing_queue_ids":[],"_links":{"self":[{"href":"https:\/\/agora.xtec.cat\/ceip-canpuig\/wp-json\/wp\/v2\/pages\/14713","targetHints":{"allow":["GET"]}}],"collection":[{"href":"https:\/\/agora.xtec.cat\/ceip-canpuig\/wp-json\/wp\/v2\/pages"}],"about":[{"href":"https:\/\/agora.xtec.cat\/ceip-canpuig\/wp-json\/wp\/v2\/types\/page"}],"author":[{"embeddable":true,"href":"https:\/\/agora.xtec.cat\/ceip-canpuig\/wp-json\/wp\/v2\/users\/1"}],"replies":[{"embeddable":true,"href":"https:\/\/agora.xtec.cat\/ceip-canpuig\/wp-json\/wp\/v2\/comments?post=14713"}],"version-history":[{"count":6,"href":"https:\/\/agora.xtec.cat\/ceip-canpuig\/wp-json\/wp\/v2\/pages\/14713\/revisions"}],"predecessor-version":[{"id":14783,"href":"https:\/\/agora.xtec.cat\/ceip-canpuig\/wp-json\/wp\/v2\/pages\/14713\/revisions\/14783"}],"wp:attachment":[{"href":"https:\/\/agora.xtec.cat\/ceip-canpuig\/wp-json\/wp\/v2\/media?parent=14713"}],"curies":[{"name":"wp","href":"https:\/\/api.w.org\/{rel}","templated":true}]}}