{"id":14423,"date":"2025-06-30T18:23:18","date_gmt":"2025-06-30T16:23:18","guid":{"rendered":"https:\/\/agora.xtec.cat\/ceip-canpuig\/?page_id=14423"},"modified":"2026-02-18T15:23:32","modified_gmt":"2026-02-18T14:23:32","slug":"com-podem-fer-del-pati-un-espai-mes-amable-per-a-tothom","status":"publish","type":"page","link":"https:\/\/agora.xtec.cat\/ceip-canpuig\/propostes-educatives\/cicle-inicial\/com-podem-fer-del-pati-un-espai-mes-amable-per-a-tothom\/","title":{"rendered":"Com podem fer del pati un espai m\u00e9s amable per a tothom?"},"content":{"rendered":"<p>Tot va comen\u00e7ar amb el descobriment d\u2019un document antic, amagat entre llibres a la biblioteca de la nostra aula. Aquesta troballa inesperada ens va portar a explorar diferents espais de l\u2019escola i a descobrir joguines d\u2019altres temps. Aix\u00f2 ens va fer adonar que els espais preferits pels infants s\u00f3n, sens dubte, els patis. A partir d\u2019aqu\u00ed, ens vam proposar analitzar-los per valorar-ne les fortaleses i imaginar com podr\u00edem millorar-los.<\/p>\n<p><img loading=\"lazy\" decoding=\"async\" class=\"alignnone size-medium wp-image-14397\" src=\"https:\/\/agora.xtec.cat\/ceip-canpuig\/wp-content\/uploads\/usu1039\/2025\/06\/Foto-1-2-300x225.jpg\" alt=\"\" width=\"300\" height=\"225\" srcset=\"https:\/\/agora.xtec.cat\/ceip-canpuig\/wp-content\/uploads\/usu1039\/2025\/06\/Foto-1-2-300x225.jpg 300w, https:\/\/agora.xtec.cat\/ceip-canpuig\/wp-content\/uploads\/usu1039\/2025\/06\/Foto-1-2-200x150.jpg 200w, https:\/\/agora.xtec.cat\/ceip-canpuig\/wp-content\/uploads\/usu1039\/2025\/06\/Foto-1-2.jpg 640w\" sizes=\"auto, (max-width: 300px) 100vw, 300px\" \/>\u00a0 <img loading=\"lazy\" decoding=\"async\" class=\"alignnone size-medium wp-image-14396\" src=\"https:\/\/agora.xtec.cat\/ceip-canpuig\/wp-content\/uploads\/usu1039\/2025\/06\/Foto-2-3-300x135.jpg\" alt=\"\" width=\"300\" height=\"135\" srcset=\"https:\/\/agora.xtec.cat\/ceip-canpuig\/wp-content\/uploads\/usu1039\/2025\/06\/Foto-2-3-300x135.jpg 300w, https:\/\/agora.xtec.cat\/ceip-canpuig\/wp-content\/uploads\/usu1039\/2025\/06\/Foto-2-3-1024x461.jpg 1024w, https:\/\/agora.xtec.cat\/ceip-canpuig\/wp-content\/uploads\/usu1039\/2025\/06\/Foto-2-3-768x346.jpg 768w, https:\/\/agora.xtec.cat\/ceip-canpuig\/wp-content\/uploads\/usu1039\/2025\/06\/Foto-2-3-1536x691.jpg 1536w, https:\/\/agora.xtec.cat\/ceip-canpuig\/wp-content\/uploads\/usu1039\/2025\/06\/Foto-2-3.jpg 1600w\" sizes=\"auto, (max-width: 300px) 100vw, 300px\" \/><\/p>\n<p>La Comissi\u00f3 de Pati de l\u2019AFA ens va facilitar una enquesta que vam respondre els alumnes. Ens demanava l\u2019opini\u00f3 sobre diferents jocs i zones del pati. Les respostes ens van fer reflexionar sobre les nostres prefer\u00e8ncies, i tamb\u00e9 sobre com podr\u00edem fer del pati un lloc m\u00e9s inclusiu i enriquidor per a tothom.<\/p>\n<p><img loading=\"lazy\" decoding=\"async\" class=\"alignnone size-medium wp-image-14395\" src=\"https:\/\/agora.xtec.cat\/ceip-canpuig\/wp-content\/uploads\/usu1039\/2025\/06\/Foto-3-2-300x225.jpg\" alt=\"\" width=\"300\" height=\"225\" srcset=\"https:\/\/agora.xtec.cat\/ceip-canpuig\/wp-content\/uploads\/usu1039\/2025\/06\/Foto-3-2-300x225.jpg 300w, https:\/\/agora.xtec.cat\/ceip-canpuig\/wp-content\/uploads\/usu1039\/2025\/06\/Foto-3-2-1024x768.jpg 1024w, https:\/\/agora.xtec.cat\/ceip-canpuig\/wp-content\/uploads\/usu1039\/2025\/06\/Foto-3-2-768x576.jpg 768w, https:\/\/agora.xtec.cat\/ceip-canpuig\/wp-content\/uploads\/usu1039\/2025\/06\/Foto-3-2-1536x1152.jpg 1536w, https:\/\/agora.xtec.cat\/ceip-canpuig\/wp-content\/uploads\/usu1039\/2025\/06\/Foto-3-2-200x150.jpg 200w, https:\/\/agora.xtec.cat\/ceip-canpuig\/wp-content\/uploads\/usu1039\/2025\/06\/Foto-3-2.jpg 1600w\" sizes=\"auto, (max-width: 300px) 100vw, 300px\" \/>\u00a0 <img loading=\"lazy\" decoding=\"async\" class=\"alignnone size-medium wp-image-14394\" src=\"https:\/\/agora.xtec.cat\/ceip-canpuig\/wp-content\/uploads\/usu1039\/2025\/06\/Foto-4-3-300x135.jpg\" alt=\"\" width=\"300\" height=\"135\" srcset=\"https:\/\/agora.xtec.cat\/ceip-canpuig\/wp-content\/uploads\/usu1039\/2025\/06\/Foto-4-3-300x135.jpg 300w, https:\/\/agora.xtec.cat\/ceip-canpuig\/wp-content\/uploads\/usu1039\/2025\/06\/Foto-4-3-1024x461.jpg 1024w, https:\/\/agora.xtec.cat\/ceip-canpuig\/wp-content\/uploads\/usu1039\/2025\/06\/Foto-4-3-768x346.jpg 768w, https:\/\/agora.xtec.cat\/ceip-canpuig\/wp-content\/uploads\/usu1039\/2025\/06\/Foto-4-3-1536x691.jpg 1536w, https:\/\/agora.xtec.cat\/ceip-canpuig\/wp-content\/uploads\/usu1039\/2025\/06\/Foto-4-3.jpg 1600w\" sizes=\"auto, (max-width: 300px) 100vw, 300px\" \/><\/p>\n<p>Ens vam preguntar a qu\u00e8 jugaven els nostres avis i \u00e0vies, i per descobrir-ho els vam escriure una nota convidant-los a visitar-nos. La trobada amb ells va ser molt especial: vam recuperar jocs tradicionals i vam escoltar les seves viv\u00e8ncies, amb an\u00e8cdotes i detalls que ens van transportar d\u00e8cades enrere. Va ser una experi\u00e8ncia molt enriquidora, que ens va permetre establir vincles intergeneracionals i valorar el coneixement que ens poden transmetre les persones grans.<\/p>\n<p><img loading=\"lazy\" decoding=\"async\" class=\"alignnone size-medium wp-image-14401\" src=\"https:\/\/agora.xtec.cat\/ceip-canpuig\/wp-content\/uploads\/usu1039\/2025\/06\/Foto-5-4-300x225.jpg\" alt=\"\" width=\"300\" height=\"225\" srcset=\"https:\/\/agora.xtec.cat\/ceip-canpuig\/wp-content\/uploads\/usu1039\/2025\/06\/Foto-5-4-300x225.jpg 300w, https:\/\/agora.xtec.cat\/ceip-canpuig\/wp-content\/uploads\/usu1039\/2025\/06\/Foto-5-4-200x150.jpg 200w, https:\/\/agora.xtec.cat\/ceip-canpuig\/wp-content\/uploads\/usu1039\/2025\/06\/Foto-5-4.jpg 640w\" sizes=\"auto, (max-width: 300px) 100vw, 300px\" \/>\u00a0 <img loading=\"lazy\" decoding=\"async\" class=\"alignnone size-medium wp-image-14400\" src=\"https:\/\/agora.xtec.cat\/ceip-canpuig\/wp-content\/uploads\/usu1039\/2025\/06\/Foto-6-2-300x225.jpg\" alt=\"\" width=\"300\" height=\"225\" srcset=\"https:\/\/agora.xtec.cat\/ceip-canpuig\/wp-content\/uploads\/usu1039\/2025\/06\/Foto-6-2-300x225.jpg 300w, https:\/\/agora.xtec.cat\/ceip-canpuig\/wp-content\/uploads\/usu1039\/2025\/06\/Foto-6-2-1024x768.jpg 1024w, https:\/\/agora.xtec.cat\/ceip-canpuig\/wp-content\/uploads\/usu1039\/2025\/06\/Foto-6-2-768x576.jpg 768w, https:\/\/agora.xtec.cat\/ceip-canpuig\/wp-content\/uploads\/usu1039\/2025\/06\/Foto-6-2-1536x1152.jpg 1536w, https:\/\/agora.xtec.cat\/ceip-canpuig\/wp-content\/uploads\/usu1039\/2025\/06\/Foto-6-2-200x150.jpg 200w, https:\/\/agora.xtec.cat\/ceip-canpuig\/wp-content\/uploads\/usu1039\/2025\/06\/Foto-6-2.jpg 1600w\" sizes=\"auto, (max-width: 300px) 100vw, 300px\" \/><\/p>\n<p>Tamb\u00e9 vam anar a visitar el MNATECbus, que ens va mostrar com vivien els nostres avis i \u00e0vies. Despr\u00e9s d\u2019aquesta experi\u00e8ncia, vam fer a classe un estudi sobre les activitats de lleure d\u2019ahir i d\u2019avui, i vam constatar que actualment les pantalles ocupen un lloc molt destacat en el nostre temps lliure. Aix\u00f2 ens va fer prendre consci\u00e8ncia de la necessitat de promoure alternatives m\u00e9s actives i creatives.<\/p>\n<p><img loading=\"lazy\" decoding=\"async\" class=\"alignnone size-medium wp-image-14399\" src=\"https:\/\/agora.xtec.cat\/ceip-canpuig\/wp-content\/uploads\/usu1039\/2025\/06\/Foto-7-2-300x225.jpg\" alt=\"\" width=\"300\" height=\"225\" srcset=\"https:\/\/agora.xtec.cat\/ceip-canpuig\/wp-content\/uploads\/usu1039\/2025\/06\/Foto-7-2-300x225.jpg 300w, https:\/\/agora.xtec.cat\/ceip-canpuig\/wp-content\/uploads\/usu1039\/2025\/06\/Foto-7-2-1024x768.jpg 1024w, https:\/\/agora.xtec.cat\/ceip-canpuig\/wp-content\/uploads\/usu1039\/2025\/06\/Foto-7-2-768x576.jpg 768w, https:\/\/agora.xtec.cat\/ceip-canpuig\/wp-content\/uploads\/usu1039\/2025\/06\/Foto-7-2-1536x1152.jpg 1536w, https:\/\/agora.xtec.cat\/ceip-canpuig\/wp-content\/uploads\/usu1039\/2025\/06\/Foto-7-2-200x150.jpg 200w, https:\/\/agora.xtec.cat\/ceip-canpuig\/wp-content\/uploads\/usu1039\/2025\/06\/Foto-7-2.jpg 1600w\" sizes=\"auto, (max-width: 300px) 100vw, 300px\" \/>\u00a0 <img loading=\"lazy\" decoding=\"async\" class=\"alignnone size-medium wp-image-14398\" src=\"https:\/\/agora.xtec.cat\/ceip-canpuig\/wp-content\/uploads\/usu1039\/2025\/06\/Foto-8-2-300x135.jpg\" alt=\"\" width=\"300\" height=\"135\" srcset=\"https:\/\/agora.xtec.cat\/ceip-canpuig\/wp-content\/uploads\/usu1039\/2025\/06\/Foto-8-2-300x135.jpg 300w, https:\/\/agora.xtec.cat\/ceip-canpuig\/wp-content\/uploads\/usu1039\/2025\/06\/Foto-8-2-1024x461.jpg 1024w, https:\/\/agora.xtec.cat\/ceip-canpuig\/wp-content\/uploads\/usu1039\/2025\/06\/Foto-8-2-768x346.jpg 768w, https:\/\/agora.xtec.cat\/ceip-canpuig\/wp-content\/uploads\/usu1039\/2025\/06\/Foto-8-2-1536x691.jpg 1536w, https:\/\/agora.xtec.cat\/ceip-canpuig\/wp-content\/uploads\/usu1039\/2025\/06\/Foto-8-2.jpg 1600w\" sizes=\"auto, (max-width: 300px) 100vw, 300px\" \/><\/p>\n<p>Per donar resposta a aquest repte, vam decidir crear els nostres propis jocs pel pati. Vol\u00edem fomentar espais inclusius i amables per a tothom. Per inspirar-nos, vam convidar en Joan, de l\u2019empresa <em>Londji<\/em>, especialitzada en la creaci\u00f3 de jocs. Ens va explicar com inventen, dissenyen i produeixen els seus jocs.<\/p>\n<p><img loading=\"lazy\" decoding=\"async\" class=\"alignnone size-medium wp-image-14405\" src=\"https:\/\/agora.xtec.cat\/ceip-canpuig\/wp-content\/uploads\/usu1039\/2025\/06\/Foto-9-1-300x225.jpg\" alt=\"\" width=\"300\" height=\"225\" srcset=\"https:\/\/agora.xtec.cat\/ceip-canpuig\/wp-content\/uploads\/usu1039\/2025\/06\/Foto-9-1-300x225.jpg 300w, https:\/\/agora.xtec.cat\/ceip-canpuig\/wp-content\/uploads\/usu1039\/2025\/06\/Foto-9-1-200x150.jpg 200w, https:\/\/agora.xtec.cat\/ceip-canpuig\/wp-content\/uploads\/usu1039\/2025\/06\/Foto-9-1.jpg 640w\" sizes=\"auto, (max-width: 300px) 100vw, 300px\" \/>\u00a0 <img loading=\"lazy\" decoding=\"async\" class=\"alignnone size-medium wp-image-14404\" src=\"https:\/\/agora.xtec.cat\/ceip-canpuig\/wp-content\/uploads\/usu1039\/2025\/06\/Foto-10-1-300x225.jpg\" alt=\"\" width=\"300\" height=\"225\" srcset=\"https:\/\/agora.xtec.cat\/ceip-canpuig\/wp-content\/uploads\/usu1039\/2025\/06\/Foto-10-1-300x225.jpg 300w, https:\/\/agora.xtec.cat\/ceip-canpuig\/wp-content\/uploads\/usu1039\/2025\/06\/Foto-10-1-200x150.jpg 200w, https:\/\/agora.xtec.cat\/ceip-canpuig\/wp-content\/uploads\/usu1039\/2025\/06\/Foto-10-1.jpg 640w\" sizes=\"auto, (max-width: 300px) 100vw, 300px\" \/><\/p>\n<p>Tamb\u00e9 vam visitar el taller de fusteria i electromec\u00e0nica de l\u2019Institut Brugulat, on en Juli ens va mostrar algunes m\u00e0quines que podien ajudar-nos en el nostre proc\u00e9s creatiu. A partir d\u2019aqu\u00ed, a l\u2019espai FAIG-LAB, cada grup cooperatiu va dissenyar un joc utilitzant m\u00e0quines com la impressora 3D i la talladora l\u00e0ser. Vam crear taulers, daus, cartes, peces i molts altres materials!<\/p>\n<p><img loading=\"lazy\" decoding=\"async\" class=\"alignnone size-medium wp-image-14403\" src=\"https:\/\/agora.xtec.cat\/ceip-canpuig\/wp-content\/uploads\/usu1039\/2025\/06\/Foto-11-1-300x225.jpg\" alt=\"\" width=\"300\" height=\"225\" srcset=\"https:\/\/agora.xtec.cat\/ceip-canpuig\/wp-content\/uploads\/usu1039\/2025\/06\/Foto-11-1-300x225.jpg 300w, https:\/\/agora.xtec.cat\/ceip-canpuig\/wp-content\/uploads\/usu1039\/2025\/06\/Foto-11-1-1024x768.jpg 1024w, https:\/\/agora.xtec.cat\/ceip-canpuig\/wp-content\/uploads\/usu1039\/2025\/06\/Foto-11-1-768x576.jpg 768w, https:\/\/agora.xtec.cat\/ceip-canpuig\/wp-content\/uploads\/usu1039\/2025\/06\/Foto-11-1-200x150.jpg 200w, https:\/\/agora.xtec.cat\/ceip-canpuig\/wp-content\/uploads\/usu1039\/2025\/06\/Foto-11-1.jpg 1280w\" sizes=\"auto, (max-width: 300px) 100vw, 300px\" \/>\u00a0 <img loading=\"lazy\" decoding=\"async\" class=\"alignnone size-medium wp-image-14402\" src=\"https:\/\/agora.xtec.cat\/ceip-canpuig\/wp-content\/uploads\/usu1039\/2025\/06\/Foto-12-1-300x225.jpg\" alt=\"\" width=\"300\" height=\"225\" srcset=\"https:\/\/agora.xtec.cat\/ceip-canpuig\/wp-content\/uploads\/usu1039\/2025\/06\/Foto-12-1-300x225.jpg 300w, https:\/\/agora.xtec.cat\/ceip-canpuig\/wp-content\/uploads\/usu1039\/2025\/06\/Foto-12-1-1024x768.jpg 1024w, https:\/\/agora.xtec.cat\/ceip-canpuig\/wp-content\/uploads\/usu1039\/2025\/06\/Foto-12-1-768x576.jpg 768w, https:\/\/agora.xtec.cat\/ceip-canpuig\/wp-content\/uploads\/usu1039\/2025\/06\/Foto-12-1-1536x1152.jpg 1536w, https:\/\/agora.xtec.cat\/ceip-canpuig\/wp-content\/uploads\/usu1039\/2025\/06\/Foto-12-1-200x150.jpg 200w, https:\/\/agora.xtec.cat\/ceip-canpuig\/wp-content\/uploads\/usu1039\/2025\/06\/Foto-12-1.jpg 1600w\" sizes=\"auto, (max-width: 300px) 100vw, 300px\" \/><\/p>\n<p><img loading=\"lazy\" decoding=\"async\" class=\"alignnone size-medium wp-image-14412\" src=\"https:\/\/agora.xtec.cat\/ceip-canpuig\/wp-content\/uploads\/usu1039\/2025\/06\/Foto-13-1-300x225.jpg\" alt=\"\" width=\"300\" height=\"225\" srcset=\"https:\/\/agora.xtec.cat\/ceip-canpuig\/wp-content\/uploads\/usu1039\/2025\/06\/Foto-13-1-300x225.jpg 300w, https:\/\/agora.xtec.cat\/ceip-canpuig\/wp-content\/uploads\/usu1039\/2025\/06\/Foto-13-1-1024x768.jpg 1024w, https:\/\/agora.xtec.cat\/ceip-canpuig\/wp-content\/uploads\/usu1039\/2025\/06\/Foto-13-1-768x576.jpg 768w, https:\/\/agora.xtec.cat\/ceip-canpuig\/wp-content\/uploads\/usu1039\/2025\/06\/Foto-13-1-1536x1152.jpg 1536w, https:\/\/agora.xtec.cat\/ceip-canpuig\/wp-content\/uploads\/usu1039\/2025\/06\/Foto-13-1-200x150.jpg 200w, https:\/\/agora.xtec.cat\/ceip-canpuig\/wp-content\/uploads\/usu1039\/2025\/06\/Foto-13-1.jpg 1600w\" sizes=\"auto, (max-width: 300px) 100vw, 300px\" \/>\u00a0 <img loading=\"lazy\" decoding=\"async\" class=\"alignnone size-medium wp-image-14408\" src=\"https:\/\/agora.xtec.cat\/ceip-canpuig\/wp-content\/uploads\/usu1039\/2025\/06\/Foto-14-1-300x225.jpg\" alt=\"\" width=\"300\" height=\"225\" srcset=\"https:\/\/agora.xtec.cat\/ceip-canpuig\/wp-content\/uploads\/usu1039\/2025\/06\/Foto-14-1-300x225.jpg 300w, https:\/\/agora.xtec.cat\/ceip-canpuig\/wp-content\/uploads\/usu1039\/2025\/06\/Foto-14-1-1024x768.jpg 1024w, https:\/\/agora.xtec.cat\/ceip-canpuig\/wp-content\/uploads\/usu1039\/2025\/06\/Foto-14-1-768x576.jpg 768w, https:\/\/agora.xtec.cat\/ceip-canpuig\/wp-content\/uploads\/usu1039\/2025\/06\/Foto-14-1-1536x1152.jpg 1536w, https:\/\/agora.xtec.cat\/ceip-canpuig\/wp-content\/uploads\/usu1039\/2025\/06\/Foto-14-1-200x150.jpg 200w, https:\/\/agora.xtec.cat\/ceip-canpuig\/wp-content\/uploads\/usu1039\/2025\/06\/Foto-14-1.jpg 1600w\" sizes=\"auto, (max-width: 300px) 100vw, 300px\" \/><\/p>\n<p>Cada grup va presentar el seu joc a la classe, explicant-ne les normes, i vam jugar-hi tots plegats. M\u00e9s endavant, vam compartir-los amb els nostres padrins i padrines de 3r i vam fer una coavaluaci\u00f3 que ens va ajudar a identificar punts forts i aspectes a millorar.<\/p>\n<p><img loading=\"lazy\" decoding=\"async\" class=\"alignnone size-medium wp-image-14407\" src=\"https:\/\/agora.xtec.cat\/ceip-canpuig\/wp-content\/uploads\/usu1039\/2025\/06\/Foto-15-1-300x225.jpg\" alt=\"\" width=\"300\" height=\"225\" srcset=\"https:\/\/agora.xtec.cat\/ceip-canpuig\/wp-content\/uploads\/usu1039\/2025\/06\/Foto-15-1-300x225.jpg 300w, https:\/\/agora.xtec.cat\/ceip-canpuig\/wp-content\/uploads\/usu1039\/2025\/06\/Foto-15-1-1024x768.jpg 1024w, https:\/\/agora.xtec.cat\/ceip-canpuig\/wp-content\/uploads\/usu1039\/2025\/06\/Foto-15-1-768x576.jpg 768w, https:\/\/agora.xtec.cat\/ceip-canpuig\/wp-content\/uploads\/usu1039\/2025\/06\/Foto-15-1-1536x1152.jpg 1536w, https:\/\/agora.xtec.cat\/ceip-canpuig\/wp-content\/uploads\/usu1039\/2025\/06\/Foto-15-1-200x150.jpg 200w, https:\/\/agora.xtec.cat\/ceip-canpuig\/wp-content\/uploads\/usu1039\/2025\/06\/Foto-15-1.jpg 1600w\" sizes=\"auto, (max-width: 300px) 100vw, 300px\" \/>\u00a0 <img loading=\"lazy\" decoding=\"async\" class=\"alignnone size-medium wp-image-14406\" src=\"https:\/\/agora.xtec.cat\/ceip-canpuig\/wp-content\/uploads\/usu1039\/2025\/06\/Foto-16-1-300x225.jpg\" alt=\"\" width=\"300\" height=\"225\" srcset=\"https:\/\/agora.xtec.cat\/ceip-canpuig\/wp-content\/uploads\/usu1039\/2025\/06\/Foto-16-1-300x225.jpg 300w, https:\/\/agora.xtec.cat\/ceip-canpuig\/wp-content\/uploads\/usu1039\/2025\/06\/Foto-16-1-1024x768.jpg 1024w, https:\/\/agora.xtec.cat\/ceip-canpuig\/wp-content\/uploads\/usu1039\/2025\/06\/Foto-16-1-768x576.jpg 768w, https:\/\/agora.xtec.cat\/ceip-canpuig\/wp-content\/uploads\/usu1039\/2025\/06\/Foto-16-1-1536x1152.jpg 1536w, https:\/\/agora.xtec.cat\/ceip-canpuig\/wp-content\/uploads\/usu1039\/2025\/06\/Foto-16-1-200x150.jpg 200w, https:\/\/agora.xtec.cat\/ceip-canpuig\/wp-content\/uploads\/usu1039\/2025\/06\/Foto-16-1.jpg 1600w\" sizes=\"auto, (max-width: 300px) 100vw, 300px\" \/><\/p>\n<p><img loading=\"lazy\" decoding=\"async\" class=\"alignnone size-medium wp-image-14411\" src=\"https:\/\/agora.xtec.cat\/ceip-canpuig\/wp-content\/uploads\/usu1039\/2025\/06\/Foto-17-1-300x225.jpg\" alt=\"\" width=\"300\" height=\"225\" srcset=\"https:\/\/agora.xtec.cat\/ceip-canpuig\/wp-content\/uploads\/usu1039\/2025\/06\/Foto-17-1-300x225.jpg 300w, https:\/\/agora.xtec.cat\/ceip-canpuig\/wp-content\/uploads\/usu1039\/2025\/06\/Foto-17-1-1024x768.jpg 1024w, https:\/\/agora.xtec.cat\/ceip-canpuig\/wp-content\/uploads\/usu1039\/2025\/06\/Foto-17-1-768x576.jpg 768w, https:\/\/agora.xtec.cat\/ceip-canpuig\/wp-content\/uploads\/usu1039\/2025\/06\/Foto-17-1-1536x1152.jpg 1536w, https:\/\/agora.xtec.cat\/ceip-canpuig\/wp-content\/uploads\/usu1039\/2025\/06\/Foto-17-1-200x150.jpg 200w, https:\/\/agora.xtec.cat\/ceip-canpuig\/wp-content\/uploads\/usu1039\/2025\/06\/Foto-17-1.jpg 1600w\" sizes=\"auto, (max-width: 300px) 100vw, 300px\" \/>\u00a0 <img loading=\"lazy\" decoding=\"async\" class=\"alignnone size-medium wp-image-14410\" src=\"https:\/\/agora.xtec.cat\/ceip-canpuig\/wp-content\/uploads\/usu1039\/2025\/06\/Foto-18-1-225x300.jpg\" alt=\"\" width=\"225\" height=\"300\" srcset=\"https:\/\/agora.xtec.cat\/ceip-canpuig\/wp-content\/uploads\/usu1039\/2025\/06\/Foto-18-1-225x300.jpg 225w, https:\/\/agora.xtec.cat\/ceip-canpuig\/wp-content\/uploads\/usu1039\/2025\/06\/Foto-18-1-768x1024.jpg 768w, https:\/\/agora.xtec.cat\/ceip-canpuig\/wp-content\/uploads\/usu1039\/2025\/06\/Foto-18-1-rotated.jpg 960w\" sizes=\"auto, (max-width: 225px) 100vw, 225px\" \/><\/p>\n<p>Com que l\u2019experi\u00e8ncia va ser tan positiva, vam decidir convidar les nostres fam\u00edlies a una tarda de jocs. Tots, grans i petits, vam gaudir d\u2019una estona compartida al voltant del joc i la creativitat.<\/p>\n<p><img loading=\"lazy\" decoding=\"async\" class=\"alignnone size-medium wp-image-14409\" src=\"https:\/\/agora.xtec.cat\/ceip-canpuig\/wp-content\/uploads\/usu1039\/2025\/06\/Foto-19-1-300x225.jpg\" alt=\"\" width=\"300\" height=\"225\" srcset=\"https:\/\/agora.xtec.cat\/ceip-canpuig\/wp-content\/uploads\/usu1039\/2025\/06\/Foto-19-1-300x225.jpg 300w, https:\/\/agora.xtec.cat\/ceip-canpuig\/wp-content\/uploads\/usu1039\/2025\/06\/Foto-19-1-1024x768.jpg 1024w, https:\/\/agora.xtec.cat\/ceip-canpuig\/wp-content\/uploads\/usu1039\/2025\/06\/Foto-19-1-768x576.jpg 768w, https:\/\/agora.xtec.cat\/ceip-canpuig\/wp-content\/uploads\/usu1039\/2025\/06\/Foto-19-1-1536x1152.jpg 1536w, https:\/\/agora.xtec.cat\/ceip-canpuig\/wp-content\/uploads\/usu1039\/2025\/06\/Foto-19-1-200x150.jpg 200w, https:\/\/agora.xtec.cat\/ceip-canpuig\/wp-content\/uploads\/usu1039\/2025\/06\/Foto-19-1.jpg 1600w\" sizes=\"auto, (max-width: 300px) 100vw, 300px\" \/>\u00a0 <img loading=\"lazy\" decoding=\"async\" class=\"alignnone size-medium wp-image-14416\" src=\"https:\/\/agora.xtec.cat\/ceip-canpuig\/wp-content\/uploads\/usu1039\/2025\/06\/Foto-20-1-300x225.jpg\" alt=\"\" width=\"300\" height=\"225\" srcset=\"https:\/\/agora.xtec.cat\/ceip-canpuig\/wp-content\/uploads\/usu1039\/2025\/06\/Foto-20-1-300x225.jpg 300w, https:\/\/agora.xtec.cat\/ceip-canpuig\/wp-content\/uploads\/usu1039\/2025\/06\/Foto-20-1-1024x768.jpg 1024w, https:\/\/agora.xtec.cat\/ceip-canpuig\/wp-content\/uploads\/usu1039\/2025\/06\/Foto-20-1-768x576.jpg 768w, https:\/\/agora.xtec.cat\/ceip-canpuig\/wp-content\/uploads\/usu1039\/2025\/06\/Foto-20-1-200x150.jpg 200w, https:\/\/agora.xtec.cat\/ceip-canpuig\/wp-content\/uploads\/usu1039\/2025\/06\/Foto-20-1.jpg 1280w\" sizes=\"auto, (max-width: 300px) 100vw, 300px\" \/><\/p>\n<p><img loading=\"lazy\" decoding=\"async\" class=\"alignnone size-medium wp-image-14415\" src=\"https:\/\/agora.xtec.cat\/ceip-canpuig\/wp-content\/uploads\/usu1039\/2025\/06\/Foto-21-1-300x225.jpg\" alt=\"\" width=\"300\" height=\"225\" srcset=\"https:\/\/agora.xtec.cat\/ceip-canpuig\/wp-content\/uploads\/usu1039\/2025\/06\/Foto-21-1-300x225.jpg 300w, https:\/\/agora.xtec.cat\/ceip-canpuig\/wp-content\/uploads\/usu1039\/2025\/06\/Foto-21-1-1024x768.jpg 1024w, https:\/\/agora.xtec.cat\/ceip-canpuig\/wp-content\/uploads\/usu1039\/2025\/06\/Foto-21-1-768x576.jpg 768w, https:\/\/agora.xtec.cat\/ceip-canpuig\/wp-content\/uploads\/usu1039\/2025\/06\/Foto-21-1-1536x1152.jpg 1536w, https:\/\/agora.xtec.cat\/ceip-canpuig\/wp-content\/uploads\/usu1039\/2025\/06\/Foto-21-1-200x150.jpg 200w, https:\/\/agora.xtec.cat\/ceip-canpuig\/wp-content\/uploads\/usu1039\/2025\/06\/Foto-21-1.jpg 1600w\" sizes=\"auto, (max-width: 300px) 100vw, 300px\" \/>\u00a0 <img loading=\"lazy\" decoding=\"async\" class=\"alignnone size-medium wp-image-14414\" src=\"https:\/\/agora.xtec.cat\/ceip-canpuig\/wp-content\/uploads\/usu1039\/2025\/06\/Foto-22-1-300x225.jpg\" alt=\"\" width=\"300\" height=\"225\" srcset=\"https:\/\/agora.xtec.cat\/ceip-canpuig\/wp-content\/uploads\/usu1039\/2025\/06\/Foto-22-1-300x225.jpg 300w, https:\/\/agora.xtec.cat\/ceip-canpuig\/wp-content\/uploads\/usu1039\/2025\/06\/Foto-22-1-1024x768.jpg 1024w, https:\/\/agora.xtec.cat\/ceip-canpuig\/wp-content\/uploads\/usu1039\/2025\/06\/Foto-22-1-768x576.jpg 768w, https:\/\/agora.xtec.cat\/ceip-canpuig\/wp-content\/uploads\/usu1039\/2025\/06\/Foto-22-1-200x150.jpg 200w, https:\/\/agora.xtec.cat\/ceip-canpuig\/wp-content\/uploads\/usu1039\/2025\/06\/Foto-22-1.jpg 1280w\" sizes=\"auto, (max-width: 300px) 100vw, 300px\" \/><\/p>\n<p>A m\u00e9s, l\u2019Escola d\u2019Adults del Pla de l\u2019Estany ens va convidar a presentar els nostres jocs i jugar amb els seus alumnes, dins les jornades \u201cM\u2019agrada en catal\u00e0\u201d, per fomentar l\u2019\u00fas de la llengua en entorns reals i significatius.<\/p>\n<p><img loading=\"lazy\" decoding=\"async\" class=\"alignnone size-medium wp-image-14413\" src=\"https:\/\/agora.xtec.cat\/ceip-canpuig\/wp-content\/uploads\/usu1039\/2025\/06\/Foto-23-1-300x225.jpg\" alt=\"\" width=\"300\" height=\"225\" srcset=\"https:\/\/agora.xtec.cat\/ceip-canpuig\/wp-content\/uploads\/usu1039\/2025\/06\/Foto-23-1-300x225.jpg 300w, https:\/\/agora.xtec.cat\/ceip-canpuig\/wp-content\/uploads\/usu1039\/2025\/06\/Foto-23-1-1024x768.jpg 1024w, https:\/\/agora.xtec.cat\/ceip-canpuig\/wp-content\/uploads\/usu1039\/2025\/06\/Foto-23-1-768x576.jpg 768w, https:\/\/agora.xtec.cat\/ceip-canpuig\/wp-content\/uploads\/usu1039\/2025\/06\/Foto-23-1-1536x1152.jpg 1536w, https:\/\/agora.xtec.cat\/ceip-canpuig\/wp-content\/uploads\/usu1039\/2025\/06\/Foto-23-1-200x150.jpg 200w, https:\/\/agora.xtec.cat\/ceip-canpuig\/wp-content\/uploads\/usu1039\/2025\/06\/Foto-23-1.jpg 1600w\" sizes=\"auto, (max-width: 300px) 100vw, 300px\" \/>\u00a0 <img loading=\"lazy\" decoding=\"async\" class=\"alignnone size-medium wp-image-14419\" src=\"https:\/\/agora.xtec.cat\/ceip-canpuig\/wp-content\/uploads\/usu1039\/2025\/06\/Foto-24-1-300x225.jpg\" alt=\"\" width=\"300\" height=\"225\" srcset=\"https:\/\/agora.xtec.cat\/ceip-canpuig\/wp-content\/uploads\/usu1039\/2025\/06\/Foto-24-1-300x225.jpg 300w, https:\/\/agora.xtec.cat\/ceip-canpuig\/wp-content\/uploads\/usu1039\/2025\/06\/Foto-24-1-1024x768.jpg 1024w, https:\/\/agora.xtec.cat\/ceip-canpuig\/wp-content\/uploads\/usu1039\/2025\/06\/Foto-24-1-768x576.jpg 768w, https:\/\/agora.xtec.cat\/ceip-canpuig\/wp-content\/uploads\/usu1039\/2025\/06\/Foto-24-1-1536x1152.jpg 1536w, https:\/\/agora.xtec.cat\/ceip-canpuig\/wp-content\/uploads\/usu1039\/2025\/06\/Foto-24-1-200x150.jpg 200w, https:\/\/agora.xtec.cat\/ceip-canpuig\/wp-content\/uploads\/usu1039\/2025\/06\/Foto-24-1.jpg 1600w\" sizes=\"auto, (max-width: 300px) 100vw, 300px\" \/><\/p>\n<p><img loading=\"lazy\" decoding=\"async\" class=\"alignnone size-medium wp-image-14418\" src=\"https:\/\/agora.xtec.cat\/ceip-canpuig\/wp-content\/uploads\/usu1039\/2025\/06\/Foto-25-1-300x225.jpg\" alt=\"\" width=\"300\" height=\"225\" srcset=\"https:\/\/agora.xtec.cat\/ceip-canpuig\/wp-content\/uploads\/usu1039\/2025\/06\/Foto-25-1-300x225.jpg 300w, https:\/\/agora.xtec.cat\/ceip-canpuig\/wp-content\/uploads\/usu1039\/2025\/06\/Foto-25-1-1024x768.jpg 1024w, https:\/\/agora.xtec.cat\/ceip-canpuig\/wp-content\/uploads\/usu1039\/2025\/06\/Foto-25-1-768x576.jpg 768w, https:\/\/agora.xtec.cat\/ceip-canpuig\/wp-content\/uploads\/usu1039\/2025\/06\/Foto-25-1-1536x1152.jpg 1536w, https:\/\/agora.xtec.cat\/ceip-canpuig\/wp-content\/uploads\/usu1039\/2025\/06\/Foto-25-1-200x150.jpg 200w, https:\/\/agora.xtec.cat\/ceip-canpuig\/wp-content\/uploads\/usu1039\/2025\/06\/Foto-25-1.jpg 1600w\" sizes=\"auto, (max-width: 300px) 100vw, 300px\" \/>\u00a0 <img loading=\"lazy\" decoding=\"async\" class=\"alignnone size-medium wp-image-14417\" src=\"https:\/\/agora.xtec.cat\/ceip-canpuig\/wp-content\/uploads\/usu1039\/2025\/06\/Foto-26-1-300x225.jpg\" alt=\"\" width=\"300\" height=\"225\" srcset=\"https:\/\/agora.xtec.cat\/ceip-canpuig\/wp-content\/uploads\/usu1039\/2025\/06\/Foto-26-1-300x225.jpg 300w, https:\/\/agora.xtec.cat\/ceip-canpuig\/wp-content\/uploads\/usu1039\/2025\/06\/Foto-26-1-1024x768.jpg 1024w, https:\/\/agora.xtec.cat\/ceip-canpuig\/wp-content\/uploads\/usu1039\/2025\/06\/Foto-26-1-768x576.jpg 768w, https:\/\/agora.xtec.cat\/ceip-canpuig\/wp-content\/uploads\/usu1039\/2025\/06\/Foto-26-1-1536x1152.jpg 1536w, https:\/\/agora.xtec.cat\/ceip-canpuig\/wp-content\/uploads\/usu1039\/2025\/06\/Foto-26-1-200x150.jpg 200w, https:\/\/agora.xtec.cat\/ceip-canpuig\/wp-content\/uploads\/usu1039\/2025\/06\/Foto-26-1.jpg 1600w\" sizes=\"auto, (max-width: 300px) 100vw, 300px\" \/><\/p>\n<p>Per tancar el projecte, vam organitzar unes diades de joc durant l\u2019estona del pati, on tothom va poder provar els jocs creats pels companys.<\/p>\n<p><img loading=\"lazy\" decoding=\"async\" class=\"alignnone size-medium wp-image-14422\" src=\"https:\/\/agora.xtec.cat\/ceip-canpuig\/wp-content\/uploads\/usu1039\/2025\/06\/Foto-27-300x225.jpg\" alt=\"\" width=\"300\" height=\"225\" srcset=\"https:\/\/agora.xtec.cat\/ceip-canpuig\/wp-content\/uploads\/usu1039\/2025\/06\/Foto-27-300x225.jpg 300w, https:\/\/agora.xtec.cat\/ceip-canpuig\/wp-content\/uploads\/usu1039\/2025\/06\/Foto-27-1024x768.jpg 1024w, https:\/\/agora.xtec.cat\/ceip-canpuig\/wp-content\/uploads\/usu1039\/2025\/06\/Foto-27-768x576.jpg 768w, https:\/\/agora.xtec.cat\/ceip-canpuig\/wp-content\/uploads\/usu1039\/2025\/06\/Foto-27-200x150.jpg 200w, https:\/\/agora.xtec.cat\/ceip-canpuig\/wp-content\/uploads\/usu1039\/2025\/06\/Foto-27.jpg 1280w\" sizes=\"auto, (max-width: 300px) 100vw, 300px\" \/>\u00a0 <img loading=\"lazy\" decoding=\"async\" class=\"alignnone size-medium wp-image-14421\" src=\"https:\/\/agora.xtec.cat\/ceip-canpuig\/wp-content\/uploads\/usu1039\/2025\/06\/Foto-28-300x225.jpg\" alt=\"\" width=\"300\" height=\"225\" srcset=\"https:\/\/agora.xtec.cat\/ceip-canpuig\/wp-content\/uploads\/usu1039\/2025\/06\/Foto-28-300x225.jpg 300w, https:\/\/agora.xtec.cat\/ceip-canpuig\/wp-content\/uploads\/usu1039\/2025\/06\/Foto-28-1024x768.jpg 1024w, https:\/\/agora.xtec.cat\/ceip-canpuig\/wp-content\/uploads\/usu1039\/2025\/06\/Foto-28-768x576.jpg 768w, https:\/\/agora.xtec.cat\/ceip-canpuig\/wp-content\/uploads\/usu1039\/2025\/06\/Foto-28-200x150.jpg 200w, https:\/\/agora.xtec.cat\/ceip-canpuig\/wp-content\/uploads\/usu1039\/2025\/06\/Foto-28.jpg 1280w\" sizes=\"auto, (max-width: 300px) 100vw, 300px\" \/><\/p>\n<p>Aquest projecte, viscut amb molta il\u00b7lusi\u00f3 al llarg del segon trimestre, ha estat una oportunitat per cr\u00e9ixer com a grup, connectar amb les generacions que ens han precedit i mirar amb ulls nous el nostre entorn m\u00e9s proper: el pati. Des de la descoberta d\u2019un document antic fins a la creaci\u00f3 de jocs originals i compartits, els infants de 1r han viscut un proc\u00e9s ple de descobertes, emocions i aprenentatges que perduraran m\u00e9s enll\u00e0 de l\u2019aula. Perqu\u00e8 quan els nens i nenes prenen la paraula, proposen, experimenten i creen, l\u2019escola es transforma en un veritable espai de vida.<\/p>\n<p><img loading=\"lazy\" decoding=\"async\" class=\"alignnone size-medium wp-image-14420\" src=\"https:\/\/agora.xtec.cat\/ceip-canpuig\/wp-content\/uploads\/usu1039\/2025\/06\/Foto-29-300x225.jpg\" alt=\"\" width=\"300\" height=\"225\" srcset=\"https:\/\/agora.xtec.cat\/ceip-canpuig\/wp-content\/uploads\/usu1039\/2025\/06\/Foto-29-300x225.jpg 300w, https:\/\/agora.xtec.cat\/ceip-canpuig\/wp-content\/uploads\/usu1039\/2025\/06\/Foto-29-1024x768.jpg 1024w, https:\/\/agora.xtec.cat\/ceip-canpuig\/wp-content\/uploads\/usu1039\/2025\/06\/Foto-29-768x576.jpg 768w, https:\/\/agora.xtec.cat\/ceip-canpuig\/wp-content\/uploads\/usu1039\/2025\/06\/Foto-29-200x150.jpg 200w, https:\/\/agora.xtec.cat\/ceip-canpuig\/wp-content\/uploads\/usu1039\/2025\/06\/Foto-29.jpg 1280w\" sizes=\"auto, (max-width: 300px) 100vw, 300px\" \/><\/p>\n<p style=\"text-align: right;\">Curs 2024-2025<\/p>\n<p>&nbsp;<\/p>\n","protected":false},"excerpt":{"rendered":"<p>Tot va comen\u00e7ar amb el descobriment d\u2019un document antic, amagat entre llibres a la biblioteca de la nostra aula. Aquesta troballa inesperada ens va portar a explorar diferents espais de l\u2019escola i a descobrir joguines d\u2019altres temps. Aix\u00f2 ens va fer adonar que els espais&hellip;  <a href=\"https:\/\/agora.xtec.cat\/ceip-canpuig\/propostes-educatives\/cicle-inicial\/com-podem-fer-del-pati-un-espai-mes-amable-per-a-tothom\/\" title=\"Read Com podem fer del pati un espai m\u00e9s amable per a tothom?\">Llegeix m\u00e9s\u00bb<\/a><\/p>\n","protected":false},"author":1,"featured_media":0,"parent":13659,"menu_order":0,"comment_status":"closed","ping_status":"closed","template":"page-templates\/side-menu.php","meta":{"_bbp_topic_count":0,"_bbp_reply_count":0,"_bbp_total_topic_count":0,"_bbp_total_reply_count":0,"_bbp_voice_count":0,"_bbp_anonymous_reply_count":0,"_bbp_topic_count_hidden":0,"_bbp_reply_count_hidden":0,"_bbp_forum_subforum_count":0,"footnotes":""},"class_list":["post-14423","page","type-page","status-publish","hentry"],"post_mailing_queue_ids":[],"_links":{"self":[{"href":"https:\/\/agora.xtec.cat\/ceip-canpuig\/wp-json\/wp\/v2\/pages\/14423","targetHints":{"allow":["GET"]}}],"collection":[{"href":"https:\/\/agora.xtec.cat\/ceip-canpuig\/wp-json\/wp\/v2\/pages"}],"about":[{"href":"https:\/\/agora.xtec.cat\/ceip-canpuig\/wp-json\/wp\/v2\/types\/page"}],"author":[{"embeddable":true,"href":"https:\/\/agora.xtec.cat\/ceip-canpuig\/wp-json\/wp\/v2\/users\/1"}],"replies":[{"embeddable":true,"href":"https:\/\/agora.xtec.cat\/ceip-canpuig\/wp-json\/wp\/v2\/comments?post=14423"}],"version-history":[{"count":2,"href":"https:\/\/agora.xtec.cat\/ceip-canpuig\/wp-json\/wp\/v2\/pages\/14423\/revisions"}],"predecessor-version":[{"id":14425,"href":"https:\/\/agora.xtec.cat\/ceip-canpuig\/wp-json\/wp\/v2\/pages\/14423\/revisions\/14425"}],"up":[{"embeddable":true,"href":"https:\/\/agora.xtec.cat\/ceip-canpuig\/wp-json\/wp\/v2\/pages\/13659"}],"wp:attachment":[{"href":"https:\/\/agora.xtec.cat\/ceip-canpuig\/wp-json\/wp\/v2\/media?parent=14423"}],"curies":[{"name":"wp","href":"https:\/\/api.w.org\/{rel}","templated":true}]}}