{"id":14348,"date":"2025-06-25T16:00:38","date_gmt":"2025-06-25T14:00:38","guid":{"rendered":"https:\/\/agora.xtec.cat\/ceip-canpuig\/?page_id=14348"},"modified":"2026-02-18T15:24:03","modified_gmt":"2026-02-18T14:24:03","slug":"are-american-schools-like-catalan-schools","status":"publish","type":"page","link":"https:\/\/agora.xtec.cat\/ceip-canpuig\/propostes-educatives\/cicle-inicial\/are-american-schools-like-catalan-schools\/","title":{"rendered":"Are american schools like catalan schools?"},"content":{"rendered":"<p><span style=\"font-weight: 400;\">Durant aquest segon trimestre l&#8217;alumnat de 5\u00e8 hem pogut viure l&#8217;experi\u00e8ncia de formar part d&#8217;un projecte amb una escola americana, exactament una escola de Nova York anomenada Unqua Elementary School. L&#8217;objectiu principal del projecte era compartir les nostres escoles i con\u00e8ixer el sistema educatiu americ\u00e0 de primera m\u00e0.\u00a0<\/span><\/p>\n<p><span style=\"font-weight: 400;\">Mitjan\u00e7ant v\u00eddeos i diferents plataformes digitals, hem pogut intercanviar un munt d&#8217;informaci\u00f3 i dubtes. Primer, vam preparar v\u00eddeos de presentaci\u00f3 per tal de con\u00e8ixer-nos entre nosaltres.<\/span><\/p>\n<p><a href=\"https:\/\/view.genially.com\/67adf48acedbe7c58a78e022\/interactive-image-5tha-class\"><img loading=\"lazy\" decoding=\"async\" class=\"alignnone size-medium wp-image-14341\" src=\"https:\/\/agora.xtec.cat\/ceip-canpuig\/wp-content\/uploads\/usu1039\/2025\/06\/Foto-1-300x205.png\" alt=\"\" width=\"300\" height=\"205\" srcset=\"https:\/\/agora.xtec.cat\/ceip-canpuig\/wp-content\/uploads\/usu1039\/2025\/06\/Foto-1-300x205.png 300w, https:\/\/agora.xtec.cat\/ceip-canpuig\/wp-content\/uploads\/usu1039\/2025\/06\/Foto-1-1024x699.png 1024w, https:\/\/agora.xtec.cat\/ceip-canpuig\/wp-content\/uploads\/usu1039\/2025\/06\/Foto-1-768x524.png 768w, https:\/\/agora.xtec.cat\/ceip-canpuig\/wp-content\/uploads\/usu1039\/2025\/06\/Foto-1.png 1031w\" sizes=\"auto, (max-width: 300px) 100vw, 300px\" \/><\/a>\u00a0 <a href=\"https:\/\/view.genially.com\/67adb7f201651ac9e964c64f\/interactive-image-5thb-class\"><img loading=\"lazy\" decoding=\"async\" class=\"alignnone size-medium wp-image-14342\" src=\"https:\/\/agora.xtec.cat\/ceip-canpuig\/wp-content\/uploads\/usu1039\/2025\/06\/Foto-2-300x197.png\" alt=\"\" width=\"300\" height=\"197\" srcset=\"https:\/\/agora.xtec.cat\/ceip-canpuig\/wp-content\/uploads\/usu1039\/2025\/06\/Foto-2-300x197.png 300w, https:\/\/agora.xtec.cat\/ceip-canpuig\/wp-content\/uploads\/usu1039\/2025\/06\/Foto-2-1024x673.png 1024w, https:\/\/agora.xtec.cat\/ceip-canpuig\/wp-content\/uploads\/usu1039\/2025\/06\/Foto-2-768x504.png 768w, https:\/\/agora.xtec.cat\/ceip-canpuig\/wp-content\/uploads\/usu1039\/2025\/06\/Foto-2.png 1052w\" sizes=\"auto, (max-width: 300px) 100vw, 300px\" \/><\/a><\/p>\n<p><span style=\"font-weight: 400;\">Despr\u00e9s, vam crear un tour virtual de l&#8217;escola perqu\u00e8 ells coneix\u00e9ssin Can Puig. En grups, vam fer diferents hip\u00f2tesis de com ens imagin\u00e0vem la seva escola i el seu funcionament les quals vam poder comprovar quan els alumnes americans van compartir amb nosaltres el seu tour virtual per l\u2019Unqua school. Va ser molt interessant veure les difer\u00e8ncies i similituds que tenim les dues escoles.<\/span><\/p>\n<p><a href=\"https:\/\/drive.google.com\/file\/d\/1rmjekIgsVmaj8GI2EQZ7QF2Kuliz4W7l\/view?usp=sharing\"><img loading=\"lazy\" decoding=\"async\" class=\"alignnone size-medium wp-image-14343\" src=\"https:\/\/agora.xtec.cat\/ceip-canpuig\/wp-content\/uploads\/usu1039\/2025\/06\/Foto-3-300x169.png\" alt=\"\" width=\"300\" height=\"169\" srcset=\"https:\/\/agora.xtec.cat\/ceip-canpuig\/wp-content\/uploads\/usu1039\/2025\/06\/Foto-3-300x169.png 300w, https:\/\/agora.xtec.cat\/ceip-canpuig\/wp-content\/uploads\/usu1039\/2025\/06\/Foto-3-1024x576.png 1024w, https:\/\/agora.xtec.cat\/ceip-canpuig\/wp-content\/uploads\/usu1039\/2025\/06\/Foto-3-768x432.png 768w, https:\/\/agora.xtec.cat\/ceip-canpuig\/wp-content\/uploads\/usu1039\/2025\/06\/Foto-3.png 1200w\" sizes=\"auto, (max-width: 300px) 100vw, 300px\" \/><\/a>\u00a0 <a href=\"https:\/\/drive.google.com\/file\/d\/1TRJVoOdfESDUxXLoBztmCCOpFHULY-KM\/view?usp=sharing\"><img loading=\"lazy\" decoding=\"async\" class=\"alignnone size-medium wp-image-14344\" src=\"https:\/\/agora.xtec.cat\/ceip-canpuig\/wp-content\/uploads\/usu1039\/2025\/06\/Foto-4-2-300x167.jpg\" alt=\"\" width=\"300\" height=\"167\" srcset=\"https:\/\/agora.xtec.cat\/ceip-canpuig\/wp-content\/uploads\/usu1039\/2025\/06\/Foto-4-2-300x167.jpg 300w, https:\/\/agora.xtec.cat\/ceip-canpuig\/wp-content\/uploads\/usu1039\/2025\/06\/Foto-4-2-1024x569.jpg 1024w, https:\/\/agora.xtec.cat\/ceip-canpuig\/wp-content\/uploads\/usu1039\/2025\/06\/Foto-4-2-768x426.jpg 768w, https:\/\/agora.xtec.cat\/ceip-canpuig\/wp-content\/uploads\/usu1039\/2025\/06\/Foto-4-2.jpg 1203w\" sizes=\"auto, (max-width: 300px) 100vw, 300px\" \/><\/a><\/p>\n<p><span style=\"font-weight: 400;\">Arran de visualitzar els tours virtuals de les dues escoles, ens van sorgir molts dubtes sobre l&#8217;educaci\u00f3 a Am\u00e8rica i la seva escola. Aix\u00ed doncs, mitjan\u00e7ant un Padlet, els vam preguntar tot all\u00f2 que voliem saber i ells i elles van fer exactament el mateix. Vam crear un mural cooperatiu per tal de recollir totes les difer\u00e8ncies i semblances que hem observat entre Can Puig i l\u2019Unqua school.<\/span><\/p>\n<p><a href=\"https:\/\/padlet.com\/rtarres3\/5thb_what-do-we-want-to-know-about-american-schools-9snttesc699ni2q5\"><img loading=\"lazy\" decoding=\"async\" class=\"alignnone size-medium wp-image-14345\" src=\"https:\/\/agora.xtec.cat\/ceip-canpuig\/wp-content\/uploads\/usu1039\/2025\/06\/Foto-5-2-300x130.jpg\" alt=\"\" width=\"300\" height=\"130\" srcset=\"https:\/\/agora.xtec.cat\/ceip-canpuig\/wp-content\/uploads\/usu1039\/2025\/06\/Foto-5-2-300x130.jpg 300w, https:\/\/agora.xtec.cat\/ceip-canpuig\/wp-content\/uploads\/usu1039\/2025\/06\/Foto-5-2-1024x443.jpg 1024w, https:\/\/agora.xtec.cat\/ceip-canpuig\/wp-content\/uploads\/usu1039\/2025\/06\/Foto-5-2-768x332.jpg 768w, https:\/\/agora.xtec.cat\/ceip-canpuig\/wp-content\/uploads\/usu1039\/2025\/06\/Foto-5-2-1536x664.jpg 1536w, https:\/\/agora.xtec.cat\/ceip-canpuig\/wp-content\/uploads\/usu1039\/2025\/06\/Foto-5-2.jpg 1874w\" sizes=\"auto, (max-width: 300px) 100vw, 300px\" \/><\/a>\u00a0 <a href=\"https:\/\/padlet.com\/rtarres3\/5tha_what-do-we-want-to-know-about-american-schools-ywfw0nqscdompq0w\"><img loading=\"lazy\" decoding=\"async\" class=\"alignnone size-medium wp-image-14346\" src=\"https:\/\/agora.xtec.cat\/ceip-canpuig\/wp-content\/uploads\/usu1039\/2025\/06\/Foto-6-1-300x130.jpg\" alt=\"\" width=\"300\" height=\"130\" srcset=\"https:\/\/agora.xtec.cat\/ceip-canpuig\/wp-content\/uploads\/usu1039\/2025\/06\/Foto-6-1-300x130.jpg 300w, https:\/\/agora.xtec.cat\/ceip-canpuig\/wp-content\/uploads\/usu1039\/2025\/06\/Foto-6-1-1024x442.jpg 1024w, https:\/\/agora.xtec.cat\/ceip-canpuig\/wp-content\/uploads\/usu1039\/2025\/06\/Foto-6-1-768x332.jpg 768w, https:\/\/agora.xtec.cat\/ceip-canpuig\/wp-content\/uploads\/usu1039\/2025\/06\/Foto-6-1-1536x663.jpg 1536w, https:\/\/agora.xtec.cat\/ceip-canpuig\/wp-content\/uploads\/usu1039\/2025\/06\/Foto-6-1.jpg 1881w\" sizes=\"auto, (max-width: 300px) 100vw, 300px\" \/><\/a>\u00a0 <img loading=\"lazy\" decoding=\"async\" class=\"alignnone size-medium wp-image-14347\" src=\"https:\/\/agora.xtec.cat\/ceip-canpuig\/wp-content\/uploads\/usu1039\/2025\/06\/Foto-7-1-300x225.jpg\" alt=\"\" width=\"300\" height=\"225\" srcset=\"https:\/\/agora.xtec.cat\/ceip-canpuig\/wp-content\/uploads\/usu1039\/2025\/06\/Foto-7-1-300x225.jpg 300w, https:\/\/agora.xtec.cat\/ceip-canpuig\/wp-content\/uploads\/usu1039\/2025\/06\/Foto-7-1-1024x768.jpg 1024w, https:\/\/agora.xtec.cat\/ceip-canpuig\/wp-content\/uploads\/usu1039\/2025\/06\/Foto-7-1-768x576.jpg 768w, https:\/\/agora.xtec.cat\/ceip-canpuig\/wp-content\/uploads\/usu1039\/2025\/06\/Foto-7-1-1536x1152.jpg 1536w, https:\/\/agora.xtec.cat\/ceip-canpuig\/wp-content\/uploads\/usu1039\/2025\/06\/Foto-7-1-2048x1536.jpg 2048w, https:\/\/agora.xtec.cat\/ceip-canpuig\/wp-content\/uploads\/usu1039\/2025\/06\/Foto-7-1-200x150.jpg 200w\" sizes=\"auto, (max-width: 300px) 100vw, 300px\" \/><\/p>\n<p>*Cliqueu a les imatges per accedir als diferents enlla\u00e7os.<\/p>\n<p style=\"text-align: right;\">Curs 2024-2025<\/p>\n","protected":false},"excerpt":{"rendered":"<p>Durant aquest segon trimestre l&#8217;alumnat de 5\u00e8 hem pogut viure l&#8217;experi\u00e8ncia de formar part d&#8217;un projecte amb una escola americana, exactament una escola de Nova York anomenada Unqua Elementary School. L&#8217;objectiu principal del projecte era compartir les nostres escoles i con\u00e8ixer el sistema educatiu americ\u00e0&hellip;  <a href=\"https:\/\/agora.xtec.cat\/ceip-canpuig\/propostes-educatives\/cicle-inicial\/are-american-schools-like-catalan-schools\/\" title=\"Read Are american schools like catalan schools?\">Llegeix m\u00e9s\u00bb<\/a><\/p>\n","protected":false},"author":1,"featured_media":0,"parent":13659,"menu_order":5,"comment_status":"closed","ping_status":"closed","template":"page-templates\/side-menu.php","meta":{"_bbp_topic_count":0,"_bbp_reply_count":0,"_bbp_total_topic_count":0,"_bbp_total_reply_count":0,"_bbp_voice_count":0,"_bbp_anonymous_reply_count":0,"_bbp_topic_count_hidden":0,"_bbp_reply_count_hidden":0,"_bbp_forum_subforum_count":0,"footnotes":""},"class_list":["post-14348","page","type-page","status-publish","hentry"],"post_mailing_queue_ids":[],"_links":{"self":[{"href":"https:\/\/agora.xtec.cat\/ceip-canpuig\/wp-json\/wp\/v2\/pages\/14348","targetHints":{"allow":["GET"]}}],"collection":[{"href":"https:\/\/agora.xtec.cat\/ceip-canpuig\/wp-json\/wp\/v2\/pages"}],"about":[{"href":"https:\/\/agora.xtec.cat\/ceip-canpuig\/wp-json\/wp\/v2\/types\/page"}],"author":[{"embeddable":true,"href":"https:\/\/agora.xtec.cat\/ceip-canpuig\/wp-json\/wp\/v2\/users\/1"}],"replies":[{"embeddable":true,"href":"https:\/\/agora.xtec.cat\/ceip-canpuig\/wp-json\/wp\/v2\/comments?post=14348"}],"version-history":[{"count":3,"href":"https:\/\/agora.xtec.cat\/ceip-canpuig\/wp-json\/wp\/v2\/pages\/14348\/revisions"}],"predecessor-version":[{"id":14351,"href":"https:\/\/agora.xtec.cat\/ceip-canpuig\/wp-json\/wp\/v2\/pages\/14348\/revisions\/14351"}],"up":[{"embeddable":true,"href":"https:\/\/agora.xtec.cat\/ceip-canpuig\/wp-json\/wp\/v2\/pages\/13659"}],"wp:attachment":[{"href":"https:\/\/agora.xtec.cat\/ceip-canpuig\/wp-json\/wp\/v2\/media?parent=14348"}],"curies":[{"name":"wp","href":"https:\/\/api.w.org\/{rel}","templated":true}]}}