{"id":14038,"date":"2025-05-08T17:38:13","date_gmt":"2025-05-08T15:38:13","guid":{"rendered":"https:\/\/agora.xtec.cat\/ceip-canpuig\/?page_id=14038"},"modified":"2026-02-18T15:23:36","modified_gmt":"2026-02-18T14:23:36","slug":"una-visita-inesperada","status":"publish","type":"page","link":"https:\/\/agora.xtec.cat\/ceip-canpuig\/propostes-educatives\/cicle-inicial\/una-visita-inesperada\/","title":{"rendered":"Una visita inesperada"},"content":{"rendered":"<p>Els alumnes de primer vam rebre una visita inesperada: un <span style=\"color: #3978b8;\">ratpenat<\/span> va entrar a la classe! Aquest fet va generar tanta emoci\u00f3 i curiositat que es va convertir en el punt de partida del nostre projecte.<\/p>\n<p><img loading=\"lazy\" decoding=\"async\" class=\"alignnone size-medium wp-image-14037\" src=\"https:\/\/agora.xtec.cat\/ceip-canpuig\/wp-content\/uploads\/usu1039\/2025\/05\/Foto-1-1r-300x225.jpg\" alt=\"\" width=\"300\" height=\"225\" srcset=\"https:\/\/agora.xtec.cat\/ceip-canpuig\/wp-content\/uploads\/usu1039\/2025\/05\/Foto-1-1r-300x225.jpg 300w, https:\/\/agora.xtec.cat\/ceip-canpuig\/wp-content\/uploads\/usu1039\/2025\/05\/Foto-1-1r-1024x768.jpg 1024w, https:\/\/agora.xtec.cat\/ceip-canpuig\/wp-content\/uploads\/usu1039\/2025\/05\/Foto-1-1r-768x576.jpg 768w, https:\/\/agora.xtec.cat\/ceip-canpuig\/wp-content\/uploads\/usu1039\/2025\/05\/Foto-1-1r-1536x1152.jpg 1536w, https:\/\/agora.xtec.cat\/ceip-canpuig\/wp-content\/uploads\/usu1039\/2025\/05\/Foto-1-1r-200x150.jpg 200w, https:\/\/agora.xtec.cat\/ceip-canpuig\/wp-content\/uploads\/usu1039\/2025\/05\/Foto-1-1r.jpg 1600w\" sizes=\"auto, (max-width: 300px) 100vw, 300px\" \/><\/p>\n<p>Vam comen\u00e7ar fent una pluja d\u2019idees sobre tot el que sab\u00edem, i de seguida ens van sorgir moltes preguntes i dubtes sobre la vida d\u2019aquests animals tan presents en contes i pel\u00b7l\u00edcules. El primer pas, doncs, va ser documentar-nos per aclarir-los. Vam rec\u00f3rrer als llibres de la biblioteca i al material del laboratori escolar per observar diferents tipus d\u2019animals. I quina sorpresa vam tenir en descobrir que el ratpenat \u00e9s un mam\u00edfer&#8230; i volador!<\/p>\n<p><img loading=\"lazy\" decoding=\"async\" class=\"alignnone size-medium wp-image-14036\" src=\"https:\/\/agora.xtec.cat\/ceip-canpuig\/wp-content\/uploads\/usu1039\/2025\/05\/Foto-2-1r-300x225.jpg\" alt=\"\" width=\"300\" height=\"225\" srcset=\"https:\/\/agora.xtec.cat\/ceip-canpuig\/wp-content\/uploads\/usu1039\/2025\/05\/Foto-2-1r-300x225.jpg 300w, https:\/\/agora.xtec.cat\/ceip-canpuig\/wp-content\/uploads\/usu1039\/2025\/05\/Foto-2-1r-1024x768.jpg 1024w, https:\/\/agora.xtec.cat\/ceip-canpuig\/wp-content\/uploads\/usu1039\/2025\/05\/Foto-2-1r-768x576.jpg 768w, https:\/\/agora.xtec.cat\/ceip-canpuig\/wp-content\/uploads\/usu1039\/2025\/05\/Foto-2-1r-1536x1152.jpg 1536w, https:\/\/agora.xtec.cat\/ceip-canpuig\/wp-content\/uploads\/usu1039\/2025\/05\/Foto-2-1r-200x150.jpg 200w, https:\/\/agora.xtec.cat\/ceip-canpuig\/wp-content\/uploads\/usu1039\/2025\/05\/Foto-2-1r.jpg 1600w\" sizes=\"auto, (max-width: 300px) 100vw, 300px\" \/>\u00a0 <img loading=\"lazy\" decoding=\"async\" class=\"alignnone size-medium wp-image-14433\" src=\"https:\/\/agora.xtec.cat\/ceip-canpuig\/wp-content\/uploads\/usu1039\/2025\/07\/ea3ed5b8-8d18-4fdb-a046-90bbd0de92e7-300x225.jpg\" alt=\"\" width=\"300\" height=\"225\" srcset=\"https:\/\/agora.xtec.cat\/ceip-canpuig\/wp-content\/uploads\/usu1039\/2025\/07\/ea3ed5b8-8d18-4fdb-a046-90bbd0de92e7-300x225.jpg 300w, https:\/\/agora.xtec.cat\/ceip-canpuig\/wp-content\/uploads\/usu1039\/2025\/07\/ea3ed5b8-8d18-4fdb-a046-90bbd0de92e7-1024x768.jpg 1024w, https:\/\/agora.xtec.cat\/ceip-canpuig\/wp-content\/uploads\/usu1039\/2025\/07\/ea3ed5b8-8d18-4fdb-a046-90bbd0de92e7-768x576.jpg 768w, https:\/\/agora.xtec.cat\/ceip-canpuig\/wp-content\/uploads\/usu1039\/2025\/07\/ea3ed5b8-8d18-4fdb-a046-90bbd0de92e7-1536x1152.jpg 1536w, https:\/\/agora.xtec.cat\/ceip-canpuig\/wp-content\/uploads\/usu1039\/2025\/07\/ea3ed5b8-8d18-4fdb-a046-90bbd0de92e7-200x150.jpg 200w, https:\/\/agora.xtec.cat\/ceip-canpuig\/wp-content\/uploads\/usu1039\/2025\/07\/ea3ed5b8-8d18-4fdb-a046-90bbd0de92e7.jpg 1600w\" sizes=\"auto, (max-width: 300px) 100vw, 300px\" \/><\/p>\n<p>Cada grup-taula es va especialitzar en un grup d\u2019animals (mam\u00edfers, r\u00e8ptils, amfibis\u2026) i va dur a terme diferents tasques cooperatives per con\u00e8ixer-los millor. Finalment, cada grup va exposar tot el que havia apr\u00e8s a la resta de companys i companyes de la classe.<\/p>\n<p><img loading=\"lazy\" decoding=\"async\" class=\"alignnone size-medium wp-image-14035\" src=\"https:\/\/agora.xtec.cat\/ceip-canpuig\/wp-content\/uploads\/usu1039\/2025\/05\/Foto-3-1r-300x225.jpg\" alt=\"\" width=\"300\" height=\"225\" srcset=\"https:\/\/agora.xtec.cat\/ceip-canpuig\/wp-content\/uploads\/usu1039\/2025\/05\/Foto-3-1r-300x225.jpg 300w, https:\/\/agora.xtec.cat\/ceip-canpuig\/wp-content\/uploads\/usu1039\/2025\/05\/Foto-3-1r-200x150.jpg 200w, https:\/\/agora.xtec.cat\/ceip-canpuig\/wp-content\/uploads\/usu1039\/2025\/05\/Foto-3-1r.jpg 640w\" sizes=\"auto, (max-width: 300px) 100vw, 300px\" \/>\u00a0 <img loading=\"lazy\" decoding=\"async\" class=\"alignnone size-medium wp-image-14429\" src=\"https:\/\/agora.xtec.cat\/ceip-canpuig\/wp-content\/uploads\/usu1039\/2025\/07\/17ed0e83-d0e8-485a-818b-226b85966781-300x225.jpg\" alt=\"\" width=\"300\" height=\"225\" srcset=\"https:\/\/agora.xtec.cat\/ceip-canpuig\/wp-content\/uploads\/usu1039\/2025\/07\/17ed0e83-d0e8-485a-818b-226b85966781-300x225.jpg 300w, https:\/\/agora.xtec.cat\/ceip-canpuig\/wp-content\/uploads\/usu1039\/2025\/07\/17ed0e83-d0e8-485a-818b-226b85966781-200x150.jpg 200w, https:\/\/agora.xtec.cat\/ceip-canpuig\/wp-content\/uploads\/usu1039\/2025\/07\/17ed0e83-d0e8-485a-818b-226b85966781.jpg 640w\" sizes=\"auto, (max-width: 300px) 100vw, 300px\" \/><\/p>\n<p>Relacionat amb aquest projecte, vam visitar la Fira de Sant Martiri\u00e0 de Banyoles, on vam poder observar de prop una gran varietat d\u2019animals aut\u00f2ctons de Catalunya. Aquesta sortida ens va ajudar a recon\u00e8ixer esp\u00e8cies del nostre entorn i a valorar-ne la seva import\u00e0ncia ecol\u00f2gica.<\/p>\n<p><img loading=\"lazy\" decoding=\"async\" class=\"alignnone size-medium wp-image-14034\" src=\"https:\/\/agora.xtec.cat\/ceip-canpuig\/wp-content\/uploads\/usu1039\/2025\/05\/Foto-4-1r-300x225.jpg\" alt=\"\" width=\"300\" height=\"225\" srcset=\"https:\/\/agora.xtec.cat\/ceip-canpuig\/wp-content\/uploads\/usu1039\/2025\/05\/Foto-4-1r-300x225.jpg 300w, https:\/\/agora.xtec.cat\/ceip-canpuig\/wp-content\/uploads\/usu1039\/2025\/05\/Foto-4-1r-200x150.jpg 200w, https:\/\/agora.xtec.cat\/ceip-canpuig\/wp-content\/uploads\/usu1039\/2025\/05\/Foto-4-1r.jpg 640w\" sizes=\"auto, (max-width: 300px) 100vw, 300px\" \/>\u00a0 <img loading=\"lazy\" decoding=\"async\" class=\"alignnone size-medium wp-image-14432\" src=\"https:\/\/agora.xtec.cat\/ceip-canpuig\/wp-content\/uploads\/usu1039\/2025\/07\/a8b5cced-5bd1-4395-8753-4c50344525f6-300x225.jpg\" alt=\"\" width=\"300\" height=\"225\" srcset=\"https:\/\/agora.xtec.cat\/ceip-canpuig\/wp-content\/uploads\/usu1039\/2025\/07\/a8b5cced-5bd1-4395-8753-4c50344525f6-300x225.jpg 300w, https:\/\/agora.xtec.cat\/ceip-canpuig\/wp-content\/uploads\/usu1039\/2025\/07\/a8b5cced-5bd1-4395-8753-4c50344525f6-200x150.jpg 200w, https:\/\/agora.xtec.cat\/ceip-canpuig\/wp-content\/uploads\/usu1039\/2025\/07\/a8b5cced-5bd1-4395-8753-4c50344525f6.jpg 640w\" sizes=\"auto, (max-width: 300px) 100vw, 300px\" \/><\/p>\n<p>Tots junts vam redactar un correu electr\u00f2nic als Agents Rurals, explicant-los la nostra troballa. Van venir a l\u2019escola per resoldre dubtes i aportar-nos nous coneixements sobre aquesta esp\u00e8cie protegida, que hem d\u2019aprendre a respectar i preservar.<\/p>\n<p><img loading=\"lazy\" decoding=\"async\" class=\"alignnone size-medium wp-image-14033\" src=\"https:\/\/agora.xtec.cat\/ceip-canpuig\/wp-content\/uploads\/usu1039\/2025\/05\/Foto-5-1r-300x225.jpg\" alt=\"\" width=\"300\" height=\"225\" srcset=\"https:\/\/agora.xtec.cat\/ceip-canpuig\/wp-content\/uploads\/usu1039\/2025\/05\/Foto-5-1r-300x225.jpg 300w, https:\/\/agora.xtec.cat\/ceip-canpuig\/wp-content\/uploads\/usu1039\/2025\/05\/Foto-5-1r-200x150.jpg 200w, https:\/\/agora.xtec.cat\/ceip-canpuig\/wp-content\/uploads\/usu1039\/2025\/05\/Foto-5-1r.jpg 640w\" sizes=\"auto, (max-width: 300px) 100vw, 300px\" \/>\u00a0 <img loading=\"lazy\" decoding=\"async\" class=\"alignnone size-medium wp-image-14431\" src=\"https:\/\/agora.xtec.cat\/ceip-canpuig\/wp-content\/uploads\/usu1039\/2025\/07\/8138dfc4-af52-4a2e-b4b9-b5da7ddda682-300x225.jpg\" alt=\"\" width=\"300\" height=\"225\" srcset=\"https:\/\/agora.xtec.cat\/ceip-canpuig\/wp-content\/uploads\/usu1039\/2025\/07\/8138dfc4-af52-4a2e-b4b9-b5da7ddda682-300x225.jpg 300w, https:\/\/agora.xtec.cat\/ceip-canpuig\/wp-content\/uploads\/usu1039\/2025\/07\/8138dfc4-af52-4a2e-b4b9-b5da7ddda682-1024x768.jpg 1024w, https:\/\/agora.xtec.cat\/ceip-canpuig\/wp-content\/uploads\/usu1039\/2025\/07\/8138dfc4-af52-4a2e-b4b9-b5da7ddda682-768x576.jpg 768w, https:\/\/agora.xtec.cat\/ceip-canpuig\/wp-content\/uploads\/usu1039\/2025\/07\/8138dfc4-af52-4a2e-b4b9-b5da7ddda682-1536x1152.jpg 1536w, https:\/\/agora.xtec.cat\/ceip-canpuig\/wp-content\/uploads\/usu1039\/2025\/07\/8138dfc4-af52-4a2e-b4b9-b5da7ddda682-200x150.jpg 200w, https:\/\/agora.xtec.cat\/ceip-canpuig\/wp-content\/uploads\/usu1039\/2025\/07\/8138dfc4-af52-4a2e-b4b9-b5da7ddda682.jpg 1600w\" sizes=\"auto, (max-width: 300px) 100vw, 300px\" \/><\/p>\n<p>Tamb\u00e9 vam rebre la visita del bi\u00f2leg Carles Quer, de Limnos Banyoles, que ens va explicar la import\u00e0ncia dels ratpenats i de les aus, i ens va mostrar diferents tipus de caixes niu que es col\u00b7loquen per afavorir-ne la nidificaci\u00f3.<\/p>\n<p><img loading=\"lazy\" decoding=\"async\" class=\"alignnone size-medium wp-image-14430\" src=\"https:\/\/agora.xtec.cat\/ceip-canpuig\/wp-content\/uploads\/usu1039\/2025\/07\/27d040f7-ffd4-406e-8365-1cfe0de43d8a-300x225.jpg\" alt=\"\" width=\"300\" height=\"225\" srcset=\"https:\/\/agora.xtec.cat\/ceip-canpuig\/wp-content\/uploads\/usu1039\/2025\/07\/27d040f7-ffd4-406e-8365-1cfe0de43d8a-300x225.jpg 300w, https:\/\/agora.xtec.cat\/ceip-canpuig\/wp-content\/uploads\/usu1039\/2025\/07\/27d040f7-ffd4-406e-8365-1cfe0de43d8a-1024x768.jpg 1024w, https:\/\/agora.xtec.cat\/ceip-canpuig\/wp-content\/uploads\/usu1039\/2025\/07\/27d040f7-ffd4-406e-8365-1cfe0de43d8a-768x576.jpg 768w, https:\/\/agora.xtec.cat\/ceip-canpuig\/wp-content\/uploads\/usu1039\/2025\/07\/27d040f7-ffd4-406e-8365-1cfe0de43d8a-1536x1152.jpg 1536w, https:\/\/agora.xtec.cat\/ceip-canpuig\/wp-content\/uploads\/usu1039\/2025\/07\/27d040f7-ffd4-406e-8365-1cfe0de43d8a-200x150.jpg 200w, https:\/\/agora.xtec.cat\/ceip-canpuig\/wp-content\/uploads\/usu1039\/2025\/07\/27d040f7-ffd4-406e-8365-1cfe0de43d8a.jpg 1600w\" sizes=\"auto, (max-width: 300px) 100vw, 300px\" \/>\u00a0 <img loading=\"lazy\" decoding=\"async\" class=\"alignnone size-medium wp-image-14032\" src=\"https:\/\/agora.xtec.cat\/ceip-canpuig\/wp-content\/uploads\/usu1039\/2025\/05\/Foto-6-1r-300x135.jpg\" alt=\"\" width=\"300\" height=\"135\" srcset=\"https:\/\/agora.xtec.cat\/ceip-canpuig\/wp-content\/uploads\/usu1039\/2025\/05\/Foto-6-1r-300x135.jpg 300w, https:\/\/agora.xtec.cat\/ceip-canpuig\/wp-content\/uploads\/usu1039\/2025\/05\/Foto-6-1r-1024x461.jpg 1024w, https:\/\/agora.xtec.cat\/ceip-canpuig\/wp-content\/uploads\/usu1039\/2025\/05\/Foto-6-1r-768x346.jpg 768w, https:\/\/agora.xtec.cat\/ceip-canpuig\/wp-content\/uploads\/usu1039\/2025\/05\/Foto-6-1r-1536x691.jpg 1536w, https:\/\/agora.xtec.cat\/ceip-canpuig\/wp-content\/uploads\/usu1039\/2025\/05\/Foto-6-1r.jpg 1600w\" sizes=\"auto, (max-width: 300px) 100vw, 300px\" \/><\/p>\n<p>Uns dies m\u00e9s tard, els alumnes del curs PFI-PIP de Vivers i Jardins del Brugulat ens van demanar ajuda per construir caixes niu. Vam poder participar activament en tot el proc\u00e9s de construcci\u00f3 i muntatge!<\/p>\n<p><img loading=\"lazy\" decoding=\"async\" class=\"alignnone size-medium wp-image-14428\" src=\"https:\/\/agora.xtec.cat\/ceip-canpuig\/wp-content\/uploads\/usu1039\/2025\/07\/13fc2b4b-31e4-4b9a-9841-1bf14c9f030a-300x225.jpg\" alt=\"\" width=\"300\" height=\"225\" srcset=\"https:\/\/agora.xtec.cat\/ceip-canpuig\/wp-content\/uploads\/usu1039\/2025\/07\/13fc2b4b-31e4-4b9a-9841-1bf14c9f030a-300x225.jpg 300w, https:\/\/agora.xtec.cat\/ceip-canpuig\/wp-content\/uploads\/usu1039\/2025\/07\/13fc2b4b-31e4-4b9a-9841-1bf14c9f030a-200x150.jpg 200w, https:\/\/agora.xtec.cat\/ceip-canpuig\/wp-content\/uploads\/usu1039\/2025\/07\/13fc2b4b-31e4-4b9a-9841-1bf14c9f030a.jpg 640w\" sizes=\"auto, (max-width: 300px) 100vw, 300px\" \/>\u00a0 \u00a0<img loading=\"lazy\" decoding=\"async\" class=\"alignnone size-medium wp-image-14031\" src=\"https:\/\/agora.xtec.cat\/ceip-canpuig\/wp-content\/uploads\/usu1039\/2025\/05\/Foto-7-1r-300x136.jpg\" alt=\"\" width=\"300\" height=\"136\" srcset=\"https:\/\/agora.xtec.cat\/ceip-canpuig\/wp-content\/uploads\/usu1039\/2025\/05\/Foto-7-1r-300x136.jpg 300w, https:\/\/agora.xtec.cat\/ceip-canpuig\/wp-content\/uploads\/usu1039\/2025\/05\/Foto-7-1r-1024x463.jpg 1024w, https:\/\/agora.xtec.cat\/ceip-canpuig\/wp-content\/uploads\/usu1039\/2025\/05\/Foto-7-1r-768x347.jpg 768w, https:\/\/agora.xtec.cat\/ceip-canpuig\/wp-content\/uploads\/usu1039\/2025\/05\/Foto-7-1r-1536x694.jpg 1536w, https:\/\/agora.xtec.cat\/ceip-canpuig\/wp-content\/uploads\/usu1039\/2025\/05\/Foto-7-1r.jpg 1600w\" sizes=\"auto, (max-width: 300px) 100vw, 300px\" \/><\/p>\n<p>Aquest projecte ha estat una experi\u00e8ncia enriquidora que ens ha perm\u00e8s aprendre a partir d\u2019un fet real i sorprenent. Els infants han investigat, han treballat en equip i han compartit els seus descobriments, tot desenvolupant la curiositat i el respecte per la natura. A m\u00e9s, han viscut de prop la import\u00e0ncia de protegir la fauna del nostre entorn i han col\u00b7laborat amb altres estudiants i professionals en una iniciativa real i significativa.<\/p>\n<p style=\"text-align: right;\">Curs 2024-2025<\/p>\n","protected":false},"excerpt":{"rendered":"<p>Els alumnes de primer vam rebre una visita inesperada: un ratpenat va entrar a la classe! Aquest fet va generar tanta emoci\u00f3 i curiositat que es va convertir en el punt de partida del nostre projecte.<\/p>\n<p>Vam comen\u00e7ar fent una pluja d\u2019idees sobre tot el que&hellip;  <a href=\"https:\/\/agora.xtec.cat\/ceip-canpuig\/propostes-educatives\/cicle-inicial\/una-visita-inesperada\/\" title=\"Read Una visita inesperada\">Llegeix m\u00e9s\u00bb<\/a><\/p>\n","protected":false},"author":1,"featured_media":0,"parent":13659,"menu_order":1,"comment_status":"closed","ping_status":"closed","template":"page-templates\/side-menu.php","meta":{"_bbp_topic_count":0,"_bbp_reply_count":0,"_bbp_total_topic_count":0,"_bbp_total_reply_count":0,"_bbp_voice_count":0,"_bbp_anonymous_reply_count":0,"_bbp_topic_count_hidden":0,"_bbp_reply_count_hidden":0,"_bbp_forum_subforum_count":0,"footnotes":""},"class_list":["post-14038","page","type-page","status-publish","hentry"],"post_mailing_queue_ids":[],"_links":{"self":[{"href":"https:\/\/agora.xtec.cat\/ceip-canpuig\/wp-json\/wp\/v2\/pages\/14038","targetHints":{"allow":["GET"]}}],"collection":[{"href":"https:\/\/agora.xtec.cat\/ceip-canpuig\/wp-json\/wp\/v2\/pages"}],"about":[{"href":"https:\/\/agora.xtec.cat\/ceip-canpuig\/wp-json\/wp\/v2\/types\/page"}],"author":[{"embeddable":true,"href":"https:\/\/agora.xtec.cat\/ceip-canpuig\/wp-json\/wp\/v2\/users\/1"}],"replies":[{"embeddable":true,"href":"https:\/\/agora.xtec.cat\/ceip-canpuig\/wp-json\/wp\/v2\/comments?post=14038"}],"version-history":[{"count":2,"href":"https:\/\/agora.xtec.cat\/ceip-canpuig\/wp-json\/wp\/v2\/pages\/14038\/revisions"}],"predecessor-version":[{"id":14434,"href":"https:\/\/agora.xtec.cat\/ceip-canpuig\/wp-json\/wp\/v2\/pages\/14038\/revisions\/14434"}],"up":[{"embeddable":true,"href":"https:\/\/agora.xtec.cat\/ceip-canpuig\/wp-json\/wp\/v2\/pages\/13659"}],"wp:attachment":[{"href":"https:\/\/agora.xtec.cat\/ceip-canpuig\/wp-json\/wp\/v2\/media?parent=14038"}],"curies":[{"name":"wp","href":"https:\/\/api.w.org\/{rel}","templated":true}]}}