{"id":11807,"date":"2021-04-12T17:39:58","date_gmt":"2021-04-12T15:39:58","guid":{"rendered":"http:\/\/agora.xtec.cat\/ceip-canpuig\/?page_id=11807"},"modified":"2026-02-24T17:16:12","modified_gmt":"2026-02-24T16:16:12","slug":"innovamat","status":"publish","type":"page","link":"https:\/\/agora.xtec.cat\/ceip-canpuig\/innovacio\/innovamat\/","title":{"rendered":"Innovamat"},"content":{"rendered":"<p>El curs 2020-2021 vam incorporar el projecte <strong><span style=\"color: #3978b8;\">Innovamat<\/span><\/strong> a les sessions de matem\u00e0tiques per als alumnes de Prim\u00e0ria. El curs 2025-2026 hem incorporat el projecte amb l&#8217;alumnat d&#8217;I5.<\/p>\n<p>Aquest projecte t\u00e9 com a objectiu fomentar un aprenentatge competencial i amb sentit did\u00e0ctic dels conceptes matem\u00e0tics a partir de propostes din\u00e0miques basades en la <span style=\"color: #3978b8;\">construcci\u00f3 del coneixement\u00a0<\/span> (partint del <span style=\"color: #3978b8;\">di\u00e0leg matem\u00e0tic i manipulatiu<\/span>) i la <span style=\"color: #3978b8;\">pr\u00e0ctica sistem\u00e0tica<\/span>.<\/p>\n<p>Els referents did\u00e0ctics s\u00f3n la Cec\u00edlia Calvo, doctora en Did\u00e0ctica de les Matem\u00e0tiques i de les Ci\u00e8ncies Experimentals, en David Barba, professor em\u00e8rit del Departament de les Matem\u00e0tiques i de les Ci\u00e8ncies Experimentals de la UAB i la Laura Morera, doctora en Did\u00e0ctica de les Matem\u00e0tiques i de les Ci\u00e8ncies Experimentals.<\/p>\n<p><span style=\"color: #3978b8;\">Innovamat<\/span> ofereix formaci\u00f3 als mestres, materials i recursos per les aules i activitats, recursos digitals i v\u00eddeo tutorials\u00a0 per a les fam\u00edlies.<\/p>\n<p><strong><span style=\"color: #3978b8;\">Com organitzem les sessions de matem\u00e0tiques?<\/span><\/strong><\/p>\n<ul>\n<li><span style=\"color: #3978b8;\">Sessions dedicades a la construcci\u00f3 de coneixement.<\/span><\/li>\n<\/ul>\n<p>En aquestes pretenem fomentar la reflexi\u00f3 i la creativitat, ja que es prioritzen situacions que despertin la curiositat i les ganes d\u2019aprendre. A m\u00e9s a m\u00e9s, procurem allunyar-nos de la mecanitzaci\u00f3 d\u2019algoritmes \u00fanics, fomentant l\u2019\u00fas d\u2019estrat\u00e8gies diverses. Aquestes estrat\u00e8gies les aprofundim mitjan\u00e7ant el di\u00e0leg i la manipulaci\u00f3, alhora que fomentem la descoberta i l\u2019intercanvi d\u2019experi\u00e8ncies.<\/p>\n<p>Al final d\u2019aquestes sessions deixem const\u00e0ncia per escrit i de forma individual les estrat\u00e8gies descobertes mitjan\u00e7ant activitats que incentiven el seu \u00fas.<\/p>\n<p>Amb el <span style=\"color: #3978b8;\">Laboratori dels Nombres<\/span> treballem els continguts de Numeraci\u00f3 i C\u00e0lcul. I amb les <span style=\"color: #3978b8;\">Aventures<\/span> treballem la resta de blocs de continguts (relaci\u00f3 i canvi, espai i forma, mesura, i estad\u00edstica i atzar), sense oblidar tampoc la Numeraci\u00f3 i el C\u00e0lcul.<\/p>\n<ul>\n<li><span style=\"color: #3978b8;\">Sessions dedicades a la pr\u00e0ctica sistem\u00e0tica.<\/span><\/li>\n<\/ul>\n<p>En aquestes sessions, practiquem de manera aut\u00f2noma els procediments adquirits, i aix\u00ed els anem interioritzant.\u00a0 Aquest proc\u00e9s el fem amb l\u2019ajuda d\u2019una plataforma interactiva i gamificada, que permet adaptar les activitats al nivell de cada infant.<\/p>\n<p>Tots els continguts es presenten de manera c\u00edclica, tant al llarg de tot el curs com dins del mateix trimestre, amb un increment progressiu de la dificultat d\u2019aquests.<\/p>\n<p>Per tal de poder entendre millor el projecte Innovamat, i aix\u00ed poder ajudar els vostres fills i filles amb les estrat\u00e8gies que utilitzem a l\u2019aula, us compartim els seg\u00fcents v\u00eddeos on repassem les principals estrat\u00e8gies de numeraci\u00f3 i c\u00e0lcul que desenvolupem al llarg de tota l\u2019etapa de Prim\u00e0ria. A m\u00e9s a m\u00e9s tamb\u00e9 hi trobareu un banc d\u2019activitats i reptes per fer en fam\u00edlia.<\/p>\n<p>&nbsp;<\/p>\n<p><span style=\"color: #3978b8;\"><strong>VIDEOTUTORIALS PRIM\u00c0RIA<\/strong><\/span><\/p>\n<p><span style=\"color: #3978b8;\"><strong>1r i 2n:<\/strong><\/span><\/p>\n<p><a href=\"https:\/\/www.youtube.com\/watch?v=ycBawp8Fo5s\"><img loading=\"lazy\" decoding=\"async\" class=\"alignleft size-full wp-image-11813\" src=\"https:\/\/agora.xtec.cat\/ceip-canpuig\/wp-content\/uploads\/usu1039\/2021\/04\/1-Sumem-saltant.jpg\" alt=\"\" width=\"290\" height=\"259\" \/><\/a><a href=\"https:\/\/www.youtube.com\/watch?v=DZcjw_kVxDU\"><img loading=\"lazy\" decoding=\"async\" class=\"alignleft size-full wp-image-11814\" src=\"https:\/\/agora.xtec.cat\/ceip-canpuig\/wp-content\/uploads\/usu1039\/2021\/04\/2-Restem-saltant.jpg\" alt=\"\" width=\"285\" height=\"257\" \/><\/a><a href=\"https:\/\/www.youtube.com\/watch?v=VlyZa--cIQo\"><img loading=\"lazy\" decoding=\"async\" class=\"alignleft size-full wp-image-11815\" src=\"https:\/\/agora.xtec.cat\/ceip-canpuig\/wp-content\/uploads\/usu1039\/2021\/04\/3-Sumem-descomponent.jpg\" alt=\"\" width=\"286\" height=\"251\" \/><\/a><\/p>\n<p>&nbsp;<\/p>\n<p>&nbsp;<\/p>\n<p>&nbsp;<\/p>\n<p>&nbsp;<\/p>\n<p>&nbsp;<\/p>\n<p>&nbsp;<\/p>\n<p>&nbsp;<\/p>\n<p><a href=\"https:\/\/www.youtube.com\/watch?v=iRdarU-y70Q\"><img loading=\"lazy\" decoding=\"async\" class=\"alignleft size-full wp-image-11816\" src=\"https:\/\/agora.xtec.cat\/ceip-canpuig\/wp-content\/uploads\/usu1039\/2021\/04\/4-Restem-descomponent.jpg\" alt=\"\" width=\"310\" height=\"264\" srcset=\"https:\/\/agora.xtec.cat\/ceip-canpuig\/wp-content\/uploads\/usu1039\/2021\/04\/4-Restem-descomponent.jpg 310w, https:\/\/agora.xtec.cat\/ceip-canpuig\/wp-content\/uploads\/usu1039\/2021\/04\/4-Restem-descomponent-300x255.jpg 300w\" sizes=\"auto, (max-width: 310px) 100vw, 310px\" \/><\/a><a href=\"https:\/\/www.youtube.com\/watch?v=Fhc6t0am-Ys\"><img loading=\"lazy\" decoding=\"async\" class=\"alignleft size-full wp-image-11817\" src=\"https:\/\/agora.xtec.cat\/ceip-canpuig\/wp-content\/uploads\/usu1039\/2021\/04\/5-Derivem-fets.jpg\" alt=\"\" width=\"285\" height=\"259\" \/><\/a><a href=\"https:\/\/www.youtube.com\/watch?v=t3y4MzaOAB0\"><img loading=\"lazy\" decoding=\"async\" class=\"alignleft size-full wp-image-11818\" src=\"https:\/\/agora.xtec.cat\/ceip-canpuig\/wp-content\/uploads\/usu1039\/2021\/04\/6-Estimem.jpg\" alt=\"\" width=\"294\" height=\"267\" \/><\/a><\/p>\n<p>&nbsp;<\/p>\n<p>&nbsp;<\/p>\n<p>&nbsp;<\/p>\n<p>&nbsp;<\/p>\n<p>&nbsp;<\/p>\n<p>&nbsp;<\/p>\n<p>&nbsp;<\/p>\n<p><span style=\"color: #3978b8;\"><strong>3r i 4t:<\/strong><\/span><\/p>\n<p><a href=\"https:\/\/www.youtube.com\/watch?v=3G_DZdzVvtI\"><img loading=\"lazy\" decoding=\"async\" class=\"alignleft size-full wp-image-11819\" src=\"https:\/\/agora.xtec.cat\/ceip-canpuig\/wp-content\/uploads\/usu1039\/2021\/04\/7-Sumem-i-restem-saltant.jpg\" alt=\"\" width=\"279\" height=\"254\" \/><\/a><a href=\"https:\/\/www.youtube.com\/watch?v=OcIuM2gut2s\"><img loading=\"lazy\" decoding=\"async\" class=\"alignleft size-full wp-image-11820\" src=\"https:\/\/agora.xtec.cat\/ceip-canpuig\/wp-content\/uploads\/usu1039\/2021\/04\/8-Sumem-descomponent.jpg\" alt=\"\" width=\"285\" height=\"256\" \/><\/a><a href=\"https:\/\/www.youtube.com\/watch?v=XHcZ1V9paYc\"><img loading=\"lazy\" decoding=\"async\" class=\"alignleft size-full wp-image-11821\" src=\"https:\/\/agora.xtec.cat\/ceip-canpuig\/wp-content\/uploads\/usu1039\/2021\/04\/9-Restem-descomponent.jpg\" alt=\"\" width=\"283\" height=\"259\" \/><\/a><\/p>\n<p>&nbsp;<\/p>\n<p>&nbsp;<\/p>\n<p>&nbsp;<\/p>\n<p>&nbsp;<\/p>\n<p>&nbsp;<\/p>\n<p>&nbsp;<\/p>\n<p>&nbsp;<\/p>\n<p><a href=\"https:\/\/www.youtube.com\/watch?v=fkN2m8MAAg4\"><img loading=\"lazy\" decoding=\"async\" class=\"alignleft size-full wp-image-11822\" src=\"https:\/\/agora.xtec.cat\/ceip-canpuig\/wp-content\/uploads\/usu1039\/2021\/04\/10-Constru\u00efm-i-practiquem-les-taules-de-multiplicar.jpg\" alt=\"\" width=\"284\" height=\"267\" \/><\/a><a href=\"https:\/\/www.youtube.com\/watch?v=uNEHHKRFOQ0\"><img loading=\"lazy\" decoding=\"async\" class=\"alignleft size-full wp-image-11823\" src=\"https:\/\/agora.xtec.cat\/ceip-canpuig\/wp-content\/uploads\/usu1039\/2021\/04\/11-Multipliquem-amb-el-model-rectangular.jpg\" alt=\"\" width=\"285\" height=\"279\" \/><\/a><a href=\"https:\/\/www.youtube.com\/watch?v=XR7jinkgcy4\"><img loading=\"lazy\" decoding=\"async\" class=\"alignleft size-full wp-image-11824\" src=\"https:\/\/agora.xtec.cat\/ceip-canpuig\/wp-content\/uploads\/usu1039\/2021\/04\/12-Dividim.jpg\" alt=\"\" width=\"290\" height=\"263\" \/><\/a><\/p>\n<p>&nbsp;<\/p>\n<p>&nbsp;<\/p>\n<p>&nbsp;<\/p>\n<p>&nbsp;<\/p>\n<p>&nbsp;<\/p>\n<p>&nbsp;<\/p>\n<p>&nbsp;<\/p>\n<p><a href=\"https:\/\/www.youtube.com\/watch?v=glwKqcwOnfg\"><img loading=\"lazy\" decoding=\"async\" class=\"alignleft size-full wp-image-11825\" src=\"https:\/\/agora.xtec.cat\/ceip-canpuig\/wp-content\/uploads\/usu1039\/2021\/04\/13-Derivem-fets.jpg\" alt=\"\" width=\"289\" height=\"259\" \/><\/a><a href=\"https:\/\/www.youtube.com\/watch?v=UUXb5kKcsPQ\"><img loading=\"lazy\" decoding=\"async\" class=\"alignleft size-full wp-image-11826\" src=\"https:\/\/agora.xtec.cat\/ceip-canpuig\/wp-content\/uploads\/usu1039\/2021\/04\/14-Estimem.jpg\" alt=\"\" width=\"283\" height=\"258\" \/><\/a><\/p>\n<p>&nbsp;<\/p>\n<p>&nbsp;<\/p>\n<p>&nbsp;<\/p>\n<p>&nbsp;<\/p>\n<p>&nbsp;<\/p>\n<p>&nbsp;<\/p>\n<p>&nbsp;<\/p>\n<p><span style=\"color: #3978b8;\"><strong>5\u00e8 i 6\u00e8:<\/strong><\/span><\/p>\n<p><a href=\"https:\/\/www.youtube.com\/watch?v=_SGtPeAgmJk\"><img loading=\"lazy\" decoding=\"async\" class=\"alignleft size-full wp-image-11827\" src=\"https:\/\/agora.xtec.cat\/ceip-canpuig\/wp-content\/uploads\/usu1039\/2021\/04\/15-Sumem-i-restem-saltant.jpg\" alt=\"\" width=\"278\" height=\"257\" \/><\/a><a href=\"https:\/\/www.youtube.com\/watch?v=Bq4xf39zy9k\"><img loading=\"lazy\" decoding=\"async\" class=\"alignleft size-full wp-image-11828\" src=\"https:\/\/agora.xtec.cat\/ceip-canpuig\/wp-content\/uploads\/usu1039\/2021\/04\/16-Sumem-i-restem-descomponent.jpg\" alt=\"\" width=\"285\" height=\"267\" \/><\/a><a href=\"https:\/\/www.youtube.com\/watch?v=QBt2c75lVWc\"><img loading=\"lazy\" decoding=\"async\" class=\"alignleft size-full wp-image-11829\" src=\"https:\/\/agora.xtec.cat\/ceip-canpuig\/wp-content\/uploads\/usu1039\/2021\/04\/17-Fem-percentatges.jpg\" alt=\"\" width=\"280\" height=\"254\" \/><\/a><\/p>\n<p>&nbsp;<\/p>\n<p>&nbsp;<\/p>\n<p>&nbsp;<\/p>\n<p>&nbsp;<\/p>\n<p>&nbsp;<\/p>\n<p>&nbsp;<\/p>\n<p>&nbsp;<\/p>\n<p><a href=\"https:\/\/www.youtube.com\/watch?v=BfcWhHFhMv0\"><img loading=\"lazy\" decoding=\"async\" class=\"alignleft size-full wp-image-11830\" src=\"https:\/\/agora.xtec.cat\/ceip-canpuig\/wp-content\/uploads\/usu1039\/2021\/04\/18-Derivem-fets.jpg\" alt=\"\" width=\"295\" height=\"256\" \/><\/a><a href=\"https:\/\/www.youtube.com\/watch?v=UIk_cYyif7g\"><img loading=\"lazy\" decoding=\"async\" class=\"alignleft size-full wp-image-11831\" src=\"https:\/\/agora.xtec.cat\/ceip-canpuig\/wp-content\/uploads\/usu1039\/2021\/04\/19-Estimem.jpg\" alt=\"\" width=\"284\" height=\"259\" \/><\/a><\/p>\n","protected":false},"excerpt":{"rendered":"<p>El curs 2020-2021 vam incorporar el projecte Innovamat a les sessions de matem\u00e0tiques per als alumnes de Prim\u00e0ria. El curs 2025-2026 hem incorporat el projecte amb l&#8217;alumnat d&#8217;I5.<br \/>\nAquest projecte t\u00e9 com a objectiu fomentar un aprenentatge competencial i amb sentit did\u00e0ctic dels conceptes matem\u00e0tics a&hellip;  <a href=\"https:\/\/agora.xtec.cat\/ceip-canpuig\/innovacio\/innovamat\/\" title=\"Read Innovamat\">Llegeix m\u00e9s\u00bb<\/a><\/p>\n","protected":false},"author":1,"featured_media":0,"parent":11902,"menu_order":2,"comment_status":"closed","ping_status":"closed","template":"page-templates\/side-menu.php","meta":{"_bbp_topic_count":0,"_bbp_reply_count":0,"_bbp_total_topic_count":0,"_bbp_total_reply_count":0,"_bbp_voice_count":0,"_bbp_anonymous_reply_count":0,"_bbp_topic_count_hidden":0,"_bbp_reply_count_hidden":0,"_bbp_forum_subforum_count":0,"footnotes":""},"class_list":["post-11807","page","type-page","status-publish","hentry"],"post_mailing_queue_ids":[],"_links":{"self":[{"href":"https:\/\/agora.xtec.cat\/ceip-canpuig\/wp-json\/wp\/v2\/pages\/11807","targetHints":{"allow":["GET"]}}],"collection":[{"href":"https:\/\/agora.xtec.cat\/ceip-canpuig\/wp-json\/wp\/v2\/pages"}],"about":[{"href":"https:\/\/agora.xtec.cat\/ceip-canpuig\/wp-json\/wp\/v2\/types\/page"}],"author":[{"embeddable":true,"href":"https:\/\/agora.xtec.cat\/ceip-canpuig\/wp-json\/wp\/v2\/users\/1"}],"replies":[{"embeddable":true,"href":"https:\/\/agora.xtec.cat\/ceip-canpuig\/wp-json\/wp\/v2\/comments?post=11807"}],"version-history":[{"count":5,"href":"https:\/\/agora.xtec.cat\/ceip-canpuig\/wp-json\/wp\/v2\/pages\/11807\/revisions"}],"predecessor-version":[{"id":14702,"href":"https:\/\/agora.xtec.cat\/ceip-canpuig\/wp-json\/wp\/v2\/pages\/11807\/revisions\/14702"}],"up":[{"embeddable":true,"href":"https:\/\/agora.xtec.cat\/ceip-canpuig\/wp-json\/wp\/v2\/pages\/11902"}],"wp:attachment":[{"href":"https:\/\/agora.xtec.cat\/ceip-canpuig\/wp-json\/wp\/v2\/media?parent=11807"}],"curies":[{"name":"wp","href":"https:\/\/api.w.org\/{rel}","templated":true}]}}