{"id":1010,"date":"2020-11-17T00:45:35","date_gmt":"2020-11-16T23:45:35","guid":{"rendered":"https:\/\/agora.xtec.cat\/ceip-bernatdesclot\/?page_id=1010"},"modified":"2026-08-27T18:56:41","modified_gmt":"2026-08-27T16:56:41","slug":"proteccio-de-dades","status":"publish","type":"page","link":"https:\/\/agora.xtec.cat\/ceip-bernatdesclot\/lescola\/proteccio-de-dades\/","title":{"rendered":"Protecci\u00f3 de dades"},"content":{"rendered":"<p style=\"text-align: center;\"><a href=\"https:\/\/agora.xtec.cat\/ceip-bernatdesclot\/wp-content\/uploads\/usu1950\/2021\/05\/BLOG-LOPD.jpg\"><img loading=\"lazy\" decoding=\"async\" class=\"alignnone  wp-image-1707\" src=\"https:\/\/agora.xtec.cat\/ceip-bernatdesclot\/wp-content\/uploads\/usu1950\/2021\/05\/BLOG-LOPD.jpg\" alt=\"\" width=\"335\" height=\"194\" srcset=\"https:\/\/agora.xtec.cat\/ceip-bernatdesclot\/wp-content\/uploads\/usu1950\/2021\/05\/BLOG-LOPD.jpg 700w, https:\/\/agora.xtec.cat\/ceip-bernatdesclot\/wp-content\/uploads\/usu1950\/2021\/05\/BLOG-LOPD-300x174.jpg 300w\" sizes=\"auto, (max-width: 335px) 100vw, 335px\" \/><\/a><\/p>\n<h1>Protecci\u00f3 de dades i privacitat<\/h1>\n<p class=\"isSelectedEnd\"><strong>Totes les dades personals seran tractades pel centre d\u2019acord amb la normativa vigent en mat\u00e8ria de protecci\u00f3 de dades i amb les finalitats pr\u00f2pies de la gesti\u00f3 educativa, administrativa i organitzativa del centre.<\/strong><\/p>\n<h2>MARC LEGISLATIU<\/h2>\n<p class=\"isSelectedEnd\">El model de gesti\u00f3 de la privacitat i la protecci\u00f3 de dades de l\u2019escola es fonamenta principalment en:<\/p>\n<ul data-spread=\"false\">\n<li><strong>Reglament (UE) 2016\/679, de 27 d\u2019abril de 2016 (RGPD)<\/strong>, relatiu a la protecci\u00f3 de les persones f\u00edsiques pel que fa al tractament de dades personals.<\/li>\n<li><strong>Llei org\u00e0nica 3\/2018, de 5 de desembre (LOPDGDD)<\/strong>, de protecci\u00f3 de dades personals i garantia dels drets digitals.<\/li>\n<\/ul>\n<p>Les dades personals que el centre reculli seran tractades de manera l\u00edcita, segura i confidencial, d\u2019acord amb els principis establerts per la normativa vigent.<\/p>\n","protected":false},"excerpt":{"rendered":"<p><a href=\"https:\/\/agora.xtec.cat\/ceip-bernatdesclot\/wp-content\/uploads\/usu1950\/2021\/05\/BLOG-LOPD.jpg\"><\/a><br \/>\nProtecci\u00f3 de dades i privacitat<br \/>\nTotes les dades personals seran tractades pel centre d\u2019acord amb la normativa vigent en mat\u00e8ria de protecci\u00f3 de dades i amb les finalitats pr\u00f2pies de la gesti\u00f3 educativa, administrativa i organitzativa del centre.<br \/>\nMARC LEGISLATIU<br \/>\nEl model de gesti\u00f3 de la privacitat&hellip;  <a href=\"https:\/\/agora.xtec.cat\/ceip-bernatdesclot\/lescola\/proteccio-de-dades\/\" title=\"Read Protecci\u00f3 de dades\">Llegeix m\u00e9s\u00bb<\/a><\/p>\n","protected":false},"author":3,"featured_media":0,"parent":22,"menu_order":0,"comment_status":"closed","ping_status":"closed","template":"page-templates\/side-menu.php","meta":{"_bbp_topic_count":0,"_bbp_reply_count":0,"_bbp_total_topic_count":0,"_bbp_total_reply_count":0,"_bbp_voice_count":0,"_bbp_anonymous_reply_count":0,"_bbp_topic_count_hidden":0,"_bbp_reply_count_hidden":0,"_bbp_forum_subforum_count":0,"footnotes":""},"class_list":["post-1010","page","type-page","status-publish","hentry"],"post_mailing_queue_ids":[],"_links":{"self":[{"href":"https:\/\/agora.xtec.cat\/ceip-bernatdesclot\/wp-json\/wp\/v2\/pages\/1010","targetHints":{"allow":["GET"]}}],"collection":[{"href":"https:\/\/agora.xtec.cat\/ceip-bernatdesclot\/wp-json\/wp\/v2\/pages"}],"about":[{"href":"https:\/\/agora.xtec.cat\/ceip-bernatdesclot\/wp-json\/wp\/v2\/types\/page"}],"author":[{"embeddable":true,"href":"https:\/\/agora.xtec.cat\/ceip-bernatdesclot\/wp-json\/wp\/v2\/users\/3"}],"replies":[{"embeddable":true,"href":"https:\/\/agora.xtec.cat\/ceip-bernatdesclot\/wp-json\/wp\/v2\/comments?post=1010"}],"version-history":[{"count":4,"href":"https:\/\/agora.xtec.cat\/ceip-bernatdesclot\/wp-json\/wp\/v2\/pages\/1010\/revisions"}],"predecessor-version":[{"id":5625,"href":"https:\/\/agora.xtec.cat\/ceip-bernatdesclot\/wp-json\/wp\/v2\/pages\/1010\/revisions\/5625"}],"up":[{"embeddable":true,"href":"https:\/\/agora.xtec.cat\/ceip-bernatdesclot\/wp-json\/wp\/v2\/pages\/22"}],"wp:attachment":[{"href":"https:\/\/agora.xtec.cat\/ceip-bernatdesclot\/wp-json\/wp\/v2\/media?parent=1010"}],"curies":[{"name":"wp","href":"https:\/\/api.w.org\/{rel}","templated":true}]}}