{"id":73,"date":"2014-09-18T14:01:51","date_gmt":"2014-09-18T13:01:51","guid":{"rendered":"http:\/\/agora.xtec.cat\/ceip-barrufet-santboi\/?page_id=73"},"modified":"2026-09-04T12:21:35","modified_gmt":"2026-09-04T10:21:35","slug":"menjador-escolar","status":"publish","type":"page","link":"https:\/\/agora.xtec.cat\/ceip-barrufet-santboi\/serveis\/menjador-escolar\/","title":{"rendered":"Menjador escolar"},"content":{"rendered":"\n<figure class=\"wp-block-image alignleft size-full is-resized\"><a href=\"https:\/\/agora.xtec.cat\/ceip-barrufet-santboi\/wp-content\/uploads\/usu1517\/2014\/09\/labonaculleralogo.png\"><img loading=\"lazy\" decoding=\"async\" width=\"350\" height=\"89\" src=\"https:\/\/agora.xtec.cat\/ceip-barrufet-santboi\/wp-content\/uploads\/usu1517\/2014\/09\/labonaculleralogo.png\" alt=\"\" class=\"wp-image-2619\" style=\"width:402px;height:auto\" srcset=\"https:\/\/agora.xtec.cat\/ceip-barrufet-santboi\/wp-content\/uploads\/usu1517\/2014\/09\/labonaculleralogo.png 350w, https:\/\/agora.xtec.cat\/ceip-barrufet-santboi\/wp-content\/uploads\/usu1517\/2014\/09\/labonaculleralogo-300x76.png 300w\" sizes=\"auto, (max-width: 350px) 100vw, 350px\" \/><\/a><\/figure>\n\n\n\n<div class=\"wp-block-getwid-button-group\"><div class=\"wp-block-getwid-button-group__wrapper has-alignment-right has-direction-column\">\n<div class=\"wp-block-button\"><a class=\"wp-block-button__link wp-element-button\" href=\"#pagament\">Pagament del servei<\/a><\/div>\n\n\n\n<div class=\"wp-block-button is-style-fill\"><a class=\"wp-block-button__link wp-element-button\" href=\"#formulari\">\ud83d\uddc2\ufe0f Formulari inscripci\u00f3<\/a><\/div>\n\n\n\n<div class=\"wp-block-button is-style-fill\"><a class=\"wp-block-button__link has-text-align-right wp-element-button\" href=\"#normativa\">\ud83d\uddc2\ufe0f Normativa<\/a><\/div>\n<\/div><\/div>\n\n\n\n<div style=\"height:30px\" aria-hidden=\"true\" class=\"wp-block-spacer\"><\/div>\n\n\n\n<div class=\"wp-block-columns is-not-stacked-on-mobile is-layout-flex wp-container-core-columns-is-layout-1 wp-block-columns-is-layout-flex\">\n<div class=\"wp-block-column is-layout-flow wp-block-column-is-layout-flow\" style=\"flex-basis:65%\">\n<h2 class=\"wp-block-heading has-text-align-left\"><span style=\"color: #ff00ff;\"><strong>TRUCA DIRECTAMENT<\/strong><\/span> <span style=\"color: #ff00ff;\"><strong>AL <\/strong><\/span><span style=\"color: #ff00ff;\"><strong>SERVEI DE MENJADOR<\/strong><\/span> <span style=\"text-decoration: underline;\"><span style=\"color: #ff00ff; text-decoration: underline;\"><strong>671872891 de 08:45 a 15:00<\/strong><\/span><\/span><\/h2>\n<\/div>\n\n\n\n<div class=\"wp-block-column is-layout-flow wp-block-column-is-layout-flow\" style=\"flex-basis:35%\">\n<figure class=\"wp-block-image aligncenter size-full is-resized\"><a href=\"https:\/\/drive.google.com\/drive\/folders\/1cqpADK-2NE5e03vT034cQFevok3uqT-T?usp=sharing\" target=\"_blank\" rel=\" noreferrer noopener\"><img loading=\"lazy\" decoding=\"async\" width=\"475\" height=\"215\" src=\"https:\/\/agora.xtec.cat\/ceip-barrufet-santboi\/wp-content\/uploads\/usu1517\/2019\/02\/banner_menu_menjadordirecte.gif\" alt=\"\" class=\"wp-image-4128\" style=\"width:985px;height:auto\"\/><\/a><\/figure>\n<\/div>\n<\/div>\n\n\n\n<hr class=\"wp-block-separator has-text-color has-vivid-cyan-blue-color has-alpha-channel-opacity has-vivid-cyan-blue-background-color has-background is-style-wide\"\/>\n\n\n\n<div class=\"wp-block-group has-background is-layout-constrained wp-block-group-is-layout-constrained\" style=\"border-radius:15px;background-color:#f4e7f4\">\n<p>Estimats pares i mares,<\/p>\n\n\n\n<p>La Bona Cullera vol donar-vos la benvinguda al nou curs escolar 2026\/2027 i us convidem a gaudir amb els nostres monitors\/es per un projecte saludable i de qualitat treballant l&#8217;alimentaci\u00f3, la higiene i l&#8217;entreteniment, el servei de menjador de l&#8217;escola Barrufet disposa de cuina pr\u00f2pia i ens permet preparar els \u00e0pats dels infants al moment i et\u00e0 disponible per a tots els nens i nenes de l&#8217;escola que ho desitgin.<\/p>\n\n\n\n<p class=\"has-text-align-right\">Salutacions<br>La Bona Cullera &#8211; <a href=\"mailto:labonacullera@gmail.com\">labonacullera@gmail.com<\/a><\/p>\n<\/div>\n\n\n\n<div style=\"height:50px\" aria-hidden=\"true\" class=\"wp-block-spacer\"><\/div>\n\n\n\n<div class=\"wp-block-group has-border-color is-layout-constrained wp-block-group-is-layout-constrained\" style=\"border-color:#8ed1fc;border-radius:15px\">\n<h2 class=\"wp-block-heading\" id=\"pagament\">PAGAMENT DEL SERVEI<\/h2>\n\n\n\n<p class=\"has-vivid-red-color has-text-color has-link-color wp-elements-6ff94408e67d5c83235f791886fd5b70\"><strong>ALUMNES FIXOS (7,83\u20ac)<\/strong><\/p>\n\n\n\n<ul class=\"wp-block-list\">\n<li>Els alumnes fixos que s\u00f3n aquells que utilitzen aquest servei tres o m\u00e9s dies a la setmana durant tot el curs i t\u00e9 un preu de <strong>7,83\u202f\u20ac<\/strong>. <strong>El servei de menjador es cobrar\u00e0 en rebuts mensuals de l\u20191 al 10 de cada mes pel banc a trav\u00e9s de domiciliaci\u00f3 banc\u00e0ria, \u00e9s per aix\u00f2 que els alumnes fixos hauran d\u2019emplenar la fitxa amb les seves dades banc\u00e0ries amb el n\u00famero de compte, els mesos que es cobraran va des del mes de setembre fins al mes de juny (setembre es cobrar\u00e0 del 8 al 20 d\u2019aquest mateix mes). L\u2019\u00fanica opci\u00f3 de pagament pels alumnes fixos \u00e9s a trav\u00e9s de domiciliaci\u00f3 banc\u00e0ria.<\/strong><\/li>\n\n\n\n<li><strong>LES ABS\u00c8NCIES DEL SERVEI DE MENJADOR ES DESCOMPTARAN EN EL REBUT DEL ES SEG\u00dcENT UNICAMENT QUAN S\u2019HAGIN COMUNICAT ABANS DE LES 10H EL MATI A RAVES DELS MITJANS DE COMUNICACIO ABANS ESMENTATS (EMAIL, INANTIA I TEL\u00c8FON DEL SERVEI DE MENJADOR) PER TANT, ES DESCOMPATARN TOTS ELS DIES D\u2019ABS\u00c8NCIA QUE HAGIN ESTAT AVISATS DINS D\u2019AQUEST HORARI. LES ABS\u00c8NCIES COMUNICADES DESPR\u00c9S DE LES 10H NO DONARAN DRET A CAP DESCOMPTE.<\/strong><\/li>\n<\/ul>\n\n\n\n<p class=\"has-vivid-red-color has-text-color has-link-color wp-elements-7ecaaf347849f8a909eeb3fb6a9cd073\"><strong>ALUMNES EVENTUALS ( 8,61\u20ac )<\/strong><\/p>\n\n\n\n<ul class=\"wp-block-list\">\n<li>Els alumnes eventuals avisaran a la coordinadora a les 9h a traves del email i havent efectuat pr\u00e8viament el pagament tal i com es descriu osteriorment en aquest full informatiu. L&#8217;alumnat que es quedi a dinar de forma eventual l\u2019import ser\u00e0 de 8,61 \u20ac\/dia.<\/li>\n<\/ul>\n\n\n\n<h3 class=\"wp-block-heading\">L\u2019alumne\/a que vulgui utilitzar aquest servei de manera espor\u00e0dica, haur\u00e0 de fer pr\u00e8viament el pagament a trav\u00e9s del banc al n\u00famero de compte<strong>:<\/strong><\/h3>\n\n\n\n<ul class=\"wp-block-list\">\n<li>ES61 2100 3073 6922 0035 7870 amb el concepte del nom de l\u2019alumne\/a, curs i dia\/dies que far\u00e0 \u00fas del servei o emplenant la fitxa de domiciliaci\u00f3 banc\u00e0ria.<\/li>\n\n\n\n<li>Els alumnes eventuals que agafin la opci\u00f3 de domiciliaci\u00f3 bancaria se\u2019ls passar\u00e0 el rebut del 1 al 10 del mes seg\u00fcent, excepte el mes de juny que es passar\u00e0 de manera di\u00e0ria segons el dia que hagin fet us del servei de menjador.<\/li>\n<\/ul>\n\n\n\n<p class=\"has-background\" style=\"border-radius:15px;background-color:#f6b2b2\"><strong>EN CAS DE NO ESTAR AL CORRENT DE PAGAMENT ES PRENDRAN LES MESURES LEGALS PERTINENTS I ELS ALUMNES NO PODRAN FER \u00daS D\u2019AQUEST SERVEI FINS A LIQUIDAR EL TOTAL PENDENT.<\/strong><\/p>\n<\/div>\n\n\n\n<div style=\"height:50px\" aria-hidden=\"true\" class=\"wp-block-spacer\"><\/div>\n\n\n\n<div class=\"wp-block-group has-border-color has-vivid-purple-border-color is-layout-constrained wp-block-group-is-layout-constrained\" style=\"border-radius:15px\">\n<h2 class=\"wp-block-heading\" id=\"formulari\" style=\"border-radius:15px\">FORMULARI INSCRIPCI\u00d3<\/h2>\n\n\n\n<div class=\"wp-block-columns is-layout-flex wp-container-core-columns-is-layout-2 wp-block-columns-is-layout-flex\">\n<div class=\"wp-block-column is-layout-flow wp-block-column-is-layout-flow\" style=\"flex-basis:90px\">\n<figure class=\"wp-block-image is-resized\"><a href=\"https:\/\/drive.google.com\/uc?id=1vurXBkdhbYMM277yF0qnJccTGwfu0d1S&amp;export=download\"><img loading=\"lazy\" decoding=\"async\" width=\"512\" height=\"512\" src=\"https:\/\/agora.xtec.cat\/ceip-barrufet-santboi\/wp-content\/uploads\/usu1517\/2025\/09\/pdf.png\" alt=\"\" class=\"wp-image-15370\" style=\"width:92px;height:auto\" srcset=\"https:\/\/agora.xtec.cat\/ceip-barrufet-santboi\/wp-content\/uploads\/usu1517\/2025\/09\/pdf.png 512w, https:\/\/agora.xtec.cat\/ceip-barrufet-santboi\/wp-content\/uploads\/usu1517\/2025\/09\/pdf-300x300.png 300w, https:\/\/agora.xtec.cat\/ceip-barrufet-santboi\/wp-content\/uploads\/usu1517\/2025\/09\/pdf-150x150.png 150w\" sizes=\"auto, (max-width: 512px) 100vw, 512px\" \/><\/a><\/figure>\n<\/div>\n\n\n\n<div class=\"wp-block-column is-layout-flow wp-block-column-is-layout-flow\">\n<p><a href=\"https:\/\/drive.google.com\/uc?id=1Op1H5fA7IgTppr6KzhGK5rvjQQAcuq52&amp;export=download\">Document descarregable <\/a> per formalitzar la inscripci\u00f3 al servei de menjador.<\/p>\n<\/div>\n<\/div>\n<\/div>\n\n\n\n<div style=\"height:50px\" aria-hidden=\"true\" class=\"wp-block-spacer\"><\/div>\n\n\n\n<div class=\"wp-block-group has-border-color is-layout-constrained wp-block-group-is-layout-constrained\" style=\"border-color:#7bdcb5;border-radius:15px\">\n<h2 class=\"wp-block-heading\" id=\"normativa\">NORMATIVA<\/h2>\n\n\n\n<div class=\"wp-block-columns is-layout-flex wp-container-core-columns-is-layout-3 wp-block-columns-is-layout-flex\">\n<div class=\"wp-block-column is-layout-flow wp-block-column-is-layout-flow\" style=\"flex-basis:90px\">\n<figure class=\"wp-block-image is-resized\"><a href=\"https:\/\/drive.google.com\/uc?id=1yAdqEuVT3MzZOlqkJQxZPc_jxBvTfqhe&amp;export=download\"><img loading=\"lazy\" decoding=\"async\" width=\"512\" height=\"512\" src=\"https:\/\/agora.xtec.cat\/ceip-barrufet-santboi\/wp-content\/uploads\/usu1517\/2025\/09\/pdf.png\" alt=\"\" class=\"wp-image-15370\" style=\"width:92px;height:auto\" srcset=\"https:\/\/agora.xtec.cat\/ceip-barrufet-santboi\/wp-content\/uploads\/usu1517\/2025\/09\/pdf.png 512w, https:\/\/agora.xtec.cat\/ceip-barrufet-santboi\/wp-content\/uploads\/usu1517\/2025\/09\/pdf-300x300.png 300w, https:\/\/agora.xtec.cat\/ceip-barrufet-santboi\/wp-content\/uploads\/usu1517\/2025\/09\/pdf-150x150.png 150w\" sizes=\"auto, (max-width: 512px) 100vw, 512px\" \/><\/a><\/figure>\n<\/div>\n\n\n\n<div class=\"wp-block-column is-layout-flow wp-block-column-is-layout-flow\">\n<p><a href=\"https:\/\/drive.google.com\/uc?id=1HYYkHxiPWTypLZ6kv8x2F4MGw1XBFGha&amp;export=download\">Normativa del servei de menjador 2025 &#8211; 2026<\/a><\/p>\n<\/div>\n<\/div>\n<\/div>\n\n\n\n<p><\/p>\n","protected":false},"excerpt":{"rendered":"<p>TRUCA DIRECTAMENT AL SERVEI DE MENJADOR 671872891 de 08:45 a 15:00 Estimats pares i mares, La Bona Cullera vol donar-vos la benvinguda al nou curs escolar 2026\/2027 i us convidem a gaudir amb els nostres monitors\/es per un projecte saludable i de qualitat treballant l&#8217;alimentaci\u00f3, la higiene i l&#8217;entreteniment, el servei de menjador de l&#8217;escola [&hellip;]<\/p>\n","protected":false},"author":1,"featured_media":0,"parent":66,"menu_order":30,"comment_status":"closed","ping_status":"closed","template":"","meta":{"_bbp_topic_count":0,"_bbp_reply_count":0,"_bbp_total_topic_count":0,"_bbp_total_reply_count":0,"_bbp_voice_count":0,"_bbp_anonymous_reply_count":0,"_bbp_topic_count_hidden":0,"_bbp_reply_count_hidden":0,"_bbp_forum_subforum_count":0,"site-sidebar-layout":"default","site-content-layout":"","ast-site-content-layout":"default","site-content-style":"default","site-sidebar-style":"default","ast-global-header-display":"","ast-banner-title-visibility":"","ast-main-header-display":"","ast-hfb-above-header-display":"","ast-hfb-below-header-display":"","ast-hfb-mobile-header-display":"","site-post-title":"","ast-breadcrumbs-content":"","ast-featured-img":"","footer-sml-layout":"","theme-transparent-header-meta":"","adv-header-id-meta":"","stick-header-meta":"","header-above-stick-meta":"","header-main-stick-meta":"","header-below-stick-meta":"","astra-migrate-meta-layouts":"set","ast-page-background-enabled":"default","ast-page-background-meta":{"desktop":{"background-color":"var(--ast-global-color-4)","background-image":"","background-repeat":"repeat","background-position":"center center","background-size":"auto","background-attachment":"scroll","background-type":"","background-media":"","overlay-type":"","overlay-color":"","overlay-opacity":"","overlay-gradient":""},"tablet":{"background-color":"","background-image":"","background-repeat":"repeat","background-position":"center center","background-size":"auto","background-attachment":"scroll","background-type":"","background-media":"","overlay-type":"","overlay-color":"","overlay-opacity":"","overlay-gradient":""},"mobile":{"background-color":"","background-image":"","background-repeat":"repeat","background-position":"center center","background-size":"auto","background-attachment":"scroll","background-type":"","background-media":"","overlay-type":"","overlay-color":"","overlay-opacity":"","overlay-gradient":""}},"ast-content-background-meta":{"desktop":{"background-color":"var(--ast-global-color-5)","background-image":"","background-repeat":"repeat","background-position":"center center","background-size":"auto","background-attachment":"scroll","background-type":"","background-media":"","overlay-type":"","overlay-color":"","overlay-opacity":"","overlay-gradient":""},"tablet":{"background-color":"var(--ast-global-color-5)","background-image":"","background-repeat":"repeat","background-position":"center center","background-size":"auto","background-attachment":"scroll","background-type":"","background-media":"","overlay-type":"","overlay-color":"","overlay-opacity":"","overlay-gradient":""},"mobile":{"background-color":"var(--ast-global-color-5)","background-image":"","background-repeat":"repeat","background-position":"center center","background-size":"auto","background-attachment":"scroll","background-type":"","background-media":"","overlay-type":"","overlay-color":"","overlay-opacity":"","overlay-gradient":""}},"footnotes":""},"class_list":["post-73","page","type-page","status-publish","hentry"],"post_mailing_queue_ids":[],"_links":{"self":[{"href":"https:\/\/agora.xtec.cat\/ceip-barrufet-santboi\/wp-json\/wp\/v2\/pages\/73","targetHints":{"allow":["GET"]}}],"collection":[{"href":"https:\/\/agora.xtec.cat\/ceip-barrufet-santboi\/wp-json\/wp\/v2\/pages"}],"about":[{"href":"https:\/\/agora.xtec.cat\/ceip-barrufet-santboi\/wp-json\/wp\/v2\/types\/page"}],"author":[{"embeddable":true,"href":"https:\/\/agora.xtec.cat\/ceip-barrufet-santboi\/wp-json\/wp\/v2\/users\/1"}],"replies":[{"embeddable":true,"href":"https:\/\/agora.xtec.cat\/ceip-barrufet-santboi\/wp-json\/wp\/v2\/comments?post=73"}],"version-history":[{"count":6,"href":"https:\/\/agora.xtec.cat\/ceip-barrufet-santboi\/wp-json\/wp\/v2\/pages\/73\/revisions"}],"predecessor-version":[{"id":16690,"href":"https:\/\/agora.xtec.cat\/ceip-barrufet-santboi\/wp-json\/wp\/v2\/pages\/73\/revisions\/16690"}],"up":[{"embeddable":true,"href":"https:\/\/agora.xtec.cat\/ceip-barrufet-santboi\/wp-json\/wp\/v2\/pages\/66"}],"wp:attachment":[{"href":"https:\/\/agora.xtec.cat\/ceip-barrufet-santboi\/wp-json\/wp\/v2\/media?parent=73"}],"curies":[{"name":"wp","href":"https:\/\/api.w.org\/{rel}","templated":true}]}}