{"id":34,"date":"2014-09-18T12:32:18","date_gmt":"2014-09-18T11:32:18","guid":{"rendered":"http:\/\/agora.xtec.cat\/ceip-bages\/?page_id=34"},"modified":"2020-07-24T08:47:25","modified_gmt":"2020-07-24T06:47:25","slug":"oferta-educativa","status":"publish","type":"page","link":"https:\/\/agora.xtec.cat\/ceip-bages\/lescola\/oferta-educativa\/","title":{"rendered":"Equip Docent"},"content":{"rendered":"<div class=\"container\">\n<div id=\"content\">\n<div id=\"wsite-content\" class=\"wsite-elements wsite-not-footer\">\n<div class=\"paragraph\">\n<p><span style=\"font-size: x-large;\"><strong>CURS 2019-2020<\/strong><\/span><\/p>\n<p><strong>Director\/a \u00a0<\/strong>\u00a0 \u00a0 \u00a0 \u00a0Queralt Villegas Servitja<\/p>\n<p><strong>Cap d\u2019Estudis\u00a0\u00a0\u00a0\u00a0<\/strong>N\u00faria Vilanova Atcher<\/p>\n<p><strong>Secret\u00e0ria\u00a0 \u00a0 \u00a0 <\/strong>\u00a0Eva L\u00f3pez P\u00e9rez<\/p>\n<\/div>\n<div>\n<div class=\"wsite-multicol\">\n<div class=\"wsite-multicol-table-wrap\">\n<table class=\"wsite-multicol-table\" style=\"height: 570px;\" width=\"788\">\n<tbody class=\"wsite-multicol-tbody\">\n<tr class=\"wsite-multicol-tr\">\n<td class=\"wsite-multicol-col\" style=\"width: 264.0625px;\">\n<ul style=\"list-style-type: square;\">\n<li><strong><span style=\"font-size: large;\">E<\/span><\/strong><strong><span style=\"font-size: large;\">DUCACI\u00d3 INFANTIL<\/span><\/strong>P-3: Maite Sardans Marquillas<br \/>\nLourdes S\u00e1nchez BartolP-4:\u00a0Marta Sanpera Pi<br \/>\nAnna Bonveh\u00ed Casta\u00f1\u00e9<\/p>\n<p>P-5:<strong>\u00a0<\/strong>Silvia Caball\u00e9 Fontanet<br \/>\nJosefina F\u00e0brega Comellas<\/p>\n<p>\u200b<strong><span style=\"font-size: medium;\">Refor\u00e7, m\u00fasica i psicomotricitat:<\/span><\/strong><\/li>\n<\/ul>\n<p>Queralt Villegas Servitja<br \/>\nBerta Rumbo Sobrevias<br \/>\n\u00c0ngels\u00a0Puig<\/p>\n<p>\u200b<br \/>\n<strong>TEI\u00a0\u00a0 \u00a0<\/strong><br \/>\n\u200bM\u00f2nica Martos Ferrer<\/td>\n<td class=\"wsite-multicol-col\" style=\"width: 253.96875px;\">\n<div><\/div>\n<div class=\"paragraph\"><strong><span style=\"font-size: large;\">EDUCACI\u00d3 PRIM\u00c0RIA<\/span><\/strong><br \/>\n\u200b<br \/>\n<strong>\u200bCicle inicial:<\/strong>\u200b1r: Jose Segura Campillo<br \/>\nMarta Ram\u00edrez Ort\u00edn\/Esteban<br \/>\nVizcaino2n:\u00a0Alba Orteu Sole<br \/>\nN\u00faria Deseuras Zuazua<\/p>\n<p><strong>Cicle Mitj\u00e0:<\/strong><\/p>\n<p>3r:\u00a0Montserrat Par\u00e9s Sim\u00f3n<br \/>\nCarme Mir\u00f3 Puigvert<\/p>\n<p>4t: Merc\u00e8 Berenguer Garr\u00f3s<br \/>\nAnna Pablos Olmos<\/p>\n<p><strong>Cicle Superior:<\/strong><\/p>\n<p>5\u00e8: M\u00aa Alba Bover Moreno\/Cristina<br \/>\nLlorens<br \/>\nMercedes Rivera P\u00e9rez<br \/>\nNora Hern\u00e1ndez Ib\u00e1\u00f1ez<\/p>\n<p>6\u00e8:\u00a0Marta Roig Osete<br \/>\n\u200b \u00a0 \u00a0 \u00a0Roser Torruella Vilalta<\/p>\n<\/div>\n<\/td>\n<td class=\"wsite-multicol-col\" style=\"width: 259.984375px;\">\n<div class=\"paragraph\">\u200b<br \/>\n<strong>Especialistes d\u2019Angl\u00e8s<\/strong>Marta Guitart Santos<br \/>\nElena Rodr\u00edguez C\u00e1mara<br \/>\n\u200bS\u00f2nia Guerrero Lopez<strong>Especialistes d\u2019Educaci\u00f3 Especial<\/strong><\/p>\n<p>Susanna Costa Gaja<br \/>\nJordi Ribalta Cuadros<br \/>\nAnna Quintana Bad\u00eda\u00a0(Aula Acollida)<br \/>\nGemma Reina Arboix (SIEI)<br \/>\n\u200bMireia Galera Su\u00f1\u00e9 (SIEI)<\/p>\n<p>\u200b<br \/>\n<strong>Especialistes d\u2019Educaci\u00f3 F\u00edsica<\/strong><\/p>\n<p>Xavier Balet Farr\u00e9\/Roger Guzman<br \/>\nEva L\u00f3pez P\u00e9rez<br \/>\n\u200bJose Segura Campillo<\/p>\n<p><strong>Especialista de M\u00fasica<\/strong><\/p>\n<p>Marta Gonz\u00e1lez Sobrino<\/p>\n<p><strong>Mestre de Religi\u00f3 Cat\u00f2lica<\/strong><\/p>\n<p>Anna Ram\u00edrez Montero<\/p>\n<\/div>\n<\/td>\n<\/tr>\n<\/tbody>\n<\/table>\n<\/div>\n<\/div>\n<\/div>\n<\/div>\n<div class=\"clear\"><\/div>\n<\/div>\n<\/div>\n","protected":false},"excerpt":{"rendered":"<p>CURS 2019-2020<br \/>\nDirector\/a \u00a0\u00a0 \u00a0 \u00a0 \u00a0Queralt Villegas Servitja<br \/>\nCap d\u2019Estudis\u00a0\u00a0\u00a0\u00a0N\u00faria Vilanova Atcher<br \/>\nSecret\u00e0ria\u00a0 \u00a0 \u00a0 \u00a0Eva L\u00f3pez P\u00e9rez<\/p>\n<ul style=\"list-style-type: square;\">\n<li>EDUCACI\u00d3 INFANTILP-3: Maite Sardans Marquillas<br \/>\nLourdes S\u00e1nchez BartolP-4:\u00a0Marta Sanpera Pi<br \/>\nAnna Bonveh\u00ed Casta\u00f1\u00e9<br \/>\nP-5:\u00a0Silvia Caball\u00e9 Fontanet<br \/>\nJosefina F\u00e0brega Comellas<br \/>\n\u200bRefor\u00e7, m\u00fasica i psicomotricitat:<\/li>\n<\/ul>\n<p>Queralt Villegas Servitja<br \/>\nBerta Rumbo Sobrevias<br \/>\n\u00c0ngels\u00a0Puig<br \/>\n\u200b<br \/>\nTEI\u00a0\u00a0 \u00a0<br \/>\n\u200bM\u00f2nica Martos Ferrer<\/p>\n<p>EDUCACI\u00d3 PRIM\u00c0RIA<br \/>\n\u200b<br \/>\n\u200bCicle inicial:\u200b1r: Jose&hellip;  <a href=\"https:\/\/agora.xtec.cat\/ceip-bages\/lescola\/oferta-educativa\/\" title=\"Read Equip Docent\">Llegeix m\u00e9s\u00bb<\/a><\/p>\n","protected":false},"author":1,"featured_media":0,"parent":22,"menu_order":30,"comment_status":"closed","ping_status":"closed","template":"page-templates\/side-menu.php","meta":{"_bbp_topic_count":0,"_bbp_reply_count":0,"_bbp_total_topic_count":0,"_bbp_total_reply_count":0,"_bbp_voice_count":0,"_bbp_anonymous_reply_count":0,"_bbp_topic_count_hidden":0,"_bbp_reply_count_hidden":0,"_bbp_forum_subforum_count":0,"footnotes":""},"class_list":["post-34","page","type-page","status-publish","hentry"],"post_mailing_queue_ids":[],"_links":{"self":[{"href":"https:\/\/agora.xtec.cat\/ceip-bages\/wp-json\/wp\/v2\/pages\/34","targetHints":{"allow":["GET"]}}],"collection":[{"href":"https:\/\/agora.xtec.cat\/ceip-bages\/wp-json\/wp\/v2\/pages"}],"about":[{"href":"https:\/\/agora.xtec.cat\/ceip-bages\/wp-json\/wp\/v2\/types\/page"}],"author":[{"embeddable":true,"href":"https:\/\/agora.xtec.cat\/ceip-bages\/wp-json\/wp\/v2\/users\/1"}],"replies":[{"embeddable":true,"href":"https:\/\/agora.xtec.cat\/ceip-bages\/wp-json\/wp\/v2\/comments?post=34"}],"version-history":[{"count":4,"href":"https:\/\/agora.xtec.cat\/ceip-bages\/wp-json\/wp\/v2\/pages\/34\/revisions"}],"predecessor-version":[{"id":524,"href":"https:\/\/agora.xtec.cat\/ceip-bages\/wp-json\/wp\/v2\/pages\/34\/revisions\/524"}],"up":[{"embeddable":true,"href":"https:\/\/agora.xtec.cat\/ceip-bages\/wp-json\/wp\/v2\/pages\/22"}],"wp:attachment":[{"href":"https:\/\/agora.xtec.cat\/ceip-bages\/wp-json\/wp\/v2\/media?parent=34"}],"curies":[{"name":"wp","href":"https:\/\/api.w.org\/{rel}","templated":true}]}}