{"id":5463,"date":"2022-05-27T12:41:07","date_gmt":"2022-05-27T10:41:07","guid":{"rendered":"https:\/\/agora.xtec.cat\/ceip-angelguimera\/?page_id=5463"},"modified":"2023-04-27T12:42:59","modified_gmt":"2023-04-27T10:42:59","slug":"comunicacio","status":"publish","type":"page","link":"https:\/\/agora.xtec.cat\/ceip-angelguimera\/estrategia-digital\/cultura-digital\/comunicacio\/","title":{"rendered":"Comunicaci\u00f3"},"content":{"rendered":"<h2><strong>COMUNICACI\u00d3\u00a0<\/strong><\/h2>\n<p><strong>COMUNICACI\u00d3 EXTERNA<\/strong><\/p>\n<p><span style=\"font-weight: 400; color: #993300;\">Comunicaci\u00f3 centre &#8211; fam\u00edlies<\/span><\/p>\n<p><span style=\"font-weight: 400;\">Per a fer arribar les informacions a les fam\u00edlies, el centre utilitza tant el correu electr\u00f2nic, com l\u2019APP o l&#8217;agenda del centre. <\/span><span style=\"font-weight: 400;\">Les fam\u00edlies poden comunicar-se amb el centre mitjan\u00e7ant el correu electr\u00f2nic, l&#8217;APP, l&#8217;agenda o el tel\u00e8fon de l\u2019escola.\u00a0<\/span><\/p>\n<p><span style=\"font-weight: 400; color: #993300;\">Comunicaci\u00f3 tutores &#8211; fam\u00edlies\u00a0<\/span><\/p>\n<p><span style=\"font-weight: 400;\">La comunicaci\u00f3 entre les tutores i les fam\u00edlies es realitza principalment de dues maneres: <\/span><\/p>\n<ul>\n<li style=\"list-style-type: none;\">\n<ul>\n<li><span style=\"font-weight: 400;\">a trav\u00e9s de l\u2019agenda escolar que es facilita a tot l\u2019alumnat a principi de curs. s\u2019acostuma a utilitzar per notificar abs\u00e8ncies, demanar hora per una tutoria o notificar algun comportament o actitud remarcable.<\/span><\/li>\n<li><span style=\"font-weight: 400;\"> mitjan\u00e7ant l\u2019APP de l\u2019escola. Es fa servir per fer arribar circulars per tot el grup-classe.\u00a0<\/span><\/li>\n<\/ul>\n<\/li>\n<\/ul>\n<p><span style=\"font-weight: 400; color: #993300;\">Web<\/span><\/p>\n<p><span style=\"font-weight: 400;\">El Web de l\u2019escola s\u2019empra tant per a difondre informacions d\u2019inter\u00e8s general com perqu\u00e8 les fam\u00edlies puguin veure les activitats m\u00e9s significatives que s\u2019estan realitzant durant el curs.\u00a0\u00a0<\/span><\/p>\n<p><span style=\"font-weight: 400;\">L\u2019escola tamb\u00e9 disposa d\u2019un canal de difusi\u00f3 de Telegram on es fan arribar a les fam\u00edlies les informacions m\u00e9s rellevants.\u00a0<\/span><\/p>\n<p>Tamb\u00e9 disposa d&#8217;un Canal de Youtube de centre.<\/p>\n<p>&nbsp;<\/p>\n<p><strong>COMUNICACI\u00d3 INTERNA<\/strong><\/p>\n<p><span style=\"font-weight: 400; color: #993300;\">Comunicaci\u00f3 escola &#8211; mestres (claustre):<\/span><\/p>\n<p><span style=\"font-weight: 400;\">La comunicaci\u00f3 escola &#8211; mestres es fa principalment per dues vies: <\/span><\/p>\n<ul>\n<li style=\"list-style-type: none;\">\n<ul>\n<li><span style=\"font-weight: 400;\">Per aspectes formals com les convocat\u00f2ries de Claustres i reunions, s&#8217;utilitza el correu electr\u00f2nic i s&#8217;anoten al calendari compartit. <\/span><\/li>\n<li><span style=\"font-weight: 400;\">Per motius diversos es fan servir els grups de missatgeria instant\u00e0nia o comunicats individuals via correu electr\u00f2nic o APP.<\/span><\/li>\n<\/ul>\n<\/li>\n<\/ul>\n<p><span style=\"font-weight: 400; color: #993300;\">Comunicaci\u00f3 mestres &#8211; mestres<\/span><\/p>\n<p><span style=\"font-weight: 400;\">La comunicaci\u00f3 entre mestres es fa per tres vies:<\/span><\/p>\n<ul>\n<li style=\"list-style-type: none;\">\n<ul>\n<li><span style=\"font-weight: 400;\"> Grups de missatgeria instant\u00e0nia, tenim grups per Cicles, Comissions, Coordinadors i Equip Directiu. <\/span><\/li>\n<li><span style=\"font-weight: 400;\">APP del centre quan el missatge \u00e9s m\u00e9s general o individualitzat. <\/span><\/li>\n<li><span style=\"font-weight: 400;\">El correu electr\u00f2nic quan \u00e9s necessari adjuntar documents o en altres situacions on aquest mitj\u00e0 sigui m\u00e9s eficient. <\/span><\/li>\n<\/ul>\n<\/li>\n<\/ul>\n<p>&nbsp;<\/p>\n<p><strong><span style=\"color: #000000;\">IMATGE CORPORATIVA<\/span><\/strong><\/p>\n<p><span style=\"font-weight: 400; color: #993300;\">Logos en documents oficials<\/span><\/p>\n<p><span style=\"font-weight: 400;\">El centre tindr\u00e0 cura en la presentaci\u00f3 de tots els documents que s\u2019elaborin, de manera que segueixin unes mateixes pautes i format. A partir d\u2019aqu\u00ed s\u2019hauran de tenir en compte els seg\u00fcents aspectes:\u00a0<\/span><\/p>\n<ul>\n<li style=\"list-style-type: none;\">\n<ul>\n<li><span style=\"font-weight: 400;\">El logotip del centre haur\u00e0 de ser present a: comunicacions, documents del centre, <\/span><span style=\"font-weight: 400;\">fitxes de treball de l\u2019alumnat<\/span><span style=\"font-weight: 400;\">, informes d\u2019avaluaci\u00f3, app, web i telegram.\u00a0\u00a0<\/span><\/li>\n<li><span style=\"font-weight: 400;\">En els v\u00eddeos o presentacions haur\u00e0 de sortir el logo del centre.<\/span><\/li>\n<li><span style=\"font-weight: 400;\">A la unitat &lt;P&gt; de la intranet de centre hi ha una carpeta amb tots els logos.<\/span><span style=\"font-weight: 400;\"><span style=\"color: #ff0000;\">\u00a0<\/span><\/span><\/li>\n<\/ul>\n<\/li>\n<\/ul>\n<p><strong>PROTECCI\u00d3 DE DADES I IMATGES<\/strong><\/p>\n<p><span style=\"font-weight: 400; color: #993300;\">Autoritzacions<\/span><\/p>\n<p><span style=\"font-weight: 400;\">En relaci\u00f3 amb la protecci\u00f3 dels drets d\u2019imatges, a inici de cada curs escolar les fam\u00edlies hauran de donar l\u2019autoritzaci\u00f3 de la publicaci\u00f3 d\u2019imatges <span style=\"color: #993300;\">proporcionada pel Departament d&#8217;Educaci\u00f3<\/span> a trav\u00e9s l\u2019APP. Aquesta autoritzaci\u00f3 tindr\u00e0 vig\u00e8ncia per un curs.<\/span><\/p>\n<p><span style=\"font-weight: 400;\">Les imatges que s\u2019usaran faran refer\u00e8ncia a les diferents activitats educatives que s\u2019organitzin des del centre. Es tindr\u00e0 en compte la normativa legal vigent<span style=\"color: #0000ff;\">.<\/span><\/span><\/p>\n<p><span style=\"font-weight: 400;\">Cal subratllar que el centre vetlla per tal que es compleixi la normativa referent a la protecci\u00f3 de dades de tots els membres de la comunitat educativa.\u00a0<\/span><\/p>\n<p><span style=\"font-weight: 400; color: #993300;\">Gesti\u00f3 de fotografies<\/span><\/p>\n<p>A l&#8217;hora de realitzar i difondre fotografies sempre es tindr\u00e0 en compte la normativa legal vigent.<\/p>\n<p>&nbsp;<\/p>\n<p><strong>DESCONNEXI\u00d3 DIGITAL<\/strong><\/p>\n<p><span style=\"font-weight: 400;\">A les orientacions del Departament d\u2019Educaci\u00f3, es concep la desconnexi\u00f3 digital com la limitaci\u00f3 de l\u2019\u00fas de les tecnologies de la comunicaci\u00f3. El dret a la desconnexi\u00f3 digital respecta el dret del personal del centre a no respondre fora de l\u2019horari laboral a les comunicacions i missatges del lloc de treball que li arribin per mitjans electr\u00f2nics, amb la finalitat de garantir el dret al descans i a la intimitat personal i familiar.\u00a0 <\/span><span style=\"font-weight: 400;\">Per tal d\u2019assolir la desconnexi\u00f3 digital a l\u2019escola \u00c0ngel Guimer\u00e0, se suggereix aprovar un acord de Claustre per tal de limitar les comunicacions amb les fam\u00edlies a dins de l\u2019horari laboral establert <strong>(parlem d&#8217;escola a fam\u00edlies i viceversa o tamb\u00e9 de mestres a fam\u00edlies i viceversa)<\/strong>. Per tant, els correus electr\u00f2nics o missatges de l&#8217;App s\u2019enviaran entre les 8,30 i les 17 hores, aproximadament. Les comunicacions que arribin fora d\u2019aquest horari no hauran de ser contestades fins l\u2019endem\u00e0. Tot i aix\u00f2, si la <strong>urg\u00e8ncia<\/strong> ho requereix es poden fer excepcions.<\/span><\/p>\n<p><span style=\"font-weight: 400; color: #000000;\">Seria interessant programar l&#8217;enviament de correus a les fam\u00edlies dins l&#8217;horari lectiu.<\/span><\/p>\n<p><span style=\"color: #000000;\">A les NOFC es recomana que les urg\u00e8ncies o les peticions d&#8217;entrevistes es realitzin presencialment o mitjan\u00e7ant l&#8217;agenda de l&#8217;alumnat.\u00a0\u00a0<\/span><\/p>\n<p><span style=\"font-weight: 400;\">El WhatsApp no es un mitj\u00e0 corporatiu i, per tant, cal evitar-ne l\u2019\u00fas, especialment en horari no laboral. <span style=\"font-weight: 400;\">Tot i aix\u00f2, si la <strong>urg\u00e8ncia<\/strong> ho requereix es poden fer excepcions.<\/span><\/span><\/p>\n","protected":false},"excerpt":{"rendered":"<p>COMUNICACI\u00d3\u00a0 COMUNICACI\u00d3 EXTERNA Comunicaci\u00f3 centre &#8211; fam\u00edlies Per a fer arribar les informacions a les fam\u00edlies, el centre utilitza tant el correu electr\u00f2nic, com l\u2019APP o l&#8217;agenda del centre. Les fam\u00edlies poden comunicar-se amb el centre mitjan\u00e7ant el correu electr\u00f2nic, l&#8217;APP, l&#8217;agenda o el tel\u00e8fon de l\u2019escola.\u00a0 Comunicaci\u00f3 tutores &#8211; fam\u00edlies\u00a0 La comunicaci\u00f3 entre les [&hellip;]<\/p>\n","protected":false},"author":60,"featured_media":0,"parent":5082,"menu_order":2,"comment_status":"closed","ping_status":"closed","template":"page-templates\/side-menu.php","meta":{"_bbp_topic_count":0,"_bbp_reply_count":0,"_bbp_total_topic_count":0,"_bbp_total_reply_count":0,"_bbp_voice_count":0,"_bbp_anonymous_reply_count":0,"_bbp_topic_count_hidden":0,"_bbp_reply_count_hidden":0,"_bbp_forum_subforum_count":0,"site-sidebar-layout":"default","site-content-layout":"","ast-site-content-layout":"","site-content-style":"default","site-sidebar-style":"default","ast-global-header-display":"","ast-banner-title-visibility":"","ast-main-header-display":"","ast-hfb-above-header-display":"","ast-hfb-below-header-display":"","ast-hfb-mobile-header-display":"","site-post-title":"","ast-breadcrumbs-content":"","ast-featured-img":"","footer-sml-layout":"","theme-transparent-header-meta":"","adv-header-id-meta":"","stick-header-meta":"","header-above-stick-meta":"","header-main-stick-meta":"","header-below-stick-meta":"","astra-migrate-meta-layouts":"default","ast-page-background-enabled":"default","ast-page-background-meta":{"desktop":{"background-color":"var(--ast-global-color-4)","background-image":"","background-repeat":"repeat","background-position":"center center","background-size":"auto","background-attachment":"scroll","background-type":"","background-media":"","overlay-type":"","overlay-color":"","overlay-opacity":"","overlay-gradient":""},"tablet":{"background-color":"","background-image":"","background-repeat":"repeat","background-position":"center center","background-size":"auto","background-attachment":"scroll","background-type":"","background-media":"","overlay-type":"","overlay-color":"","overlay-opacity":"","overlay-gradient":""},"mobile":{"background-color":"","background-image":"","background-repeat":"repeat","background-position":"center center","background-size":"auto","background-attachment":"scroll","background-type":"","background-media":"","overlay-type":"","overlay-color":"","overlay-opacity":"","overlay-gradient":""}},"ast-content-background-meta":{"desktop":{"background-color":"var(--ast-global-color-5)","background-image":"","background-repeat":"repeat","background-position":"center center","background-size":"auto","background-attachment":"scroll","background-type":"","background-media":"","overlay-type":"","overlay-color":"","overlay-opacity":"","overlay-gradient":""},"tablet":{"background-color":"var(--ast-global-color-5)","background-image":"","background-repeat":"repeat","background-position":"center center","background-size":"auto","background-attachment":"scroll","background-type":"","background-media":"","overlay-type":"","overlay-color":"","overlay-opacity":"","overlay-gradient":""},"mobile":{"background-color":"var(--ast-global-color-5)","background-image":"","background-repeat":"repeat","background-position":"center center","background-size":"auto","background-attachment":"scroll","background-type":"","background-media":"","overlay-type":"","overlay-color":"","overlay-opacity":"","overlay-gradient":""}},"footnotes":""},"class_list":["post-5463","page","type-page","status-publish","hentry"],"post_mailing_queue_ids":[],"_links":{"self":[{"href":"https:\/\/agora.xtec.cat\/ceip-angelguimera\/wp-json\/wp\/v2\/pages\/5463","targetHints":{"allow":["GET"]}}],"collection":[{"href":"https:\/\/agora.xtec.cat\/ceip-angelguimera\/wp-json\/wp\/v2\/pages"}],"about":[{"href":"https:\/\/agora.xtec.cat\/ceip-angelguimera\/wp-json\/wp\/v2\/types\/page"}],"author":[{"embeddable":true,"href":"https:\/\/agora.xtec.cat\/ceip-angelguimera\/wp-json\/wp\/v2\/users\/60"}],"replies":[{"embeddable":true,"href":"https:\/\/agora.xtec.cat\/ceip-angelguimera\/wp-json\/wp\/v2\/comments?post=5463"}],"version-history":[{"count":5,"href":"https:\/\/agora.xtec.cat\/ceip-angelguimera\/wp-json\/wp\/v2\/pages\/5463\/revisions"}],"predecessor-version":[{"id":7181,"href":"https:\/\/agora.xtec.cat\/ceip-angelguimera\/wp-json\/wp\/v2\/pages\/5463\/revisions\/7181"}],"up":[{"embeddable":true,"href":"https:\/\/agora.xtec.cat\/ceip-angelguimera\/wp-json\/wp\/v2\/pages\/5082"}],"wp:attachment":[{"href":"https:\/\/agora.xtec.cat\/ceip-angelguimera\/wp-json\/wp\/v2\/media?parent=5463"}],"curies":[{"name":"wp","href":"https:\/\/api.w.org\/{rel}","templated":true}]}}