{"id":8351,"date":"2025-03-07T19:03:38","date_gmt":"2025-03-07T18:03:38","guid":{"rendered":"https:\/\/agora.xtec.cat\/ceip-angela-bransuela\/?page_id=8351"},"modified":"2025-03-07T19:05:08","modified_gmt":"2025-03-07T18:05:08","slug":"els-microespais-a-educacio-infantil","status":"publish","type":"page","link":"https:\/\/agora.xtec.cat\/ceip-angela-bransuela\/els-microespais-a-educacio-infantil\/","title":{"rendered":"ELS MICROESPAIS A EDUCACI\u00d3 INFANTIL"},"content":{"rendered":"<p><span style=\"font-weight: 400;\">Els<span style=\"color: #ff0000;\"><strong> microespais<\/strong><\/span> a l\u2019aula s\u00f3n una estrat\u00e8gia pedag\u00f2gica que permet als infants <span style=\"color: #0000ff;\"><strong>explorar,<\/strong><\/span><strong><span style=\"color: #008000;\"> aprendre<\/span><\/strong> i <span style=\"color: #993300;\"><strong>desenvolupar<\/strong> <\/span>habilitats de manera aut\u00f2noma i significativa. Estan dissenyats per fomentar la curiositat, la <span style=\"color: #333399;\">creativitat<\/span> i la <span style=\"color: #008000;\">manipulaci\u00f3<\/span>, adaptant-se als interessos i ritmes de cada infant.<\/span><\/p>\n<p><span style=\"font-weight: 400;\">L\u2019\u00fas de <strong><span style=\"color: #660666;\">microespais<\/span><\/strong> \u00e9s essencial perqu\u00e8:<\/span><span style=\"font-weight: 400;\"><br \/>\n<\/span><span style=\"font-weight: 400;\">&#8211; <strong><span style=\"color: #008000;\">respecta<\/span><\/strong> els ritmes individuals, permetent als infants escollir segons els seus interessos.<\/span><span style=\"font-weight: 400;\"><br \/>\n<\/span><span style=\"font-weight: 400;\">&#8211; <span style=\"color: #0000ff;\"><strong>fomenta<\/strong><\/span> l\u2019autonomia i la presa de decisions.<\/span><span style=\"font-weight: 400;\"><br \/>\n<\/span><span style=\"font-weight: 400;\">&#8211; <strong><span style=\"color: #993300;\">potencia<\/span><\/strong> la manipulaci\u00f3 i l\u2019experimentaci\u00f3, clau en l\u2019aprenentatge infantil.<\/span><span style=\"font-weight: 400;\"><br \/>\n<\/span><span style=\"font-weight: 400;\">&#8211;<strong><span style=\"color: #ff6600;\"> facilita<\/span><\/strong> la interacci\u00f3 social, promovent la col\u00b7laboraci\u00f3 i la resoluci\u00f3 de conflictes.<\/span><\/p>\n<p><span style=\"font-weight: 400;\">A l\u2019aula organitzem diferents microespais que permeten als infants experimentar amb diverses habilitats i coneixements. Tenim els seg\u00fcents:<\/span><\/p>\n<p><span style=\"color: #ff0000;\"><b>Art<\/b><\/span><span style=\"font-weight: 400;\">: els infants exploren diferents t\u00e8cniques i materials per expressar-se lliurement a trav\u00e9s del color, la forma i la textura.<\/span><\/p>\n<p><span style=\"color: #ff0000;\"><b>Grafisme creatiu<\/b><\/span><span style=\"font-weight: 400;\">: es treballa la motricitat fina i la coordinaci\u00f3 ull-m\u00e0 mitjan\u00e7ant el tra\u00e7 lliure i la creaci\u00f3 de formes.<\/span><\/p>\n<p><span style=\"color: #660666;\"><b>Vida Pr\u00e0ctica<\/b><\/span><span style=\"font-weight: 400;\">: inspirat en <strong><span style=\"color: #660666;\">Montessori<\/span><\/strong>, aquest espai fomenta habilitats quotidianes com abotonar, traspassar l\u00edquids o cordar sabates, desenvolupant l\u2019autonomia i la concentraci\u00f3.<\/span><\/p>\n<p><span style=\"color: #0000ff;\"><b>Sensorial<\/b><\/span><span style=\"font-weight: 400;\">: permet experimentar amb textures, sons i olors per estimular els sentits i afavorir el desenvolupament cognitiu.<\/span><\/p>\n<p><span style=\"color: #0000ff;\"><b>Motricitat Fina<\/b><\/span><span style=\"font-weight: 400;\">: dissenyat per enfortir els m\u00fasculs de les mans i els dits, essencials per a l\u2019escriptura i altres habilitats manuals. Aqu\u00ed els infants poden fer activitats com enfilar botons o boletes, pessigar amb pinces, obrir i tancar clips, modelar plastilina o fer encaixos.<\/span><\/p>\n<p><span style=\"color: #008000;\"><b>Joc Simb\u00f2lic<\/b><\/span><span style=\"font-weight: 400;\">: els infants reprodueixen situacions de la vida quotidiana (cuina, metges, botiga&#8230;), fomentant la imaginaci\u00f3, el llenguatge i les habilitats socials.<\/span><\/p>\n<p><span style=\"color: #008000;\"><b>Construccions<\/b><\/span><span style=\"font-weight: 400;\">: afavoreix la creativitat i el pensament espacial a trav\u00e9s de blocs, peces encaixables i altres materials per crear estructures diverses; es treballa el llenguatge matem\u00e0tic.<\/span><\/p>\n<p><span style=\"font-weight: 400;\">Els microespais converteixen l\u2019aula en un ambient ric i estimulant, on l\u2019infant \u00e9s el protagonista del seu aprenentatge.\u00a0<\/span><\/p>\n","protected":false},"excerpt":{"rendered":"<p>Els microespais a l\u2019aula s\u00f3n una estrat\u00e8gia pedag\u00f2gica que permet als infants explorar, aprendre i desenvolupar habilitats de manera aut\u00f2noma i significativa. Estan dissenyats per fomentar la curiositat, la creativitat i la manipulaci\u00f3, adaptant-se als interessos i ritmes de cada infant.<br \/>\nL\u2019\u00fas de microespais \u00e9s essencial&hellip;  <a href=\"https:\/\/agora.xtec.cat\/ceip-angela-bransuela\/els-microespais-a-educacio-infantil\/\" title=\"Read ELS MICROESPAIS A EDUCACI\u00d3 INFANTIL\">Llegeix m\u00e9s\u00bb<\/a><\/p>\n","protected":false},"author":1,"featured_media":0,"parent":0,"menu_order":0,"comment_status":"closed","ping_status":"closed","template":"","meta":{"_bbp_topic_count":0,"_bbp_reply_count":0,"_bbp_total_topic_count":0,"_bbp_total_reply_count":0,"_bbp_voice_count":0,"_bbp_anonymous_reply_count":0,"_bbp_topic_count_hidden":0,"_bbp_reply_count_hidden":0,"_bbp_forum_subforum_count":0,"footnotes":""},"class_list":["post-8351","page","type-page","status-publish","hentry"],"post_mailing_queue_ids":[],"_links":{"self":[{"href":"https:\/\/agora.xtec.cat\/ceip-angela-bransuela\/wp-json\/wp\/v2\/pages\/8351","targetHints":{"allow":["GET"]}}],"collection":[{"href":"https:\/\/agora.xtec.cat\/ceip-angela-bransuela\/wp-json\/wp\/v2\/pages"}],"about":[{"href":"https:\/\/agora.xtec.cat\/ceip-angela-bransuela\/wp-json\/wp\/v2\/types\/page"}],"author":[{"embeddable":true,"href":"https:\/\/agora.xtec.cat\/ceip-angela-bransuela\/wp-json\/wp\/v2\/users\/1"}],"replies":[{"embeddable":true,"href":"https:\/\/agora.xtec.cat\/ceip-angela-bransuela\/wp-json\/wp\/v2\/comments?post=8351"}],"version-history":[{"count":1,"href":"https:\/\/agora.xtec.cat\/ceip-angela-bransuela\/wp-json\/wp\/v2\/pages\/8351\/revisions"}],"predecessor-version":[{"id":8352,"href":"https:\/\/agora.xtec.cat\/ceip-angela-bransuela\/wp-json\/wp\/v2\/pages\/8351\/revisions\/8352"}],"wp:attachment":[{"href":"https:\/\/agora.xtec.cat\/ceip-angela-bransuela\/wp-json\/wp\/v2\/media?parent=8351"}],"curies":[{"name":"wp","href":"https:\/\/api.w.org\/{rel}","templated":true}]}}