{"id":7,"date":"2018-12-05T20:00:41","date_gmt":"2018-12-05T19:00:41","guid":{"rendered":"http:\/\/agora.xtec.cat\/ceip-angela-bransuela\/?page_id=7"},"modified":"2026-04-29T10:19:55","modified_gmt":"2026-04-29T08:19:55","slug":"pagines-dinici","status":"publish","type":"page","link":"https:\/\/agora.xtec.cat\/ceip-angela-bransuela\/","title":{"rendered":"Publicaci\u00f3 de l&#8217;oferta inicial de places."},"content":{"rendered":"<section class=\"padding-xs padding-sm padding-md colorSectionOdd\">\n<article class=\"container fullcontainer-xs\">\n<div class=\"row\">\n<div id=\"center_4R\">\n<div id=\"llista_5a1b3df3-5a45-11eb-a3c0-005056924a59_5a1b3df4-5a45-11eb-a3c0-005056924a59\" class=\"fpca_llista_enllacIcones formatter_body\">\n<div class=\"wrapper_llista_enllacIcones\">\n<div class=\"list-item-wrapper\">\n<div class=\"col content-col\">\n<div class=\"bloc-mobil\">\n<div class=\"descripcio link-dotted\">\n<h2 style=\"text-align: left;\" data-start=\"162\" data-end=\"183\"><a href=\"https:\/\/drive.google.com\/file\/d\/19uyHR44wUYYgSdZgMwWUMo5KxUz9d60l\/view?usp=sharing\" target=\"_blank\" rel=\"noopener\"><strong>INFORMACI\u00d3 CURS 2025\/26<\/strong><\/a><\/h2>\n<p style=\"text-align: left;\">Per\u00a0 m\u00e9s informaci\u00f3 podeu contactar amb administraci\u00f3\u00a0 <strong><a href=\"https:\/\/www.google.com\/search?q=institut+escola+%C3%A0ngela+bransuela&amp;rlz=1C1GCEB_enES1117ES1117&amp;oq=institut&amp;gs_lcrp=EgZjaHJvbWUqBggAEEUYOzIGCAAQRRg7MgYIARBFGDsyBggCEEUYOzIGCAMQRRg7MgYIBBBFGD0yBggFEEUYQTIGCAYQRRhB0gEINDg5MmowajeoAgiwAgE&amp;sourceid=chrome&amp;ie=UTF-8&amp;safe=active&amp;ssui=on#\" data-dtype=\"d3ph\" data-local-attribute=\"d3ph\" data-ved=\"2ahUKEwjn4MX9j6eLAxWxVKQEHei0MfcQkAgoAHoECC4QAw\"><span aria-label=\"Truca al n\u00famero de tel\u00e8fon 937 96 09 89\">937 96 09 89<\/span><\/a><\/strong>\u00a0o contacteu al seg\u00fcent correu: <strong><a href=\"mailto:administracio@angelabransuela.cat\">administracio@angelabransuela.cat<\/a><\/strong><\/p>\n<p style=\"text-align: left;\"><strong>Horari d&#8217;atenci\u00f3 a les fam\u00edlies Administraci\u00f3\/Secretaria:<\/strong><\/p>\n<p style=\"text-align: left;\">De dilluns a divendres matins\u00a0 de 09:00h a 13:00h\u00a0 i tardes de 14:30 a 16h.<\/p>\n<h5>\ud83d\udccb<a href=\"https:\/\/drive.google.com\/file\/d\/17KkDwo7v18l-Gs9T9i4KZIKpjMuUmbbN\/view?usp=sharing\" target=\"_blank\" rel=\"noopener\"><span style=\"color: #339966;\"><strong><span style=\"color: #ff9900;\"><span style=\"color: #808000;\">PETICI\u00d3 ORDENADA 29\/04\/26<\/span><\/span><\/strong><\/span><\/a><\/h5>\n<h5>\ud83d\udccb<a href=\"https:\/\/drive.google.com\/file\/d\/1qxtQxqpFyArwDVpByIuLMi1cmhpXF9lB\/view?usp=sharing\" target=\"_blank\" rel=\"noopener\"><strong>INFORME BAREM DEFINITIU 23\/04\/26<\/strong><\/a><\/h5>\n<h5>\ud83d\udcc6\u200b<a href=\"https:\/\/drive.google.com\/file\/d\/1jH2P_nMk_OglLIchVV648zmjyOHXuuxo\/view?usp=sharing\" target=\"_blank\" rel=\"noopener\"><span style=\"color: #00ccff;\"><strong><span style=\"color: #339966;\">CALENDARI DE PREINSCRIPCI\u00d3 I MATR\u00cdCULA<\/span><\/strong><span style=\"color: #339966;\"> CURS 2026-2027<\/span><\/span><\/a><\/h5>\n<\/div>\n<h5>\ud83d\udccb\u200b<span style=\"color: #3366ff;\"><strong><a href=\"https:\/\/drive.google.com\/file\/d\/1ys3hmhz6ZNs7ZVgowTeeYMg5RxnitNyL\/view?usp=sharing\" target=\"_blank\" rel=\"noopener\"><strong><span style=\"color: #3366ff;\">OFERTA INICIAL DE PLACES I. E. \u00c0NGELA BRANSUELA<\/span><\/strong><\/a><br \/>\n<a href=\"https:\/\/agora.xtec.cat\/ceip-angela-bransuela\/wp-content\/uploads\/usu746\/2026\/04\/Screenshot_20260428_113334_Instagram.jpg\"><img loading=\"lazy\" decoding=\"async\" class=\"alignnone wp-image-8669\" src=\"https:\/\/agora.xtec.cat\/ceip-angela-bransuela\/wp-content\/uploads\/usu746\/2026\/04\/Screenshot_20260428_113334_Instagram.jpg\" alt=\"\" width=\"262\" height=\"328\" srcset=\"https:\/\/agora.xtec.cat\/ceip-angela-bransuela\/wp-content\/uploads\/usu746\/2026\/04\/Screenshot_20260428_113334_Instagram.jpg 1079w, https:\/\/agora.xtec.cat\/ceip-angela-bransuela\/wp-content\/uploads\/usu746\/2026\/04\/Screenshot_20260428_113334_Instagram-240x300.jpg 240w, https:\/\/agora.xtec.cat\/ceip-angela-bransuela\/wp-content\/uploads\/usu746\/2026\/04\/Screenshot_20260428_113334_Instagram-818x1024.jpg 818w, https:\/\/agora.xtec.cat\/ceip-angela-bransuela\/wp-content\/uploads\/usu746\/2026\/04\/Screenshot_20260428_113334_Instagram-768x961.jpg 768w\" sizes=\"auto, (max-width: 262px) 100vw, 262px\" \/><\/a><br \/>\n<\/strong><\/span><\/h5>\n<div class=\"descripcio link-dotted\">\n<hr \/>\n<\/div>\n<\/div>\n<\/div>\n<\/div>\n<\/div>\n<div><\/div>\n<\/div>\n<\/div>\n<\/div>\n<div><iframe loading=\"lazy\" src=\"\/\/www.youtube.com\/embed\/NKf15G20Nwo?si=kRlFENkhmd-NJuAg\" width=\"560\" height=\"314\" allowfullscreen=\"allowfullscreen\"><\/iframe><\/div>\n<\/article>\n<\/section>\n<p><!--more--><\/p>\n","protected":false},"excerpt":{"rendered":"<p><a href=\"https:\/\/drive.google.com\/file\/d\/19uyHR44wUYYgSdZgMwWUMo5KxUz9d60l\/view?usp=sharing\" target=\"_blank\" rel=\"noopener\">INFORMACI\u00d3 CURS 2025\/26<\/a><br \/>\nPer\u00a0 m\u00e9s informaci\u00f3 podeu contactar amb administraci\u00f3\u00a0 <a href=\"https:\/\/www.google.com\/search?q=institut+escola+%C3%A0ngela+bransuela&amp;rlz=1C1GCEB_enES1117ES1117&amp;oq=institut&amp;gs_lcrp=EgZjaHJvbWUqBggAEEUYOzIGCAAQRRg7MgYIARBFGDsyBggCEEUYOzIGCAMQRRg7MgYIBBBFGD0yBggFEEUYQTIGCAYQRRhB0gEINDg5MmowajeoAgiwAgE&amp;sourceid=chrome&amp;ie=UTF-8&amp;safe=active&amp;ssui=on#\" data-dtype=\"d3ph\" data-local-attribute=\"d3ph\" data-ved=\"2ahUKEwjn4MX9j6eLAxWxVKQEHei0MfcQkAgoAHoECC4QAw\">937 96 09 89<\/a>\u00a0o contacteu al seg\u00fcent correu: <a href=\"mailto:administracio@angelabransuela.cat\">administracio@angelabransuela.cat<\/a><br \/>\nHorari d&#8217;atenci\u00f3 a les fam\u00edlies Administraci\u00f3\/Secretaria:<br \/>\nDe dilluns a divendres matins\u00a0 de 09:00h a 13:00h\u00a0 i tardes de 14:30 a 16h.<br \/>\n\ud83d\udccb<a&hellip;  <a href=\"https:\/\/agora.xtec.cat\/ceip-angela-bransuela\/\" title=\"Read Publicaci\u00f3 de l&#8217;oferta inicial de places.\">Llegeix m\u00e9s\u00bb<\/a><\/p>\n","protected":false},"author":1,"featured_media":0,"parent":0,"menu_order":0,"comment_status":"closed","ping_status":"closed","template":"page-templates\/front-page.php","meta":{"_bbp_topic_count":0,"_bbp_reply_count":0,"_bbp_total_topic_count":0,"_bbp_total_reply_count":0,"_bbp_voice_count":0,"_bbp_anonymous_reply_count":0,"_bbp_topic_count_hidden":0,"_bbp_reply_count_hidden":0,"_bbp_forum_subforum_count":0,"footnotes":""},"class_list":["post-7","page","type-page","status-publish","hentry"],"post_mailing_queue_ids":[],"_links":{"self":[{"href":"https:\/\/agora.xtec.cat\/ceip-angela-bransuela\/wp-json\/wp\/v2\/pages\/7","targetHints":{"allow":["GET"]}}],"collection":[{"href":"https:\/\/agora.xtec.cat\/ceip-angela-bransuela\/wp-json\/wp\/v2\/pages"}],"about":[{"href":"https:\/\/agora.xtec.cat\/ceip-angela-bransuela\/wp-json\/wp\/v2\/types\/page"}],"author":[{"embeddable":true,"href":"https:\/\/agora.xtec.cat\/ceip-angela-bransuela\/wp-json\/wp\/v2\/users\/1"}],"replies":[{"embeddable":true,"href":"https:\/\/agora.xtec.cat\/ceip-angela-bransuela\/wp-json\/wp\/v2\/comments?post=7"}],"version-history":[{"count":10,"href":"https:\/\/agora.xtec.cat\/ceip-angela-bransuela\/wp-json\/wp\/v2\/pages\/7\/revisions"}],"predecessor-version":[{"id":8675,"href":"https:\/\/agora.xtec.cat\/ceip-angela-bransuela\/wp-json\/wp\/v2\/pages\/7\/revisions\/8675"}],"wp:attachment":[{"href":"https:\/\/agora.xtec.cat\/ceip-angela-bransuela\/wp-json\/wp\/v2\/media?parent=7"}],"curies":[{"name":"wp","href":"https:\/\/api.w.org\/{rel}","templated":true}]}}