{"id":5729,"date":"2019-11-14T10:55:23","date_gmt":"2019-11-14T09:55:23","guid":{"rendered":"http:\/\/agora.xtec.cat\/ceip-angela-bransuela\/?page_id=5729"},"modified":"2025-03-05T14:54:35","modified_gmt":"2025-03-05T13:54:35","slug":"aportacions-de-les-families","status":"publish","type":"page","link":"https:\/\/agora.xtec.cat\/ceip-angela-bransuela\/lescola\/documents-de-centre\/aportacions-de-les-families\/","title":{"rendered":"Aportacions de les fam\u00edlies"},"content":{"rendered":"<p>Les aportacions de les fam\u00edlies per al curs 2022-2023 s\u00f3n les seg\u00fcents:<\/p>\n<table style=\"border-collapse: collapse; width: 65.9899%; height: 53px;\">\n<tbody>\n<tr style=\"height: 33px;\">\n<td style=\"width: 88.3262%; height: 33px;\"><strong style=\"font-size: 16px;\">Educaci\u00f3 Infantil<\/strong><span style=\"font-size: 16px;\">\u00a0(P3, P4 i P5):<\/span><\/td>\n<td style=\"width: 49.0829%; height: 33px;\"><span style=\"font-size: 16px;\">170 \u20ac<\/span><\/td>\n<\/tr>\n<tr style=\"height: 33px;\">\n<td style=\"width: 88.3262%; height: 33px;\"><strong style=\"font-size: 16px; background-color: #ffffff;\">Educaci\u00f3 Prim\u00e0ria<\/strong><span style=\"font-size: 16px;\">\u00a0(1r, 2n, 3r, 4t, 5\u00e8 i 6\u00e8):\u00a0<\/span><\/td>\n<td style=\"width: 49.0829%; height: 33px;\"><span style=\"font-size: 16px;\">170 \u20ac<\/span><\/td>\n<\/tr>\n<tr style=\"height: 33px;\">\n<td style=\"width: 88.3262%; height: 33px;\"><strong style=\"font-size: 16px;\">Educaci\u00f3 Secund\u00e0ria Obligat\u00f2ria<\/strong><span style=\"font-size: 16px;\">\u00a0\/ ESO (1r, 2n, 3r i 4t)<\/span><strong style=\"font-size: 16px;\"><br \/>\n<\/strong><\/td>\n<td style=\"width: 49.0829%;\"><span style=\"font-size: 16px;\">250 \u20ac<\/span><\/td>\n<\/tr>\n<\/tbody>\n<\/table>\n<div><\/div>\n<div><\/div>\n<div>\n<ul>\n<li style=\"text-align: justify;\">L&#8217;<strong><u>Aportaci\u00f3 de les fam\u00edlies<\/u><\/strong>, \u00e9s l&#8217;aportaci\u00f3 econ\u00f2mica que el centre demana a les fam\u00edlies per poder portar a terme els projectes i activitats did\u00e0ctiques que hem previst realitzar aquest proper curs 2024\/25.<\/li>\n<\/ul>\n<ul style=\"text-align: justify;\">\n<li>En aquesta\u00a0<span class=\"il\">quota<\/span>\u00a0no nom\u00e9s hi ha el\u00a0<u>material escolar<\/u> que el centre facilita als alumnes (agenda escolar, fulls, carpeta, material fungible divers,&#8230;) sin\u00f3 que tamb\u00e9 hi ha incloses les\u00a0<strong><u>llic\u00e8ncies digitals<\/u><\/strong>\u00a0(els antics llibres de text), els<u>\u00a0<strong>llibres de lectura dels alumnes<\/strong><\/u>, el\u00a0<u><strong>material de visual i pl\u00e0stica<\/strong>,<\/u>\u00a0el\u00a0<u><strong>material d&#8217;experimentaci\u00f3<\/strong>,<\/u>\u00a0el\u00a0<u><strong>material de laboratori<\/strong>,<\/u>el\u00a0<u><strong>material tecnol\u00f2gic<\/strong>,\u00a0<\/u>el\u00a0<u><strong>material de taller<\/strong>,<\/u>\u00a0el\u00a0<u><strong>material d&#8217;educaci\u00f3 f\u00edsica<\/strong>,<\/u>\u00a0el\u00a0<strong><u>material de m\u00fasica<\/u><\/strong>, el\u00a0<strong><u>material per a la biblioteca<\/u><\/strong>,\u00a0 &#8230; i una quantitat destinada per a les\u00a0<strong><u>sortides de caire pedag\u00f2gic i tallers<\/u>\u00a0<\/strong>(dins o fora del centre) que es puguin realitzar durant el curs. Cada grup-classe realitzar\u00e0 sortides que necessiten autocar i aquests tamb\u00e9 es pagaran amb aquesta aportaci\u00f3.<\/li>\n<\/ul>\n<ul style=\"text-align: justify;\">\n<li>Tamb\u00e9 utilitzem aquesta aportaci\u00f3 per renovar els ordinadors\/tablets\/ipads del centre, les pissarres digitals i per a altres activitats en les que el centre necessita invertir-hi diners.<\/li>\n<\/ul>\n<ul style=\"text-align: justify;\">\n<li><b><u>Som conscients que \u00e9s un esfor\u00e7 econ\u00f2mic molt important el que us demanem<\/u><\/b>. Intentem tamb\u00e9 utilitzar qualsevol subvenci\u00f3 i\/o beques al nostre abast per tal de seguir mantenint i no incrementar aquesta aportaci\u00f3. Recordeu que no hi ha cap problema en fraccionar els pagaments i que podeu posar-vos en contacte amb la secret\u00e0ria del centre (<a href=\"mailto:secretaria@angelabransuela.cat\" target=\"_blank\" rel=\"noopener\">secretaria@angelabransuela.<wbr \/>cat<\/a>) per a qualsevol problema que tingueu.<\/li>\n<\/ul>\n<ul>\n<li style=\"text-align: justify;\">La\u00a0<strong><u>Secret\u00e0ria del centre<\/u><\/strong>\u00a0\u00e9s l&#8217;encarregada de vetllar per la gesti\u00f3 i optimitzaci\u00f3 dels processos econ\u00f2mics del centre. Cada curs es presenta al\u00a0<strong><u>Consell Escolar<\/u><\/strong>\u00a0la justificaci\u00f3 dels ingressos i les despeses i el pressupost pel curs vinent. Tota aquesta documentaci\u00f3 est\u00e0 a l&#8217;abast de qualsevol personal que la vulgui consultar.<\/li>\n<\/ul>\n<\/div>\n<div>Per \u00a0a qualsevol consulta us podeu adre\u00e7ar a:\u00a0<a href=\"mailto:secretaria@angelabransuela.cat\" target=\"_blank\" rel=\"noopener\">secretaria@angelabransuela.cat<\/a><\/div>\n<p>&nbsp;<\/p>\n","protected":false},"excerpt":{"rendered":"<p>Les aportacions de les fam\u00edlies per al curs 2022-2023 s\u00f3n les seg\u00fcents:<\/p>\n<p>Educaci\u00f3 Infantil\u00a0(P3, P4 i P5):<br \/>\n170 \u20ac<\/p>\n<p>Educaci\u00f3 Prim\u00e0ria\u00a0(1r, 2n, 3r, 4t, 5\u00e8 i 6\u00e8):\u00a0<br \/>\n170 \u20ac<\/p>\n<p>Educaci\u00f3 Secund\u00e0ria Obligat\u00f2ria\u00a0\/ ESO (1r, 2n, 3r i 4t)<\/p>\n<p>250 \u20ac<\/p>\n<ul>\n<li style=\"text-align: justify;\">L&#8217;Aportaci\u00f3 de les fam\u00edlies, \u00e9s l&#8217;aportaci\u00f3 econ\u00f2mica que el centre&hellip;  <a href=\"https:\/\/agora.xtec.cat\/ceip-angela-bransuela\/lescola\/documents-de-centre\/aportacions-de-les-families\/\" title=\"Read Aportacions de les fam\u00edlies\">Llegeix m\u00e9s\u00bb<\/a><br \/>\n","protected":false},"author":1,"featured_media":0,"parent":5706,"menu_order":5,"comment_status":"closed","ping_status":"closed","template":"","meta":{"_bbp_topic_count":0,"_bbp_reply_count":0,"_bbp_total_topic_count":0,"_bbp_total_reply_count":0,"_bbp_voice_count":0,"_bbp_anonymous_reply_count":0,"_bbp_topic_count_hidden":0,"_bbp_reply_count_hidden":0,"_bbp_forum_subforum_count":0,"footnotes":""},"class_list":["post-5729","page","type-page","status-publish","hentry"],"post_mailing_queue_ids":[],"_links":{"self":[{"href":"https:\/\/agora.xtec.cat\/ceip-angela-bransuela\/wp-json\/wp\/v2\/pages\/5729","targetHints":{"allow":["GET"]}}],"collection":[{"href":"https:\/\/agora.xtec.cat\/ceip-angela-bransuela\/wp-json\/wp\/v2\/pages"}],"about":[{"href":"https:\/\/agora.xtec.cat\/ceip-angela-bransuela\/wp-json\/wp\/v2\/types\/page"}],"author":[{"embeddable":true,"href":"https:\/\/agora.xtec.cat\/ceip-angela-bransuela\/wp-json\/wp\/v2\/users\/1"}],"replies":[{"embeddable":true,"href":"https:\/\/agora.xtec.cat\/ceip-angela-bransuela\/wp-json\/wp\/v2\/comments?post=5729"}],"version-history":[{"count":8,"href":"https:\/\/agora.xtec.cat\/ceip-angela-bransuela\/wp-json\/wp\/v2\/pages\/5729\/revisions"}],"predecessor-version":[{"id":8348,"href":"https:\/\/agora.xtec.cat\/ceip-angela-bransuela\/wp-json\/wp\/v2\/pages\/5729\/revisions\/8348"}],"up":[{"embeddable":true,"href":"https:\/\/agora.xtec.cat\/ceip-angela-bransuela\/wp-json\/wp\/v2\/pages\/5706"}],"wp:attachment":[{"href":"https:\/\/agora.xtec.cat\/ceip-angela-bransuela\/wp-json\/wp\/v2\/media?parent=5729"}],"curies":[{"name":"wp","href":"https:\/\/api.w.org\/{rel}","templated":true}]}}