{"id":5359,"date":"2019-02-15T13:45:36","date_gmt":"2019-02-15T12:45:36","guid":{"rendered":"http:\/\/agora.xtec.cat\/ceip-angela-bransuela\/?page_id=5359"},"modified":"2022-06-12T18:22:51","modified_gmt":"2022-06-12T16:22:51","slug":"projecte-linguistic","status":"publish","type":"page","link":"https:\/\/agora.xtec.cat\/ceip-angela-bransuela\/lescola\/documents-de-centre\/projecte-educatiu\/projecte-linguistic\/","title":{"rendered":"PROJECTE LING\u00dc\u00cdSTIC DE CENTRE (PLC)"},"content":{"rendered":"<p>Des d&#8217;<a href=\"https:\/\/agora.xtec.cat\/ceip-angela-bransuela\/wp-content\/uploads\/usu746\/2022\/06\/Projecte-Linguistic-de-Centre_IE_Angela-Bransula_08076157.pdf\">aqu\u00ed<\/a> podreu accedir al projecte Ling\u00fc\u00edstic (PLC) del nostre centre:<\/p>\n<p><a href=\"https:\/\/agora.xtec.cat\/ceip-angela-bransuela\/wp-content\/uploads\/usu746\/2022\/06\/Projecte-Linguistic-de-Centre_IE_Angela-Bransula_08076157.pdf\"><img loading=\"lazy\" decoding=\"async\" class=\"alignnone wp-image-5363 size-full\" src=\"https:\/\/agora.xtec.cat\/ceip-angela-bransuela\/wp-content\/uploads\/usu746\/2019\/02\/PLC-IE-AB.jpg\" alt=\"\" width=\"527\" height=\"665\" srcset=\"https:\/\/agora.xtec.cat\/ceip-angela-bransuela\/wp-content\/uploads\/usu746\/2019\/02\/PLC-IE-AB.jpg 527w, https:\/\/agora.xtec.cat\/ceip-angela-bransuela\/wp-content\/uploads\/usu746\/2019\/02\/PLC-IE-AB-238x300.jpg 238w\" sizes=\"auto, (max-width: 527px) 100vw, 527px\" \/><\/a><\/p>\n<p><a href=\"https:\/\/agora.xtec.cat\/ceip-angela-bransuela\/wp-content\/uploads\/usu746\/2022\/06\/Projecte-Linguistic-de-Centre_IE_Angela-Bransula_08076157.pdf\">Projecte Ling\u00fc\u00edstic de Centre_IE_Angela Bransula_08076157<\/a><\/p>\n<p>(El PLC est\u00e0 en revisi\u00f3 per\u00f2 en podeu consultar la seva versi\u00f3 provisional)<\/p>\n","protected":false},"excerpt":{"rendered":"<p>Des d&#8217;<a href=\"https:\/\/agora.xtec.cat\/ceip-angela-bransuela\/wp-content\/uploads\/usu746\/2022\/06\/Projecte-Linguistic-de-Centre_IE_Angela-Bransula_08076157.pdf\">aqu\u00ed<\/a> podreu accedir al projecte Ling\u00fc\u00edstic (PLC) del nostre centre:<br \/>\n<a href=\"https:\/\/agora.xtec.cat\/ceip-angela-bransuela\/wp-content\/uploads\/usu746\/2022\/06\/Projecte-Linguistic-de-Centre_IE_Angela-Bransula_08076157.pdf\"><\/a><br \/>\n<a href=\"https:\/\/agora.xtec.cat\/ceip-angela-bransuela\/wp-content\/uploads\/usu746\/2022\/06\/Projecte-Linguistic-de-Centre_IE_Angela-Bransula_08076157.pdf\">Projecte Ling\u00fc\u00edstic de Centre_IE_Angela Bransula_08076157<\/a><br \/>\n(El PLC est\u00e0 en revisi\u00f3 per\u00f2 en podeu consultar la seva versi\u00f3 provisional)<\/p>\n","protected":false},"author":1,"featured_media":0,"parent":64,"menu_order":1,"comment_status":"closed","ping_status":"closed","template":"page-templates\/side-menu.php","meta":{"_bbp_topic_count":0,"_bbp_reply_count":0,"_bbp_total_topic_count":0,"_bbp_total_reply_count":0,"_bbp_voice_count":0,"_bbp_anonymous_reply_count":0,"_bbp_topic_count_hidden":0,"_bbp_reply_count_hidden":0,"_bbp_forum_subforum_count":0,"footnotes":""},"class_list":["post-5359","page","type-page","status-publish","hentry"],"post_mailing_queue_ids":[],"_links":{"self":[{"href":"https:\/\/agora.xtec.cat\/ceip-angela-bransuela\/wp-json\/wp\/v2\/pages\/5359","targetHints":{"allow":["GET"]}}],"collection":[{"href":"https:\/\/agora.xtec.cat\/ceip-angela-bransuela\/wp-json\/wp\/v2\/pages"}],"about":[{"href":"https:\/\/agora.xtec.cat\/ceip-angela-bransuela\/wp-json\/wp\/v2\/types\/page"}],"author":[{"embeddable":true,"href":"https:\/\/agora.xtec.cat\/ceip-angela-bransuela\/wp-json\/wp\/v2\/users\/1"}],"replies":[{"embeddable":true,"href":"https:\/\/agora.xtec.cat\/ceip-angela-bransuela\/wp-json\/wp\/v2\/comments?post=5359"}],"version-history":[{"count":4,"href":"https:\/\/agora.xtec.cat\/ceip-angela-bransuela\/wp-json\/wp\/v2\/pages\/5359\/revisions"}],"predecessor-version":[{"id":6719,"href":"https:\/\/agora.xtec.cat\/ceip-angela-bransuela\/wp-json\/wp\/v2\/pages\/5359\/revisions\/6719"}],"up":[{"embeddable":true,"href":"https:\/\/agora.xtec.cat\/ceip-angela-bransuela\/wp-json\/wp\/v2\/pages\/64"}],"wp:attachment":[{"href":"https:\/\/agora.xtec.cat\/ceip-angela-bransuela\/wp-json\/wp\/v2\/media?parent=5359"}],"curies":[{"name":"wp","href":"https:\/\/api.w.org\/{rel}","templated":true}]}}