{"id":3975,"date":"2017-02-19T16:55:20","date_gmt":"2017-02-19T15:55:20","guid":{"rendered":"http:\/\/agora.xtec.cat\/ceip-alberich\/?page_id=3975"},"modified":"2026-04-08T16:28:56","modified_gmt":"2026-04-08T14:28:56","slug":"menjador","status":"publish","type":"page","link":"https:\/\/agora.xtec.cat\/ceip-alberich\/amipa\/menjador\/","title":{"rendered":"Espai migdia"},"content":{"rendered":"\n<p>El Consell Comarcal del Baix Camp va aprovar, per acord de la Junta de Govern de 4 de juny de 2013, autoritzar a l&#8217;AFA de l\u2019Escola Doctor Alberich i Casas de Reus la gesti\u00f3 del servei de menjador escolar a partir del curs 2013\/14.<\/p>\n\n\n\n<p><a href=\"https:\/\/drive.google.com\/file\/d\/1VI9UMVLGigP_XbOkHfX24dpoNHUJXCWW\/view?usp=sharing\">Carta inici de curs 2024-2025<\/a><\/p>\n\n\n\n<h4 class=\"wp-block-heading\"><strong>Empresa i men\u00fas<\/strong><\/h4>\n\n\n\n<p>L\u2019empresa contractada per desenvolupar el servei al centre \u00e9s:<strong> \u201c\u00c0pats Sans,S.L.\u201d.<\/strong><\/p>\n\n\n\n<h5 class=\"wp-block-heading\"><strong>Horari<\/strong><\/h5>\n\n\n\n<p><strong>L\u2019horari del menjador \u00e9s de 12.50h a 15.00h pels alumnes d&#8217;I3 i de 13.00h a 15.00h per la resta d\u2019alumnes de l\u2019escola.<\/strong><\/p>\n\n\n\n<p>Durant el per\u00edode de jornada continuada i jornades en les quals el centre finalitza la seva activitat a les 12.30 h, l\u2019horari del menjador \u00e9s de 12.20 h a 14:30 pels alumnes de I3 i de 12.30 h a 14.30 h per la resta de l\u2019escola.<\/p>\n\n\n\n<p>Segons resoluci\u00f3 <a href=\"https:\/\/cido.diba.cat\/legislacio\/16942066\/resolucio-edu4482024-de-8-de-febrer-per-la-qual-es-determina-el-preu-maxim-de-la-prestacio-del-servei-escolar-de-menjador-dels-centres-educatius-de-titularitat-del-departament-deducacio-i-el-preu-de-lajut-individual-de-menjador-escolar-per-a-lalumnat-escolaritzat-fora-del-seu-municipi-de-residencia-en-centres-educatius-privats-concertats-i-municipals-dacord-amb-la-planificacio-feta-al-mapa-escolar-per-al-curs-escolar-2024-2025-departament-deducacio\">RESOLUCI\u00d3 EDU\/448\/2024<\/a>.<\/p>\n\n\n\n<h5 class=\"wp-block-heading\"><strong>Preu 25-26<\/strong><\/h5>\n\n\n\n<figure class=\"wp-block-table\"><table class=\"has-fixed-layout\"><tbody><tr><td>Preu per habituals<\/td><td>7,13\u20ac\/men\u00fa<\/td><\/tr><tr><td>Preu per espor\u00e0dics<\/td><td>7,85\u20ac\/men\u00fa<\/td><\/tr><\/tbody><\/table><\/figure>\n\n\n\n<p>Segons resoluci\u00f3 <a href=\"https:\/\/dogc.gencat.cat\/ca\/document-del-dogc\/?documentId=1011204\">EDF\/1222\/2025<\/a><\/p>\n\n\n\n<h4 class=\"wp-block-heading\"><strong>&nbsp;Comunicaci\u00f3<\/strong><\/h4>\n\n\n\n<p>En cas de necessitar fer alguna consulta puntual (dietes, no assist\u00e8ncia, venda de tiquets\u2026) o <strong>inscriure&#8217;s al servei<\/strong>, adreceu-vos a trav\u00e9s de l&#8217;aplicaci\u00f3 de <strong>Dinantia<\/strong> a &#8220;<em>Coordinaci\u00f3 espai de migdia&#8221;<\/em> o al tel\u00e8fon en horari d\u2019escola 644865052<\/p>\n\n\n\n<figure class=\"wp-block-table\"><table class=\"has-ast-global-color-0-background-color has-background has-fixed-layout\"><tbody><tr><td><strong>ATENCI\u00d3<\/strong>: El Whatsapp no \u00e9s un canal de comunicaci\u00f3 v\u00e0lid<\/td><\/tr><\/tbody><\/table><\/figure>\n\n\n\n<p>En cas de dubte sobre el funcionament general del menjador, suggeriments de millora, queixes que es detectin durant l\u2019estona de dinar o amb les activitats que es realitzen durant l\u2019espai de descans\u2026, adreceu-vos a l\u2019e-mail de l&#8217;AFA a trav\u00e9s de l&#8217;aplicaci\u00f3 de <strong>Dinantia<\/strong> a &#8220;<em>AFA (Associaci\u00f3 de Fam\u00edlies)<\/em>&#8221; o per correu electr\u00f2nic a <a href=\"mailto:amipa.alberichicasas@gmail.com\">afa<span class=\"\">@<\/span>alberichicasas<span class=\"\">.com<\/span><\/a><\/p>\n\n\n\n<h4 class=\"wp-block-heading\"><strong>AVIS IMPORTANT ESPOR\u00c0DICS I ACOLLIDES<\/strong><\/h4>\n\n\n\n<figure class=\"wp-block-table is-style-regular\"><table class=\"has-ast-global-color-0-background-color has-background has-fixed-layout\"><tbody><tr><td><strong>ESPOR\u00c0DICS<\/strong><br><p>Horari de\u00a0<strong>8:30h a 9:30h<\/strong> confirmaci\u00f3 d\u2019assist\u00e8ncia dels espor\u00e0dics aix\u00ed com les faltes<\/p><br><p><strong>COMPRA DE TIQUETS<\/strong><\/p><br><p>Podreu comprar tiquets per TPV virtual en el vostre espai personal dins de la <a href=\"https:\/\/apatssans.cat\/centres-educatius\/\" data-type=\"link\" data-id=\"https:\/\/apatssans.cat\/centres-educatius\/\"><mark>web<\/mark><\/a> de \u00c0pats Sans<\/p><br><\/td><\/tr><\/tbody><\/table><\/figure>\n\n\n\n<p>&nbsp;<\/p>\n\n\n\n<p><\/p>\n","protected":false},"excerpt":{"rendered":"<p>El Consell Comarcal del Baix Camp va aprovar, per acord de la Junta de Govern de 4 de juny de 2013, autoritzar a l&#8217;AFA de l\u2019Escola Doctor Alberich i Casas de Reus la gesti\u00f3 del servei de menjador escolar a partir del curs 2013\/14. Carta inici de curs 2024-2025 Empresa i men\u00fas L\u2019empresa contractada per [&hellip;]<\/p>\n","protected":false},"author":1,"featured_media":0,"parent":296,"menu_order":40,"comment_status":"closed","ping_status":"closed","template":"","meta":{"_bbp_topic_count":0,"_bbp_reply_count":0,"_bbp_total_topic_count":0,"_bbp_total_reply_count":0,"_bbp_voice_count":0,"_bbp_anonymous_reply_count":0,"_bbp_topic_count_hidden":0,"_bbp_reply_count_hidden":0,"_bbp_forum_subforum_count":0,"site-sidebar-layout":"default","site-content-layout":"","ast-site-content-layout":"default","site-content-style":"default","site-sidebar-style":"default","ast-global-header-display":"","ast-banner-title-visibility":"","ast-main-header-display":"","ast-hfb-above-header-display":"","ast-hfb-below-header-display":"","ast-hfb-mobile-header-display":"","site-post-title":"","ast-breadcrumbs-content":"","ast-featured-img":"","footer-sml-layout":"","theme-transparent-header-meta":"default","adv-header-id-meta":"","stick-header-meta":"","header-above-stick-meta":"","header-main-stick-meta":"","header-below-stick-meta":"","astra-migrate-meta-layouts":"set","ast-page-background-enabled":"default","ast-page-background-meta":{"desktop":{"background-color":"var(--ast-global-color-5)","background-image":"","background-repeat":"repeat","background-position":"center center","background-size":"auto","background-attachment":"scroll","background-type":"","background-media":"","overlay-type":"","overlay-color":"","overlay-opacity":"","overlay-gradient":""},"tablet":{"background-color":"","background-image":"","background-repeat":"repeat","background-position":"center center","background-size":"auto","background-attachment":"scroll","background-type":"","background-media":"","overlay-type":"","overlay-color":"","overlay-opacity":"","overlay-gradient":""},"mobile":{"background-color":"","background-image":"","background-repeat":"repeat","background-position":"center center","background-size":"auto","background-attachment":"scroll","background-type":"","background-media":"","overlay-type":"","overlay-color":"","overlay-opacity":"","overlay-gradient":""}},"ast-content-background-meta":{"desktop":{"background-color":"var(--ast-global-color-4)","background-image":"","background-repeat":"repeat","background-position":"center center","background-size":"auto","background-attachment":"scroll","background-type":"","background-media":"","overlay-type":"","overlay-color":"","overlay-opacity":"","overlay-gradient":""},"tablet":{"background-color":"var(--ast-global-color-4)","background-image":"","background-repeat":"repeat","background-position":"center center","background-size":"auto","background-attachment":"scroll","background-type":"","background-media":"","overlay-type":"","overlay-color":"","overlay-opacity":"","overlay-gradient":""},"mobile":{"background-color":"var(--ast-global-color-4)","background-image":"","background-repeat":"repeat","background-position":"center center","background-size":"auto","background-attachment":"scroll","background-type":"","background-media":"","overlay-type":"","overlay-color":"","overlay-opacity":"","overlay-gradient":""}},"footnotes":""},"class_list":["post-3975","page","type-page","status-publish","hentry"],"post_mailing_queue_ids":[],"_links":{"self":[{"href":"https:\/\/agora.xtec.cat\/ceip-alberich\/wp-json\/wp\/v2\/pages\/3975","targetHints":{"allow":["GET"]}}],"collection":[{"href":"https:\/\/agora.xtec.cat\/ceip-alberich\/wp-json\/wp\/v2\/pages"}],"about":[{"href":"https:\/\/agora.xtec.cat\/ceip-alberich\/wp-json\/wp\/v2\/types\/page"}],"author":[{"embeddable":true,"href":"https:\/\/agora.xtec.cat\/ceip-alberich\/wp-json\/wp\/v2\/users\/1"}],"replies":[{"embeddable":true,"href":"https:\/\/agora.xtec.cat\/ceip-alberich\/wp-json\/wp\/v2\/comments?post=3975"}],"version-history":[{"count":5,"href":"https:\/\/agora.xtec.cat\/ceip-alberich\/wp-json\/wp\/v2\/pages\/3975\/revisions"}],"predecessor-version":[{"id":10108,"href":"https:\/\/agora.xtec.cat\/ceip-alberich\/wp-json\/wp\/v2\/pages\/3975\/revisions\/10108"}],"up":[{"embeddable":true,"href":"https:\/\/agora.xtec.cat\/ceip-alberich\/wp-json\/wp\/v2\/pages\/296"}],"wp:attachment":[{"href":"https:\/\/agora.xtec.cat\/ceip-alberich\/wp-json\/wp\/v2\/media?parent=3975"}],"curies":[{"name":"wp","href":"https:\/\/api.w.org\/{rel}","templated":true}]}}