{"id":34,"date":"2014-09-18T12:32:18","date_gmt":"2014-09-18T11:32:18","guid":{"rendered":"http:\/\/agora.xtec.cat\/ceip-agsantandreu\/?page_id=34"},"modified":"2025-06-19T11:26:16","modified_gmt":"2025-06-19T09:26:16","slug":"oferta-educativa","status":"publish","type":"page","link":"https:\/\/agora.xtec.cat\/ceip-agsantandreu\/lescola\/oferta-educativa\/","title":{"rendered":"Documentaci\u00f3"},"content":{"rendered":"<p>En aquesta p\u00e0gina trobareu tota la documentaci\u00f3 del proper curs<\/p>\n<h5><\/h5>\n<h2 class=\"entry-title\">Declaraci\u00f3 responsable curs 25\/26<\/h2>\n<p>Durant aquest per\u00edode totes les fam\u00edlies s&#8217;hauran de comprometre amb l&#8217;estat de salut dels seus fills i filles, mitjan\u00e7ant els seg\u00fcents documents. Una declaraci\u00f3 responsable per a les fam\u00edlies segons l&#8217;etapa que realitza l&#8217;alumnat a l&#8217;escola.<\/p>\n<p><span style=\"color: #0000ff;\"><a style=\"color: #0000ff;\" href=\"https:\/\/agora.xtec.cat\/ceip-agsantandreu\/wp-content\/uploads\/usu37\/2020\/09\/A819.pdf\" target=\"_blank\" rel=\"noopener noreferrer\">Declaraci\u00f3 responsable per a fam\u00edlies d&#8217;educaci\u00f3 infantil.<\/a><\/span><\/p>\n<p><span style=\"color: #0000ff;\"><a style=\"color: #0000ff;\" href=\"https:\/\/agora.xtec.cat\/ceip-agsantandreu\/wp-content\/uploads\/usu37\/2020\/09\/A818.pdf\" target=\"_blank\" rel=\"noopener noreferrer\">Declaraci\u00f3 responsable per a fam\u00edlies d&#8217;educaci\u00f3 prim\u00e0ria.<\/a><\/span><\/p>\n<h2 class=\"entry-title\"><\/h2>\n<h2 class=\"entry-title\">Llibres de text<\/h2>\n<h6><span style=\"color: #0000ff;\"><strong><a style=\"color: #0000ff;\" href=\"https:\/\/agora.xtec.cat\/ceip-agsantandreu\/wp-content\/uploads\/usu37\/2025\/06\/llibres-2025-26.pdf\" target=\"_blank\" rel=\"noopener noreferrer\">LLISTAT LLIBRES CURS 25-26<\/a><\/strong><\/span><\/h6>\n<p>&nbsp;<\/p>\n<h2 class=\"entry-title\">Material escolar<\/h2>\n<p><strong><span style=\"color: #0000ff;\"><a style=\"color: #0000ff;\" href=\"https:\/\/agora.xtec.cat\/ceip-agsantandreu\/wp-content\/uploads\/usu37\/2025\/06\/Llistat-Material-25-26.pdf\" target=\"_blank\" rel=\"noopener noreferrer\">LLISTAT MATERIAL CURS 25-26<\/a><\/span><\/strong><\/p>\n<p>&nbsp;<\/p>\n<h2 class=\"entry-title\">Autoritzacions<\/h2>\n<p>Com cada curs us farem arribar la documentaci\u00f3 que cal que signeu i r<u>etorneu al tutor\/a del vostre fill\/a abans del 20 de setembre.<\/u><br \/>\nTot i aix\u00ed, les teniu a continuaci\u00f3 en format digital per si necessiteu descarregar-les.<\/p>\n<p><span style=\"color: #3366ff;\"><a style=\"color: #3366ff;\" href=\"https:\/\/agora.xtec.cat\/ceip-agsantandreu\/wp-content\/uploads\/usu37\/2019\/06\/5.paracetamol-19-20.pdf\">Paracetamol<\/a><\/span><\/p>\n<p><span style=\"color: #3366ff;\"><a style=\"color: #3366ff;\" href=\"https:\/\/agora.xtec.cat\/ceip-agsantandreu\/wp-content\/uploads\/usu37\/2019\/06\/4.autoritzacions-en-cas-daccident19-20.pdf\">Autoritzaci\u00f3 en cas d&#8217;accident<\/a><\/span><\/p>\n<p><span style=\"color: #3366ff;\"><a style=\"color: #3366ff;\" href=\"https:\/\/agora.xtec.cat\/ceip-agsantandreu\/wp-content\/uploads\/usu37\/2019\/06\/3.autoritzaci\u00f3-sortides-poble-19-20.pdf\">Autoritzaci\u00f3 sortides poble<\/a><\/span><\/p>\n<p><span style=\"color: #3366ff;\"><a style=\"color: #3366ff;\" href=\"https:\/\/drive.google.com\/file\/d\/101CcPwUdInCYVfJ9bLq5gWMZnmzIX8Du\/view?usp=sharing\" target=\"_blank\" rel=\"noopener\">Autoritzaci\u00f3 drets imatge<\/a><\/span><\/p>\n<p><span style=\"color: #3366ff;\"><a style=\"color: #3366ff;\" href=\"https:\/\/drive.google.com\/file\/d\/1lXU2lmjINRNkRXc26IzQPB5PUUbrGJl7\/view?usp=sharing\" target=\"_blank\" rel=\"noopener\">Autoritzaci\u00f3 correu electr\u00f2nic i serveis digitals<\/a><\/span><\/p>\n<p><span style=\"color: #3366ff;\"><a style=\"color: #3366ff;\" href=\"https:\/\/agora.xtec.cat\/ceip-agsantandreu\/wp-content\/uploads\/usu37\/2019\/06\/1.autoritzaci\u00f3-sortir-sols-19-20.pdf\">Autoritzaci\u00f3 sortir sols<\/a><\/span><\/p>\n<p>Tamb\u00e9 seria convenient que en cas que s\u2019hagi produ\u00eft algun canvi (adre\u00e7a, tel\u00e8fons, observacions m\u00e8diques, al\u00b7l\u00e8rgies\u2026) es comuniqui al tutor\/a del vostre fill\/a i\/o a la secretaria del centre.<\/p>\n<p><span style=\"color: #0000ff;\"><a style=\"color: #0000ff;\" href=\"https:\/\/agora.xtec.cat\/ceip-agsantandreu\/wp-content\/uploads\/usu37\/2019\/09\/administraci\u00f3-medicaments.pdf\">Administraci\u00f3 medicaments (per altres medicaments i amb prescripci\u00f3 m\u00e8dica)<\/a><\/span><\/p>\n<h2 class=\"entry-title\"><\/h2>\n","protected":false},"excerpt":{"rendered":"<p>En aquesta p\u00e0gina trobareu tota la documentaci\u00f3 del proper curs<\/p>\n<p>Declaraci\u00f3 responsable curs 25\/26<br \/>\nDurant aquest per\u00edode totes les fam\u00edlies s&#8217;hauran de comprometre amb l&#8217;estat de salut dels seus fills i filles, mitjan\u00e7ant els seg\u00fcents documents. Una declaraci\u00f3 responsable per a les fam\u00edlies segons l&#8217;etapa que realitza&hellip;  <a href=\"https:\/\/agora.xtec.cat\/ceip-agsantandreu\/lescola\/oferta-educativa\/\" title=\"Read Documentaci\u00f3\">Llegeix m\u00e9s\u00bb<\/a><\/p>\n","protected":false},"author":1,"featured_media":0,"parent":22,"menu_order":60,"comment_status":"closed","ping_status":"closed","template":"page-templates\/side-menu.php","meta":{"_bbp_topic_count":0,"_bbp_reply_count":0,"_bbp_total_topic_count":0,"_bbp_total_reply_count":0,"_bbp_voice_count":0,"_bbp_anonymous_reply_count":0,"_bbp_topic_count_hidden":0,"_bbp_reply_count_hidden":0,"_bbp_forum_subforum_count":0,"footnotes":""},"class_list":["post-34","page","type-page","status-publish","hentry"],"post_mailing_queue_ids":[],"_links":{"self":[{"href":"https:\/\/agora.xtec.cat\/ceip-agsantandreu\/wp-json\/wp\/v2\/pages\/34","targetHints":{"allow":["GET"]}}],"collection":[{"href":"https:\/\/agora.xtec.cat\/ceip-agsantandreu\/wp-json\/wp\/v2\/pages"}],"about":[{"href":"https:\/\/agora.xtec.cat\/ceip-agsantandreu\/wp-json\/wp\/v2\/types\/page"}],"author":[{"embeddable":true,"href":"https:\/\/agora.xtec.cat\/ceip-agsantandreu\/wp-json\/wp\/v2\/users\/1"}],"replies":[{"embeddable":true,"href":"https:\/\/agora.xtec.cat\/ceip-agsantandreu\/wp-json\/wp\/v2\/comments?post=34"}],"version-history":[{"count":6,"href":"https:\/\/agora.xtec.cat\/ceip-agsantandreu\/wp-json\/wp\/v2\/pages\/34\/revisions"}],"predecessor-version":[{"id":9067,"href":"https:\/\/agora.xtec.cat\/ceip-agsantandreu\/wp-json\/wp\/v2\/pages\/34\/revisions\/9067"}],"up":[{"embeddable":true,"href":"https:\/\/agora.xtec.cat\/ceip-agsantandreu\/wp-json\/wp\/v2\/pages\/22"}],"wp:attachment":[{"href":"https:\/\/agora.xtec.cat\/ceip-agsantandreu\/wp-json\/wp\/v2\/media?parent=34"}],"curies":[{"name":"wp","href":"https:\/\/api.w.org\/{rel}","templated":true}]}}