{"id":30,"date":"2014-09-18T12:30:23","date_gmt":"2014-09-18T11:30:23","guid":{"rendered":"http:\/\/agora.xtec.cat\/ceip-agsantandreu\/?page_id=30"},"modified":"2026-02-19T13:23:42","modified_gmt":"2026-02-19T12:23:42","slug":"instal%c2%b7lacions","status":"publish","type":"page","link":"https:\/\/agora.xtec.cat\/ceip-agsantandreu\/lescola\/instal%c2%b7lacions\/","title":{"rendered":"Personal del Centre"},"content":{"rendered":"<h2><span style=\"text-decoration: underline; color: #3366ff;\">CURS\u00a0\u00a02025\/2026<\/span><\/h2>\n<div class=\"entry-content\">\n<h5><strong>EQUIP DIRECTIU<\/strong><\/h5>\n<ul>\n<li>Direcci\u00f3: Jos\u00e9 Antonio F\u00e9rriz<\/li>\n<li>Cap d\u2019Estudis: Mireia S\u00e1ez<\/li>\n<li>Secret\u00e0ria: M. \u00c1ngeles L\u00f3pez<\/li>\n<\/ul>\n<\/div>\n<h5>MESTRES COMUNITAT DE PETITS<\/h5>\n<div class=\"entry-content\">\n<ul>\n<li>I.3: M. Luz Orta<\/li>\n<li>I.4: Marta Llorens \/ Lidia Mola<\/li>\n<li>I.5: N\u00faria Llad\u00f3<\/li>\n<li>Refor\u00e7 Infantil: Asunci\u00f3n Callen<\/li>\n<li>T\u00e8cnica Educaci\u00f3 Infantil: Anna Niub\u00f2<\/li>\n<\/ul>\n<h5>MESTRES COMUNITAT DE MITJANS<\/h5>\n<ul>\n<li>1r A: Gloria Criado<\/li>\n<li>1r B: Laia Molinero<\/li>\n<li>2n A: Roser Barrera<\/li>\n<li>2n B: Ana Maldonado \/ Eva Momp\u00f3<\/li>\n<li>3r A: Maria Garrido<\/li>\n<li>3r B: Mireia Duran<\/li>\n<li>Vetlladora: Noelia Mart\u00edn<\/li>\n<\/ul>\n<h5>MESTRES COMUNITAT DE GRANS<\/h5>\n<ul>\n<li>4t A: Tatiana Grau<\/li>\n<li>4t B: Cristian Faura<\/li>\n<li>5\u00e8 A: Cristina Morales \/ Laura Moreno<\/li>\n<li>5\u00e8 B: Ver\u00f3nica P\u00e9rez<\/li>\n<li>6\u00e8 A: Elisabet Bandera<\/li>\n<li>6\u00e8 B: Carmen Paneque<\/li>\n<\/ul>\n<h5>ESPECIALISTES<\/h5>\n<ul>\n<li>Angl\u00e8s: M. \u00c1ngeles L\u00f3pez, Mireia Dur\u00e1n, Sandra Rubio, Mireia S\u00e1ez, N\u00faria Lafuente<\/li>\n<li>Educaci\u00f3 F\u00edsica: Llu\u00eds Montes, Ana Maldonado<\/li>\n<li>Educaci\u00f3 Especial: J\u00e9sica D\u00edaz, Clara Hott<\/li>\n<li>M\u00fasica: M. Eug\u00e8nia Garc\u00eda<\/li>\n<li>Refor\u00e7: Anna Puig \/ Naira Garcia<\/li>\n<li>Religi\u00f3: Mari Cruz Sanz<\/li>\n<\/ul>\n<\/div>\n<h5>PERSONAL D&#8217;ADMINISTRACI\u00d3 I SERVEIS<\/h5>\n<ul>\n<li>Administrativa: Laura Pedrol<\/li>\n<li>Conserge: To\u00f1i Salda\u00f1a<\/li>\n<\/ul>\n","protected":false},"excerpt":{"rendered":"<p>CURS\u00a0\u00a02025\/2026<\/p>\n<p>EQUIP DIRECTIU<\/p>\n<ul>\n<li>Direcci\u00f3: Jos\u00e9 Antonio F\u00e9rriz<\/li>\n<li>Cap d\u2019Estudis: Mireia S\u00e1ez<\/li>\n<li>Secret\u00e0ria: M. \u00c1ngeles L\u00f3pez<\/li>\n<\/ul>\n<p>MESTRES COMUNITAT DE PETITS<\/p>\n<ul>\n<li>I.3: M. Luz Orta<\/li>\n<li>I.4: Marta Llorens \/ Lidia Mola<\/li>\n<li>I.5: N\u00faria Llad\u00f3<\/li>\n<li>Refor\u00e7 Infantil: Asunci\u00f3n Callen<\/li>\n<li>T\u00e8cnica Educaci\u00f3 Infantil: Anna Niub\u00f2<\/li>\n<\/ul>\n<p>MESTRES COMUNITAT DE MITJANS<\/p>\n<ul>\n<li>1r A: Gloria Criado<\/li>\n<li>1r B: Laia Molinero<\/li>\n<li>2n A: Roser Barrera<\/li>\n<li>2n B: Ana&hellip;  <a href=\"https:\/\/agora.xtec.cat\/ceip-agsantandreu\/lescola\/instal%c2%b7lacions\/\" title=\"Read Personal del Centre\">Llegeix m\u00e9s\u00bb<\/a><br \/>\n","protected":false},"author":1,"featured_media":0,"parent":22,"menu_order":40,"comment_status":"closed","ping_status":"closed","template":"page-templates\/side-menu.php","meta":{"_bbp_topic_count":0,"_bbp_reply_count":0,"_bbp_total_topic_count":0,"_bbp_total_reply_count":0,"_bbp_voice_count":0,"_bbp_anonymous_reply_count":0,"_bbp_topic_count_hidden":0,"_bbp_reply_count_hidden":0,"_bbp_forum_subforum_count":0,"footnotes":""},"class_list":["post-30","page","type-page","status-publish","hentry"],"post_mailing_queue_ids":[],"_links":{"self":[{"href":"https:\/\/agora.xtec.cat\/ceip-agsantandreu\/wp-json\/wp\/v2\/pages\/30","targetHints":{"allow":["GET"]}}],"collection":[{"href":"https:\/\/agora.xtec.cat\/ceip-agsantandreu\/wp-json\/wp\/v2\/pages"}],"about":[{"href":"https:\/\/agora.xtec.cat\/ceip-agsantandreu\/wp-json\/wp\/v2\/types\/page"}],"author":[{"embeddable":true,"href":"https:\/\/agora.xtec.cat\/ceip-agsantandreu\/wp-json\/wp\/v2\/users\/1"}],"replies":[{"embeddable":true,"href":"https:\/\/agora.xtec.cat\/ceip-agsantandreu\/wp-json\/wp\/v2\/comments?post=30"}],"version-history":[{"count":6,"href":"https:\/\/agora.xtec.cat\/ceip-agsantandreu\/wp-json\/wp\/v2\/pages\/30\/revisions"}],"predecessor-version":[{"id":9601,"href":"https:\/\/agora.xtec.cat\/ceip-agsantandreu\/wp-json\/wp\/v2\/pages\/30\/revisions\/9601"}],"up":[{"embeddable":true,"href":"https:\/\/agora.xtec.cat\/ceip-agsantandreu\/wp-json\/wp\/v2\/pages\/22"}],"wp:attachment":[{"href":"https:\/\/agora.xtec.cat\/ceip-agsantandreu\/wp-json\/wp\/v2\/media?parent=30"}],"curies":[{"name":"wp","href":"https:\/\/api.w.org\/{rel}","templated":true}]}}