{"id":28,"date":"2014-09-18T12:29:35","date_gmt":"2014-09-18T11:29:35","guid":{"rendered":"http:\/\/agora.xtec.cat\/ceip-25desetembre-rubi\/?page_id=28"},"modified":"2026-03-26T14:57:54","modified_gmt":"2026-03-26T13:57:54","slug":"consell-escolar","status":"publish","type":"page","link":"https:\/\/agora.xtec.cat\/ceip-25desetembre-rubi\/lescola\/consell-escolar\/","title":{"rendered":"Consell escolar"},"content":{"rendered":"\n<div class=\"wp-block-columns is-layout-flex wp-container-core-columns-is-layout-1 wp-block-columns-is-layout-flex\">\n<div class=\"wp-block-column is-layout-flow wp-block-column-is-layout-flow\" style=\"flex-basis:100%\">\n<figure class=\"wp-block-table is-style-regular\"><table class=\"has-fixed-layout\"><tbody><tr><td><strong>Directora i Presidenta del Consell<\/strong><\/td><td>S\u00f2nia D\u00edaz Arias<\/td><\/tr><tr><td><strong>Cap d\u2019Estudis<\/strong><\/td><td>Quim Garcia Lopez<\/td><\/tr><tr><td><strong>Representant de l\u2019Ajuntament<\/strong><\/td><td>Oriol Nieto To<\/td><\/tr><tr><td><strong>Representants del professorat<\/strong><\/td><td>Daniel Perez Pelaez <br>S\u00f2nia Huguer Pastor<br>Toni Murciano Pag\u00e8s<br>Al\u00edcia Mart\u00ednez Mar\u00edn<br>Rosa Rodriguez Galceran<br>Antonia Martinez Vergel<\/td><\/tr><tr><td><strong>Representants de les fam\u00edlies<\/strong><\/td><td>Elisabet Fabre Moreno <br>Natalia Cabello Garcia<br>Miguel Angel Menor Cantador<br>Silvia Rubio Gutierrez<br>Thais Maluenda Marce<\/td><\/tr><tr><td><strong>Representat de l\u2019AFA<\/strong> \u00a0<\/td><td>Carlos Moreno Villodre<\/td><\/tr><tr><td><strong>Representant del PAS<\/strong><\/td><td>Ricardo Chiva Cabrera<\/td><\/tr><tr><td><strong>Representant del PAE<\/strong><\/td><td>Raquel S\u00e1nchez Mart\u00ednez<\/td><\/tr><tr><td><strong>Secret\u00e0ria<\/strong><\/td><td>Montserrat Garc\u00eda L\u00f3pez<\/td><\/tr><\/tbody><\/table><\/figure>\n<\/div>\n<\/div>\n\n\n\n<h5 class=\"wp-block-heading\"><strong>Constitu\u00eft a Rub\u00ed, el 17 de desembre de 2025<\/strong><\/h5>\n\n\n\n<p>D\u2019acord amb l\u2019article 28 del Decret 102\/2010 de 3 d\u2019agost d\u2019autonomia dels centres educatius, que regula la renovaci\u00f3 dels membres del consell escolar, i l\u2019article 47 de la mateixa norma n\u2019estableix la composici\u00f3 en els centres p\u00fablics es procedeix a la constituci\u00f3 de les comissions seg\u00fcents:<\/p>\n\n\n\n<figure class=\"wp-block-table\"><table class=\"has-fixed-layout\"><tbody><tr><td><strong>COMISSI\u00d3 PERMANENT<\/strong><\/td><td><\/td><\/tr><tr><td><strong>Presidenta\u00a0 \u00a0 \u00a0 \u00a0 \u00a0 \u00a0 \u00a0 \u00a0 \u00a0 \u00a0 \u00a0 \u00a0 \u00a0 \u00a0 \u00a0 \u00a0 \u00a0 \u00a0 \u00a0 \u00a0\u00a0<\/strong> <br><strong>Cap d\u2019Estudis\u00a0 \u00a0 \u00a0 \u00a0 \u00a0 \u00a0 \u00a0 \u00a0 \u00a0 \u00a0 \u00a0 \u00a0 \u00a0 \u00a0 \u00a0 \u00a0 \u00a0 \u00a0 \u00a0<\/strong><br><strong>Representant sector mestres\u00a0 \u00a0 \u00a0 \u00a0 \u00a0 \u00a0 \u00a0<\/strong><br><strong>Representant sector fam\u00edlies\u00a0 \u00a0 \u00a0 \u00a0 \u00a0 \u00a0\u00a0<\/strong><br><strong>Secret\u00e0ria<\/strong><\/td><td>S\u00f2nia D\u00edaz Arias <br>Quim Garcia Lopez<br>Al\u00edcia Martinez Marin<br>Thais Maluenda Marce<br>Montserrat Garc\u00eda L\u00f3pez<\/td><\/tr><tr><td><strong>COMISSI\u00d3 ECON\u00d2MICA<\/strong><\/td><td><\/td><\/tr><tr><td><strong>Presidenta\u00a0 \u00a0 \u00a0 \u00a0 \u00a0 \u00a0 \u00a0 \u00a0 \u00a0 \u00a0 \u00a0 \u00a0 \u00a0 \u00a0 \u00a0 \u00a0 \u00a0 \u00a0 \u00a0\u00a0<\/strong> <br><strong>Representant sector mestres \u00a0 \u00a0 \u00a0 \u00a0\u00a0<\/strong><br><strong>Representant sector fam\u00edlies\u00a0 \u00a0 \u00a0 \u00a0 \u00a0<\/strong><br><strong>Secret\u00e0ria\u00a0<\/strong><\/td><td>S\u00f2nia D\u00edaz Arias <br>Daniel Perez Pelaez<br>Miguel Angel Menor Cantador<br>Montserrat Garc\u00eda L\u00f3pez<\/td><\/tr><tr><td><strong>COMISSI\u00d3 CONVIV\u00c8NCIA<\/strong><\/td><td><\/td><\/tr><tr><td><strong>Presidenta\u00a0 \u00a0 \u00a0 \u00a0 \u00a0 \u00a0 \u00a0 \u00a0 \u00a0 \u00a0 \u00a0 \u00a0 \u00a0 \u00a0 \u00a0 \u00a0 \u00a0 \u00a0 \u00a0 \u00a0 \u00a0 \u00a0 \u00a0 \u00a0<\/strong> <br><strong>Representant sector mestres\u00a0 \u00a0 \u00a0 \u00a0 \u00a0 \u00a0 \u00a0 \u00a0 \u00a0 \u00a0\u00a0<\/strong><br><strong>Representant sector fam\u00edlies\u00a0 \u00a0 \u00a0 \u00a0 \u00a0 \u00a0 \u00a0 \u00a0 \u00a0 \u00a0\u00a0<\/strong><br><strong>Representant Ajuntament\u00a0 \u00a0 \u00a0 \u00a0 \u00a0 \u00a0 \u00a0 \u00a0 \u00a0 \u00a0 \u00a0 \u00a0 \u00a0<\/strong><br><strong>Secret\u00e0ria\u00a0 <\/strong><\/td><td>S\u00f2nia D\u00edaz Arias <br>S\u00f2nia Huguer Pastor *<strong>referent de\u00a0coeducaci\u00f3\u00a0<\/strong><br>Elisabeth Fabre Moreno<br>Oriol Nieto To<br>Montserrat Garc\u00eda L\u00f3pez<\/td><\/tr><\/tbody><\/table><\/figure>\n\n\n<p><span style=\"font-weight: 400;\">Decret 279\/2006, de 4 de juliol sobre drets i deures de l&#8217;alumnat i regulaci\u00f3 de la conviv\u00e8ncia en els centres educatius no universitaris de Catalunya.<br \/>Article 6 Comissi\u00f3 de conviv\u00e8ncia, <\/span>cal nomenar un referent de coeducaci\u00f3 (*) en el Consell Escolar de centre<span style=\"font-weight: 400;\">\u00a0a fi de promoure accions preventives de viol\u00e8ncia de g\u00e8nere i de foment de la igualtat de g\u00e8nere.<\/span><\/p>\n<hr \/>\n<h4><span style=\"color: #000000;\">Acords:<\/span><\/h4>\n<p><a href=\"https:\/\/agora.xtec.cat\/ceip-25desetembre-rubi\/wp-content\/uploads\/usu639\/2026\/03\/acords_signat_signat.pdf\" target=\"_blank\" rel=\"noopener\">Acords<\/a> Consell Escolar 18 de mar\u00e7 de 2026<\/p>\n<p><a href=\"https:\/\/agora.xtec.cat\/ceip-25desetembre-rubi\/wp-content\/uploads\/usu639\/2025\/12\/acords_signat_signat.pdf\" target=\"_blank\" rel=\"noopener\">Acords<\/a> Consell Escolar 17 de desembre de 2025<\/p>\n<p><a href=\"https:\/\/agora.xtec.cat\/ceip-25desetembre-rubi\/wp-content\/uploads\/usu639\/2025\/09\/20250917_acords_web_signat_signat.pdf\" target=\"_blank\" rel=\"noopener\">Acords<\/a> Consell Escolar 17 de setembre de 2025<\/p>\n<p><a href=\"https:\/\/agora.xtec.cat\/ceip-25desetembre-rubi\/wp-content\/uploads\/usu639\/2025\/06\/acords_signat_signat.pdf\" target=\"_blank\" rel=\"noopener\">Acords<\/a> Consell Escolar 11 de juny de 2025<\/p>\n<p><a href=\"https:\/\/agora.xtec.cat\/ceip-25desetembre-rubi\/wp-content\/uploads\/usu639\/2025\/04\/acords_signat_signat.pdf\" target=\"_blank\" rel=\"noopener\">Acords<\/a> Consell Escolar 17 de febrer de 2025<\/p>\n<p><a href=\"https:\/\/agora.xtec.cat\/ceip-25desetembre-rubi\/wp-content\/uploads\/usu639\/2025\/02\/08032348_acords_17_02_25_signat_signat.pdf\" target=\"_blank\" rel=\"noopener\">Acords<\/a> Consell Escolar 28 de novembre de 2024<\/p>\n<p><a href=\"https:\/\/agora.xtec.cat\/ceip-25desetembre-rubi\/wp-content\/uploads\/usu639\/2024\/11\/acords_signat_signat.pdf\" target=\"_blank\" rel=\"noopener\">Acords<\/a> Consell Escolar 17 de setembre de 2024<\/p>\n<p><a href=\"https:\/\/agora.xtec.cat\/ceip-25desetembre-rubi\/wp-content\/uploads\/usu639\/2024\/09\/acords_signat_signat.pdf\" target=\"_blank\" rel=\"noopener\">Acords<\/a> Consell Escolar 13 de juny de 2024<\/p>\n<p><a href=\"https:\/\/agora.xtec.cat\/ceip-25desetembre-rubi\/wp-content\/uploads\/usu639\/2024\/06\/acords_web_signat_signat.pdf\" target=\"_blank\" rel=\"noopener\">Acords<\/a> Consell Escolar 30 de gener de 2024<\/p>\n<p><a href=\"https:\/\/agora.xtec.cat\/ceip-25desetembre-rubi\/wp-content\/uploads\/usu639\/2024\/03\/acords_signat_signat.pdf\" target=\"_blank\" rel=\"noopener\">Acords<\/a> Consell Escolar 14 de setembre de 2023<\/p>\n<p><a href=\"https:\/\/agora.xtec.cat\/ceip-25desetembre-rubi\/wp-content\/uploads\/usu639\/2023\/09\/acords-web-05072023_signat_signat.pdf\" target=\"_blank\" rel=\"noopener\">Acords<\/a> Consell Escolar 5 de juliol de 2023<\/p>\n<p><a href=\"https:\/\/agora.xtec.cat\/ceip-25desetembre-rubi\/wp-content\/uploads\/usu639\/2023\/09\/acords-web-15062023_signat_signat.pdf\" target=\"_blank\" rel=\"noopener\">Acords<\/a> Consell Escolar 15 de juny de 2023<\/p>\n<p><a href=\"https:\/\/agora.xtec.cat\/ceip-25desetembre-rubi\/wp-content\/uploads\/usu639\/2023\/09\/acords_web_20230426.pdf\" target=\"_blank\" rel=\"noopener\">Acords<\/a> Consell Escolar 26 d&#8217;abril de 2023<\/p>\n<p><a href=\"https:\/\/agora.xtec.cat\/ceip-25desetembre-rubi\/wp-content\/uploads\/usu639\/2023\/09\/acords_web_cons_esc_-31_01_2023.pdf\" target=\"_blank\" rel=\"noopener\">Acords<\/a> Consell Escolar 31 de gener de 2023<\/p>\n<p><a href=\"https:\/\/agora.xtec.cat\/ceip-25desetembre-rubi\/wp-content\/uploads\/usu639\/2023\/02\/20221110_acords_web-1.pdf\" target=\"_blank\" rel=\"noopener\">Acords<\/a> Consell Escolar 10 de novembre de 2022<\/p>\n<p><a href=\"https:\/\/agora.xtec.cat\/ceip-25desetembre-rubi\/wp-content\/uploads\/usu639\/2022\/11\/20220613_acords_web.pdf\" target=\"_blank\" rel=\"noopener\">Acords<\/a> Consell Escolar 13 de juny de 2022<\/p>\n<p><a href=\"https:\/\/agora.xtec.cat\/ceip-25desetembre-rubi\/wp-content\/uploads\/usu639\/2022\/06\/Acords-consell-escolar-27-de-gener-2022.pdf\" target=\"_blank\" rel=\"noopener\">Acords<\/a> <span style=\"color: #000000;\">Consell Escolar 27 de gener de 2022<\/span><\/p>\n<p><a href=\"https:\/\/agora.xtec.cat\/ceip-25desetembre-rubi\/wp-content\/uploads\/usu639\/2022\/01\/20211209_acords_web_cons_escolar.pdf\" target=\"_blank\" rel=\"noopener\">Acords<\/a> Consell Escolar 9 de desembre de 2021<\/p>\n<p><a href=\"https:\/\/agora.xtec.cat\/ceip-25desetembre-rubi\/wp-content\/uploads\/usu639\/2021\/12\/20211027_acords_web_cons_escolar.pdf\" target=\"_blank\" rel=\"noopener\">Acords<\/a> Consell Escolar 27 d&#8217;octubre de 2021<\/p>\n<p><a href=\"https:\/\/agora.xtec.cat\/ceip-25desetembre-rubi\/wp-content\/uploads\/usu639\/2021\/11\/20210907_acords_web.pdf\" target=\"_blank\" rel=\"noopener\">Acords<\/a> Consell Escolar 7 de setembre de 2021<\/p>\n<p><a href=\"https:\/\/agora.xtec.cat\/ceip-25desetembre-rubi\/wp-content\/uploads\/usu639\/2021\/10\/CONSELL-ESCOLAR-21-DE-JUNY-2021_signat.pdf\" target=\"_blank\" rel=\"noopener\">Acords<\/a> Consell Escolar del 21 de juny de 2021<\/p>\n<p><a href=\"https:\/\/agora.xtec.cat\/ceip-25desetembre-rubi\/wp-content\/uploads\/usu639\/2021\/06\/ACORDS-CONSELL-ESCOLAR-28-DABRIL-DE-2021.pdf\" target=\"_blank\" rel=\"noopener noreferrer\">Acords<\/a> Consell Escolar del 28 d&#8217;abril de 2021<\/p>\n<p><a href=\"https:\/\/agora.xtec.cat\/ceip-25desetembre-rubi\/wp-content\/uploads\/usu639\/2021\/05\/ACORDS-CONSELL-ESCOLAR-2-DE-MAR\u00c7-DE-2021.pdf\" target=\"_blank\" rel=\"noopener noreferrer\">Acords<\/a> Consell Escolar del 2 de mar\u00e7 de 2021<\/p>\n<p><a href=\"https:\/\/agora.xtec.cat\/ceip-25desetembre-rubi\/wp-content\/uploads\/usu639\/2021\/03\/ACORDS-CONSELL-ESCOLAR-1-DE-DESEMBRE.pdf\" target=\"_blank\" rel=\"noopener noreferrer\">Acords<\/a> Consell Escolar de l&#8217;1 de desembre de 2020<\/p>\n<p><a href=\"https:\/\/agora.xtec.cat\/ceip-25desetembre-rubi\/wp-content\/uploads\/usu639\/2020\/12\/1-ACORDS-CONSELL-ESCOLAR.pdf\" target=\"_blank\" rel=\"noopener noreferrer\">Acords<\/a> Consell Escolar del 9 de setembre de 2020<\/p>\n<p><a href=\"https:\/\/agora.xtec.cat\/ceip-25desetembre-rubi\/wp-content\/uploads\/usu639\/2020\/12\/2-ACORDS-CONSELL-ESCOLAR-1.pdf\" target=\"_blank\" rel=\"noopener noreferrer\">Acords<\/a> Consell Escolar del 24 de juliol de 2020<\/p>","protected":false},"excerpt":{"rendered":"<p>Directora i Presidenta del Consell S\u00f2nia D\u00edaz Arias Cap d\u2019Estudis Quim Garcia Lopez Representant de l\u2019Ajuntament Oriol Nieto To Representants del professorat Daniel Perez Pelaez S\u00f2nia Huguer PastorToni Murciano Pag\u00e8sAl\u00edcia Mart\u00ednez Mar\u00ednRosa Rodriguez GalceranAntonia Martinez Vergel Representants de les fam\u00edlies Elisabet Fabre Moreno Natalia Cabello GarciaMiguel Angel Menor CantadorSilvia Rubio GutierrezThais Maluenda Marce Representat de [&hellip;]<\/p>\n","protected":false},"author":1,"featured_media":0,"parent":22,"menu_order":120,"comment_status":"closed","ping_status":"closed","template":"page-templates\/side-menu.php","meta":{"_bbp_topic_count":0,"_bbp_reply_count":0,"_bbp_total_topic_count":0,"_bbp_total_reply_count":0,"_bbp_voice_count":0,"_bbp_anonymous_reply_count":0,"_bbp_topic_count_hidden":0,"_bbp_reply_count_hidden":0,"_bbp_forum_subforum_count":0,"site-sidebar-layout":"default","site-content-layout":"","ast-site-content-layout":"default","site-content-style":"default","site-sidebar-style":"default","ast-global-header-display":"","ast-banner-title-visibility":"","ast-main-header-display":"","ast-hfb-above-header-display":"","ast-hfb-below-header-display":"","ast-hfb-mobile-header-display":"","site-post-title":"","ast-breadcrumbs-content":"","ast-featured-img":"","footer-sml-layout":"","theme-transparent-header-meta":"","adv-header-id-meta":"","stick-header-meta":"","header-above-stick-meta":"","header-main-stick-meta":"","header-below-stick-meta":"","astra-migrate-meta-layouts":"set","ast-page-background-enabled":"default","ast-page-background-meta":{"desktop":{"background-color":"var(--ast-global-color-4)","background-image":"","background-repeat":"repeat","background-position":"center center","background-size":"auto","background-attachment":"scroll","background-type":"","background-media":"","overlay-type":"","overlay-color":"","overlay-opacity":"","overlay-gradient":""},"tablet":{"background-color":"","background-image":"","background-repeat":"repeat","background-position":"center center","background-size":"auto","background-attachment":"scroll","background-type":"","background-media":"","overlay-type":"","overlay-color":"","overlay-opacity":"","overlay-gradient":""},"mobile":{"background-color":"","background-image":"","background-repeat":"repeat","background-position":"center center","background-size":"auto","background-attachment":"scroll","background-type":"","background-media":"","overlay-type":"","overlay-color":"","overlay-opacity":"","overlay-gradient":""}},"ast-content-background-meta":{"desktop":{"background-color":"var(--ast-global-color-5)","background-image":"","background-repeat":"repeat","background-position":"center center","background-size":"auto","background-attachment":"scroll","background-type":"","background-media":"","overlay-type":"","overlay-color":"","overlay-opacity":"","overlay-gradient":""},"tablet":{"background-color":"var(--ast-global-color-5)","background-image":"","background-repeat":"repeat","background-position":"center center","background-size":"auto","background-attachment":"scroll","background-type":"","background-media":"","overlay-type":"","overlay-color":"","overlay-opacity":"","overlay-gradient":""},"mobile":{"background-color":"var(--ast-global-color-5)","background-image":"","background-repeat":"repeat","background-position":"center center","background-size":"auto","background-attachment":"scroll","background-type":"","background-media":"","overlay-type":"","overlay-color":"","overlay-opacity":"","overlay-gradient":""}},"footnotes":""},"class_list":["post-28","page","type-page","status-publish","hentry"],"post_mailing_queue_ids":[],"_links":{"self":[{"href":"https:\/\/agora.xtec.cat\/ceip-25desetembre-rubi\/wp-json\/wp\/v2\/pages\/28","targetHints":{"allow":["GET"]}}],"collection":[{"href":"https:\/\/agora.xtec.cat\/ceip-25desetembre-rubi\/wp-json\/wp\/v2\/pages"}],"about":[{"href":"https:\/\/agora.xtec.cat\/ceip-25desetembre-rubi\/wp-json\/wp\/v2\/types\/page"}],"author":[{"embeddable":true,"href":"https:\/\/agora.xtec.cat\/ceip-25desetembre-rubi\/wp-json\/wp\/v2\/users\/1"}],"replies":[{"embeddable":true,"href":"https:\/\/agora.xtec.cat\/ceip-25desetembre-rubi\/wp-json\/wp\/v2\/comments?post=28"}],"version-history":[{"count":6,"href":"https:\/\/agora.xtec.cat\/ceip-25desetembre-rubi\/wp-json\/wp\/v2\/pages\/28\/revisions"}],"predecessor-version":[{"id":7289,"href":"https:\/\/agora.xtec.cat\/ceip-25desetembre-rubi\/wp-json\/wp\/v2\/pages\/28\/revisions\/7289"}],"up":[{"embeddable":true,"href":"https:\/\/agora.xtec.cat\/ceip-25desetembre-rubi\/wp-json\/wp\/v2\/pages\/22"}],"wp:attachment":[{"href":"https:\/\/agora.xtec.cat\/ceip-25desetembre-rubi\/wp-json\/wp\/v2\/media?parent=28"}],"curies":[{"name":"wp","href":"https:\/\/api.w.org\/{rel}","templated":true}]}}