{"id":834,"date":"2016-06-08T15:45:39","date_gmt":"2016-06-08T14:45:39","guid":{"rendered":"http:\/\/agora.xtec.cat\/ceellevant\/?page_id=834"},"modified":"2020-03-31T16:11:41","modified_gmt":"2020-03-31T14:11:41","slug":"comissio-tac","status":"publish","type":"page","link":"https:\/\/agora.xtec.cat\/ceellevant\/projecte-educatiu\/comissio-tac\/","title":{"rendered":"Comissi\u00f3 TAC"},"content":{"rendered":"<p>La comissi\u00f3 TAC (Tecnologies de l&#8217;Aprenentatge i el Coneixement) t\u00e9 com a objectius principals:<\/p>\n<ul>\n<li>Capacitar als alumnes en l&#8217;\u00fas de tencologies digitals per tal d&#8217;accedir al coneixement, l&#8217;oci i activitats pr\u00f2pies de la vida quotidiana.<\/li>\n<li>Promoure entre els professionals de l&#8217;escola, l&#8217;\u00fas de les eines digitals com a part de les metodologies d&#8217;ensenyament-aprenentatge.<\/li>\n<li>Vetllar pel bon funcionament dels aparells digitals.<\/li>\n<\/ul>\n<p>Clicant <a href=\"http:\/\/agora.xtec.cat\/ceellevant\/categoria\/serveis-digitals\/\" target=\"_blank\" rel=\"noopener noreferrer\">aqui<\/a>, trobareu m\u00e9s informaci\u00f3 i novetats!<\/p>\n<p>Des de la Comissi\u00f3 TAC us volem presentar un recull de les APPs i Webs que m\u00e9s fem servir a l&#8217;Escola.<\/p>\n<p>Cliqueu a la imatge per accedir:<\/p>\n<p><a href=\"https:\/\/agora.xtec.cat\/ceellevant\/wp-content\/uploads\/usu999\/2020\/03\/GRAELLA-APPS-I-WEBS.19-20.versio\u0301-web.pdf\" target=\"_blank\" rel=\"noopener noreferrer\"><img loading=\"lazy\" decoding=\"async\" class=\"aligncenter wp-image-2871 size-medium\" src=\"https:\/\/agora.xtec.cat\/ceellevant\/wp-content\/uploads\/usu999\/2020\/03\/CAPTURA-GRAELLA-300x153.png\" alt=\"\" width=\"300\" height=\"153\" srcset=\"https:\/\/agora.xtec.cat\/ceellevant\/wp-content\/uploads\/usu999\/2020\/03\/CAPTURA-GRAELLA-300x153.png 300w, https:\/\/agora.xtec.cat\/ceellevant\/wp-content\/uploads\/usu999\/2020\/03\/CAPTURA-GRAELLA-768x391.png 768w, https:\/\/agora.xtec.cat\/ceellevant\/wp-content\/uploads\/usu999\/2020\/03\/CAPTURA-GRAELLA-1024x521.png 1024w, https:\/\/agora.xtec.cat\/ceellevant\/wp-content\/uploads\/usu999\/2020\/03\/CAPTURA-GRAELLA.png 1882w\" sizes=\"auto, (max-width: 300px) 100vw, 300px\" \/><\/a><\/p>\n","protected":false},"excerpt":{"rendered":"<p>La comissi\u00f3 TAC (Tecnologies de l&#8217;Aprenentatge i el Coneixement) t\u00e9 com a objectius principals:<\/p>\n<ul>\n<li>Capacitar als alumnes en l&#8217;\u00fas de tencologies digitals per tal d&#8217;accedir al coneixement, l&#8217;oci i activitats pr\u00f2pies de la vida quotidiana.<\/li>\n<li>Promoure entre els professionals de l&#8217;escola, l&#8217;\u00fas de les eines digitals com&hellip;  <a href=\"https:\/\/agora.xtec.cat\/ceellevant\/projecte-educatiu\/comissio-tac\/\" title=\"Read Comissi\u00f3 TAC\">Llegeix m\u00e9s\u00bb<\/a><br \/>\n","protected":false},"author":1,"featured_media":0,"parent":64,"menu_order":14,"comment_status":"closed","ping_status":"closed","template":"page-templates\/side-menu.php","meta":{"_bbp_topic_count":0,"_bbp_reply_count":0,"_bbp_total_topic_count":0,"_bbp_total_reply_count":0,"_bbp_voice_count":0,"_bbp_anonymous_reply_count":0,"_bbp_topic_count_hidden":0,"_bbp_reply_count_hidden":0,"_bbp_forum_subforum_count":0,"footnotes":""},"class_list":["post-834","page","type-page","status-publish","hentry"],"post_mailing_queue_ids":[],"_links":{"self":[{"href":"https:\/\/agora.xtec.cat\/ceellevant\/wp-json\/wp\/v2\/pages\/834","targetHints":{"allow":["GET"]}}],"collection":[{"href":"https:\/\/agora.xtec.cat\/ceellevant\/wp-json\/wp\/v2\/pages"}],"about":[{"href":"https:\/\/agora.xtec.cat\/ceellevant\/wp-json\/wp\/v2\/types\/page"}],"author":[{"embeddable":true,"href":"https:\/\/agora.xtec.cat\/ceellevant\/wp-json\/wp\/v2\/users\/1"}],"replies":[{"embeddable":true,"href":"https:\/\/agora.xtec.cat\/ceellevant\/wp-json\/wp\/v2\/comments?post=834"}],"version-history":[{"count":3,"href":"https:\/\/agora.xtec.cat\/ceellevant\/wp-json\/wp\/v2\/pages\/834\/revisions"}],"predecessor-version":[{"id":2929,"href":"https:\/\/agora.xtec.cat\/ceellevant\/wp-json\/wp\/v2\/pages\/834\/revisions\/2929"}],"up":[{"embeddable":true,"href":"https:\/\/agora.xtec.cat\/ceellevant\/wp-json\/wp\/v2\/pages\/64"}],"wp:attachment":[{"href":"https:\/\/agora.xtec.cat\/ceellevant\/wp-json\/wp\/v2\/media?parent=834"}],"curies":[{"name":"wp","href":"https:\/\/api.w.org\/{rel}","templated":true}]}}