{"id":791,"date":"2016-05-18T12:20:51","date_gmt":"2016-05-18T11:20:51","guid":{"rendered":"http:\/\/agora.xtec.cat\/ceellevant\/?page_id=791"},"modified":"2021-05-18T11:58:29","modified_gmt":"2021-05-18T09:58:29","slug":"projecte-dinnovacio-pedagogica","status":"publish","type":"page","link":"https:\/\/agora.xtec.cat\/ceellevant\/projecte-educatiu\/projecte-dinnovacio-pedagogica\/","title":{"rendered":"Projecte d&#8217;innovaci\u00f3 Pedag\u00f2gica"},"content":{"rendered":"<h4>QUADERNS I JCLIC LLEVANT.\u00a0CURSOS 2006-07, 07-08<\/h4>\n<h5>Materials per a l\u2019aprenentatge de la\u00a0lecto-escriptura<\/h5>\n<p><u>Material confeccionat per:<br \/>\n<\/u>Montse Rod\u00e9s<br \/>\nAntoni Caralt<br \/>\n<u>Il\u00b7lustracions:<br \/>\n<\/u>Roser Cuss\u00f3<\/p>\n<p>Els materials que us presentem s\u00f3n una proposta de treball per <strong>refor\u00e7ar<\/strong> l\u2019aprenentatge de la lectura en els seus inicis, pensada per a <strong>alumnes amb NEE (Necessitats Educatives Especials).<\/strong><\/p>\n<p>Els \u201cJClic Llevant\u201d i els \u201cQuaderns Llevant\u201d, segueixen la mateixa seq\u00fcenciaci\u00f3 i estan ideats per complementar-se.<\/p>\n<ul>\n<li>Consisteixen en 6 paquets d\u2019activitats inform\u00e0tiques (amb JClic) i 11 Quaderns (en format PDF).<\/li>\n<li>S\u00f3n for\u00e7a uniformes i repetitius en les tasques, de manera que l\u2019alumne amb NEE vagi reconeixent la din\u00e0mica dels exercicis i sigui el m\u00e0xim aut\u00f2nom en la seva execuci\u00f3.<\/li>\n<\/ul>\n<p>Les activitats JClic Llevant consisteixen en sis paquets d\u2019activitats inform\u00e0tiques <strong>complement\u00e0ries<\/strong> als Quaderns Llevant.<\/p>\n<ul>\n<li>Vam plantejar activitats inform\u00e0tiques ja que l\u2019ordinador:\n<ul>\n<li>\u00c9s una eina molt motivadora i atractiva pels alumnes amb NEE.<\/li>\n<li>Minimitza l\u2019error i l\u2019alumne accepta de millor grat el mecanisme de la repetici\u00f3. Concretament la caracter\u00edstica m\u00e9s rellevant d\u2019aquestes activitats \u00e9s que totes segueixen una seq\u00fc\u00e8ncia molt repetitiva.<\/li>\n<\/ul>\n<\/li>\n<\/ul>\n<p>Els Quadernets Llevant:<\/p>\n<p>S\u00f3n fitxes que <strong>fan \u00e8mfasi en la pr\u00e0ctica de la grafia<\/strong> d\u2019una lletra concreta. Els podeu descarregar en els seg\u00fcents enlla\u00e7os:<\/p>\n<table class=\" aligncenter\" style=\"height: 62px; width: 624px;\">\n<tbody>\n<tr style=\"height: 31px;\">\n<td style=\"height: 31px; width: 93px;\"><a href=\"https:\/\/agora.xtec.cat\/ceellevant\/wp-content\/uploads\/usu999\/2021\/05\/1-Lletra-I.pdf\" target=\"_blank\" rel=\"noopener noreferrer\">1- Lletra I<\/a><\/td>\n<td style=\"height: 31px; width: 96px;\"><a href=\"https:\/\/agora.xtec.cat\/ceellevant\/wp-content\/uploads\/usu999\/2021\/05\/2-Lletra-O.pdf\" target=\"_blank\" rel=\"noopener noreferrer\">2- Lletra O<\/a><\/td>\n<td style=\"height: 31px; width: 94px;\"><a href=\"https:\/\/agora.xtec.cat\/ceellevant\/wp-content\/uploads\/usu999\/2021\/05\/3-Lletra-A.pdf\" target=\"_blank\" rel=\"noopener noreferrer\">3- Lletra A<\/a><\/td>\n<td style=\"height: 31px; width: 104px;\"><a href=\"https:\/\/agora.xtec.cat\/ceellevant\/wp-content\/uploads\/usu999\/2021\/05\/4-Lletra-E.pdf\" target=\"_blank\" rel=\"noopener noreferrer\">4- Lletra E<\/a><\/td>\n<td style=\"height: 31px; width: 103px;\"><a href=\"https:\/\/agora.xtec.cat\/ceellevant\/wp-content\/uploads\/usu999\/2021\/05\/5-Lletra-U.pdf\" target=\"_blank\" rel=\"noopener noreferrer\">5- Lletra U<\/a><\/td>\n<td style=\"text-align: center; height: 31px; width: 118px;\"><a href=\"https:\/\/agora.xtec.cat\/ceellevant\/wp-content\/uploads\/usu999\/2021\/05\/6-Rep\u00e0s-vocals-i-diftongs.pdf\" target=\"_blank\" rel=\"noopener noreferrer\">6- Rep\u00e0s vocals i diftongs<\/a><\/td>\n<\/tr>\n<tr style=\"height: 31px;\">\n<td style=\"height: 31px; width: 93px;\"><a href=\"https:\/\/agora.xtec.cat\/ceellevant\/wp-content\/uploads\/usu999\/2021\/05\/7-Lletra-M.pdf\" target=\"_blank\" rel=\"noopener noreferrer\">7- Lletra M<\/a><\/td>\n<td style=\"height: 31px; width: 96px;\"><a href=\"https:\/\/agora.xtec.cat\/ceellevant\/wp-content\/uploads\/usu999\/2021\/05\/8-Lletra-P.pdf\" target=\"_blank\" rel=\"noopener noreferrer\">8- Lletra P<\/a><\/td>\n<td style=\"height: 31px; width: 94px;\"><a href=\"https:\/\/agora.xtec.cat\/ceellevant\/wp-content\/uploads\/usu999\/2021\/05\/9-Lletra-L.pdf\" target=\"_blank\" rel=\"noopener noreferrer\">9- Lletra L<\/a><\/td>\n<td style=\"height: 31px; width: 104px;\"><a href=\"https:\/\/agora.xtec.cat\/ceellevant\/wp-content\/uploads\/usu999\/2021\/05\/10-Lletra-S.pdf\" target=\"_blank\" rel=\"noopener noreferrer\">10- Lletra S<\/a><\/td>\n<td style=\"height: 31px; width: 103px;\"><a href=\"https:\/\/agora.xtec.cat\/ceellevant\/wp-content\/uploads\/usu999\/2021\/05\/11-Lletra-T.pdf\" target=\"_blank\" rel=\"noopener noreferrer\">11-Lletra T<\/a><\/td>\n<td style=\"height: 31px; width: 118px;\"><a href=\"https:\/\/agora.xtec.cat\/ceellevant\/wp-content\/uploads\/usu999\/2021\/05\/Diccionari.pdf\" target=\"_blank\" rel=\"noopener noreferrer\">\u00a0 \u00a0 \u00a0 Diccionari<\/a><\/td>\n<\/tr>\n<\/tbody>\n<\/table>\n<p>&nbsp;<\/p>\n<p>Podeu trobar els Jclic Llevant al seg\u00fcent enlla\u00e7:<\/p>\n<p style=\"text-align: center;\"><a href=\"https:\/\/clic.xtec.cat\/repo\/index.html?lang=ca&amp;title=Aprenentatge%20de%20la%20lecto-escriptura\" target=\"_blank\" rel=\"noopener noreferrer\">Aprenentatge de la lecto-escriptura<\/a><\/p>\n<p><img loading=\"lazy\" decoding=\"async\" class=\"aligncenter wp-image-794 size-full\" src=\"https:\/\/agora.xtec.cat\/ceellevant\/wp-content\/uploads\/usu999\/2016\/05\/jclic-llevant.gif\" alt=\"jclic llevant\" width=\"300\" height=\"224\" \/><\/p>\n","protected":false},"excerpt":{"rendered":"<p>QUADERNS I JCLIC LLEVANT.\u00a0CURSOS 2006-07, 07-08<br \/>\nMaterials per a l\u2019aprenentatge de la\u00a0lecto-escriptura<br \/>\nMaterial confeccionat per:<br \/>\nMontse Rod\u00e9s<br \/>\nAntoni Caralt<br \/>\nIl\u00b7lustracions:<br \/>\nRoser Cuss\u00f3<br \/>\nEls materials que us presentem s\u00f3n una proposta de treball per refor\u00e7ar l\u2019aprenentatge de la lectura en els seus inicis, pensada per a alumnes amb NEE (Necessitats Educatives Especials).<br \/>\nEls \u201cJClic&hellip;  <a href=\"https:\/\/agora.xtec.cat\/ceellevant\/projecte-educatiu\/projecte-dinnovacio-pedagogica\/\" title=\"Read Projecte d&#8217;innovaci\u00f3 Pedag\u00f2gica\">Llegeix m\u00e9s\u00bb<\/a><\/p>\n","protected":false},"author":1,"featured_media":0,"parent":64,"menu_order":16,"comment_status":"closed","ping_status":"closed","template":"page-templates\/side-menu.php","meta":{"_bbp_topic_count":0,"_bbp_reply_count":0,"_bbp_total_topic_count":0,"_bbp_total_reply_count":0,"_bbp_voice_count":0,"_bbp_anonymous_reply_count":0,"_bbp_topic_count_hidden":0,"_bbp_reply_count_hidden":0,"_bbp_forum_subforum_count":0,"footnotes":""},"class_list":["post-791","page","type-page","status-publish","hentry"],"post_mailing_queue_ids":[],"_links":{"self":[{"href":"https:\/\/agora.xtec.cat\/ceellevant\/wp-json\/wp\/v2\/pages\/791","targetHints":{"allow":["GET"]}}],"collection":[{"href":"https:\/\/agora.xtec.cat\/ceellevant\/wp-json\/wp\/v2\/pages"}],"about":[{"href":"https:\/\/agora.xtec.cat\/ceellevant\/wp-json\/wp\/v2\/types\/page"}],"author":[{"embeddable":true,"href":"https:\/\/agora.xtec.cat\/ceellevant\/wp-json\/wp\/v2\/users\/1"}],"replies":[{"embeddable":true,"href":"https:\/\/agora.xtec.cat\/ceellevant\/wp-json\/wp\/v2\/comments?post=791"}],"version-history":[{"count":3,"href":"https:\/\/agora.xtec.cat\/ceellevant\/wp-json\/wp\/v2\/pages\/791\/revisions"}],"predecessor-version":[{"id":3185,"href":"https:\/\/agora.xtec.cat\/ceellevant\/wp-json\/wp\/v2\/pages\/791\/revisions\/3185"}],"up":[{"embeddable":true,"href":"https:\/\/agora.xtec.cat\/ceellevant\/wp-json\/wp\/v2\/pages\/64"}],"wp:attachment":[{"href":"https:\/\/agora.xtec.cat\/ceellevant\/wp-json\/wp\/v2\/media?parent=791"}],"curies":[{"name":"wp","href":"https:\/\/api.w.org\/{rel}","templated":true}]}}