{"id":38,"date":"2014-09-18T12:34:08","date_gmt":"2014-09-18T11:34:08","guid":{"rendered":"http:\/\/agora.xtec.cat\/ceellevant\/?page_id=38"},"modified":"2017-06-29T11:30:04","modified_gmt":"2017-06-29T09:30:04","slug":"salut","status":"publish","type":"page","link":"https:\/\/agora.xtec.cat\/ceellevant\/lescola\/salut\/","title":{"rendered":"Salut"},"content":{"rendered":"<p><img loading=\"lazy\" decoding=\"async\" class=\"alignnone wp-image-540\" src=\"http:\/\/agora.xtec.cat\/ceellevant\/wp-content\/uploads\/usu999\/2016\/03\/recordar.jpg\" alt=\"recordar\" width=\"83\" height=\"83\" srcset=\"https:\/\/agora.xtec.cat\/ceellevant\/wp-content\/uploads\/usu999\/2016\/03\/recordar.jpg 300w, https:\/\/agora.xtec.cat\/ceellevant\/wp-content\/uploads\/usu999\/2016\/03\/recordar-150x150.jpg 150w\" sizes=\"auto, (max-width: 83px) 100vw, 83px\" \/><\/p>\n<p><strong><u>MEDICACI\u00d3<\/u><\/strong><\/p>\n<p>El personal de l\u2019escola <strong><u>no est\u00e0 autoritzat per administrar cap medicament als alumnes si no t\u00e9 la recepta del metge actualitzada on consti el nom del medicament, la dosi i les hores en qu\u00e8 s\u2019ha d\u2019administrar<\/u><\/strong>. Recordeu, doncs, que ens l\u2019heu d\u2019enviar juntament amb el medicament.<\/p>\n<p><strong>Qualsevol canvi de medicaci\u00f3 s\u2019ha de notificar immediatament a l\u2019escola i si s\u2019ha d\u2019administrar en horari escolar \u00e9s imprescindible portar la recepta.<\/strong><\/p>\n<p><strong>\u00a0<\/strong>En el cas que el vostre fill\/a no es trobi b\u00e9 (febre, diarrea&#8230;) us trucarem\u00a0 perqu\u00e8 el\u00a0 vingueu a buscar. Es podr\u00e0 incorporar a l\u2019escola en el moment en que els s\u00edmptomes hagin rem\u00e8s.<\/p>\n<p style=\"text-align: center;\"><a href=\"http:\/\/agora.xtec.cat\/ceellevant\/wp-content\/uploads\/usu999\/2016\/03\/FITXA-M\u00c9DICA-15-16.pdf\" target=\"_blank\">DESCARREGA LA FITXA M\u00c8DICA<\/a><\/p>\n<p><a href=\"http:\/\/edu365.cat\/salut\/index_sec_total.htm\" target=\"_blank\"><img loading=\"lazy\" decoding=\"async\" class=\" wp-image-542 size-full aligncenter\" src=\"http:\/\/agora.xtec.cat\/ceellevant\/wp-content\/uploads\/usu999\/2016\/03\/ico_salut.jpg\" alt=\"ico_salut\" width=\"80\" height=\"70\" \/><\/a><\/p>\n<p><strong><span style=\"text-decoration: underline;\">CRITERIS PER A LA NO ASSIST\u00c8NCIA A L&#8217;ESCOLA PER MALALTIA<\/span><\/strong><\/p>\n<p>L&#8217;escola ha elaborat un protocol sobre els criteris que cal tenir en compte per a la no assit\u00e8ncia dels alumnes a l&#8217;escola. Clicant a l&#8217;enlla\u00e7 podeu accedir al document explicatiu<\/p>\n<p><a href=\"http:\/\/agora.xtec.cat\/ceellevant\/wp-content\/uploads\/usu999\/2017\/06\/Criteris-de-no-assit\u00e8ncia-per-malaltia-per-lapartat-de-salut.pdf\" target=\"_blank\">CRITERIS DE NO ASSIST\u00c8NCIA PER MALALTIA<\/a><\/p>\n<p>&nbsp;<\/p>\n<p>&nbsp;<\/p>\n","protected":false},"excerpt":{"rendered":"<p>MEDICACI\u00d3<br \/>\nEl personal de l\u2019escola no est\u00e0 autoritzat per administrar cap medicament als alumnes si no t\u00e9 la recepta del metge actualitzada on consti el nom del medicament, la dosi i les hores en qu\u00e8 s\u2019ha d\u2019administrar. Recordeu, doncs, que ens l\u2019heu d\u2019enviar juntament amb el&hellip;  <a href=\"https:\/\/agora.xtec.cat\/ceellevant\/lescola\/salut\/\" title=\"Read Salut\">Llegeix m\u00e9s\u00bb<\/a><\/p>\n","protected":false},"author":1,"featured_media":0,"parent":22,"menu_order":80,"comment_status":"closed","ping_status":"closed","template":"page-templates\/side-menu.php","meta":{"_bbp_topic_count":0,"_bbp_reply_count":0,"_bbp_total_topic_count":0,"_bbp_total_reply_count":0,"_bbp_voice_count":0,"_bbp_anonymous_reply_count":0,"_bbp_topic_count_hidden":0,"_bbp_reply_count_hidden":0,"_bbp_forum_subforum_count":0,"footnotes":""},"class_list":["post-38","page","type-page","status-publish","hentry"],"post_mailing_queue_ids":[],"_links":{"self":[{"href":"https:\/\/agora.xtec.cat\/ceellevant\/wp-json\/wp\/v2\/pages\/38","targetHints":{"allow":["GET"]}}],"collection":[{"href":"https:\/\/agora.xtec.cat\/ceellevant\/wp-json\/wp\/v2\/pages"}],"about":[{"href":"https:\/\/agora.xtec.cat\/ceellevant\/wp-json\/wp\/v2\/types\/page"}],"author":[{"embeddable":true,"href":"https:\/\/agora.xtec.cat\/ceellevant\/wp-json\/wp\/v2\/users\/1"}],"replies":[{"embeddable":true,"href":"https:\/\/agora.xtec.cat\/ceellevant\/wp-json\/wp\/v2\/comments?post=38"}],"version-history":[{"count":3,"href":"https:\/\/agora.xtec.cat\/ceellevant\/wp-json\/wp\/v2\/pages\/38\/revisions"}],"predecessor-version":[{"id":1429,"href":"https:\/\/agora.xtec.cat\/ceellevant\/wp-json\/wp\/v2\/pages\/38\/revisions\/1429"}],"up":[{"embeddable":true,"href":"https:\/\/agora.xtec.cat\/ceellevant\/wp-json\/wp\/v2\/pages\/22"}],"wp:attachment":[{"href":"https:\/\/agora.xtec.cat\/ceellevant\/wp-json\/wp\/v2\/media?parent=38"}],"curies":[{"name":"wp","href":"https:\/\/api.w.org\/{rel}","templated":true}]}}